{"id":8956,"date":"2018-01-08T19:30:39","date_gmt":"2018-01-08T19:30:39","guid":{"rendered":"http:\/\/www.arovite.com\/sanchez-duarte-j-manuel-y-sampedro-blanco-victor-f-2011\/"},"modified":"2023-10-07T10:28:16","modified_gmt":"2023-10-07T10:28:16","slug":"sanchez-duarte-j-manuel-y-sampedro-blanco-victor-f-2011","status":"publish","type":"page","link":"https:\/\/www.arovite.com\/eu\/sanchez-duarte-j-manuel-y-sampedro-blanco-victor-f-2011\/","title":{"rendered":"S\u00c1NCHEZ-DUARTE, J. Manuel y SAMPEDRO BLANCO, V\u00edctor F. (2011)"},"content":{"rendered":"<div class=\"wpb-content-wrapper\"><p>[vc_row][vc_column width=&#8221;1\/1&#8243;][vc_column_text][vc_empty_space height=&#8221;20&#8243;]<br \/>\n<strong>Referencia bibliogr\u00e1fica<\/strong><br \/>\nS\u00c1NCHEZ-DUARTE, J. Manuel y SAMPEDRO BLANCO, V\u00edctor F. (2011): \u00abVisibilidad medi\u00e1tica y terrorismo: El caso de las v\u00edctimas de ETA\u00bb, <em>Textual &#038; Visual Media<\/em>, n\u00ba 4, pp. 183-210.<\/p>\n<p><a target=\"_blank\" rel=\"noopener\">Consultar PDF<\/a>[vc_empty_space height=&#8221;10&#8243;]<br \/>\n<strong>Resumen<\/strong><br \/>\nExponemos las din\u00e1micas que han visibilizado a las v\u00edctimas del terrorismo de ETA en los medios de comunicaci\u00f3n. Para ello analizamos su presencia en las agendas de dos peri\u00f3dicos de referencia durante tres d\u00e9cadas a partir del modelo de agenda building. El objetivo \u00faltimo reside en describir las din\u00e1micas de un proceso que va de la invisibilidad a la saturaci\u00f3n medi\u00e1tica a partir de los modelos pluralista y elitista institucional. Identificamos posibles indicadores que condicionaron la presencia medi\u00e1tica de los afectados y revelamos el grado de autonom\u00eda o subordinaci\u00f3n de los medios respecto al estado, el mercado y la audiencia. En concreto, destaca la enorme divergencia entre los flujos de informaci\u00f3n sobre las v\u00edctimas y los indicadores reales de su n\u00famero y de la fortaleza de ETA; as\u00ed como la dependencia de la agenda de cada diario de sus respectivas alianzas pol\u00edticas.<br \/>\n[vc_empty_space height=&#8221;10&#8243;]<br \/>\n<strong>Abstract<\/strong><br \/>\nDuring the past decades, several dynamics have brought to light the victims of ETA terrorism in the media. This paper analyses their presence in two main newspapers agendas over a period of three decades. Our goal is to describe the dynamics of a process that range from invisibility to media saturation. One the one hand key factors conditioning victims \u00abmedia value\u00bb have been identified, on the other hand, media levels of subordination concerning the state, the market and the audience have been revealed. Finally, this work highlights the enormous divergence among information flows about the victims and real indicators of ETA strength, as well as the newspapers agenda dependence on their respective political alliances.<br \/>\n [vc_empty_space height=&#8221;10&#8243;]<br \/>\n<strong>Autor<\/strong><br \/>\nJos\u00e9 Manuel S\u00e1nchez Duarte. <a title=\"Dialnet\" href=\"https:\/\/dialnet.unirioja.es\/servlet\/autor?codigo=2308574\" target=\"_blank\" rel=\"noopener\">P\u00e1gina del autor en Dialnet.<\/a><br \/>\nV\u00edctor Francisco Sampedro Blanco. <a title=\"Dialnet\" href=\"https:\/\/dialnet.unirioja.es\/servlet\/autor?codigo=183034\" target=\"_blank\" rel=\"noopener\">P\u00e1gina del autor en Dialnet.<\/a><br \/>\n[vc_empty_space height=&#8221;10&#8243;]<br \/>\n<strong>Tipo de documento<\/strong><br \/>\nArt\u00edculo<br \/>\n[vc_empty_space height=&#8221;10&#8243;]<br \/>\n[\/vc_column_text][\/vc_column][\/vc_row]\u2003<\/p>\n<\/div>","protected":false},"excerpt":{"rendered":"<p>[vc_row][vc_column width=&#8221;1\/1&#8243;][vc_column_text][vc_empty_space height=&#8221;20&#8243;] Referencia bibliogr\u00e1fica S\u00c1NCHEZ-DUARTE, J. Manuel y SAMPEDRO BLANCO, V\u00edctor F. (2011): \u00abVisibilidad medi\u00e1tica y terrorismo: El caso de las v\u00edctimas de ETA\u00bb, Textual &#038; Visual Media, n\u00ba&hellip;<\/p>\n","protected":false},"author":1,"featured_media":0,"parent":0,"menu_order":0,"comment_status":"closed","ping_status":"closed","template":"","meta":{"om_disable_all_campaigns":false,"_monsterinsights_skip_tracking":false,"_monsterinsights_sitenote_active":false,"_monsterinsights_sitenote_note":"","_monsterinsights_sitenote_category":0,"_uf_show_specific_survey":0,"_uf_disable_surveys":false,"_vp_format_video_url":"","_vp_image_focal_point":[],"_vp_custom_popup_image":0,"_vp_format_audio_url":"","_vp_custom_thumbnail":0,"_vp_custom_thumbnail_focal_point":[],"_vp_hover_thumbnail":0,"_vp_hover_thumbnail_focal_point":[],"footnotes":""},"class_list":["post-8956","page","type-page","status-publish","hentry"],"aioseo_notices":[],"_links":{"self":[{"href":"https:\/\/www.arovite.com\/eu\/wp-json\/wp\/v2\/pages\/8956","targetHints":{"allow":["GET"]}}],"collection":[{"href":"https:\/\/www.arovite.com\/eu\/wp-json\/wp\/v2\/pages"}],"about":[{"href":"https:\/\/www.arovite.com\/eu\/wp-json\/wp\/v2\/types\/page"}],"author":[{"embeddable":true,"href":"https:\/\/www.arovite.com\/eu\/wp-json\/wp\/v2\/users\/1"}],"replies":[{"embeddable":true,"href":"https:\/\/www.arovite.com\/eu\/wp-json\/wp\/v2\/comments?post=8956"}],"version-history":[{"count":1,"href":"https:\/\/www.arovite.com\/eu\/wp-json\/wp\/v2\/pages\/8956\/revisions"}],"predecessor-version":[{"id":18339,"href":"https:\/\/www.arovite.com\/eu\/wp-json\/wp\/v2\/pages\/8956\/revisions\/18339"}],"wp:attachment":[{"href":"https:\/\/www.arovite.com\/eu\/wp-json\/wp\/v2\/media?parent=8956"}],"curies":[{"name":"wp","href":"https:\/\/api.w.org\/{rel}","templated":true}]}}