{"id":6693,"date":"2016-09-11T07:22:39","date_gmt":"2016-09-11T07:22:39","guid":{"rendered":"http:\/\/www.arovite.com\/harillo-susana-prieto-jesus-y-ugarte-josu-coords-2010-2\/"},"modified":"2016-09-11T07:22:57","modified_gmt":"2016-09-11T07:22:57","slug":"harillo-susana-prieto-jesus-y-ugarte-josu-coords-2010","status":"publish","type":"page","link":"https:\/\/www.arovite.com\/eu\/harillo-susana-prieto-jesus-y-ugarte-josu-coords-2010\/","title":{"rendered":"HARILLO, Susana, PRIETO, Jes\u00fas y UGARTE, Josu (Coords.) (2010)"},"content":{"rendered":"<div class=\"wpb-content-wrapper\"><p>[vc_row][vc_column width=&#8221;1\/1&#8243;][vc_column_text][vc_empty_space height=&#8221;20&#8243;]<br \/>\n<strong>Referencia bibliogr\u00e1fica<\/strong><br \/>\nHARILLO, Susana, PRIETO, Jes\u00fas y UGARTE, Josu (Coords.) (2010): <em>Historias que nos marcan. Las v\u00edctimas del terrorismo en la educaci\u00f3n para la paz<\/em>. Bilbao: Bakeaz.<\/p>\n<p><a class=\"button blue medium \"href=\"http:\/\/www.arovite.com\/documentos\/2010_Harillo_Prieto_Ugarte.pdf\" target=\"_blank\">Consultar PDF<\/a> [vc_empty_space height=&#8221;10&#8243;]<br \/>\n<strong>Resumen<\/strong><br \/>\nEsta gu\u00eda did\u00e1ctica es una nueva versi\u00f3n, revisada y ampliada, de la que elaboramos y dimos a conocer en el a\u00f1o 2006. Esta propuesta pedag\u00f3gica pretende ofrecer a los educadores orientaciones para lograr que se produzca una visibilizaci\u00f3n de las v\u00edctimas del terrorismo entre los estudiantes de educaci\u00f3n secundaria, asumir su mirada, provocar el reconocimiento y la solidaridad hacia ellas, y reforzar la exigencia de justicia.<br \/>\n[vc_empty_space height=&#8221;10&#8243;]<br \/>\n<strong>Autor<\/strong><br \/>\nSusana Harillo. <a title=\"Dialnet\" href=\" https:\/\/dialnet.unirioja.es\/servlet\/autor?codigo=2500214 \" target=\"_blank\">P\u00e1gina del autor en Dialnet.<\/a><br \/>\n[vc_empty_space height=&#8221;10&#8243;]<br \/>\n<strong>Tipo de documento<\/strong><br \/>\nGu\u00eda did\u00e1ctica<br \/>\n[vc_empty_space height=&#8221;10&#8243;]<br \/>\n[\/vc_column_text][\/vc_column][\/vc_row]<\/p>\n<\/div>","protected":false},"excerpt":{"rendered":"<p>[vc_row][vc_column width=&#8221;1\/1&#8243;][vc_column_text][vc_empty_space height=&#8221;20&#8243;] Referencia bibliogr\u00e1fica HARILLO, Susana, PRIETO, Jes\u00fas y UGARTE, Josu (Coords.) (2010): Historias que nos marcan. Las v\u00edctimas del terrorismo en la educaci\u00f3n para la paz. Bilbao: Bakeaz.&hellip;<\/p>\n","protected":false},"author":1,"featured_media":0,"parent":0,"menu_order":0,"comment_status":"open","ping_status":"open","template":"","meta":{"om_disable_all_campaigns":false,"_monsterinsights_skip_tracking":false,"_monsterinsights_sitenote_active":false,"_monsterinsights_sitenote_note":"","_monsterinsights_sitenote_category":0,"_uf_show_specific_survey":0,"_uf_disable_surveys":false,"_vp_format_video_url":"","_vp_image_focal_point":[],"_vp_custom_popup_image":0,"_vp_format_audio_url":"","_vp_custom_thumbnail":0,"_vp_custom_thumbnail_focal_point":[],"_vp_hover_thumbnail":0,"_vp_hover_thumbnail_focal_point":[],"footnotes":""},"class_list":["post-6693","page","type-page","status-publish","hentry"],"aioseo_notices":[],"_links":{"self":[{"href":"https:\/\/www.arovite.com\/eu\/wp-json\/wp\/v2\/pages\/6693","targetHints":{"allow":["GET"]}}],"collection":[{"href":"https:\/\/www.arovite.com\/eu\/wp-json\/wp\/v2\/pages"}],"about":[{"href":"https:\/\/www.arovite.com\/eu\/wp-json\/wp\/v2\/types\/page"}],"author":[{"embeddable":true,"href":"https:\/\/www.arovite.com\/eu\/wp-json\/wp\/v2\/users\/1"}],"replies":[{"embeddable":true,"href":"https:\/\/www.arovite.com\/eu\/wp-json\/wp\/v2\/comments?post=6693"}],"version-history":[{"count":1,"href":"https:\/\/www.arovite.com\/eu\/wp-json\/wp\/v2\/pages\/6693\/revisions"}],"predecessor-version":[{"id":6695,"href":"https:\/\/www.arovite.com\/eu\/wp-json\/wp\/v2\/pages\/6693\/revisions\/6695"}],"wp:attachment":[{"href":"https:\/\/www.arovite.com\/eu\/wp-json\/wp\/v2\/media?parent=6693"}],"curies":[{"name":"wp","href":"https:\/\/api.w.org\/{rel}","templated":true}]}}