{"id":6184,"date":"2016-01-20T17:57:49","date_gmt":"2016-01-20T17:57:49","guid":{"rendered":"http:\/\/www.arovite.com\/?page_id=6184"},"modified":"2016-01-20T17:57:49","modified_gmt":"2016-01-20T17:57:49","slug":"gonzalez-saez-juan-manuel-2012-3","status":"publish","type":"page","link":"https:\/\/www.arovite.com\/eu\/gonzalez-saez-juan-manuel-2012-3\/","title":{"rendered":"GONZ\u00c1LEZ S\u00c1EZ, Juan Manuel (2012)"},"content":{"rendered":"<div class=\"wpb-content-wrapper\"><p>[vc_row][vc_column width=&#8221;1\/1&#8243;][vc_column_text][vc_empty_space height=&#8221;20&#8243;]<br \/>\n<strong>Referencia bibliogr\u00e1fica<\/strong><br \/>\nGONZ\u00c1LEZ S\u00c1EZ, Juan Manuel (2012): \u00abLa violencia pol\u00edtica de la extrema derecha durante la transici\u00f3n espa\u00f1ola\u00bb, en NAVAJAS, Carlos e ITURRIAGA, Diego (coords.): <em>Coet\u00e1nea. Actas del III Congreso Internacional de Historia de Nuestro Tiempo<\/em>. Logro\u00f1o: Universidad de La Rioja, pp. 365-376.<\/p>\n<p><a class=\"button blue  medium \" href=\"http:\/\/dialnet.unirioja.es\/servlet\/articulo?codigo=4052259\" target=\"_blank\">Consultar PDF<\/a>[vc_empty_space height=&#8221;10&#8243;]<br \/>\n<strong>Resumen<\/strong><br \/>\nLa extrema derecha estuvo implicada en numerosos episodios de violencia durante la Transici\u00f3n siendo un factor perturbador de la vida pol\u00edtica. En esta comunicaci\u00f3n se analiza brevemente la violencia y el terrorismo ultraderechista entre los a\u00f1os 1975 y 1982. Se dedica especial atenci\u00f3n a la relaci\u00f3n del partido Fuerza Nueva y sus grupos escindidos (Frente Nacional de la Juventud y Frente de la Juventud) con el activismo violento. Nuestro objetivo es analizar los distintos tipos de violencia pol\u00edtica (tribal, defensiva y terrorista) cometidos por los ultraderechistas durante este periodo de cambio pol\u00edtico desde el final del franquismo hasta la consolidaci\u00f3n del sistema democr\u00e1tico. A partir de este an\u00e1lisis se pretende responder a cuestiones como la posible existencia de una \u201cestrategia de tensi\u00f3n\u201d planificada o las consecuencias de la violencia en el desarrollo pol\u00edtico de Fuerza Nueva. Esta comunicaci\u00f3n, que avanza algunas cuestiones de una investigaci\u00f3n en desarrollo, tambi\u00e9n pretende realizar un balance de las v\u00edctimas mortales del terrorismo ultraderechista.<br \/>\n[vc_empty_space height=&#8221;10&#8243;]<br \/>\n<strong>Autor<\/strong><br \/>\nJuan Manuel Gonz\u00e1lez S\u00e1ez. <a title=\"Dialnet\" href=\"http:\/\/dialnet.unirioja.es\/servlet\/autor?codigo=2991912\" target=\"_blank\">P\u00e1gina del autor en Dialnet.<\/a><br \/>\n[vc_empty_space height=&#8221;10&#8243;]<br \/>\n<strong>Tipo de documento<\/strong><br \/>\nCap\u00edtulo de libro<br \/>\n[vc_empty_space height=&#8221;10&#8243;]<br \/>\n[\/vc_column_text][\/vc_column][\/vc_row]GOBIERNO VASCO (2010): <\/p>\n<\/div>","protected":false},"excerpt":{"rendered":"<p>[vc_row][vc_column width=&#8221;1\/1&#8243;][vc_column_text][vc_empty_space height=&#8221;20&#8243;] Referencia bibliogr\u00e1fica GONZ\u00c1LEZ S\u00c1EZ, Juan Manuel (2012): \u00abLa violencia pol\u00edtica de la extrema derecha durante la transici\u00f3n espa\u00f1ola\u00bb, en NAVAJAS, Carlos e ITURRIAGA, Diego (coords.): Coet\u00e1nea. Actas&hellip;<\/p>\n","protected":false},"author":2,"featured_media":0,"parent":0,"menu_order":0,"comment_status":"open","ping_status":"open","template":"","meta":{"om_disable_all_campaigns":false,"_monsterinsights_skip_tracking":false,"_monsterinsights_sitenote_active":false,"_monsterinsights_sitenote_note":"","_monsterinsights_sitenote_category":0,"_uf_show_specific_survey":0,"_uf_disable_surveys":false,"_vp_format_video_url":"","_vp_image_focal_point":[],"_vp_custom_popup_image":0,"_vp_format_audio_url":"","_vp_custom_thumbnail":0,"_vp_custom_thumbnail_focal_point":[],"_vp_hover_thumbnail":0,"_vp_hover_thumbnail_focal_point":[],"footnotes":""},"class_list":["post-6184","page","type-page","status-publish","hentry"],"aioseo_notices":[],"_links":{"self":[{"href":"https:\/\/www.arovite.com\/eu\/wp-json\/wp\/v2\/pages\/6184","targetHints":{"allow":["GET"]}}],"collection":[{"href":"https:\/\/www.arovite.com\/eu\/wp-json\/wp\/v2\/pages"}],"about":[{"href":"https:\/\/www.arovite.com\/eu\/wp-json\/wp\/v2\/types\/page"}],"author":[{"embeddable":true,"href":"https:\/\/www.arovite.com\/eu\/wp-json\/wp\/v2\/users\/2"}],"replies":[{"embeddable":true,"href":"https:\/\/www.arovite.com\/eu\/wp-json\/wp\/v2\/comments?post=6184"}],"version-history":[{"count":1,"href":"https:\/\/www.arovite.com\/eu\/wp-json\/wp\/v2\/pages\/6184\/revisions"}],"predecessor-version":[{"id":6216,"href":"https:\/\/www.arovite.com\/eu\/wp-json\/wp\/v2\/pages\/6184\/revisions\/6216"}],"wp:attachment":[{"href":"https:\/\/www.arovite.com\/eu\/wp-json\/wp\/v2\/media?parent=6184"}],"curies":[{"name":"wp","href":"https:\/\/api.w.org\/{rel}","templated":true}]}}