{"id":6168,"date":"2016-01-20T17:56:16","date_gmt":"2016-01-20T17:56:16","guid":{"rendered":"http:\/\/www.arovite.com\/?page_id=6168"},"modified":"2016-01-20T17:56:16","modified_gmt":"2016-01-20T17:56:16","slug":"garcia-de-cortazar-fernando-1988-2","status":"publish","type":"page","link":"https:\/\/www.arovite.com\/eu\/garcia-de-cortazar-fernando-1988-2\/","title":{"rendered":"GARC\u00cdA DE CORT\u00c1ZAR, Fernando (1988)"},"content":{"rendered":"<div class=\"wpb-content-wrapper\"><p>[vc_row][vc_column width=&#8221;1\/1&#8243;][vc_column_text][vc_empty_space height=&#8221;20&#8243;]<br \/>\n<strong>Referencia bibliogr\u00e1fica<\/strong><br \/>\nGARC\u00cdA DE CORT\u00c1ZAR, Fernando (1988): \u00abLa Iglesia vasca, entre la profec\u00eda y la sumisi\u00f3n\u00bb, <em>Cuenta y Raz\u00f3n<\/em>, n\u00ba 33, pp. 31-36.<\/p>\n<p><a class=\"button blue  medium \" href=\"http:\/\/www.cuentayrazon.org\/revista\/pdf\/033\/Num033_005.pdf\" target=\"_blank\">Consultar PDF<\/a>[vc_empty_space height=&#8221;10&#8243;]<br \/>\n<strong>Resumen<\/strong><br \/>\nCualquiera que se acerque a la historia del Pa\u00eds Vasco se dar\u00e1 cuenta, de inmediato, que la Iglesia cat\u00f3lica ocupa en ella un lugar preferente, un espacio a\u00fan m\u00e1s amplio que en otras regiones de Espa\u00f1a. Durante siglos, la religi\u00f3n y su representaci\u00f3n institucional configuraron a sus anchas las mentes y las conciencias vascas, haci\u00e9ndose insustituibles en el liderazgo de la sociedad. Si las dos guerras carlistas sirvieron para sellar, una vez m\u00e1s, el entendimiento entre el campesinado y el clero vasco, la ideolog\u00eda nacionalista habr\u00eda de consagrar la consonancia de la fe cat\u00f3lica con aquella nueva patria que empezaba a llamarse Euskadi. Desde entonces el destino de la Iglesia no podr\u00eda separarse de la suerte de un movimiento \u2014el nacionalismo vasco\u2014 que, como ninguna otra instituci\u00f3n, hab\u00eda ayudado a nacer y a expandir. La adhesi\u00f3n de los eclesi\u00e1sticos a los contenidos nacionalistas y el fervor desplegado en su difusi\u00f3n tal vez encuentren una explicaci\u00f3n en la naturaleza din\u00e1mica del sentimiento religioso y en su capacidad de sublimaci\u00f3n o mitificaci\u00f3n de la realidad. Por otra parte, el populismo nacionalista, pregonero de una moral colectiva capaz de lograr la epifan\u00eda de la patria vasca, se ensamblaba c\u00f3modamente con el populismo cristiano, que gracias a la redenci\u00f3n alcanzar\u00eda la patria celestial y la resurrecci\u00f3n.<br \/>\n[vc_empty_space height=&#8221;10&#8243;]<br \/>\n<strong>Autor<\/strong><br \/>\nFernando Garc\u00eda de Cort\u00e1zar. <a title=\"Dialnet\" href=\"http:\/\/dialnet.unirioja.es\/servlet\/autor?codigo=46163\" target=\"_blank\">P\u00e1gina del autor en Dialnet.<\/a><br \/>\n[vc_empty_space height=&#8221;10&#8243;]<br \/>\n<strong>Tipo de documento<\/strong><br \/>\nArt\u00edculo<br \/>\n[vc_empty_space height=&#8221;10&#8243;]<br \/>\n<a title=\"Enlace alternativo\" href=\"http:\/\/www.memoriadigitalvasca.es\/bitstream\/10357\/12440\/1\/101938.pdf\" target=\"_blank\"><strong>Enlace alternativo.<\/strong><\/a><br \/>\n[vc_empty_space height=&#8221;10&#8243;]<br \/>\n[\/vc_column_text][\/vc_column][\/vc_row]<\/p>\n<\/div>","protected":false},"excerpt":{"rendered":"<p>[vc_row][vc_column width=&#8221;1\/1&#8243;][vc_column_text][vc_empty_space height=&#8221;20&#8243;] Referencia bibliogr\u00e1fica GARC\u00cdA DE CORT\u00c1ZAR, Fernando (1988): \u00abLa Iglesia vasca, entre la profec\u00eda y la sumisi\u00f3n\u00bb, Cuenta y Raz\u00f3n, n\u00ba 33, pp. 31-36. Consultar PDF[vc_empty_space height=&#8221;10&#8243;] Resumen&hellip;<\/p>\n","protected":false},"author":2,"featured_media":0,"parent":0,"menu_order":0,"comment_status":"open","ping_status":"open","template":"","meta":{"om_disable_all_campaigns":false,"_monsterinsights_skip_tracking":false,"_monsterinsights_sitenote_active":false,"_monsterinsights_sitenote_note":"","_monsterinsights_sitenote_category":0,"_uf_show_specific_survey":0,"_uf_disable_surveys":false,"_vp_format_video_url":"","_vp_image_focal_point":[],"_vp_custom_popup_image":0,"_vp_format_audio_url":"","_vp_custom_thumbnail":0,"_vp_custom_thumbnail_focal_point":[],"_vp_hover_thumbnail":0,"_vp_hover_thumbnail_focal_point":[],"footnotes":""},"class_list":["post-6168","page","type-page","status-publish","hentry"],"aioseo_notices":[],"_links":{"self":[{"href":"https:\/\/www.arovite.com\/eu\/wp-json\/wp\/v2\/pages\/6168","targetHints":{"allow":["GET"]}}],"collection":[{"href":"https:\/\/www.arovite.com\/eu\/wp-json\/wp\/v2\/pages"}],"about":[{"href":"https:\/\/www.arovite.com\/eu\/wp-json\/wp\/v2\/types\/page"}],"author":[{"embeddable":true,"href":"https:\/\/www.arovite.com\/eu\/wp-json\/wp\/v2\/users\/2"}],"replies":[{"embeddable":true,"href":"https:\/\/www.arovite.com\/eu\/wp-json\/wp\/v2\/comments?post=6168"}],"version-history":[{"count":1,"href":"https:\/\/www.arovite.com\/eu\/wp-json\/wp\/v2\/pages\/6168\/revisions"}],"predecessor-version":[{"id":6201,"href":"https:\/\/www.arovite.com\/eu\/wp-json\/wp\/v2\/pages\/6168\/revisions\/6201"}],"wp:attachment":[{"href":"https:\/\/www.arovite.com\/eu\/wp-json\/wp\/v2\/media?parent=6168"}],"curies":[{"name":"wp","href":"https:\/\/api.w.org\/{rel}","templated":true}]}}