{"id":4966,"date":"2015-12-02T13:32:15","date_gmt":"2015-12-02T13:32:15","guid":{"rendered":"http:\/\/www.arovite.com\/llera-francisco-j-leonisio-rafael-garcia-jonatan-y-perez-sergio-2012-2\/"},"modified":"2015-12-02T13:32:15","modified_gmt":"2015-12-02T13:32:15","slug":"llera-francisco-j-leonisio-rafael-garcia-jonatan-y-perez-sergio-2012","status":"publish","type":"page","link":"https:\/\/www.arovite.com\/eu\/llera-francisco-j-leonisio-rafael-garcia-jonatan-y-perez-sergio-2012\/","title":{"rendered":"LLERA, Francisco J., LEONISIO, Rafael, GARC\u00cdA, Jonatan y P\u00c9REZ, Sergio (2012)"},"content":{"rendered":"<div class=\"wpb-content-wrapper\"><p>[vc_row][vc_column width=&#8221;1\/1&#8243;][vc_column_text][vc_empty_space height=&#8221;20&#8243;]<br \/>\n<strong>Referencia bibliogr\u00e1fica<\/strong><br \/>\nLLERA, Francisco J., LEONISIO, Rafael, GARC\u00cdA, Jonatan y P\u00c9REZ, Sergio (2012): \u00abEl retorno de la Izquierda Abertzale cambia la arena pol\u00edtica vasca tras las elecciones locales de 2011\u00bb, en JORNADA, Jacint, NAVARRO, Vicen\u00e7, PALLAR\u00c9S, Francesc y REQUEJO, Ferran (coords.): <em>Democr\u00e0cia, politica i societat: homenatge a Rosa Vir\u00f3s<\/em>. Barcelona: Universitat Pompeu Fabra, pp. 157-188.<\/p>\n<p><a class=\"button blue  medium \" href=\"http:\/\/www.ehu.eus\/documents\/1457190\/1764019\/Llera%2C%20Leonisio%2C%20Garcia+y+Perez+-+2012+-+ROSA+VIROS+elecciones+locales+2011.pdf\" target=\"_blank\">Consultar PDF<\/a>[vc_empty_space height=&#8221;10&#8243;]<br \/>\n<strong>Resumen<\/strong><br \/>\nLa coincidencia de las elecciones municipales con las forales en Euskadi siempre ha dado una especial relevancia a estos comicios. Desde que el adelanto de las elecciones auton\u00f3micas de 1986, por la ruptura del PNV, las acercase en menos de un a\u00f1o a las elecciones locales y forales, \u00e9stas se hab\u00edan convertido en una especie de segunda vuelta de las auton\u00f3micas, consolidando o debilitando la f\u00f3rmula de gobierno adoptada tras estas \u00faltimas. A esto se a\u00f1aden, adem\u00e1s, la importancia adquirida por los gobiernos forales, sobre todo para el nacionalismo, y el peso demogr\u00e1fico y pol\u00edtico de las grandes poblaciones, junto con la cada vez m\u00e1s compleja gobernabilidad necesitada de pactos m\u00faltiples en todos los \u00e1mbitos institucionales o la pol\u00edtica de alianzas. As\u00ed pues, al car\u00e1cter de segundo orden que ya ten\u00edan, por su menor tensi\u00f3n movilizadora, a\u00f1a dieron desde entonces el de segunda vuelta que hab\u00edan ido adquiriendo y que se convirti\u00f3 en m\u00e1s relevante en la medida en que fueron m\u00e1s competitivas, con la posibilidad de coaliciones alternativas. En esta ocasi\u00f3n, el alejamiento temporal (2 a\u00f1os) producido desde el adelanto electoral de las elecciones auton\u00f3micas de 2001 ha dotado de mayor autonom\u00eda a esta arena de competici\u00f3n, sobre todo, a la hora de configurar mayor\u00edas de gobierno. Sin embargo, no se podr\u00eda decir que hayan perdido del todo el car\u00e1cter de segunda vuelta al no desaparecer la l\u00ednea principal de confrontaci\u00f3n entre nacionalistas y autonomistas en la arena auton\u00f3mica.<br \/>\n[vc_empty_space height=&#8221;10&#8243;]<br \/>\n<strong>Autor<\/strong><br \/>\nFrancisco J. Llera. <a title=\"Dialnet\" href=\"http:\/\/dialnet.unirioja.es\/servlet\/autor?codigo=55650\" target=\"_blank\">P\u00e1gina del autor en Dialnet.<\/a><br \/>\nRafael Leonisio. <a title=\"Dialnet\" href=\"http:\/\/dialnet.unirioja.es\/servlet\/autor?codigo=1234479\" target=\"_blank\">P\u00e1gina del autor en Dialnet.<\/a><br \/>\nJonatan Garc\u00eda Rabad\u00e1n. <a title=\"Dialnet\" href=\"http:\/\/dialnet.unirioja.es\/servlet\/autor?codigo=2426004\" target=\"_blank\">P\u00e1gina del autor en Dialnet.<\/a><br \/>\nSergio P\u00e9rez Casta\u00f1os. <a title=\"Dialnet\" href=\"http:\/\/dialnet.unirioja.es\/servlet\/autor?codigo=3058242\" target=\"_blank\">P\u00e1gina del autor en Dialnet.<\/a><br \/>\n[vc_empty_space height=&#8221;10&#8243;]<br \/>\n<strong>Tipo de documento<\/strong><br \/>\nCap\u00edtulo de libro<br \/>\n[vc_empty_space height=&#8221;10&#8243;]<br \/>\n<a title=\"Enlace alternativo\" href=\"https:\/\/www.academia.edu\/3691538\/El_retorno_de_la_Izquierda_Abertzale_cambia_la_arena_pol%C3%ADtica_vasca_tras_las_elecciones_locales_de_2011\" target=\"_blank\"><strong>Enlace alternativo.<\/strong><\/a><br \/>\n[\/vc_column_text][\/vc_column][\/vc_row]<\/p>\n<\/div>","protected":false},"excerpt":{"rendered":"<p>[vc_row][vc_column width=&#8221;1\/1&#8243;][vc_column_text][vc_empty_space height=&#8221;20&#8243;] Referencia bibliogr\u00e1fica LLERA, Francisco J., LEONISIO, Rafael, GARC\u00cdA, Jonatan y P\u00c9REZ, Sergio (2012): \u00abEl retorno de la Izquierda Abertzale cambia la arena pol\u00edtica vasca tras las elecciones&hellip;<\/p>\n","protected":false},"author":1,"featured_media":0,"parent":0,"menu_order":0,"comment_status":"open","ping_status":"open","template":"","meta":{"om_disable_all_campaigns":false,"_monsterinsights_skip_tracking":false,"_monsterinsights_sitenote_active":false,"_monsterinsights_sitenote_note":"","_monsterinsights_sitenote_category":0,"_uf_show_specific_survey":0,"_uf_disable_surveys":false,"_vp_format_video_url":"","_vp_image_focal_point":[],"_vp_custom_popup_image":0,"_vp_format_audio_url":"","_vp_custom_thumbnail":0,"_vp_custom_thumbnail_focal_point":[],"_vp_hover_thumbnail":0,"_vp_hover_thumbnail_focal_point":[],"footnotes":""},"class_list":["post-4966","page","type-page","status-publish","hentry"],"aioseo_notices":[],"_links":{"self":[{"href":"https:\/\/www.arovite.com\/eu\/wp-json\/wp\/v2\/pages\/4966","targetHints":{"allow":["GET"]}}],"collection":[{"href":"https:\/\/www.arovite.com\/eu\/wp-json\/wp\/v2\/pages"}],"about":[{"href":"https:\/\/www.arovite.com\/eu\/wp-json\/wp\/v2\/types\/page"}],"author":[{"embeddable":true,"href":"https:\/\/www.arovite.com\/eu\/wp-json\/wp\/v2\/users\/1"}],"replies":[{"embeddable":true,"href":"https:\/\/www.arovite.com\/eu\/wp-json\/wp\/v2\/comments?post=4966"}],"version-history":[{"count":0,"href":"https:\/\/www.arovite.com\/eu\/wp-json\/wp\/v2\/pages\/4966\/revisions"}],"wp:attachment":[{"href":"https:\/\/www.arovite.com\/eu\/wp-json\/wp\/v2\/media?parent=4966"}],"curies":[{"name":"wp","href":"https:\/\/api.w.org\/{rel}","templated":true}]}}