{"id":4917,"date":"2015-12-02T12:49:42","date_gmt":"2015-12-02T12:49:42","guid":{"rendered":"http:\/\/www.arovite.com\/lopez-romo-raul-2013-2\/"},"modified":"2015-12-30T11:59:04","modified_gmt":"2015-12-30T11:59:04","slug":"lopez-romo-raul-2013","status":"publish","type":"page","link":"https:\/\/www.arovite.com\/eu\/lopez-romo-raul-2013\/","title":{"rendered":"L\u00d3PEZ ROMO, Ra\u00fal (2013)"},"content":{"rendered":"<div class=\"wpb-content-wrapper\"><p>[vc_row][vc_column width=&#8221;1\/1&#8243;][vc_column_text][vc_empty_space height=&#8221;20&#8243;]<br \/>\n<strong>Referencia bibliogr\u00e1fica<\/strong><br \/>\nL\u00d3PEZ ROMO, Ra\u00fal (2013): \u00abLo puro frente a lo contaminado. La absolutizaci\u00f3n pol\u00edtica en la Euskadi de la transici\u00f3n\u00bb, en LANERO, Daniel (ed.): <em>Por surcos y calles. Movilizaci\u00f3n social e identidades en Galicia y el Pa\u00eds Vasco (1968-1980)<\/em>. Madrid: Los Libros de la Catarata, pp. 174-212.<\/p>\n<p><a class=\"button blue  medium \" href=\"http:\/\/www.arovite.com\/documentos\/2013_Lopez.pdf\" target=\"_blank\">Consultar PDF<\/a>[vc_empty_space height=&#8221;10&#8243;]<br \/>\n<strong>Resumen<\/strong><br \/>\nEste ensayo trata sobre la absolutizaci\u00f3n de la pol\u00edtica en Euskadi durante la Transici\u00f3n democr\u00e1tica. El fen\u00f3meno no afect\u00f3 a toda la escena p\u00fablica, sino que estuvo presente sobre todo en uno de sus participantes, el nacionalismo vasco radical. Sus planteamientos maximalistas, eso s\u00ed, repercutieron sobre el conjunto de la ciudadan\u00eda. Aqu\u00ed me centro en la \u201cizquierda abertzale\u201d tanto por su relevancia num\u00e9rica como por su capacidad de incidencia en el proceso pol\u00edtico desde posturas inciviles, en las que emociones fuertes, como el odio, tuvieron una gran presencia.<br \/>\n[vc_empty_space height=&#8221;10&#8243;]<br \/>\n<strong>Autor<\/strong><br \/>\nRa\u00fal L\u00f3pez Romo. <a title=\"Dialnet\" href=\"http:\/\/dialnet.unirioja.es\/servlet\/autor?codigo=2165020\" target=\"_blank\">P\u00e1gina del autor en Dialnet.<\/a><br \/>\n[vc_empty_space height=&#8221;10&#8243;]<br \/>\n<strong>Tipo de documento<\/strong><br \/>\nCap\u00edtulo de libro<br \/>\n[vc_empty_space height=&#8221;10&#8243;]<br \/>\n<a title=\"Enlace alternativo\" href=\"https:\/\/www.academia.edu\/6198113\/_Lo_puro_frente_a_lo_contaminado._La_absolutizaci%C3%B3n_pol%C3%ADtica_en_la_Euskadi_de_la_transici%C3%B3n_en_Daniel_Lanero_ed._Por_surcos_y_calles._Movilizaci%C3%B3n_social_e_identidades_en_Galicia_y_el_Pa%C3%ADs_Vasco_1968-1980_Madrid_Los_Libros_de_la_Catarata_2013_pp._174-212 \" target=\"_blank\"><strong>Enlace alternativo.<\/strong><\/a><br \/>\n[\/vc_column_text][\/vc_column][\/vc_row]<\/p>\n<\/div>","protected":false},"excerpt":{"rendered":"<p>[vc_row][vc_column width=&#8221;1\/1&#8243;][vc_column_text][vc_empty_space height=&#8221;20&#8243;] Referencia bibliogr\u00e1fica L\u00d3PEZ ROMO, Ra\u00fal (2013): \u00abLo puro frente a lo contaminado. La absolutizaci\u00f3n pol\u00edtica en la Euskadi de la transici\u00f3n\u00bb, en LANERO, Daniel (ed.): Por surcos&hellip;<\/p>\n","protected":false},"author":1,"featured_media":0,"parent":0,"menu_order":0,"comment_status":"open","ping_status":"open","template":"","meta":{"om_disable_all_campaigns":false,"_monsterinsights_skip_tracking":false,"_monsterinsights_sitenote_active":false,"_monsterinsights_sitenote_note":"","_monsterinsights_sitenote_category":0,"_uf_show_specific_survey":0,"_uf_disable_surveys":false,"_vp_format_video_url":"","_vp_image_focal_point":[],"_vp_custom_popup_image":0,"_vp_format_audio_url":"","_vp_custom_thumbnail":0,"_vp_custom_thumbnail_focal_point":[],"_vp_hover_thumbnail":0,"_vp_hover_thumbnail_focal_point":[],"footnotes":""},"class_list":["post-4917","page","type-page","status-publish","hentry"],"aioseo_notices":[],"_links":{"self":[{"href":"https:\/\/www.arovite.com\/eu\/wp-json\/wp\/v2\/pages\/4917","targetHints":{"allow":["GET"]}}],"collection":[{"href":"https:\/\/www.arovite.com\/eu\/wp-json\/wp\/v2\/pages"}],"about":[{"href":"https:\/\/www.arovite.com\/eu\/wp-json\/wp\/v2\/types\/page"}],"author":[{"embeddable":true,"href":"https:\/\/www.arovite.com\/eu\/wp-json\/wp\/v2\/users\/1"}],"replies":[{"embeddable":true,"href":"https:\/\/www.arovite.com\/eu\/wp-json\/wp\/v2\/comments?post=4917"}],"version-history":[{"count":1,"href":"https:\/\/www.arovite.com\/eu\/wp-json\/wp\/v2\/pages\/4917\/revisions"}],"predecessor-version":[{"id":5407,"href":"https:\/\/www.arovite.com\/eu\/wp-json\/wp\/v2\/pages\/4917\/revisions\/5407"}],"wp:attachment":[{"href":"https:\/\/www.arovite.com\/eu\/wp-json\/wp\/v2\/media?parent=4917"}],"curies":[{"name":"wp","href":"https:\/\/api.w.org\/{rel}","templated":true}]}}