{"id":4890,"date":"2015-12-02T11:45:05","date_gmt":"2015-12-02T11:45:05","guid":{"rendered":"http:\/\/www.arovite.com\/lopez-romo-raul-2008-2\/"},"modified":"2015-12-30T11:56:34","modified_gmt":"2015-12-30T11:56:34","slug":"lopez-romo-raul-2008","status":"publish","type":"page","link":"https:\/\/www.arovite.com\/eu\/lopez-romo-raul-2008\/","title":{"rendered":"L\u00d3PEZ ROMO, Ra\u00fal (2008)"},"content":{"rendered":"<div class=\"wpb-content-wrapper\"><p>[vc_row][vc_column width=&#8221;1\/1&#8243;][vc_column_text][vc_empty_space height=&#8221;20&#8243;]<br \/>\n<strong>Referencia bibliogr\u00e1fica<\/strong><br \/>\nL\u00d3PEZ ROMO, Ra\u00fal (2008): \u00abTi\u00f1endo la patria de verde y violeta: la relaci\u00f3n del nacionalismo vasco radical con los movimientos antinuclear y feminista en la transici\u00f3n\u00bb, NICOL\u00c1S, M\u00aa Encarna y GONZ\u00c1LEZ, Carmen (eds.): <em>Ayeres en discusi\u00f3n: temas clave de historia contempor\u00e1nea hoy<\/em>. Murcia: Universidad de Murcia.<\/p>\n<p><a class=\"button blue  medium \" href=\"http:\/\/www.arovite.com\/documentos\/2008_Lopez.pdf\" target=\"_blank\">Consultar PDF<\/a>[vc_empty_space height=&#8221;10&#8243;]<br \/>\n<strong>Resumen<\/strong><br \/>\nLos \u00abnuevos movimientos sociales\u00bb han sido definidos como interclasistas, espont\u00e1neos, asamblearios, descentralizados y sectoriales. Se ha dicho que nacieron al comp\u00e1s de la revoluci\u00f3n cultural de finales de la d\u00e9cada de los sesenta (emple\u00e1ndose muchas veces el mayo del 68 franc\u00e9s como hito clave para entender su surgimiento), que est\u00e1n ubicados en las coordenadas de la izquierda transformadora y que contribuyen a la consecuci\u00f3n de una democracia m\u00e1s radical encauzando la participaci\u00f3n de una ciudadan\u00eda activa por medios directos. Esa ciudadan\u00eda estar\u00eda comprometida con diferentes asuntos de inter\u00e9s p\u00fablico, sin la intermediaci\u00f3n de jerarqu\u00edas ni de representantes pol\u00edticos profesionales. Pero frente a visiones abstractas, homog\u00e9neas y, en ocasiones, excesivamente cercanas al objeto de estudio, es m\u00e1s interesante no separar el an\u00e1lisis de los movimientos sociales del contexto en el que nacen y se desarrollan. En este trabajo me propongo estudiar las interacciones entre el nacionalismo vasco radical y dos nuevos movimientos sociales considerados representativos (el antinuclear y el feminista) entre 1975 y 1982.<br \/>\n[vc_empty_space height=&#8221;10&#8243;]<br \/>\n<strong>Autor<\/strong><br \/>\nRa\u00fal L\u00f3pez Romo. <a title=\"Dialnet\" href=\"http:\/\/dialnet.unirioja.es\/servlet\/autor?codigo=2165020\" target=\"_blank\">P\u00e1gina del autor en Dialnet.<\/a><br \/>\n[vc_empty_space height=&#8221;10&#8243;]<br \/>\n<strong>Tipo de documento<\/strong><br \/>\nCap\u00edtulo de libro<br \/>\n[vc_empty_space height=&#8221;10&#8243;]<br \/>\n<a title=\"Enlace alternativo\" href=\"http:\/\/dialnet.unirioja.es\/servlet\/articulo?codigo=3126255\" target=\"_blank\"><strong>Enlace alternativo.<\/strong><\/a><br \/>\n[\/vc_column_text][\/vc_column][\/vc_row]<\/p>\n<\/div>","protected":false},"excerpt":{"rendered":"<p>[vc_row][vc_column width=&#8221;1\/1&#8243;][vc_column_text][vc_empty_space height=&#8221;20&#8243;] Referencia bibliogr\u00e1fica L\u00d3PEZ ROMO, Ra\u00fal (2008): \u00abTi\u00f1endo la patria de verde y violeta: la relaci\u00f3n del nacionalismo vasco radical con los movimientos antinuclear y feminista en la&hellip;<\/p>\n","protected":false},"author":1,"featured_media":0,"parent":0,"menu_order":0,"comment_status":"open","ping_status":"open","template":"","meta":{"om_disable_all_campaigns":false,"_monsterinsights_skip_tracking":false,"_monsterinsights_sitenote_active":false,"_monsterinsights_sitenote_note":"","_monsterinsights_sitenote_category":0,"_uf_show_specific_survey":0,"_uf_disable_surveys":false,"_vp_format_video_url":"","_vp_image_focal_point":[],"_vp_custom_popup_image":0,"_vp_format_audio_url":"","_vp_custom_thumbnail":0,"_vp_custom_thumbnail_focal_point":[],"_vp_hover_thumbnail":0,"_vp_hover_thumbnail_focal_point":[],"footnotes":""},"class_list":["post-4890","page","type-page","status-publish","hentry"],"aioseo_notices":[],"_links":{"self":[{"href":"https:\/\/www.arovite.com\/eu\/wp-json\/wp\/v2\/pages\/4890","targetHints":{"allow":["GET"]}}],"collection":[{"href":"https:\/\/www.arovite.com\/eu\/wp-json\/wp\/v2\/pages"}],"about":[{"href":"https:\/\/www.arovite.com\/eu\/wp-json\/wp\/v2\/types\/page"}],"author":[{"embeddable":true,"href":"https:\/\/www.arovite.com\/eu\/wp-json\/wp\/v2\/users\/1"}],"replies":[{"embeddable":true,"href":"https:\/\/www.arovite.com\/eu\/wp-json\/wp\/v2\/comments?post=4890"}],"version-history":[{"count":2,"href":"https:\/\/www.arovite.com\/eu\/wp-json\/wp\/v2\/pages\/4890\/revisions"}],"predecessor-version":[{"id":5396,"href":"https:\/\/www.arovite.com\/eu\/wp-json\/wp\/v2\/pages\/4890\/revisions\/5396"}],"wp:attachment":[{"href":"https:\/\/www.arovite.com\/eu\/wp-json\/wp\/v2\/media?parent=4890"}],"curies":[{"name":"wp","href":"https:\/\/api.w.org\/{rel}","templated":true}]}}