{"id":4724,"date":"2015-11-30T13:46:33","date_gmt":"2015-11-30T13:46:33","guid":{"rendered":"http:\/\/www.arovite.com\/perez-kepa-2012-2\/"},"modified":"2015-12-30T12:54:40","modified_gmt":"2015-12-30T12:54:40","slug":"perez-kepa-2012","status":"publish","type":"page","link":"https:\/\/www.arovite.com\/eu\/perez-kepa-2012\/","title":{"rendered":"P\u00c9REZ, Kepa (2012)"},"content":{"rendered":"<div class=\"wpb-content-wrapper\"><p>[vc_row][vc_column width=&#8221;1\/1&#8243;][vc_column_text][vc_empty_space height=&#8221;20&#8243;]<br \/>\n<strong>Referencia bibliogr\u00e1fica<\/strong><br \/>\nP\u00c9REZ, Kepa (2012): <em>In memoriam 2012: reconocimientos sociales e institucionales a las v\u00edctimas del terrorismo<\/em>. Bilbao: Asociaci\u00f3n para la Defensa de la Dignidad Humana.<\/p>\n<p><a class=\"button blue  medium \" href=\"http:\/\/www.arovite.com\/documentos\/2012_Perez.pdf\" target=\"_blank\">Consultar PDF<\/a>[vc_empty_space height=&#8221;10&#8243;]<br \/>\n<strong>Resumen<\/strong><br \/>\nEl s\u00e1bado 10 de noviembre, las instituciones vascas celebraron por tercer a\u00f1o consecutivo, el D\u00eda de la Memoria, una jornada de recuerdo marcada por la divisi\u00f3n de opiniones entre los partidarios de recordar \u00fanicamente a las v\u00edctimas del terrorismo; entre quienes consideran que se deber\u00eda incluir tambi\u00e9n en el recuerdo de este d\u00eda a las v\u00edctimas de abusos policiales, y quienes est\u00e1n convencidos de que se deber\u00eda recordar a las v\u00edctimas de todas las violencias. El resultado fue que cada instituci\u00f3n llev\u00f3 a cabo un homenaje en recuerdo de las v\u00edctimas de quienes, seg\u00fan su ideolog\u00eda, deber\u00edan ser recordadas, sin que se lograra leer en todos ellos un manifiesto conjunto.<br \/>\n[vc_empty_space height=&#8221;10&#8243;]<br \/>\n<strong>Autor<\/strong><br \/>\nKepa P\u00e9rez.<br \/>\n[vc_empty_space height=&#8221;10&#8243;]<br \/>\n<strong>Tipo de documento<\/strong><br \/>\nLibro<br \/>\n[vc_empty_space height=&#8221;10&#8243;]<br \/>\n<a title=\"Enlace alternativo\" href=\"http:\/\/www.addh.org.es\/10.-In%20Memoriam%202012.pdf \" target=\"_blank\"><strong>Enlace alternativo.<\/strong><\/a><br \/>\n[\/vc_column_text][\/vc_column][\/vc_row]<\/p>\n<\/div>","protected":false},"excerpt":{"rendered":"<p>[vc_row][vc_column width=&#8221;1\/1&#8243;][vc_column_text][vc_empty_space height=&#8221;20&#8243;] Referencia bibliogr\u00e1fica P\u00c9REZ, Kepa (2012): In memoriam 2012: reconocimientos sociales e institucionales a las v\u00edctimas del terrorismo. Bilbao: Asociaci\u00f3n para la Defensa de la Dignidad Humana. Consultar&hellip;<\/p>\n","protected":false},"author":1,"featured_media":0,"parent":0,"menu_order":0,"comment_status":"open","ping_status":"open","template":"","meta":{"om_disable_all_campaigns":false,"_monsterinsights_skip_tracking":false,"_monsterinsights_sitenote_active":false,"_monsterinsights_sitenote_note":"","_monsterinsights_sitenote_category":0,"_uf_show_specific_survey":0,"_uf_disable_surveys":false,"_vp_format_video_url":"","_vp_image_focal_point":[],"_vp_custom_popup_image":0,"_vp_format_audio_url":"","_vp_custom_thumbnail":0,"_vp_custom_thumbnail_focal_point":[],"_vp_hover_thumbnail":0,"_vp_hover_thumbnail_focal_point":[],"footnotes":""},"class_list":["post-4724","page","type-page","status-publish","hentry"],"aioseo_notices":[],"_links":{"self":[{"href":"https:\/\/www.arovite.com\/eu\/wp-json\/wp\/v2\/pages\/4724","targetHints":{"allow":["GET"]}}],"collection":[{"href":"https:\/\/www.arovite.com\/eu\/wp-json\/wp\/v2\/pages"}],"about":[{"href":"https:\/\/www.arovite.com\/eu\/wp-json\/wp\/v2\/types\/page"}],"author":[{"embeddable":true,"href":"https:\/\/www.arovite.com\/eu\/wp-json\/wp\/v2\/users\/1"}],"replies":[{"embeddable":true,"href":"https:\/\/www.arovite.com\/eu\/wp-json\/wp\/v2\/comments?post=4724"}],"version-history":[{"count":1,"href":"https:\/\/www.arovite.com\/eu\/wp-json\/wp\/v2\/pages\/4724\/revisions"}],"predecessor-version":[{"id":5471,"href":"https:\/\/www.arovite.com\/eu\/wp-json\/wp\/v2\/pages\/4724\/revisions\/5471"}],"wp:attachment":[{"href":"https:\/\/www.arovite.com\/eu\/wp-json\/wp\/v2\/media?parent=4724"}],"curies":[{"name":"wp","href":"https:\/\/api.w.org\/{rel}","templated":true}]}}