{"id":4307,"date":"2015-11-30T10:44:54","date_gmt":"2015-11-30T10:44:54","guid":{"rendered":"http:\/\/www.arovite.com\/arregi-joseba-2003-2\/"},"modified":"2015-11-30T10:44:54","modified_gmt":"2015-11-30T10:44:54","slug":"arregi-joseba-2003","status":"publish","type":"page","link":"https:\/\/www.arovite.com\/eu\/arregi-joseba-2003\/","title":{"rendered":"ARREGI, Joseba (2003)"},"content":{"rendered":"<div class=\"wpb-content-wrapper\"><p>[vc_row][vc_column width=&#8221;1\/1&#8243;][vc_column_text][vc_empty_space height=&#8221;20&#8243;]<br \/>\n<strong>Referencia bibliogr\u00e1fica<\/strong><br \/>\nARREGI, Joseba (2003): \u00abETA-Terrorismus und europaischer Terrorismus\u00bb, <em>KAS-AI<\/em>, n\u00ba 8, pp. 89-125.<\/p>\n<p><a class=\"button blue  medium \" href=\"http:\/\/www.kas.de\/wf\/doc\/kas_2835-544-1-30.pdf\" target=\"_blank\">Consultar PDF<\/a>[vc_empty_space height=&#8221;10&#8243;]<br \/>\n<strong>Zusammenfassung<\/strong><br \/>\nUnter dem Namen Euskadi ta Askatasuna (ETA) hatte sich bereits Ende der f\u00fcnfziger Jahre im spanischen Teil des Baskenlandes eine terroristische Vereinigung gebildet, deren Ziel die gewaltsame Losl\u00f6sung \u201eEuskadis\u201c von der Madrider Zentralregierung war. Mit der Aufl\u00f6sung des Franco-Regimes und der zunehmenden Distanz zwischen der ETA sowie der Baskischen Nationalen Befreiungsbewegung MLNV und dem traditionellen baskischen Nationalismus, der sich gew\u00f6hnlich auf dem Boden des Rechts bewegt hatte, zeigte die ETA ihren wahren Charakter. Fest in einem vor allem durch franz\u00f6sische Theoretiker wie Merleau-Ponty vermittelten Marxismus verwurzelt, geht es ihr nicht nur um die gewaltsame Machtergreifung, vielmehr strebt sie die endg\u00fcltige \u00dcberwindung des Staates und die Zerst\u00f6rung seiner Institutionen an. Der Terror wird als das geeignete Mittel betrachtet, seine Opfer als der M\u00fcll, der in den \u201eAbfalleimer der Geschichte\u201c geh\u00f6rt.<br \/>\n[vc_empty_space height=&#8221;10&#8243;]<br \/>\n<strong>Autor<\/strong><br \/>\nJoseba Arregi. <a title=\"Dialnet\" href=\"http:\/\/dialnet.unirioja.es\/servlet\/autor?codigo=320318\" target=\"_blank\">P\u00e1gina del autor en Dialnet.<\/a><br \/>\n[vc_empty_space height=&#8221;10&#8243;]<br \/>\n<strong>Tipo de documento<\/strong><br \/>\nArt\u00edculo<br \/>\n[vc_empty_space height=&#8221;10&#8243;]<br \/>\n[\/vc_column_text][\/vc_column][\/vc_row]<\/p>\n<\/div>","protected":false},"excerpt":{"rendered":"<p>[vc_row][vc_column width=&#8221;1\/1&#8243;][vc_column_text][vc_empty_space height=&#8221;20&#8243;] Referencia bibliogr\u00e1fica ARREGI, Joseba (2003): \u00abETA-Terrorismus und europaischer Terrorismus\u00bb, KAS-AI, n\u00ba 8, pp. 89-125. Consultar PDF[vc_empty_space height=&#8221;10&#8243;] Zusammenfassung Unter dem Namen Euskadi ta Askatasuna (ETA) hatte sich&hellip;<\/p>\n","protected":false},"author":2,"featured_media":0,"parent":0,"menu_order":0,"comment_status":"open","ping_status":"open","template":"","meta":{"om_disable_all_campaigns":false,"_monsterinsights_skip_tracking":false,"_monsterinsights_sitenote_active":false,"_monsterinsights_sitenote_note":"","_monsterinsights_sitenote_category":0,"_uf_show_specific_survey":0,"_uf_disable_surveys":false,"_vp_format_video_url":"","_vp_image_focal_point":[],"_vp_custom_popup_image":0,"_vp_format_audio_url":"","_vp_custom_thumbnail":0,"_vp_custom_thumbnail_focal_point":[],"_vp_hover_thumbnail":0,"_vp_hover_thumbnail_focal_point":[],"footnotes":""},"class_list":["post-4307","page","type-page","status-publish","hentry"],"aioseo_notices":[],"_links":{"self":[{"href":"https:\/\/www.arovite.com\/eu\/wp-json\/wp\/v2\/pages\/4307","targetHints":{"allow":["GET"]}}],"collection":[{"href":"https:\/\/www.arovite.com\/eu\/wp-json\/wp\/v2\/pages"}],"about":[{"href":"https:\/\/www.arovite.com\/eu\/wp-json\/wp\/v2\/types\/page"}],"author":[{"embeddable":true,"href":"https:\/\/www.arovite.com\/eu\/wp-json\/wp\/v2\/users\/2"}],"replies":[{"embeddable":true,"href":"https:\/\/www.arovite.com\/eu\/wp-json\/wp\/v2\/comments?post=4307"}],"version-history":[{"count":0,"href":"https:\/\/www.arovite.com\/eu\/wp-json\/wp\/v2\/pages\/4307\/revisions"}],"wp:attachment":[{"href":"https:\/\/www.arovite.com\/eu\/wp-json\/wp\/v2\/media?parent=4307"}],"curies":[{"name":"wp","href":"https:\/\/api.w.org\/{rel}","templated":true}]}}