{"id":4237,"date":"2015-11-30T10:23:22","date_gmt":"2015-11-30T10:23:22","guid":{"rendered":"http:\/\/www.arovite.com\/veres-luis-2002-2\/"},"modified":"2015-11-30T10:23:22","modified_gmt":"2015-11-30T10:23:22","slug":"veres-luis-2002","status":"publish","type":"page","link":"https:\/\/www.arovite.com\/eu\/veres-luis-2002\/","title":{"rendered":"VERES, Luis (2002)"},"content":{"rendered":"<div class=\"wpb-content-wrapper\"><p>[vc_row][vc_column width=&#8221;1\/1&#8243;][vc_column_text][vc_empty_space height=&#8221;20&#8243;]<br \/>\n<strong>Referencia bibliogr\u00e1fica<\/strong><br \/>\nVERES, Luis (2002): \u00abEl signo perverso: sobre lenguaje, terrorismo y pr\u00e1ctica period\u00edstica\u00bb, <em>Revista Latina de Comunicaci\u00f3n Social<\/em>, vol. 5, n\u00ba 52, pp. 1-5.<\/p>\n<p><a class=\"button blue  medium \" href=\"http:\/\/www.ull.es\/publicaciones\/latina\/2002veresoctubre5207.htm\" target=\"_blank\">Consultar PDF<\/a>[vc_empty_space height=&#8221;10&#8243;]<br \/>\n<strong>Resumen<\/strong><br \/>\nUno de los grandes problemas de las sociedades desarrolladas, originado en el S. XX, es el fen\u00f3meno terrorista. Con el desarrollo de los diversos grupos terroristas que asolan el espectro mundial se ha intentado poner en cuesti\u00f3n un determinado modelo de sociedad sin contraponer una alternativa s\u00f3lida. Alcanzado un determinado grado de libertades en las sociedades democr\u00e1ticas, el terrorismo carece de cualquier justificaci\u00f3n, y por ese motivo los medios de comunicaci\u00f3n tienen que poner todos los recursos de los que disponen al servicio de esa lucha contra los terroristas que los estados democr\u00e1ticos realizan desde postulados igualmente democr\u00e1ticos. Esta situaci\u00f3n plantea diversos interrogantes \u00e9ticos acerca del papel del informador y acerca de su instrumento de trabajo: el lenguaje. Por ello, t\u00e9rminos como tregua, violencia, uso de la fuerza, lucha armada, operaci\u00f3n o ajusticiar implican significaciones contrarias en muchos casos a los valores e informaciones que se pretenden transmitir. El presente trabajo pretende hacer una descripci\u00f3n ling\u00fc\u00edstica de dichos t\u00e9rminos atendiendo a sus implicaciones \u00e9ticas.<br \/>\n[vc_empty_space height=&#8221;10&#8243;]<br \/>\n<strong>Autor<\/strong><br \/>\nLuis Veres. <a title=\"Dialnet\" href=\"http:\/\/dialnet.unirioja.es\/servlet\/autor?codigo=225463\" target=\"_blank\">P\u00e1gina del autor en Dialnet.<\/a><br \/>\n[vc_empty_space height=&#8221;10&#8243;]<br \/>\n<strong>Tipo de documento<\/strong><br \/>\nArt\u00edculo<br \/>\n[vc_empty_space height=&#8221;10&#8243;]<br \/>\n<a title=\"Enlace alternativo\" href=\"http:\/\/dialnet.unirioja.es\/servlet\/articulo?codigo=962122\" target=\"_blank\"><strong>Enlace alternativo.<\/strong><\/a><br \/>\n[\/vc_column_text][\/vc_column][\/vc_row]<\/p>\n<\/div>","protected":false},"excerpt":{"rendered":"<p>[vc_row][vc_column width=&#8221;1\/1&#8243;][vc_column_text][vc_empty_space height=&#8221;20&#8243;] Referencia bibliogr\u00e1fica VERES, Luis (2002): \u00abEl signo perverso: sobre lenguaje, terrorismo y pr\u00e1ctica period\u00edstica\u00bb, Revista Latina de Comunicaci\u00f3n Social, vol. 5, n\u00ba 52, pp. 1-5. Consultar PDF[vc_empty_space&hellip;<\/p>\n","protected":false},"author":1,"featured_media":0,"parent":0,"menu_order":0,"comment_status":"open","ping_status":"open","template":"","meta":{"om_disable_all_campaigns":false,"_monsterinsights_skip_tracking":false,"_monsterinsights_sitenote_active":false,"_monsterinsights_sitenote_note":"","_monsterinsights_sitenote_category":0,"_uf_show_specific_survey":0,"_uf_disable_surveys":false,"_vp_format_video_url":"","_vp_image_focal_point":[],"_vp_custom_popup_image":0,"_vp_format_audio_url":"","_vp_custom_thumbnail":0,"_vp_custom_thumbnail_focal_point":[],"_vp_hover_thumbnail":0,"_vp_hover_thumbnail_focal_point":[],"footnotes":""},"class_list":["post-4237","page","type-page","status-publish","hentry"],"aioseo_notices":[],"_links":{"self":[{"href":"https:\/\/www.arovite.com\/eu\/wp-json\/wp\/v2\/pages\/4237","targetHints":{"allow":["GET"]}}],"collection":[{"href":"https:\/\/www.arovite.com\/eu\/wp-json\/wp\/v2\/pages"}],"about":[{"href":"https:\/\/www.arovite.com\/eu\/wp-json\/wp\/v2\/types\/page"}],"author":[{"embeddable":true,"href":"https:\/\/www.arovite.com\/eu\/wp-json\/wp\/v2\/users\/1"}],"replies":[{"embeddable":true,"href":"https:\/\/www.arovite.com\/eu\/wp-json\/wp\/v2\/comments?post=4237"}],"version-history":[{"count":0,"href":"https:\/\/www.arovite.com\/eu\/wp-json\/wp\/v2\/pages\/4237\/revisions"}],"wp:attachment":[{"href":"https:\/\/www.arovite.com\/eu\/wp-json\/wp\/v2\/media?parent=4237"}],"curies":[{"name":"wp","href":"https:\/\/api.w.org\/{rel}","templated":true}]}}