{"id":24808,"date":"2026-01-18T10:02:06","date_gmt":"2026-01-18T10:02:06","guid":{"rendered":"https:\/\/www.arovite.com\/arana-ricardo-y-garcia-monica-coords-2012\/"},"modified":"2026-01-18T10:03:30","modified_gmt":"2026-01-18T10:03:30","slug":"arana-ricardo-y-garcia-monica-coords-2012","status":"publish","type":"page","link":"https:\/\/www.arovite.com\/eu\/arana-ricardo-y-garcia-monica-coords-2012\/","title":{"rendered":"ARANA, Ricardo y GARC\u00cdA, M\u00f3nica (coords.) (2012)"},"content":{"rendered":"<div class=\"wpb-content-wrapper\"><p>[vc_row][vc_column width=&#8221;1\/1&#8243;][vc_column_text][vc_empty_space height=&#8221;20&#8243;]<br \/>\n<strong>Referencia bibliogr\u00e1fica<\/strong><br \/>\nARANA, Ricardo y GARC\u00cdA, M\u00f3nica (coords.) (2012): <em>Las v\u00edctimas en la Educaci\u00f3n Vasca. Un testimonio de valor<\/em>. Gobierno Vasco. <\/p>\n<p><a class=\"button blue  medium \" href=\"https:\/\/dialnet.unirioja.es\/descarga\/articulo\/8571861.pdf\" target=\"_blank\" rel=\"noopener\">Consultar PDF<\/a>[vc_empty_space height=&#8221;10&#8243;]<br \/>\n<strong>Resumen<\/strong><br \/>\nEste libro y las iniciativas que en el se describen son fruto del di\u00e1logo entre el Gobierno y Parlamento Vasco, pero es gracias a los docentes de nuestras aulas como ha podido llevarse a cabo. Son ellos quienes han incorporado al curr\u00edculo escolar vasco la mirada insoslayable de las v\u00edctimas. Hasta hace bien poco, las v\u00edctimas del terrorismo no hab\u00edan podido dar cuenta p\u00fablica de su condici\u00f3n de v\u00edctima, no hab\u00edan podido manifestar las consecuencias tr\u00e1gicas de su situaci\u00f3n y los j\u00f3venes han crecido y se han educado dentro de ese silencio desgarrador, apartados del sufrimiento que les rodeaba, sin recibir ninguna explicaci\u00f3n. [vc_empty_space height=&#8221;10&#8243;]<br \/>\n<strong>Autor<\/strong><br \/>\nRicardo Arana. <a title=\"Dialnet\" href=\"https:\/\/dialnet.unirioja.es\/servlet\/autor?codigo=6489983\" target=\"_blank\" rel=\"noopener\">P\u00e1gina del autor en Dialnet.<\/a><br \/>\nM\u00f3nica Garc\u00eda. <a title=\"Dialnet\" href=\"https:\/\/dialnet.unirioja.es\/servlet\/autor?codigo=163791\" target=\"_blank\" rel=\"noopener\">P\u00e1gina del autor en Dialnet.<\/a><br \/>\n[vc_empty_space height=&#8221;10&#8243;]<br \/>\n<strong>Tipo de documento<\/strong><br \/>\nUnidad did\u00e1ctica<br \/>\n[vc_empty_space height=&#8221;10&#8243;]<br \/>\n[\/vc_column_text][\/vc_column][\/vc_row]<\/p>\n<\/div>","protected":false},"excerpt":{"rendered":"<p>[vc_row][vc_column width=&#8221;1\/1&#8243;][vc_column_text][vc_empty_space height=&#8221;20&#8243;] Referencia bibliogr\u00e1fica ARANA, Ricardo y GARC\u00cdA, M\u00f3nica (coords.) (2012): Las v\u00edctimas en la Educaci\u00f3n Vasca. Un testimonio de valor. Gobierno Vasco. Consultar PDF[vc_empty_space height=&#8221;10&#8243;] Resumen Este libro&hellip;<\/p>\n","protected":false},"author":1,"featured_media":0,"parent":0,"menu_order":0,"comment_status":"closed","ping_status":"closed","template":"","meta":{"om_disable_all_campaigns":false,"_monsterinsights_skip_tracking":false,"_monsterinsights_sitenote_active":false,"_monsterinsights_sitenote_note":"","_monsterinsights_sitenote_category":0,"_uf_show_specific_survey":0,"_uf_disable_surveys":false,"_vp_format_video_url":"","_vp_image_focal_point":[],"_vp_custom_popup_image":0,"_vp_format_audio_url":"","_vp_custom_thumbnail":0,"_vp_custom_thumbnail_focal_point":[],"_vp_hover_thumbnail":0,"_vp_hover_thumbnail_focal_point":[],"footnotes":""},"class_list":["post-24808","page","type-page","status-publish","hentry"],"aioseo_notices":[],"_links":{"self":[{"href":"https:\/\/www.arovite.com\/eu\/wp-json\/wp\/v2\/pages\/24808","targetHints":{"allow":["GET"]}}],"collection":[{"href":"https:\/\/www.arovite.com\/eu\/wp-json\/wp\/v2\/pages"}],"about":[{"href":"https:\/\/www.arovite.com\/eu\/wp-json\/wp\/v2\/types\/page"}],"author":[{"embeddable":true,"href":"https:\/\/www.arovite.com\/eu\/wp-json\/wp\/v2\/users\/1"}],"replies":[{"embeddable":true,"href":"https:\/\/www.arovite.com\/eu\/wp-json\/wp\/v2\/comments?post=24808"}],"version-history":[{"count":1,"href":"https:\/\/www.arovite.com\/eu\/wp-json\/wp\/v2\/pages\/24808\/revisions"}],"predecessor-version":[{"id":24810,"href":"https:\/\/www.arovite.com\/eu\/wp-json\/wp\/v2\/pages\/24808\/revisions\/24810"}],"wp:attachment":[{"href":"https:\/\/www.arovite.com\/eu\/wp-json\/wp\/v2\/media?parent=24808"}],"curies":[{"name":"wp","href":"https:\/\/api.w.org\/{rel}","templated":true}]}}