{"id":23413,"date":"2025-03-14T12:02:50","date_gmt":"2025-03-14T12:02:50","guid":{"rendered":"https:\/\/www.arovite.com\/?page_id=23413"},"modified":"2025-03-14T12:12:59","modified_gmt":"2025-03-14T12:12:59","slug":"jorge-nagore","status":"publish","type":"page","link":"https:\/\/www.arovite.com\/eu\/argazkiak\/jorge-nagore\/","title":{"rendered":"Jorge Nagore"},"content":{"rendered":"<div class=\"wpb-content-wrapper\"><p>[vc_row][vc_column][vc_column_text]<\/p>\n<p data-start=\"46\" data-end=\"332\">1953an jaio zen Iru\u00f1ean. 1977an Kazetaritzan lizentziatu zen, eta hogeita hamabost urtez (1977-2012) prentsa-argazkigintzan aritu da. Lehenik eta behin, <em data-start=\"199\" data-end=\"205\">Deia<\/em> egunkarian lan egin zuen, bere sorreratik bertatik, eta gero <em data-start=\"267\" data-end=\"286\">Diario de Navarra<\/em>-n, non Argazki Sailaren burua ere izan zen. Hainbat sari irabazi ditu, besteak beste, 1984ko <em data-start=\"383\" data-end=\"394\">Fotopress<\/em> saria, San Ferminetako entzierroko irudi batekin, Mercaderes kaleko bihurgunean ateratakoa.<\/p>\n<p>[\/vc_column_text][vc_empty_space height=&#8221;20px&#8221;]\n<div class=\"vp-portfolio vp-uid-1a1926f3 vp-id-23417   vp-portfolio__rcp\"\n\tdata-vp-layout=\"tiles\" data-vp-content-source=\"images\" data-vp-items-style=\"fade\" data-vp-items-click-action=\"popup_gallery\" data-vp-items-gap=\"30\" data-vp-items-gap-vertical=\"\" data-vp-pagination=\"load-more\" data-vp-next-page-url=\"\" data-vp-tiles-type=\"3|1,1|\" >\n\t<div class=\"vp-portfolio__preloader-wrap\">\n\t\t<div class=\"vp-portfolio__preloader\">\n\t\t\t<img decoding=\"async\" loading=\"eager\" src=\"https:\/\/www.arovite.com\/wp-content\/plugins\/visual-portfolio-pro\/core-plugin\/assets\/images\/logo-dark.svg\" alt=\"Visual Portfolio, Posts &amp; Image Gallery for WordPress\" width=\"20\" height=\"20\" data-skip-lazy>\n\t\t<\/div>\n\t<\/div>\n\t\t<div class=\"vp-portfolio__items-wrap\">\n\t\t\t\n<div class=\"vp-portfolio__items vp-portfolio__items-style-fade vp-portfolio__items-show-overlay-hover\">\n\n\t\t<div\t\tclass=\"vp-portfolio__item-wrap vp-portfolio__item-uid-ce269b54\" data-vp-filter=\"\" \t\t>\n\t\t\t<template class=\"vp-portfolio__item-popup\" data-vp-popup-pid=\"Jorge-Nagore-001-1024x684-1\" data-vp-popup-pagination-page=\"1\" data-vp-popup-img=\"https:\/\/www.arovite.com\/wp-content\/uploads\/2024\/12\/Jorge-Nagore-001-1024x684-1.jpg\" data-vp-popup-img-srcset=\"https:\/\/www.arovite.com\/wp-content\/uploads\/2024\/12\/Jorge-Nagore-001-1024x684-1.jpg 1024w, https:\/\/www.arovite.com\/wp-content\/uploads\/2024\/12\/Jorge-Nagore-001-1024x684-1-300x200.jpg 300w, https:\/\/www.arovite.com\/wp-content\/uploads\/2024\/12\/Jorge-Nagore-001-1024x684-1-768x513.jpg 768w, https:\/\/www.arovite.com\/wp-content\/uploads\/2024\/12\/Jorge-Nagore-001-1024x684-1-500x334.jpg 500w, https:\/\/www.arovite.com\/wp-content\/uploads\/2024\/12\/Jorge-Nagore-001-1024x684-1-800x534.jpg 800w, https:\/\/www.arovite.com\/wp-content\/uploads\/2024\/12\/Jorge-Nagore-001-1024x684-1-100x68.jpg 100w, https:\/\/www.arovite.com\/wp-content\/uploads\/2024\/12\/Jorge-Nagore-001-1024x684-1-450x300.jpg 450w\" data-vp-popup-img-size=\"1024x684\" data-vp-popup-md-img=\"https:\/\/www.arovite.com\/wp-content\/uploads\/2024\/12\/Jorge-Nagore-001-1024x684-1-800x534.jpg\" data-vp-popup-md-img-size=\"800x534\" data-vp-popup-sm-img=\"https:\/\/www.arovite.com\/wp-content\/uploads\/2024\/12\/Jorge-Nagore-001-1024x684-1-500x334.jpg\" data-vp-popup-sm-img-size=\"500x334\">\n\t\t\t<h3 class=\"vp-portfolio__item-popup-title\">Cortejo f\u00fanebre del comandante de la Polic\u00eda Armada Joaqu\u00edn Imaz, asesinado por ETA, Pamplona, noviembre 1977<\/h3>\n\t\t<\/template>\n\t\t\t\t\t\t<figure class=\"vp-portfolio__item\">\n\t\t\t\t\n<div class=\"vp-portfolio__item-img-wrap\">\n\t<div class=\"vp-portfolio__item-img\">\n\t\t\t<a\n\t\thref=\"https:\/\/www.arovite.com\/wp-content\/uploads\/2024\/12\/Jorge-Nagore-001-1024x684-1.jpg\"\n\t\t\t>\n\t\n\t\t<noscript><img loading=\"lazy\" decoding=\"async\" width=\"1024\" height=\"684\" data-skip-lazy src=\"https:\/\/www.arovite.com\/wp-content\/uploads\/2024\/12\/Jorge-Nagore-001-1024x684-1.jpg\" class=\"wp-image-21670\" alt=\"\" srcset=\"https:\/\/www.arovite.com\/wp-content\/uploads\/2024\/12\/Jorge-Nagore-001-1024x684-1.jpg 1024w, https:\/\/www.arovite.com\/wp-content\/uploads\/2024\/12\/Jorge-Nagore-001-1024x684-1-300x200.jpg 300w, https:\/\/www.arovite.com\/wp-content\/uploads\/2024\/12\/Jorge-Nagore-001-1024x684-1-768x513.jpg 768w, https:\/\/www.arovite.com\/wp-content\/uploads\/2024\/12\/Jorge-Nagore-001-1024x684-1-500x334.jpg 500w, https:\/\/www.arovite.com\/wp-content\/uploads\/2024\/12\/Jorge-Nagore-001-1024x684-1-800x534.jpg 800w, https:\/\/www.arovite.com\/wp-content\/uploads\/2024\/12\/Jorge-Nagore-001-1024x684-1-100x68.jpg 100w, https:\/\/www.arovite.com\/wp-content\/uploads\/2024\/12\/Jorge-Nagore-001-1024x684-1-450x300.jpg 450w\" sizes=\"auto, (max-width: 1024px) 100vw, 1024px\" \/><\/noscript><img fetchpriority=\"high\" decoding=\"async\" width=\"1024\" height=\"684\" src=\"https:\/\/www.arovite.com\/wp-content\/uploads\/2024\/12\/Jorge-Nagore-001-1024x684-1.jpg\" class=\"wp-image-21670 vp-lazyload\" alt srcset=\"data:image\/svg+xml;base64,PHN2ZyB3aWR0aD0iMTAyNCIgaGVpZ2h0PSI2ODQiIHZpZXdCb3g9IjAgMCAxMDI0IDY4NCIgZmlsbD0ibm9uZSIgeG1sbnM9Imh0dHA6Ly93d3cudzMub3JnLzIwMDAvc3ZnIj48L3N2Zz4=\" data-src=\"https:\/\/www.arovite.com\/wp-content\/uploads\/2024\/12\/Jorge-Nagore-001-1024x684-1.jpg\" data-srcset=\"https:\/\/www.arovite.com\/wp-content\/uploads\/2024\/12\/Jorge-Nagore-001-1024x684-1.jpg 1024w, https:\/\/www.arovite.com\/wp-content\/uploads\/2024\/12\/Jorge-Nagore-001-1024x684-1-300x200.jpg 300w, https:\/\/www.arovite.com\/wp-content\/uploads\/2024\/12\/Jorge-Nagore-001-1024x684-1-768x513.jpg 768w, https:\/\/www.arovite.com\/wp-content\/uploads\/2024\/12\/Jorge-Nagore-001-1024x684-1-500x334.jpg 500w, https:\/\/www.arovite.com\/wp-content\/uploads\/2024\/12\/Jorge-Nagore-001-1024x684-1-800x534.jpg 800w, https:\/\/www.arovite.com\/wp-content\/uploads\/2024\/12\/Jorge-Nagore-001-1024x684-1-100x68.jpg 100w, https:\/\/www.arovite.com\/wp-content\/uploads\/2024\/12\/Jorge-Nagore-001-1024x684-1-450x300.jpg 450w\" data-sizes=\"auto\" loading=\"eager\">\n\t\t<\/a>\t<\/div>\n<\/div>\n\t<figcaption class=\"vp-portfolio__item-overlay vp-portfolio__item-overlay-text-align-center\">\n\t\t<div class=\"vp-portfolio__item-meta-wrap vp-portfolio__custom-scrollbar\">\n\t\t\t\t<a\n\t\thref=\"https:\/\/www.arovite.com\/wp-content\/uploads\/2024\/12\/Jorge-Nagore-001-1024x684-1.jpg\"\n\t\ttabindex=\"-1\" class=\"vp-portfolio__item-meta\" \t>\n\t\n<h2 class=\"vp-portfolio__item-meta-title\">\n\tCortejo f\u00fanebre del comandante de la Polic\u00eda Armada Joaqu\u00edn Imaz, asesinado por ETA, Pamplona, noviembre 1977<\/h2>\n<\/a>\t\t<\/div>\n\t<\/figcaption>\n\t\t\t<\/figure>\n\t\t\t\t\t<\/div>\n\t\t\n\t\t<div\t\tclass=\"vp-portfolio__item-wrap vp-portfolio__item-uid-8205ec13\" data-vp-filter=\"\" \t\t>\n\t\t\t<template class=\"vp-portfolio__item-popup\" data-vp-popup-pid=\"Jorge-Nagore-002-1024x684-1\" data-vp-popup-pagination-page=\"1\" data-vp-popup-img=\"https:\/\/www.arovite.com\/wp-content\/uploads\/2024\/12\/Jorge-Nagore-002-1024x684-1.jpg\" data-vp-popup-img-srcset=\"https:\/\/www.arovite.com\/wp-content\/uploads\/2024\/12\/Jorge-Nagore-002-1024x684-1.jpg 1024w, https:\/\/www.arovite.com\/wp-content\/uploads\/2024\/12\/Jorge-Nagore-002-1024x684-1-300x200.jpg 300w, https:\/\/www.arovite.com\/wp-content\/uploads\/2024\/12\/Jorge-Nagore-002-1024x684-1-768x513.jpg 768w, https:\/\/www.arovite.com\/wp-content\/uploads\/2024\/12\/Jorge-Nagore-002-1024x684-1-500x334.jpg 500w, https:\/\/www.arovite.com\/wp-content\/uploads\/2024\/12\/Jorge-Nagore-002-1024x684-1-800x534.jpg 800w, https:\/\/www.arovite.com\/wp-content\/uploads\/2024\/12\/Jorge-Nagore-002-1024x684-1-100x68.jpg 100w, https:\/\/www.arovite.com\/wp-content\/uploads\/2024\/12\/Jorge-Nagore-002-1024x684-1-450x300.jpg 450w\" data-vp-popup-img-size=\"1024x684\" data-vp-popup-md-img=\"https:\/\/www.arovite.com\/wp-content\/uploads\/2024\/12\/Jorge-Nagore-002-1024x684-1-800x534.jpg\" data-vp-popup-md-img-size=\"800x534\" data-vp-popup-sm-img=\"https:\/\/www.arovite.com\/wp-content\/uploads\/2024\/12\/Jorge-Nagore-002-1024x684-1-500x334.jpg\" data-vp-popup-sm-img-size=\"500x334\">\n\t\t\t<h3 class=\"vp-portfolio__item-popup-title\">Batalla campal en la Plaza de Toros de Pamplona entre la Polic\u00eda Armada y manifestantes que hab\u00edan desplegado una pancarta que dec\u00eda \u201cAmnist\u00eda total, presoak kalera, San Ferm\u00edn sin presos\u201d, Pamplona, julio 1978<\/h3>\n\t\t<\/template>\n\t\t\t\t\t\t<figure class=\"vp-portfolio__item\">\n\t\t\t\t\n<div class=\"vp-portfolio__item-img-wrap\">\n\t<div class=\"vp-portfolio__item-img\">\n\t\t\t<a\n\t\thref=\"https:\/\/www.arovite.com\/wp-content\/uploads\/2024\/12\/Jorge-Nagore-002-1024x684-1.jpg\"\n\t\t\t>\n\t\n\t\t<noscript><img loading=\"lazy\" decoding=\"async\" width=\"1024\" height=\"684\" data-skip-lazy src=\"https:\/\/www.arovite.com\/wp-content\/uploads\/2024\/12\/Jorge-Nagore-002-1024x684-1.jpg\" class=\"wp-image-21667\" alt=\"\" srcset=\"https:\/\/www.arovite.com\/wp-content\/uploads\/2024\/12\/Jorge-Nagore-002-1024x684-1.jpg 1024w, https:\/\/www.arovite.com\/wp-content\/uploads\/2024\/12\/Jorge-Nagore-002-1024x684-1-300x200.jpg 300w, https:\/\/www.arovite.com\/wp-content\/uploads\/2024\/12\/Jorge-Nagore-002-1024x684-1-768x513.jpg 768w, https:\/\/www.arovite.com\/wp-content\/uploads\/2024\/12\/Jorge-Nagore-002-1024x684-1-500x334.jpg 500w, https:\/\/www.arovite.com\/wp-content\/uploads\/2024\/12\/Jorge-Nagore-002-1024x684-1-800x534.jpg 800w, https:\/\/www.arovite.com\/wp-content\/uploads\/2024\/12\/Jorge-Nagore-002-1024x684-1-100x68.jpg 100w, https:\/\/www.arovite.com\/wp-content\/uploads\/2024\/12\/Jorge-Nagore-002-1024x684-1-450x300.jpg 450w\" sizes=\"auto, (max-width: 1024px) 100vw, 1024px\" \/><\/noscript><img decoding=\"async\" width=\"1024\" height=\"684\" src=\"https:\/\/www.arovite.com\/wp-content\/uploads\/2024\/12\/Jorge-Nagore-002-1024x684-1.jpg\" class=\"wp-image-21667 vp-lazyload\" alt srcset=\"data:image\/svg+xml;base64,PHN2ZyB3aWR0aD0iMTAyNCIgaGVpZ2h0PSI2ODQiIHZpZXdCb3g9IjAgMCAxMDI0IDY4NCIgZmlsbD0ibm9uZSIgeG1sbnM9Imh0dHA6Ly93d3cudzMub3JnLzIwMDAvc3ZnIj48L3N2Zz4=\" data-src=\"https:\/\/www.arovite.com\/wp-content\/uploads\/2024\/12\/Jorge-Nagore-002-1024x684-1.jpg\" data-srcset=\"https:\/\/www.arovite.com\/wp-content\/uploads\/2024\/12\/Jorge-Nagore-002-1024x684-1.jpg 1024w, https:\/\/www.arovite.com\/wp-content\/uploads\/2024\/12\/Jorge-Nagore-002-1024x684-1-300x200.jpg 300w, https:\/\/www.arovite.com\/wp-content\/uploads\/2024\/12\/Jorge-Nagore-002-1024x684-1-768x513.jpg 768w, https:\/\/www.arovite.com\/wp-content\/uploads\/2024\/12\/Jorge-Nagore-002-1024x684-1-500x334.jpg 500w, https:\/\/www.arovite.com\/wp-content\/uploads\/2024\/12\/Jorge-Nagore-002-1024x684-1-800x534.jpg 800w, https:\/\/www.arovite.com\/wp-content\/uploads\/2024\/12\/Jorge-Nagore-002-1024x684-1-100x68.jpg 100w, https:\/\/www.arovite.com\/wp-content\/uploads\/2024\/12\/Jorge-Nagore-002-1024x684-1-450x300.jpg 450w\" data-sizes=\"auto\" loading=\"eager\">\n\t\t<\/a>\t<\/div>\n<\/div>\n\t<figcaption class=\"vp-portfolio__item-overlay vp-portfolio__item-overlay-text-align-center\">\n\t\t<div class=\"vp-portfolio__item-meta-wrap vp-portfolio__custom-scrollbar\">\n\t\t\t\t<a\n\t\thref=\"https:\/\/www.arovite.com\/wp-content\/uploads\/2024\/12\/Jorge-Nagore-002-1024x684-1.jpg\"\n\t\ttabindex=\"-1\" class=\"vp-portfolio__item-meta\" \t>\n\t\n<h2 class=\"vp-portfolio__item-meta-title\">\n\tBatalla campal en la Plaza de Toros de Pamplona entre la Polic\u00eda Armada y manifestantes que hab\u00edan desplegado una pancarta que dec\u00eda \u201cAmnist\u00eda total, presoak kalera, San Ferm\u00edn sin presos\u201d, Pamplona, julio 1978<\/h2>\n<\/a>\t\t<\/div>\n\t<\/figcaption>\n\t\t\t<\/figure>\n\t\t\t\t\t<\/div>\n\t\t\n\t\t<div\t\tclass=\"vp-portfolio__item-wrap vp-portfolio__item-uid-ea5a0f7c\" data-vp-filter=\"\" \t\t>\n\t\t\t<template class=\"vp-portfolio__item-popup\" data-vp-popup-pid=\"Jorge-Nagore-003-1024x684-1\" data-vp-popup-pagination-page=\"1\" data-vp-popup-img=\"https:\/\/www.arovite.com\/wp-content\/uploads\/2024\/12\/Jorge-Nagore-003-1024x684-1.jpg\" data-vp-popup-img-srcset=\"https:\/\/www.arovite.com\/wp-content\/uploads\/2024\/12\/Jorge-Nagore-003-1024x684-1.jpg 1024w, https:\/\/www.arovite.com\/wp-content\/uploads\/2024\/12\/Jorge-Nagore-003-1024x684-1-300x200.jpg 300w, https:\/\/www.arovite.com\/wp-content\/uploads\/2024\/12\/Jorge-Nagore-003-1024x684-1-768x513.jpg 768w, https:\/\/www.arovite.com\/wp-content\/uploads\/2024\/12\/Jorge-Nagore-003-1024x684-1-500x334.jpg 500w, https:\/\/www.arovite.com\/wp-content\/uploads\/2024\/12\/Jorge-Nagore-003-1024x684-1-800x534.jpg 800w, https:\/\/www.arovite.com\/wp-content\/uploads\/2024\/12\/Jorge-Nagore-003-1024x684-1-100x68.jpg 100w, https:\/\/www.arovite.com\/wp-content\/uploads\/2024\/12\/Jorge-Nagore-003-1024x684-1-450x300.jpg 450w\" data-vp-popup-img-size=\"1024x684\" data-vp-popup-md-img=\"https:\/\/www.arovite.com\/wp-content\/uploads\/2024\/12\/Jorge-Nagore-003-1024x684-1-800x534.jpg\" data-vp-popup-md-img-size=\"800x534\" data-vp-popup-sm-img=\"https:\/\/www.arovite.com\/wp-content\/uploads\/2024\/12\/Jorge-Nagore-003-1024x684-1-500x334.jpg\" data-vp-popup-sm-img-size=\"500x334\">\n\t\t\t<h3 class=\"vp-portfolio__item-popup-title\">Unos 50 agentes entraron al ruedo cargados de material antidisturbios y tuvieron que ser atendidos medio centenar de heridos, Pamplona, julio 1978<\/h3>\n\t\t<\/template>\n\t\t\t\t\t\t<figure class=\"vp-portfolio__item\">\n\t\t\t\t\n<div class=\"vp-portfolio__item-img-wrap\">\n\t<div class=\"vp-portfolio__item-img\">\n\t\t\t<a\n\t\thref=\"https:\/\/www.arovite.com\/wp-content\/uploads\/2024\/12\/Jorge-Nagore-003-1024x684-1.jpg\"\n\t\t\t>\n\t\n\t\t<noscript><img loading=\"lazy\" decoding=\"async\" width=\"1024\" height=\"684\" data-skip-lazy src=\"https:\/\/www.arovite.com\/wp-content\/uploads\/2024\/12\/Jorge-Nagore-003-1024x684-1.jpg\" class=\"wp-image-21664\" alt=\"\" srcset=\"https:\/\/www.arovite.com\/wp-content\/uploads\/2024\/12\/Jorge-Nagore-003-1024x684-1.jpg 1024w, https:\/\/www.arovite.com\/wp-content\/uploads\/2024\/12\/Jorge-Nagore-003-1024x684-1-300x200.jpg 300w, https:\/\/www.arovite.com\/wp-content\/uploads\/2024\/12\/Jorge-Nagore-003-1024x684-1-768x513.jpg 768w, https:\/\/www.arovite.com\/wp-content\/uploads\/2024\/12\/Jorge-Nagore-003-1024x684-1-500x334.jpg 500w, https:\/\/www.arovite.com\/wp-content\/uploads\/2024\/12\/Jorge-Nagore-003-1024x684-1-800x534.jpg 800w, https:\/\/www.arovite.com\/wp-content\/uploads\/2024\/12\/Jorge-Nagore-003-1024x684-1-100x68.jpg 100w, https:\/\/www.arovite.com\/wp-content\/uploads\/2024\/12\/Jorge-Nagore-003-1024x684-1-450x300.jpg 450w\" sizes=\"auto, (max-width: 1024px) 100vw, 1024px\" \/><\/noscript><img decoding=\"async\" width=\"1024\" height=\"684\" src=\"https:\/\/www.arovite.com\/wp-content\/uploads\/2024\/12\/Jorge-Nagore-003-1024x684-1.jpg\" class=\"wp-image-21664 vp-lazyload\" alt srcset=\"data:image\/svg+xml;base64,PHN2ZyB3aWR0aD0iMTAyNCIgaGVpZ2h0PSI2ODQiIHZpZXdCb3g9IjAgMCAxMDI0IDY4NCIgZmlsbD0ibm9uZSIgeG1sbnM9Imh0dHA6Ly93d3cudzMub3JnLzIwMDAvc3ZnIj48L3N2Zz4=\" data-src=\"https:\/\/www.arovite.com\/wp-content\/uploads\/2024\/12\/Jorge-Nagore-003-1024x684-1.jpg\" data-srcset=\"https:\/\/www.arovite.com\/wp-content\/uploads\/2024\/12\/Jorge-Nagore-003-1024x684-1.jpg 1024w, https:\/\/www.arovite.com\/wp-content\/uploads\/2024\/12\/Jorge-Nagore-003-1024x684-1-300x200.jpg 300w, https:\/\/www.arovite.com\/wp-content\/uploads\/2024\/12\/Jorge-Nagore-003-1024x684-1-768x513.jpg 768w, https:\/\/www.arovite.com\/wp-content\/uploads\/2024\/12\/Jorge-Nagore-003-1024x684-1-500x334.jpg 500w, https:\/\/www.arovite.com\/wp-content\/uploads\/2024\/12\/Jorge-Nagore-003-1024x684-1-800x534.jpg 800w, https:\/\/www.arovite.com\/wp-content\/uploads\/2024\/12\/Jorge-Nagore-003-1024x684-1-100x68.jpg 100w, https:\/\/www.arovite.com\/wp-content\/uploads\/2024\/12\/Jorge-Nagore-003-1024x684-1-450x300.jpg 450w\" data-sizes=\"auto\" loading=\"eager\">\n\t\t<\/a>\t<\/div>\n<\/div>\n\t<figcaption class=\"vp-portfolio__item-overlay vp-portfolio__item-overlay-text-align-center\">\n\t\t<div class=\"vp-portfolio__item-meta-wrap vp-portfolio__custom-scrollbar\">\n\t\t\t\t<a\n\t\thref=\"https:\/\/www.arovite.com\/wp-content\/uploads\/2024\/12\/Jorge-Nagore-003-1024x684-1.jpg\"\n\t\ttabindex=\"-1\" class=\"vp-portfolio__item-meta\" \t>\n\t\n<h2 class=\"vp-portfolio__item-meta-title\">\n\tUnos 50 agentes entraron al ruedo cargados de material antidisturbios y tuvieron que ser atendidos medio centenar de heridos, Pamplona, julio 1978<\/h2>\n<\/a>\t\t<\/div>\n\t<\/figcaption>\n\t\t\t<\/figure>\n\t\t\t\t\t<\/div>\n\t\t\n\t\t<div\t\tclass=\"vp-portfolio__item-wrap vp-portfolio__item-uid-516c2856\" data-vp-filter=\"\" \t\t>\n\t\t\t<template class=\"vp-portfolio__item-popup\" data-vp-popup-pid=\"Jorge-Nagore-004-1024x684-2\" data-vp-popup-pagination-page=\"1\" data-vp-popup-img=\"https:\/\/www.arovite.com\/wp-content\/uploads\/2024\/12\/Jorge-Nagore-004-1024x684-2.jpg\" data-vp-popup-img-srcset=\"https:\/\/www.arovite.com\/wp-content\/uploads\/2024\/12\/Jorge-Nagore-004-1024x684-2.jpg 1024w, https:\/\/www.arovite.com\/wp-content\/uploads\/2024\/12\/Jorge-Nagore-004-1024x684-2-300x200.jpg 300w, https:\/\/www.arovite.com\/wp-content\/uploads\/2024\/12\/Jorge-Nagore-004-1024x684-2-768x513.jpg 768w, https:\/\/www.arovite.com\/wp-content\/uploads\/2024\/12\/Jorge-Nagore-004-1024x684-2-500x334.jpg 500w, https:\/\/www.arovite.com\/wp-content\/uploads\/2024\/12\/Jorge-Nagore-004-1024x684-2-800x534.jpg 800w, https:\/\/www.arovite.com\/wp-content\/uploads\/2024\/12\/Jorge-Nagore-004-1024x684-2-100x68.jpg 100w, https:\/\/www.arovite.com\/wp-content\/uploads\/2024\/12\/Jorge-Nagore-004-1024x684-2-450x300.jpg 450w\" data-vp-popup-img-size=\"1024x684\" data-vp-popup-md-img=\"https:\/\/www.arovite.com\/wp-content\/uploads\/2024\/12\/Jorge-Nagore-004-1024x684-2-800x534.jpg\" data-vp-popup-md-img-size=\"800x534\" data-vp-popup-sm-img=\"https:\/\/www.arovite.com\/wp-content\/uploads\/2024\/12\/Jorge-Nagore-004-1024x684-2-500x334.jpg\" data-vp-popup-sm-img-size=\"500x334\">\n\t\t\t<h3 class=\"vp-portfolio__item-popup-title\">Multitudinario funeral por Germ\u00e1n Rodr\u00edguez, con pu\u00f1os en alto los asistentes entonaron La Internacional y el Eusko Gudariak, Pamplona, 1978<\/h3>\n\t\t<\/template>\n\t\t\t\t\t\t<figure class=\"vp-portfolio__item\">\n\t\t\t\t\n<div class=\"vp-portfolio__item-img-wrap\">\n\t<div class=\"vp-portfolio__item-img\">\n\t\t\t<a\n\t\thref=\"https:\/\/www.arovite.com\/wp-content\/uploads\/2024\/12\/Jorge-Nagore-004-1024x684-2.jpg\"\n\t\t\t>\n\t\n\t\t<noscript><img loading=\"lazy\" decoding=\"async\" width=\"1024\" height=\"684\" data-skip-lazy src=\"https:\/\/www.arovite.com\/wp-content\/uploads\/2024\/12\/Jorge-Nagore-004-1024x684-2.jpg\" class=\"wp-image-21661\" alt=\"\" srcset=\"https:\/\/www.arovite.com\/wp-content\/uploads\/2024\/12\/Jorge-Nagore-004-1024x684-2.jpg 1024w, https:\/\/www.arovite.com\/wp-content\/uploads\/2024\/12\/Jorge-Nagore-004-1024x684-2-300x200.jpg 300w, https:\/\/www.arovite.com\/wp-content\/uploads\/2024\/12\/Jorge-Nagore-004-1024x684-2-768x513.jpg 768w, https:\/\/www.arovite.com\/wp-content\/uploads\/2024\/12\/Jorge-Nagore-004-1024x684-2-500x334.jpg 500w, https:\/\/www.arovite.com\/wp-content\/uploads\/2024\/12\/Jorge-Nagore-004-1024x684-2-800x534.jpg 800w, https:\/\/www.arovite.com\/wp-content\/uploads\/2024\/12\/Jorge-Nagore-004-1024x684-2-100x68.jpg 100w, https:\/\/www.arovite.com\/wp-content\/uploads\/2024\/12\/Jorge-Nagore-004-1024x684-2-450x300.jpg 450w\" sizes=\"auto, (max-width: 1024px) 100vw, 1024px\" \/><\/noscript><img decoding=\"async\" width=\"1024\" height=\"684\" src=\"https:\/\/www.arovite.com\/wp-content\/uploads\/2024\/12\/Jorge-Nagore-004-1024x684-2.jpg\" class=\"wp-image-21661 vp-lazyload\" alt srcset=\"data:image\/svg+xml;base64,PHN2ZyB3aWR0aD0iMTAyNCIgaGVpZ2h0PSI2ODQiIHZpZXdCb3g9IjAgMCAxMDI0IDY4NCIgZmlsbD0ibm9uZSIgeG1sbnM9Imh0dHA6Ly93d3cudzMub3JnLzIwMDAvc3ZnIj48L3N2Zz4=\" data-src=\"https:\/\/www.arovite.com\/wp-content\/uploads\/2024\/12\/Jorge-Nagore-004-1024x684-2.jpg\" data-srcset=\"https:\/\/www.arovite.com\/wp-content\/uploads\/2024\/12\/Jorge-Nagore-004-1024x684-2.jpg 1024w, https:\/\/www.arovite.com\/wp-content\/uploads\/2024\/12\/Jorge-Nagore-004-1024x684-2-300x200.jpg 300w, https:\/\/www.arovite.com\/wp-content\/uploads\/2024\/12\/Jorge-Nagore-004-1024x684-2-768x513.jpg 768w, https:\/\/www.arovite.com\/wp-content\/uploads\/2024\/12\/Jorge-Nagore-004-1024x684-2-500x334.jpg 500w, https:\/\/www.arovite.com\/wp-content\/uploads\/2024\/12\/Jorge-Nagore-004-1024x684-2-800x534.jpg 800w, https:\/\/www.arovite.com\/wp-content\/uploads\/2024\/12\/Jorge-Nagore-004-1024x684-2-100x68.jpg 100w, https:\/\/www.arovite.com\/wp-content\/uploads\/2024\/12\/Jorge-Nagore-004-1024x684-2-450x300.jpg 450w\" data-sizes=\"auto\" loading=\"eager\">\n\t\t<\/a>\t<\/div>\n<\/div>\n\t<figcaption class=\"vp-portfolio__item-overlay vp-portfolio__item-overlay-text-align-center\">\n\t\t<div class=\"vp-portfolio__item-meta-wrap vp-portfolio__custom-scrollbar\">\n\t\t\t\t<a\n\t\thref=\"https:\/\/www.arovite.com\/wp-content\/uploads\/2024\/12\/Jorge-Nagore-004-1024x684-2.jpg\"\n\t\ttabindex=\"-1\" class=\"vp-portfolio__item-meta\" \t>\n\t\n<h2 class=\"vp-portfolio__item-meta-title\">\n\tMultitudinario funeral por Germ\u00e1n Rodr\u00edguez, con pu\u00f1os en alto los asistentes entonaron La Internacional y el Eusko Gudariak, Pamplona, 1978<\/h2>\n<\/a>\t\t<\/div>\n\t<\/figcaption>\n\t\t\t<\/figure>\n\t\t\t\t\t<\/div>\n\t\t\n\t\t<div\t\tclass=\"vp-portfolio__item-wrap vp-portfolio__item-uid-8509b19f\" data-vp-filter=\"\" \t\t>\n\t\t\t<template class=\"vp-portfolio__item-popup\" data-vp-popup-pid=\"Jorge-Nagore-005-1024x684-1\" data-vp-popup-pagination-page=\"1\" data-vp-popup-img=\"https:\/\/www.arovite.com\/wp-content\/uploads\/2024\/12\/Jorge-Nagore-005-1024x684-1.jpg\" data-vp-popup-img-srcset=\"https:\/\/www.arovite.com\/wp-content\/uploads\/2024\/12\/Jorge-Nagore-005-1024x684-1.jpg 1024w, https:\/\/www.arovite.com\/wp-content\/uploads\/2024\/12\/Jorge-Nagore-005-1024x684-1-300x200.jpg 300w, https:\/\/www.arovite.com\/wp-content\/uploads\/2024\/12\/Jorge-Nagore-005-1024x684-1-768x513.jpg 768w, https:\/\/www.arovite.com\/wp-content\/uploads\/2024\/12\/Jorge-Nagore-005-1024x684-1-500x334.jpg 500w, https:\/\/www.arovite.com\/wp-content\/uploads\/2024\/12\/Jorge-Nagore-005-1024x684-1-800x534.jpg 800w, https:\/\/www.arovite.com\/wp-content\/uploads\/2024\/12\/Jorge-Nagore-005-1024x684-1-100x68.jpg 100w, https:\/\/www.arovite.com\/wp-content\/uploads\/2024\/12\/Jorge-Nagore-005-1024x684-1-450x300.jpg 450w\" data-vp-popup-img-size=\"1024x684\" data-vp-popup-md-img=\"https:\/\/www.arovite.com\/wp-content\/uploads\/2024\/12\/Jorge-Nagore-005-1024x684-1-800x534.jpg\" data-vp-popup-md-img-size=\"800x534\" data-vp-popup-sm-img=\"https:\/\/www.arovite.com\/wp-content\/uploads\/2024\/12\/Jorge-Nagore-005-1024x684-1-500x334.jpg\" data-vp-popup-sm-img-size=\"500x334\">\n\t\t\t<h3 class=\"vp-portfolio__item-popup-title\">Vecinos en la calle tras un atentado de ETA contra la sucursal del Banco de Vizcaya, Pamplona, diciembre 1983<\/h3>\n\t\t<\/template>\n\t\t\t\t\t\t<figure class=\"vp-portfolio__item\">\n\t\t\t\t\n<div class=\"vp-portfolio__item-img-wrap\">\n\t<div class=\"vp-portfolio__item-img\">\n\t\t\t<a\n\t\thref=\"https:\/\/www.arovite.com\/wp-content\/uploads\/2024\/12\/Jorge-Nagore-005-1024x684-1.jpg\"\n\t\t\t>\n\t\n\t\t<noscript><img loading=\"lazy\" decoding=\"async\" width=\"1024\" height=\"684\" data-skip-lazy src=\"https:\/\/www.arovite.com\/wp-content\/uploads\/2024\/12\/Jorge-Nagore-005-1024x684-1.jpg\" class=\"wp-image-21658\" alt=\"\" srcset=\"https:\/\/www.arovite.com\/wp-content\/uploads\/2024\/12\/Jorge-Nagore-005-1024x684-1.jpg 1024w, https:\/\/www.arovite.com\/wp-content\/uploads\/2024\/12\/Jorge-Nagore-005-1024x684-1-300x200.jpg 300w, https:\/\/www.arovite.com\/wp-content\/uploads\/2024\/12\/Jorge-Nagore-005-1024x684-1-768x513.jpg 768w, https:\/\/www.arovite.com\/wp-content\/uploads\/2024\/12\/Jorge-Nagore-005-1024x684-1-500x334.jpg 500w, https:\/\/www.arovite.com\/wp-content\/uploads\/2024\/12\/Jorge-Nagore-005-1024x684-1-800x534.jpg 800w, https:\/\/www.arovite.com\/wp-content\/uploads\/2024\/12\/Jorge-Nagore-005-1024x684-1-100x68.jpg 100w, https:\/\/www.arovite.com\/wp-content\/uploads\/2024\/12\/Jorge-Nagore-005-1024x684-1-450x300.jpg 450w\" sizes=\"auto, (max-width: 1024px) 100vw, 1024px\" \/><\/noscript><img decoding=\"async\" width=\"1024\" height=\"684\" src=\"https:\/\/www.arovite.com\/wp-content\/uploads\/2024\/12\/Jorge-Nagore-005-1024x684-1.jpg\" class=\"wp-image-21658 vp-lazyload\" alt srcset=\"data:image\/svg+xml;base64,PHN2ZyB3aWR0aD0iMTAyNCIgaGVpZ2h0PSI2ODQiIHZpZXdCb3g9IjAgMCAxMDI0IDY4NCIgZmlsbD0ibm9uZSIgeG1sbnM9Imh0dHA6Ly93d3cudzMub3JnLzIwMDAvc3ZnIj48L3N2Zz4=\" data-src=\"https:\/\/www.arovite.com\/wp-content\/uploads\/2024\/12\/Jorge-Nagore-005-1024x684-1.jpg\" data-srcset=\"https:\/\/www.arovite.com\/wp-content\/uploads\/2024\/12\/Jorge-Nagore-005-1024x684-1.jpg 1024w, https:\/\/www.arovite.com\/wp-content\/uploads\/2024\/12\/Jorge-Nagore-005-1024x684-1-300x200.jpg 300w, https:\/\/www.arovite.com\/wp-content\/uploads\/2024\/12\/Jorge-Nagore-005-1024x684-1-768x513.jpg 768w, https:\/\/www.arovite.com\/wp-content\/uploads\/2024\/12\/Jorge-Nagore-005-1024x684-1-500x334.jpg 500w, https:\/\/www.arovite.com\/wp-content\/uploads\/2024\/12\/Jorge-Nagore-005-1024x684-1-800x534.jpg 800w, https:\/\/www.arovite.com\/wp-content\/uploads\/2024\/12\/Jorge-Nagore-005-1024x684-1-100x68.jpg 100w, https:\/\/www.arovite.com\/wp-content\/uploads\/2024\/12\/Jorge-Nagore-005-1024x684-1-450x300.jpg 450w\" data-sizes=\"auto\" loading=\"eager\">\n\t\t<\/a>\t<\/div>\n<\/div>\n\t<figcaption class=\"vp-portfolio__item-overlay vp-portfolio__item-overlay-text-align-center\">\n\t\t<div class=\"vp-portfolio__item-meta-wrap vp-portfolio__custom-scrollbar\">\n\t\t\t\t<a\n\t\thref=\"https:\/\/www.arovite.com\/wp-content\/uploads\/2024\/12\/Jorge-Nagore-005-1024x684-1.jpg\"\n\t\ttabindex=\"-1\" class=\"vp-portfolio__item-meta\" \t>\n\t\n<h2 class=\"vp-portfolio__item-meta-title\">\n\tVecinos en la calle tras un atentado de ETA contra la sucursal del Banco de Vizcaya, Pamplona, diciembre 1983<\/h2>\n<\/a>\t\t<\/div>\n\t<\/figcaption>\n\t\t\t<\/figure>\n\t\t\t\t\t<\/div>\n\t\t\n\t\t<div\t\tclass=\"vp-portfolio__item-wrap vp-portfolio__item-uid-30e41e87\" data-vp-filter=\"\" \t\t>\n\t\t\t<template class=\"vp-portfolio__item-popup\" data-vp-popup-pid=\"Jorge-Nagore-006-1024x684-1\" data-vp-popup-pagination-page=\"1\" data-vp-popup-img=\"https:\/\/www.arovite.com\/wp-content\/uploads\/2024\/12\/Jorge-Nagore-006-1024x684-1.jpg\" data-vp-popup-img-srcset=\"https:\/\/www.arovite.com\/wp-content\/uploads\/2024\/12\/Jorge-Nagore-006-1024x684-1.jpg 1024w, https:\/\/www.arovite.com\/wp-content\/uploads\/2024\/12\/Jorge-Nagore-006-1024x684-1-300x200.jpg 300w, https:\/\/www.arovite.com\/wp-content\/uploads\/2024\/12\/Jorge-Nagore-006-1024x684-1-768x513.jpg 768w, https:\/\/www.arovite.com\/wp-content\/uploads\/2024\/12\/Jorge-Nagore-006-1024x684-1-500x334.jpg 500w, https:\/\/www.arovite.com\/wp-content\/uploads\/2024\/12\/Jorge-Nagore-006-1024x684-1-800x534.jpg 800w, https:\/\/www.arovite.com\/wp-content\/uploads\/2024\/12\/Jorge-Nagore-006-1024x684-1-100x68.jpg 100w, https:\/\/www.arovite.com\/wp-content\/uploads\/2024\/12\/Jorge-Nagore-006-1024x684-1-450x300.jpg 450w\" data-vp-popup-img-size=\"1024x684\" data-vp-popup-md-img=\"https:\/\/www.arovite.com\/wp-content\/uploads\/2024\/12\/Jorge-Nagore-006-1024x684-1-800x534.jpg\" data-vp-popup-md-img-size=\"800x534\" data-vp-popup-sm-img=\"https:\/\/www.arovite.com\/wp-content\/uploads\/2024\/12\/Jorge-Nagore-006-1024x684-1-500x334.jpg\" data-vp-popup-sm-img-size=\"500x334\">\n\t\t\t<h3 class=\"vp-portfolio__item-popup-title\">Restos del coche bomba de ETA que acab\u00f3 con la vida de los polic\u00edas Tom\u00e1s Palac\u00edn y Juan Jos\u00e9 Visiedo, en el patio del instituto Navarro Villoslada, Pamplona, abril 1984<\/h3>\n\t\t<\/template>\n\t\t\t\t\t\t<figure class=\"vp-portfolio__item\">\n\t\t\t\t\n<div class=\"vp-portfolio__item-img-wrap\">\n\t<div class=\"vp-portfolio__item-img\">\n\t\t\t<a\n\t\thref=\"https:\/\/www.arovite.com\/wp-content\/uploads\/2024\/12\/Jorge-Nagore-006-1024x684-1.jpg\"\n\t\t\t>\n\t\n\t\t<noscript><img loading=\"lazy\" decoding=\"async\" width=\"1024\" height=\"684\" data-skip-lazy src=\"https:\/\/www.arovite.com\/wp-content\/uploads\/2024\/12\/Jorge-Nagore-006-1024x684-1.jpg\" class=\"wp-image-21655\" alt=\"\" srcset=\"https:\/\/www.arovite.com\/wp-content\/uploads\/2024\/12\/Jorge-Nagore-006-1024x684-1.jpg 1024w, https:\/\/www.arovite.com\/wp-content\/uploads\/2024\/12\/Jorge-Nagore-006-1024x684-1-300x200.jpg 300w, https:\/\/www.arovite.com\/wp-content\/uploads\/2024\/12\/Jorge-Nagore-006-1024x684-1-768x513.jpg 768w, https:\/\/www.arovite.com\/wp-content\/uploads\/2024\/12\/Jorge-Nagore-006-1024x684-1-500x334.jpg 500w, https:\/\/www.arovite.com\/wp-content\/uploads\/2024\/12\/Jorge-Nagore-006-1024x684-1-800x534.jpg 800w, https:\/\/www.arovite.com\/wp-content\/uploads\/2024\/12\/Jorge-Nagore-006-1024x684-1-100x68.jpg 100w, https:\/\/www.arovite.com\/wp-content\/uploads\/2024\/12\/Jorge-Nagore-006-1024x684-1-450x300.jpg 450w\" sizes=\"auto, (max-width: 1024px) 100vw, 1024px\" \/><\/noscript><img decoding=\"async\" width=\"1024\" height=\"684\" src=\"https:\/\/www.arovite.com\/wp-content\/uploads\/2024\/12\/Jorge-Nagore-006-1024x684-1.jpg\" class=\"wp-image-21655 vp-lazyload\" alt srcset=\"data:image\/svg+xml;base64,PHN2ZyB3aWR0aD0iMTAyNCIgaGVpZ2h0PSI2ODQiIHZpZXdCb3g9IjAgMCAxMDI0IDY4NCIgZmlsbD0ibm9uZSIgeG1sbnM9Imh0dHA6Ly93d3cudzMub3JnLzIwMDAvc3ZnIj48L3N2Zz4=\" data-src=\"https:\/\/www.arovite.com\/wp-content\/uploads\/2024\/12\/Jorge-Nagore-006-1024x684-1.jpg\" data-srcset=\"https:\/\/www.arovite.com\/wp-content\/uploads\/2024\/12\/Jorge-Nagore-006-1024x684-1.jpg 1024w, https:\/\/www.arovite.com\/wp-content\/uploads\/2024\/12\/Jorge-Nagore-006-1024x684-1-300x200.jpg 300w, https:\/\/www.arovite.com\/wp-content\/uploads\/2024\/12\/Jorge-Nagore-006-1024x684-1-768x513.jpg 768w, https:\/\/www.arovite.com\/wp-content\/uploads\/2024\/12\/Jorge-Nagore-006-1024x684-1-500x334.jpg 500w, https:\/\/www.arovite.com\/wp-content\/uploads\/2024\/12\/Jorge-Nagore-006-1024x684-1-800x534.jpg 800w, https:\/\/www.arovite.com\/wp-content\/uploads\/2024\/12\/Jorge-Nagore-006-1024x684-1-100x68.jpg 100w, https:\/\/www.arovite.com\/wp-content\/uploads\/2024\/12\/Jorge-Nagore-006-1024x684-1-450x300.jpg 450w\" data-sizes=\"auto\" loading=\"eager\">\n\t\t<\/a>\t<\/div>\n<\/div>\n\t<figcaption class=\"vp-portfolio__item-overlay vp-portfolio__item-overlay-text-align-center\">\n\t\t<div class=\"vp-portfolio__item-meta-wrap vp-portfolio__custom-scrollbar\">\n\t\t\t\t<a\n\t\thref=\"https:\/\/www.arovite.com\/wp-content\/uploads\/2024\/12\/Jorge-Nagore-006-1024x684-1.jpg\"\n\t\ttabindex=\"-1\" class=\"vp-portfolio__item-meta\" \t>\n\t\n<h2 class=\"vp-portfolio__item-meta-title\">\n\tRestos del coche bomba de ETA que acab\u00f3 con la vida de los polic\u00edas Tom\u00e1s Palac\u00edn y Juan Jos\u00e9 Visiedo, en el patio del instituto Navarro Villoslada, Pamplona, abril 1984<\/h2>\n<\/a>\t\t<\/div>\n\t<\/figcaption>\n\t\t\t<\/figure>\n\t\t\t\t\t<\/div>\n\t\t\n\t\t<div\t\tclass=\"vp-portfolio__item-wrap vp-portfolio__item-uid-b385bb9c\" data-vp-filter=\"\" \t\t>\n\t\t\t<template class=\"vp-portfolio__item-popup\" data-vp-popup-pid=\"Jorge-Nagore-007-1024x684-1\" data-vp-popup-pagination-page=\"1\" data-vp-popup-img=\"https:\/\/www.arovite.com\/wp-content\/uploads\/2024\/12\/Jorge-Nagore-007-1024x684-1.jpg\" data-vp-popup-img-srcset=\"https:\/\/www.arovite.com\/wp-content\/uploads\/2024\/12\/Jorge-Nagore-007-1024x684-1.jpg 1024w, https:\/\/www.arovite.com\/wp-content\/uploads\/2024\/12\/Jorge-Nagore-007-1024x684-1-300x200.jpg 300w, https:\/\/www.arovite.com\/wp-content\/uploads\/2024\/12\/Jorge-Nagore-007-1024x684-1-768x513.jpg 768w, https:\/\/www.arovite.com\/wp-content\/uploads\/2024\/12\/Jorge-Nagore-007-1024x684-1-500x334.jpg 500w, https:\/\/www.arovite.com\/wp-content\/uploads\/2024\/12\/Jorge-Nagore-007-1024x684-1-800x534.jpg 800w, https:\/\/www.arovite.com\/wp-content\/uploads\/2024\/12\/Jorge-Nagore-007-1024x684-1-100x68.jpg 100w, https:\/\/www.arovite.com\/wp-content\/uploads\/2024\/12\/Jorge-Nagore-007-1024x684-1-450x300.jpg 450w\" data-vp-popup-img-size=\"1024x684\" data-vp-popup-md-img=\"https:\/\/www.arovite.com\/wp-content\/uploads\/2024\/12\/Jorge-Nagore-007-1024x684-1-800x534.jpg\" data-vp-popup-md-img-size=\"800x534\" data-vp-popup-sm-img=\"https:\/\/www.arovite.com\/wp-content\/uploads\/2024\/12\/Jorge-Nagore-007-1024x684-1-500x334.jpg\" data-vp-popup-sm-img-size=\"500x334\">\n\t\t\t<h3 class=\"vp-portfolio__item-popup-title\">Artificieros retirando artefactos explosivos con treinta kilos de metralla en la carretera que une Villava y Huarte, Pamplona, noviembre 1984<\/h3>\n\t\t<\/template>\n\t\t\t\t\t\t<figure class=\"vp-portfolio__item\">\n\t\t\t\t\n<div class=\"vp-portfolio__item-img-wrap\">\n\t<div class=\"vp-portfolio__item-img\">\n\t\t\t<a\n\t\thref=\"https:\/\/www.arovite.com\/wp-content\/uploads\/2024\/12\/Jorge-Nagore-007-1024x684-1.jpg\"\n\t\t\t>\n\t\n\t\t<noscript><img loading=\"lazy\" decoding=\"async\" width=\"1024\" height=\"684\" data-skip-lazy src=\"https:\/\/www.arovite.com\/wp-content\/uploads\/2024\/12\/Jorge-Nagore-007-1024x684-1.jpg\" class=\"wp-image-21652\" alt=\"\" srcset=\"https:\/\/www.arovite.com\/wp-content\/uploads\/2024\/12\/Jorge-Nagore-007-1024x684-1.jpg 1024w, https:\/\/www.arovite.com\/wp-content\/uploads\/2024\/12\/Jorge-Nagore-007-1024x684-1-300x200.jpg 300w, https:\/\/www.arovite.com\/wp-content\/uploads\/2024\/12\/Jorge-Nagore-007-1024x684-1-768x513.jpg 768w, https:\/\/www.arovite.com\/wp-content\/uploads\/2024\/12\/Jorge-Nagore-007-1024x684-1-500x334.jpg 500w, https:\/\/www.arovite.com\/wp-content\/uploads\/2024\/12\/Jorge-Nagore-007-1024x684-1-800x534.jpg 800w, https:\/\/www.arovite.com\/wp-content\/uploads\/2024\/12\/Jorge-Nagore-007-1024x684-1-100x68.jpg 100w, https:\/\/www.arovite.com\/wp-content\/uploads\/2024\/12\/Jorge-Nagore-007-1024x684-1-450x300.jpg 450w\" sizes=\"auto, (max-width: 1024px) 100vw, 1024px\" \/><\/noscript><img decoding=\"async\" width=\"1024\" height=\"684\" src=\"https:\/\/www.arovite.com\/wp-content\/uploads\/2024\/12\/Jorge-Nagore-007-1024x684-1.jpg\" class=\"wp-image-21652 vp-lazyload\" alt srcset=\"data:image\/svg+xml;base64,PHN2ZyB3aWR0aD0iMTAyNCIgaGVpZ2h0PSI2ODQiIHZpZXdCb3g9IjAgMCAxMDI0IDY4NCIgZmlsbD0ibm9uZSIgeG1sbnM9Imh0dHA6Ly93d3cudzMub3JnLzIwMDAvc3ZnIj48L3N2Zz4=\" data-src=\"https:\/\/www.arovite.com\/wp-content\/uploads\/2024\/12\/Jorge-Nagore-007-1024x684-1.jpg\" data-srcset=\"https:\/\/www.arovite.com\/wp-content\/uploads\/2024\/12\/Jorge-Nagore-007-1024x684-1.jpg 1024w, https:\/\/www.arovite.com\/wp-content\/uploads\/2024\/12\/Jorge-Nagore-007-1024x684-1-300x200.jpg 300w, https:\/\/www.arovite.com\/wp-content\/uploads\/2024\/12\/Jorge-Nagore-007-1024x684-1-768x513.jpg 768w, https:\/\/www.arovite.com\/wp-content\/uploads\/2024\/12\/Jorge-Nagore-007-1024x684-1-500x334.jpg 500w, https:\/\/www.arovite.com\/wp-content\/uploads\/2024\/12\/Jorge-Nagore-007-1024x684-1-800x534.jpg 800w, https:\/\/www.arovite.com\/wp-content\/uploads\/2024\/12\/Jorge-Nagore-007-1024x684-1-100x68.jpg 100w, https:\/\/www.arovite.com\/wp-content\/uploads\/2024\/12\/Jorge-Nagore-007-1024x684-1-450x300.jpg 450w\" data-sizes=\"auto\" loading=\"eager\">\n\t\t<\/a>\t<\/div>\n<\/div>\n\t<figcaption class=\"vp-portfolio__item-overlay vp-portfolio__item-overlay-text-align-center\">\n\t\t<div class=\"vp-portfolio__item-meta-wrap vp-portfolio__custom-scrollbar\">\n\t\t\t\t<a\n\t\thref=\"https:\/\/www.arovite.com\/wp-content\/uploads\/2024\/12\/Jorge-Nagore-007-1024x684-1.jpg\"\n\t\ttabindex=\"-1\" class=\"vp-portfolio__item-meta\" \t>\n\t\n<h2 class=\"vp-portfolio__item-meta-title\">\n\tArtificieros retirando artefactos explosivos con treinta kilos de metralla en la carretera que une Villava y Huarte, Pamplona, noviembre 1984<\/h2>\n<\/a>\t\t<\/div>\n\t<\/figcaption>\n\t\t\t<\/figure>\n\t\t\t\t\t<\/div>\n\t\t\n\t\t<div\t\tclass=\"vp-portfolio__item-wrap vp-portfolio__item-uid-f61080f0\" data-vp-filter=\"\" \t\t>\n\t\t\t<template class=\"vp-portfolio__item-popup\" data-vp-popup-pid=\"Jorge-Nagore-008-1024x684-1\" data-vp-popup-pagination-page=\"1\" data-vp-popup-img=\"https:\/\/www.arovite.com\/wp-content\/uploads\/2024\/12\/Jorge-Nagore-008-1024x684-1.jpg\" data-vp-popup-img-srcset=\"https:\/\/www.arovite.com\/wp-content\/uploads\/2024\/12\/Jorge-Nagore-008-1024x684-1.jpg 1024w, https:\/\/www.arovite.com\/wp-content\/uploads\/2024\/12\/Jorge-Nagore-008-1024x684-1-300x200.jpg 300w, https:\/\/www.arovite.com\/wp-content\/uploads\/2024\/12\/Jorge-Nagore-008-1024x684-1-768x513.jpg 768w, https:\/\/www.arovite.com\/wp-content\/uploads\/2024\/12\/Jorge-Nagore-008-1024x684-1-500x334.jpg 500w, https:\/\/www.arovite.com\/wp-content\/uploads\/2024\/12\/Jorge-Nagore-008-1024x684-1-800x534.jpg 800w, https:\/\/www.arovite.com\/wp-content\/uploads\/2024\/12\/Jorge-Nagore-008-1024x684-1-100x68.jpg 100w, https:\/\/www.arovite.com\/wp-content\/uploads\/2024\/12\/Jorge-Nagore-008-1024x684-1-450x300.jpg 450w\" data-vp-popup-img-size=\"1024x684\" data-vp-popup-md-img=\"https:\/\/www.arovite.com\/wp-content\/uploads\/2024\/12\/Jorge-Nagore-008-1024x684-1-800x534.jpg\" data-vp-popup-md-img-size=\"800x534\" data-vp-popup-sm-img=\"https:\/\/www.arovite.com\/wp-content\/uploads\/2024\/12\/Jorge-Nagore-008-1024x684-1-500x334.jpg\" data-vp-popup-sm-img-size=\"500x334\">\n\t\t\t<h3 class=\"vp-portfolio__item-popup-title\">Manifestaci\u00f3n consensuada por todas las fuerzas pol\u00edticas (a excepci\u00f3n de HB) exigiendo a ETA el fin de la violencia, Pamplona, junio 1985<\/h3>\n\t\t<\/template>\n\t\t\t\t\t\t<figure class=\"vp-portfolio__item\">\n\t\t\t\t\n<div class=\"vp-portfolio__item-img-wrap\">\n\t<div class=\"vp-portfolio__item-img\">\n\t\t\t<a\n\t\thref=\"https:\/\/www.arovite.com\/wp-content\/uploads\/2024\/12\/Jorge-Nagore-008-1024x684-1.jpg\"\n\t\t\t>\n\t\n\t\t<noscript><img loading=\"lazy\" decoding=\"async\" width=\"1024\" height=\"684\" data-skip-lazy src=\"https:\/\/www.arovite.com\/wp-content\/uploads\/2024\/12\/Jorge-Nagore-008-1024x684-1.jpg\" class=\"wp-image-21649\" alt=\"\" srcset=\"https:\/\/www.arovite.com\/wp-content\/uploads\/2024\/12\/Jorge-Nagore-008-1024x684-1.jpg 1024w, https:\/\/www.arovite.com\/wp-content\/uploads\/2024\/12\/Jorge-Nagore-008-1024x684-1-300x200.jpg 300w, https:\/\/www.arovite.com\/wp-content\/uploads\/2024\/12\/Jorge-Nagore-008-1024x684-1-768x513.jpg 768w, https:\/\/www.arovite.com\/wp-content\/uploads\/2024\/12\/Jorge-Nagore-008-1024x684-1-500x334.jpg 500w, https:\/\/www.arovite.com\/wp-content\/uploads\/2024\/12\/Jorge-Nagore-008-1024x684-1-800x534.jpg 800w, https:\/\/www.arovite.com\/wp-content\/uploads\/2024\/12\/Jorge-Nagore-008-1024x684-1-100x68.jpg 100w, https:\/\/www.arovite.com\/wp-content\/uploads\/2024\/12\/Jorge-Nagore-008-1024x684-1-450x300.jpg 450w\" sizes=\"auto, (max-width: 1024px) 100vw, 1024px\" \/><\/noscript><img decoding=\"async\" width=\"1024\" height=\"684\" src=\"https:\/\/www.arovite.com\/wp-content\/uploads\/2024\/12\/Jorge-Nagore-008-1024x684-1.jpg\" class=\"wp-image-21649 vp-lazyload\" alt srcset=\"data:image\/svg+xml;base64,PHN2ZyB3aWR0aD0iMTAyNCIgaGVpZ2h0PSI2ODQiIHZpZXdCb3g9IjAgMCAxMDI0IDY4NCIgZmlsbD0ibm9uZSIgeG1sbnM9Imh0dHA6Ly93d3cudzMub3JnLzIwMDAvc3ZnIj48L3N2Zz4=\" data-src=\"https:\/\/www.arovite.com\/wp-content\/uploads\/2024\/12\/Jorge-Nagore-008-1024x684-1.jpg\" data-srcset=\"https:\/\/www.arovite.com\/wp-content\/uploads\/2024\/12\/Jorge-Nagore-008-1024x684-1.jpg 1024w, https:\/\/www.arovite.com\/wp-content\/uploads\/2024\/12\/Jorge-Nagore-008-1024x684-1-300x200.jpg 300w, https:\/\/www.arovite.com\/wp-content\/uploads\/2024\/12\/Jorge-Nagore-008-1024x684-1-768x513.jpg 768w, https:\/\/www.arovite.com\/wp-content\/uploads\/2024\/12\/Jorge-Nagore-008-1024x684-1-500x334.jpg 500w, https:\/\/www.arovite.com\/wp-content\/uploads\/2024\/12\/Jorge-Nagore-008-1024x684-1-800x534.jpg 800w, https:\/\/www.arovite.com\/wp-content\/uploads\/2024\/12\/Jorge-Nagore-008-1024x684-1-100x68.jpg 100w, https:\/\/www.arovite.com\/wp-content\/uploads\/2024\/12\/Jorge-Nagore-008-1024x684-1-450x300.jpg 450w\" data-sizes=\"auto\" loading=\"eager\">\n\t\t<\/a>\t<\/div>\n<\/div>\n\t<figcaption class=\"vp-portfolio__item-overlay vp-portfolio__item-overlay-text-align-center\">\n\t\t<div class=\"vp-portfolio__item-meta-wrap vp-portfolio__custom-scrollbar\">\n\t\t\t\t<a\n\t\thref=\"https:\/\/www.arovite.com\/wp-content\/uploads\/2024\/12\/Jorge-Nagore-008-1024x684-1.jpg\"\n\t\ttabindex=\"-1\" class=\"vp-portfolio__item-meta\" \t>\n\t\n<h2 class=\"vp-portfolio__item-meta-title\">\n\tManifestaci\u00f3n consensuada por todas las fuerzas pol\u00edticas (a excepci\u00f3n de HB) exigiendo a ETA el fin de la violencia, Pamplona, junio 1985<\/h2>\n<\/a>\t\t<\/div>\n\t<\/figcaption>\n\t\t\t<\/figure>\n\t\t\t\t\t<\/div>\n\t\t\n\t\t<div\t\tclass=\"vp-portfolio__item-wrap vp-portfolio__item-uid-e03befcf\" data-vp-filter=\"\" \t\t>\n\t\t\t<template class=\"vp-portfolio__item-popup\" data-vp-popup-pid=\"Jorge-Nagore-009-1024x684-1\" data-vp-popup-pagination-page=\"1\" data-vp-popup-img=\"https:\/\/www.arovite.com\/wp-content\/uploads\/2024\/12\/Jorge-Nagore-009-1024x684-1.jpg\" data-vp-popup-img-srcset=\"https:\/\/www.arovite.com\/wp-content\/uploads\/2024\/12\/Jorge-Nagore-009-1024x684-1.jpg 1024w, https:\/\/www.arovite.com\/wp-content\/uploads\/2024\/12\/Jorge-Nagore-009-1024x684-1-300x200.jpg 300w, https:\/\/www.arovite.com\/wp-content\/uploads\/2024\/12\/Jorge-Nagore-009-1024x684-1-768x513.jpg 768w, https:\/\/www.arovite.com\/wp-content\/uploads\/2024\/12\/Jorge-Nagore-009-1024x684-1-500x334.jpg 500w, https:\/\/www.arovite.com\/wp-content\/uploads\/2024\/12\/Jorge-Nagore-009-1024x684-1-800x534.jpg 800w, https:\/\/www.arovite.com\/wp-content\/uploads\/2024\/12\/Jorge-Nagore-009-1024x684-1-100x68.jpg 100w, https:\/\/www.arovite.com\/wp-content\/uploads\/2024\/12\/Jorge-Nagore-009-1024x684-1-450x300.jpg 450w\" data-vp-popup-img-size=\"1024x684\" data-vp-popup-md-img=\"https:\/\/www.arovite.com\/wp-content\/uploads\/2024\/12\/Jorge-Nagore-009-1024x684-1-800x534.jpg\" data-vp-popup-md-img-size=\"800x534\" data-vp-popup-sm-img=\"https:\/\/www.arovite.com\/wp-content\/uploads\/2024\/12\/Jorge-Nagore-009-1024x684-1-500x334.jpg\" data-vp-popup-sm-img-size=\"500x334\">\n\t\t\t<h3 class=\"vp-portfolio__item-popup-title\">Tras la desarticulaci\u00f3n del comando Nafarroa, la Guardia Civil descubri\u00f3 un zulo en la calle Sang\u00fcesa repleto de armas y dispuesto para un secuestro inminente, Pamplona, marzo 1986<\/h3>\n\t\t<\/template>\n\t\t\t\t\t\t<figure class=\"vp-portfolio__item\">\n\t\t\t\t\n<div class=\"vp-portfolio__item-img-wrap\">\n\t<div class=\"vp-portfolio__item-img\">\n\t\t\t<a\n\t\thref=\"https:\/\/www.arovite.com\/wp-content\/uploads\/2024\/12\/Jorge-Nagore-009-1024x684-1.jpg\"\n\t\t\t>\n\t\n\t\t<noscript><img loading=\"lazy\" decoding=\"async\" width=\"1024\" height=\"684\" data-skip-lazy src=\"https:\/\/www.arovite.com\/wp-content\/uploads\/2024\/12\/Jorge-Nagore-009-1024x684-1.jpg\" class=\"wp-image-21646\" alt=\"\" srcset=\"https:\/\/www.arovite.com\/wp-content\/uploads\/2024\/12\/Jorge-Nagore-009-1024x684-1.jpg 1024w, https:\/\/www.arovite.com\/wp-content\/uploads\/2024\/12\/Jorge-Nagore-009-1024x684-1-300x200.jpg 300w, https:\/\/www.arovite.com\/wp-content\/uploads\/2024\/12\/Jorge-Nagore-009-1024x684-1-768x513.jpg 768w, https:\/\/www.arovite.com\/wp-content\/uploads\/2024\/12\/Jorge-Nagore-009-1024x684-1-500x334.jpg 500w, https:\/\/www.arovite.com\/wp-content\/uploads\/2024\/12\/Jorge-Nagore-009-1024x684-1-800x534.jpg 800w, https:\/\/www.arovite.com\/wp-content\/uploads\/2024\/12\/Jorge-Nagore-009-1024x684-1-100x68.jpg 100w, https:\/\/www.arovite.com\/wp-content\/uploads\/2024\/12\/Jorge-Nagore-009-1024x684-1-450x300.jpg 450w\" sizes=\"auto, (max-width: 1024px) 100vw, 1024px\" \/><\/noscript><img decoding=\"async\" width=\"1024\" height=\"684\" src=\"https:\/\/www.arovite.com\/wp-content\/uploads\/2024\/12\/Jorge-Nagore-009-1024x684-1.jpg\" class=\"wp-image-21646 vp-lazyload\" alt srcset=\"data:image\/svg+xml;base64,PHN2ZyB3aWR0aD0iMTAyNCIgaGVpZ2h0PSI2ODQiIHZpZXdCb3g9IjAgMCAxMDI0IDY4NCIgZmlsbD0ibm9uZSIgeG1sbnM9Imh0dHA6Ly93d3cudzMub3JnLzIwMDAvc3ZnIj48L3N2Zz4=\" data-src=\"https:\/\/www.arovite.com\/wp-content\/uploads\/2024\/12\/Jorge-Nagore-009-1024x684-1.jpg\" data-srcset=\"https:\/\/www.arovite.com\/wp-content\/uploads\/2024\/12\/Jorge-Nagore-009-1024x684-1.jpg 1024w, https:\/\/www.arovite.com\/wp-content\/uploads\/2024\/12\/Jorge-Nagore-009-1024x684-1-300x200.jpg 300w, https:\/\/www.arovite.com\/wp-content\/uploads\/2024\/12\/Jorge-Nagore-009-1024x684-1-768x513.jpg 768w, https:\/\/www.arovite.com\/wp-content\/uploads\/2024\/12\/Jorge-Nagore-009-1024x684-1-500x334.jpg 500w, https:\/\/www.arovite.com\/wp-content\/uploads\/2024\/12\/Jorge-Nagore-009-1024x684-1-800x534.jpg 800w, https:\/\/www.arovite.com\/wp-content\/uploads\/2024\/12\/Jorge-Nagore-009-1024x684-1-100x68.jpg 100w, https:\/\/www.arovite.com\/wp-content\/uploads\/2024\/12\/Jorge-Nagore-009-1024x684-1-450x300.jpg 450w\" data-sizes=\"auto\" loading=\"eager\">\n\t\t<\/a>\t<\/div>\n<\/div>\n\t<figcaption class=\"vp-portfolio__item-overlay vp-portfolio__item-overlay-text-align-center\">\n\t\t<div class=\"vp-portfolio__item-meta-wrap vp-portfolio__custom-scrollbar\">\n\t\t\t\t<a\n\t\thref=\"https:\/\/www.arovite.com\/wp-content\/uploads\/2024\/12\/Jorge-Nagore-009-1024x684-1.jpg\"\n\t\ttabindex=\"-1\" class=\"vp-portfolio__item-meta\" \t>\n\t\n<h2 class=\"vp-portfolio__item-meta-title\">\n\tTras la desarticulaci\u00f3n del comando Nafarroa, la Guardia Civil descubri\u00f3 un zulo en la calle Sang\u00fcesa repleto de armas y dispuesto para un secuestro inminente, Pamplona, marzo 1986<\/h2>\n<\/a>\t\t<\/div>\n\t<\/figcaption>\n\t\t\t<\/figure>\n\t\t\t\t\t<\/div>\n\t\t\n\t\t<div\t\tclass=\"vp-portfolio__item-wrap vp-portfolio__item-uid-5b0dc8e5\" data-vp-filter=\"\" \t\t>\n\t\t\t<template class=\"vp-portfolio__item-popup\" data-vp-popup-pid=\"Jorge-Nagore-010-1024x684-1\" data-vp-popup-pagination-page=\"1\" data-vp-popup-img=\"https:\/\/www.arovite.com\/wp-content\/uploads\/2024\/12\/Jorge-Nagore-010-1024x684-1.jpg\" data-vp-popup-img-srcset=\"https:\/\/www.arovite.com\/wp-content\/uploads\/2024\/12\/Jorge-Nagore-010-1024x684-1.jpg 1024w, https:\/\/www.arovite.com\/wp-content\/uploads\/2024\/12\/Jorge-Nagore-010-1024x684-1-300x200.jpg 300w, https:\/\/www.arovite.com\/wp-content\/uploads\/2024\/12\/Jorge-Nagore-010-1024x684-1-768x513.jpg 768w, https:\/\/www.arovite.com\/wp-content\/uploads\/2024\/12\/Jorge-Nagore-010-1024x684-1-500x334.jpg 500w, https:\/\/www.arovite.com\/wp-content\/uploads\/2024\/12\/Jorge-Nagore-010-1024x684-1-800x534.jpg 800w, https:\/\/www.arovite.com\/wp-content\/uploads\/2024\/12\/Jorge-Nagore-010-1024x684-1-100x68.jpg 100w, https:\/\/www.arovite.com\/wp-content\/uploads\/2024\/12\/Jorge-Nagore-010-1024x684-1-450x300.jpg 450w\" data-vp-popup-img-size=\"1024x684\" data-vp-popup-md-img=\"https:\/\/www.arovite.com\/wp-content\/uploads\/2024\/12\/Jorge-Nagore-010-1024x684-1-800x534.jpg\" data-vp-popup-md-img-size=\"800x534\" data-vp-popup-sm-img=\"https:\/\/www.arovite.com\/wp-content\/uploads\/2024\/12\/Jorge-Nagore-010-1024x684-1-500x334.jpg\" data-vp-popup-sm-img-size=\"500x334\">\n\t\t\t<h3 class=\"vp-portfolio__item-popup-title\">El comando Izar Gorri de ETA hizo estallar kilo y medio de explosivos contra el concesionario de Michelin de la calle Seraf\u00edn Olave, Pamplona, abril 1987<\/h3>\n\t\t<\/template>\n\t\t\t\t\t\t<figure class=\"vp-portfolio__item\">\n\t\t\t\t\n<div class=\"vp-portfolio__item-img-wrap\">\n\t<div class=\"vp-portfolio__item-img\">\n\t\t\t<a\n\t\thref=\"https:\/\/www.arovite.com\/wp-content\/uploads\/2024\/12\/Jorge-Nagore-010-1024x684-1.jpg\"\n\t\t\t>\n\t\n\t\t<noscript><img loading=\"lazy\" decoding=\"async\" width=\"1024\" height=\"684\" data-skip-lazy src=\"https:\/\/www.arovite.com\/wp-content\/uploads\/2024\/12\/Jorge-Nagore-010-1024x684-1.jpg\" class=\"wp-image-21643\" alt=\"\" srcset=\"https:\/\/www.arovite.com\/wp-content\/uploads\/2024\/12\/Jorge-Nagore-010-1024x684-1.jpg 1024w, https:\/\/www.arovite.com\/wp-content\/uploads\/2024\/12\/Jorge-Nagore-010-1024x684-1-300x200.jpg 300w, https:\/\/www.arovite.com\/wp-content\/uploads\/2024\/12\/Jorge-Nagore-010-1024x684-1-768x513.jpg 768w, https:\/\/www.arovite.com\/wp-content\/uploads\/2024\/12\/Jorge-Nagore-010-1024x684-1-500x334.jpg 500w, https:\/\/www.arovite.com\/wp-content\/uploads\/2024\/12\/Jorge-Nagore-010-1024x684-1-800x534.jpg 800w, https:\/\/www.arovite.com\/wp-content\/uploads\/2024\/12\/Jorge-Nagore-010-1024x684-1-100x68.jpg 100w, https:\/\/www.arovite.com\/wp-content\/uploads\/2024\/12\/Jorge-Nagore-010-1024x684-1-450x300.jpg 450w\" sizes=\"auto, (max-width: 1024px) 100vw, 1024px\" \/><\/noscript><img decoding=\"async\" width=\"1024\" height=\"684\" src=\"https:\/\/www.arovite.com\/wp-content\/uploads\/2024\/12\/Jorge-Nagore-010-1024x684-1.jpg\" class=\"wp-image-21643 vp-lazyload\" alt srcset=\"data:image\/svg+xml;base64,PHN2ZyB3aWR0aD0iMTAyNCIgaGVpZ2h0PSI2ODQiIHZpZXdCb3g9IjAgMCAxMDI0IDY4NCIgZmlsbD0ibm9uZSIgeG1sbnM9Imh0dHA6Ly93d3cudzMub3JnLzIwMDAvc3ZnIj48L3N2Zz4=\" data-src=\"https:\/\/www.arovite.com\/wp-content\/uploads\/2024\/12\/Jorge-Nagore-010-1024x684-1.jpg\" data-srcset=\"https:\/\/www.arovite.com\/wp-content\/uploads\/2024\/12\/Jorge-Nagore-010-1024x684-1.jpg 1024w, https:\/\/www.arovite.com\/wp-content\/uploads\/2024\/12\/Jorge-Nagore-010-1024x684-1-300x200.jpg 300w, https:\/\/www.arovite.com\/wp-content\/uploads\/2024\/12\/Jorge-Nagore-010-1024x684-1-768x513.jpg 768w, https:\/\/www.arovite.com\/wp-content\/uploads\/2024\/12\/Jorge-Nagore-010-1024x684-1-500x334.jpg 500w, https:\/\/www.arovite.com\/wp-content\/uploads\/2024\/12\/Jorge-Nagore-010-1024x684-1-800x534.jpg 800w, https:\/\/www.arovite.com\/wp-content\/uploads\/2024\/12\/Jorge-Nagore-010-1024x684-1-100x68.jpg 100w, https:\/\/www.arovite.com\/wp-content\/uploads\/2024\/12\/Jorge-Nagore-010-1024x684-1-450x300.jpg 450w\" data-sizes=\"auto\" loading=\"eager\">\n\t\t<\/a>\t<\/div>\n<\/div>\n\t<figcaption class=\"vp-portfolio__item-overlay vp-portfolio__item-overlay-text-align-center\">\n\t\t<div class=\"vp-portfolio__item-meta-wrap vp-portfolio__custom-scrollbar\">\n\t\t\t\t<a\n\t\thref=\"https:\/\/www.arovite.com\/wp-content\/uploads\/2024\/12\/Jorge-Nagore-010-1024x684-1.jpg\"\n\t\ttabindex=\"-1\" class=\"vp-portfolio__item-meta\" \t>\n\t\n<h2 class=\"vp-portfolio__item-meta-title\">\n\tEl comando Izar Gorri de ETA hizo estallar kilo y medio de explosivos contra el concesionario de Michelin de la calle Seraf\u00edn Olave, Pamplona, abril 1987<\/h2>\n<\/a>\t\t<\/div>\n\t<\/figcaption>\n\t\t\t<\/figure>\n\t\t\t\t\t<\/div>\n\t\t\n\t\t<div\t\tclass=\"vp-portfolio__item-wrap vp-portfolio__item-uid-683e4657\" data-vp-filter=\"\" \t\t>\n\t\t\t<template class=\"vp-portfolio__item-popup\" data-vp-popup-pid=\"Jorge-Nagore-011-1024x684-1\" data-vp-popup-pagination-page=\"1\" data-vp-popup-img=\"https:\/\/www.arovite.com\/wp-content\/uploads\/2024\/12\/Jorge-Nagore-011-1024x684-1.jpg\" data-vp-popup-img-srcset=\"https:\/\/www.arovite.com\/wp-content\/uploads\/2024\/12\/Jorge-Nagore-011-1024x684-1.jpg 1024w, https:\/\/www.arovite.com\/wp-content\/uploads\/2024\/12\/Jorge-Nagore-011-1024x684-1-300x200.jpg 300w, https:\/\/www.arovite.com\/wp-content\/uploads\/2024\/12\/Jorge-Nagore-011-1024x684-1-768x513.jpg 768w, https:\/\/www.arovite.com\/wp-content\/uploads\/2024\/12\/Jorge-Nagore-011-1024x684-1-500x334.jpg 500w, https:\/\/www.arovite.com\/wp-content\/uploads\/2024\/12\/Jorge-Nagore-011-1024x684-1-800x534.jpg 800w, https:\/\/www.arovite.com\/wp-content\/uploads\/2024\/12\/Jorge-Nagore-011-1024x684-1-100x68.jpg 100w, https:\/\/www.arovite.com\/wp-content\/uploads\/2024\/12\/Jorge-Nagore-011-1024x684-1-450x300.jpg 450w\" data-vp-popup-img-size=\"1024x684\" data-vp-popup-md-img=\"https:\/\/www.arovite.com\/wp-content\/uploads\/2024\/12\/Jorge-Nagore-011-1024x684-1-800x534.jpg\" data-vp-popup-md-img-size=\"800x534\" data-vp-popup-sm-img=\"https:\/\/www.arovite.com\/wp-content\/uploads\/2024\/12\/Jorge-Nagore-011-1024x684-1-500x334.jpg\" data-vp-popup-sm-img-size=\"500x334\">\n\t\t\t<h3 class=\"vp-portfolio__item-popup-title\">Atentando del comando Nafarroa contra una tanqueta de la Guardia Civil que iba de regreso a la Comandancia tras finalizar su turno en la c\u00e1rcel de Pamplona. El conductor, Julio Gangoso, falleci\u00f3 en el Hospital de Navarra, Pamplona, octubre 1988<\/h3>\n\t\t<\/template>\n\t\t\t\t\t\t<figure class=\"vp-portfolio__item\">\n\t\t\t\t\n<div class=\"vp-portfolio__item-img-wrap\">\n\t<div class=\"vp-portfolio__item-img\">\n\t\t\t<a\n\t\thref=\"https:\/\/www.arovite.com\/wp-content\/uploads\/2024\/12\/Jorge-Nagore-011-1024x684-1.jpg\"\n\t\t\t>\n\t\n\t\t<noscript><img loading=\"lazy\" decoding=\"async\" width=\"1024\" height=\"684\" data-skip-lazy src=\"https:\/\/www.arovite.com\/wp-content\/uploads\/2024\/12\/Jorge-Nagore-011-1024x684-1.jpg\" class=\"wp-image-21640\" alt=\"\" srcset=\"https:\/\/www.arovite.com\/wp-content\/uploads\/2024\/12\/Jorge-Nagore-011-1024x684-1.jpg 1024w, https:\/\/www.arovite.com\/wp-content\/uploads\/2024\/12\/Jorge-Nagore-011-1024x684-1-300x200.jpg 300w, https:\/\/www.arovite.com\/wp-content\/uploads\/2024\/12\/Jorge-Nagore-011-1024x684-1-768x513.jpg 768w, https:\/\/www.arovite.com\/wp-content\/uploads\/2024\/12\/Jorge-Nagore-011-1024x684-1-500x334.jpg 500w, https:\/\/www.arovite.com\/wp-content\/uploads\/2024\/12\/Jorge-Nagore-011-1024x684-1-800x534.jpg 800w, https:\/\/www.arovite.com\/wp-content\/uploads\/2024\/12\/Jorge-Nagore-011-1024x684-1-100x68.jpg 100w, https:\/\/www.arovite.com\/wp-content\/uploads\/2024\/12\/Jorge-Nagore-011-1024x684-1-450x300.jpg 450w\" sizes=\"auto, (max-width: 1024px) 100vw, 1024px\" \/><\/noscript><img decoding=\"async\" width=\"1024\" height=\"684\" src=\"https:\/\/www.arovite.com\/wp-content\/uploads\/2024\/12\/Jorge-Nagore-011-1024x684-1.jpg\" class=\"wp-image-21640 vp-lazyload\" alt srcset=\"data:image\/svg+xml;base64,PHN2ZyB3aWR0aD0iMTAyNCIgaGVpZ2h0PSI2ODQiIHZpZXdCb3g9IjAgMCAxMDI0IDY4NCIgZmlsbD0ibm9uZSIgeG1sbnM9Imh0dHA6Ly93d3cudzMub3JnLzIwMDAvc3ZnIj48L3N2Zz4=\" data-src=\"https:\/\/www.arovite.com\/wp-content\/uploads\/2024\/12\/Jorge-Nagore-011-1024x684-1.jpg\" data-srcset=\"https:\/\/www.arovite.com\/wp-content\/uploads\/2024\/12\/Jorge-Nagore-011-1024x684-1.jpg 1024w, https:\/\/www.arovite.com\/wp-content\/uploads\/2024\/12\/Jorge-Nagore-011-1024x684-1-300x200.jpg 300w, https:\/\/www.arovite.com\/wp-content\/uploads\/2024\/12\/Jorge-Nagore-011-1024x684-1-768x513.jpg 768w, https:\/\/www.arovite.com\/wp-content\/uploads\/2024\/12\/Jorge-Nagore-011-1024x684-1-500x334.jpg 500w, https:\/\/www.arovite.com\/wp-content\/uploads\/2024\/12\/Jorge-Nagore-011-1024x684-1-800x534.jpg 800w, https:\/\/www.arovite.com\/wp-content\/uploads\/2024\/12\/Jorge-Nagore-011-1024x684-1-100x68.jpg 100w, https:\/\/www.arovite.com\/wp-content\/uploads\/2024\/12\/Jorge-Nagore-011-1024x684-1-450x300.jpg 450w\" data-sizes=\"auto\" loading=\"eager\">\n\t\t<\/a>\t<\/div>\n<\/div>\n\t<figcaption class=\"vp-portfolio__item-overlay vp-portfolio__item-overlay-text-align-center\">\n\t\t<div class=\"vp-portfolio__item-meta-wrap vp-portfolio__custom-scrollbar\">\n\t\t\t\t<a\n\t\thref=\"https:\/\/www.arovite.com\/wp-content\/uploads\/2024\/12\/Jorge-Nagore-011-1024x684-1.jpg\"\n\t\ttabindex=\"-1\" class=\"vp-portfolio__item-meta\" \t>\n\t\n<h2 class=\"vp-portfolio__item-meta-title\">\n\tAtentando del comando Nafarroa contra una tanqueta de la Guardia Civil que iba de regreso a la Comandancia tras finalizar su turno en la c\u00e1rcel de Pamplona. El conductor, Julio Gangoso, falleci\u00f3 en el Hospital de Navarra, Pamplona, octubre 1988<\/h2>\n<\/a>\t\t<\/div>\n\t<\/figcaption>\n\t\t\t<\/figure>\n\t\t\t\t\t<\/div>\n\t\t\n\t\t<div\t\tclass=\"vp-portfolio__item-wrap vp-portfolio__item-uid-72479696\" data-vp-filter=\"\" \t\t>\n\t\t\t<template class=\"vp-portfolio__item-popup\" data-vp-popup-pid=\"Jorge-Nagore-012-1024x684-1\" data-vp-popup-pagination-page=\"1\" data-vp-popup-img=\"https:\/\/www.arovite.com\/wp-content\/uploads\/2024\/12\/Jorge-Nagore-012-1024x684-1.jpg\" data-vp-popup-img-srcset=\"https:\/\/www.arovite.com\/wp-content\/uploads\/2024\/12\/Jorge-Nagore-012-1024x684-1.jpg 1024w, https:\/\/www.arovite.com\/wp-content\/uploads\/2024\/12\/Jorge-Nagore-012-1024x684-1-300x200.jpg 300w, https:\/\/www.arovite.com\/wp-content\/uploads\/2024\/12\/Jorge-Nagore-012-1024x684-1-768x513.jpg 768w, https:\/\/www.arovite.com\/wp-content\/uploads\/2024\/12\/Jorge-Nagore-012-1024x684-1-500x334.jpg 500w, https:\/\/www.arovite.com\/wp-content\/uploads\/2024\/12\/Jorge-Nagore-012-1024x684-1-800x534.jpg 800w, https:\/\/www.arovite.com\/wp-content\/uploads\/2024\/12\/Jorge-Nagore-012-1024x684-1-100x68.jpg 100w, https:\/\/www.arovite.com\/wp-content\/uploads\/2024\/12\/Jorge-Nagore-012-1024x684-1-450x300.jpg 450w\" data-vp-popup-img-size=\"1024x684\" data-vp-popup-md-img=\"https:\/\/www.arovite.com\/wp-content\/uploads\/2024\/12\/Jorge-Nagore-012-1024x684-1-800x534.jpg\" data-vp-popup-md-img-size=\"800x534\" data-vp-popup-sm-img=\"https:\/\/www.arovite.com\/wp-content\/uploads\/2024\/12\/Jorge-Nagore-012-1024x684-1-500x334.jpg\" data-vp-popup-sm-img-size=\"500x334\">\n\t\t\t<h3 class=\"vp-portfolio__item-popup-title\">David Nebreda fue alcanzado por la metralla de un lanzagranadas camuflado en un cochecito de beb\u00e9 cuando se dirig\u00eda al colegio. El objetivo de la banda era la furgoneta de los escoltas del vicepresidente del Gobierno Foral, Jos\u00e9 Antonio Asi\u00e1in, Pamplona, junio 1989<\/h3>\n\t\t<\/template>\n\t\t\t\t\t\t<figure class=\"vp-portfolio__item\">\n\t\t\t\t\n<div class=\"vp-portfolio__item-img-wrap\">\n\t<div class=\"vp-portfolio__item-img\">\n\t\t\t<a\n\t\thref=\"https:\/\/www.arovite.com\/wp-content\/uploads\/2024\/12\/Jorge-Nagore-012-1024x684-1.jpg\"\n\t\t\t>\n\t\n\t\t<noscript><img loading=\"lazy\" decoding=\"async\" width=\"1024\" height=\"684\" data-skip-lazy src=\"https:\/\/www.arovite.com\/wp-content\/uploads\/2024\/12\/Jorge-Nagore-012-1024x684-1.jpg\" class=\"wp-image-21637\" alt=\"\" srcset=\"https:\/\/www.arovite.com\/wp-content\/uploads\/2024\/12\/Jorge-Nagore-012-1024x684-1.jpg 1024w, https:\/\/www.arovite.com\/wp-content\/uploads\/2024\/12\/Jorge-Nagore-012-1024x684-1-300x200.jpg 300w, https:\/\/www.arovite.com\/wp-content\/uploads\/2024\/12\/Jorge-Nagore-012-1024x684-1-768x513.jpg 768w, https:\/\/www.arovite.com\/wp-content\/uploads\/2024\/12\/Jorge-Nagore-012-1024x684-1-500x334.jpg 500w, https:\/\/www.arovite.com\/wp-content\/uploads\/2024\/12\/Jorge-Nagore-012-1024x684-1-800x534.jpg 800w, https:\/\/www.arovite.com\/wp-content\/uploads\/2024\/12\/Jorge-Nagore-012-1024x684-1-100x68.jpg 100w, https:\/\/www.arovite.com\/wp-content\/uploads\/2024\/12\/Jorge-Nagore-012-1024x684-1-450x300.jpg 450w\" sizes=\"auto, (max-width: 1024px) 100vw, 1024px\" \/><\/noscript><img decoding=\"async\" width=\"1024\" height=\"684\" src=\"https:\/\/www.arovite.com\/wp-content\/uploads\/2024\/12\/Jorge-Nagore-012-1024x684-1.jpg\" class=\"wp-image-21637 vp-lazyload\" alt srcset=\"data:image\/svg+xml;base64,PHN2ZyB3aWR0aD0iMTAyNCIgaGVpZ2h0PSI2ODQiIHZpZXdCb3g9IjAgMCAxMDI0IDY4NCIgZmlsbD0ibm9uZSIgeG1sbnM9Imh0dHA6Ly93d3cudzMub3JnLzIwMDAvc3ZnIj48L3N2Zz4=\" data-src=\"https:\/\/www.arovite.com\/wp-content\/uploads\/2024\/12\/Jorge-Nagore-012-1024x684-1.jpg\" data-srcset=\"https:\/\/www.arovite.com\/wp-content\/uploads\/2024\/12\/Jorge-Nagore-012-1024x684-1.jpg 1024w, https:\/\/www.arovite.com\/wp-content\/uploads\/2024\/12\/Jorge-Nagore-012-1024x684-1-300x200.jpg 300w, https:\/\/www.arovite.com\/wp-content\/uploads\/2024\/12\/Jorge-Nagore-012-1024x684-1-768x513.jpg 768w, https:\/\/www.arovite.com\/wp-content\/uploads\/2024\/12\/Jorge-Nagore-012-1024x684-1-500x334.jpg 500w, https:\/\/www.arovite.com\/wp-content\/uploads\/2024\/12\/Jorge-Nagore-012-1024x684-1-800x534.jpg 800w, https:\/\/www.arovite.com\/wp-content\/uploads\/2024\/12\/Jorge-Nagore-012-1024x684-1-100x68.jpg 100w, https:\/\/www.arovite.com\/wp-content\/uploads\/2024\/12\/Jorge-Nagore-012-1024x684-1-450x300.jpg 450w\" data-sizes=\"auto\" loading=\"eager\">\n\t\t<\/a>\t<\/div>\n<\/div>\n\t<figcaption class=\"vp-portfolio__item-overlay vp-portfolio__item-overlay-text-align-center\">\n\t\t<div class=\"vp-portfolio__item-meta-wrap vp-portfolio__custom-scrollbar\">\n\t\t\t\t<a\n\t\thref=\"https:\/\/www.arovite.com\/wp-content\/uploads\/2024\/12\/Jorge-Nagore-012-1024x684-1.jpg\"\n\t\ttabindex=\"-1\" class=\"vp-portfolio__item-meta\" \t>\n\t\n<h2 class=\"vp-portfolio__item-meta-title\">\n\tDavid Nebreda fue alcanzado por la metralla de un lanzagranadas camuflado en un cochecito de beb\u00e9 cuando se dirig\u00eda al colegio. El objetivo de la banda era la furgoneta de los escoltas del vicepresidente del Gobierno Foral, Jos\u00e9 Antonio Asi\u00e1in, Pamplona, junio 1989<\/h2>\n<\/a>\t\t<\/div>\n\t<\/figcaption>\n\t\t\t<\/figure>\n\t\t\t\t\t<\/div>\n\t\t\n\t\t<div\t\tclass=\"vp-portfolio__item-wrap vp-portfolio__item-uid-1a1875f9\" data-vp-filter=\"\" \t\t>\n\t\t\t<template class=\"vp-portfolio__item-popup\" data-vp-popup-pid=\"Jorge-Nagore-013-1024x684-1\" data-vp-popup-pagination-page=\"1\" data-vp-popup-img=\"https:\/\/www.arovite.com\/wp-content\/uploads\/2024\/12\/Jorge-Nagore-013-1024x684-1.jpg\" data-vp-popup-img-srcset=\"https:\/\/www.arovite.com\/wp-content\/uploads\/2024\/12\/Jorge-Nagore-013-1024x684-1.jpg 1024w, https:\/\/www.arovite.com\/wp-content\/uploads\/2024\/12\/Jorge-Nagore-013-1024x684-1-300x200.jpg 300w, https:\/\/www.arovite.com\/wp-content\/uploads\/2024\/12\/Jorge-Nagore-013-1024x684-1-768x513.jpg 768w, https:\/\/www.arovite.com\/wp-content\/uploads\/2024\/12\/Jorge-Nagore-013-1024x684-1-500x334.jpg 500w, https:\/\/www.arovite.com\/wp-content\/uploads\/2024\/12\/Jorge-Nagore-013-1024x684-1-800x534.jpg 800w, https:\/\/www.arovite.com\/wp-content\/uploads\/2024\/12\/Jorge-Nagore-013-1024x684-1-100x68.jpg 100w, https:\/\/www.arovite.com\/wp-content\/uploads\/2024\/12\/Jorge-Nagore-013-1024x684-1-450x300.jpg 450w\" data-vp-popup-img-size=\"1024x684\" data-vp-popup-md-img=\"https:\/\/www.arovite.com\/wp-content\/uploads\/2024\/12\/Jorge-Nagore-013-1024x684-1-800x534.jpg\" data-vp-popup-md-img-size=\"800x534\" data-vp-popup-sm-img=\"https:\/\/www.arovite.com\/wp-content\/uploads\/2024\/12\/Jorge-Nagore-013-1024x684-1-500x334.jpg\" data-vp-popup-sm-img-size=\"500x334\">\n\t\t\t<h3 class=\"vp-portfolio__item-popup-title\">Reencuentro del industrial Adolfo Villoslada con los trabajadores de su f\u00e1brica, A\u00f1uri, tras casi tres meses de secuestro, Pamplona, febrero 1990<\/h3>\n\t\t<\/template>\n\t\t\t\t\t\t<figure class=\"vp-portfolio__item\">\n\t\t\t\t\n<div class=\"vp-portfolio__item-img-wrap\">\n\t<div class=\"vp-portfolio__item-img\">\n\t\t\t<a\n\t\thref=\"https:\/\/www.arovite.com\/wp-content\/uploads\/2024\/12\/Jorge-Nagore-013-1024x684-1.jpg\"\n\t\t\t>\n\t\n\t\t<noscript><img loading=\"lazy\" decoding=\"async\" width=\"1024\" height=\"684\" data-skip-lazy src=\"https:\/\/www.arovite.com\/wp-content\/uploads\/2024\/12\/Jorge-Nagore-013-1024x684-1.jpg\" class=\"wp-image-21634\" alt=\"\" srcset=\"https:\/\/www.arovite.com\/wp-content\/uploads\/2024\/12\/Jorge-Nagore-013-1024x684-1.jpg 1024w, https:\/\/www.arovite.com\/wp-content\/uploads\/2024\/12\/Jorge-Nagore-013-1024x684-1-300x200.jpg 300w, https:\/\/www.arovite.com\/wp-content\/uploads\/2024\/12\/Jorge-Nagore-013-1024x684-1-768x513.jpg 768w, https:\/\/www.arovite.com\/wp-content\/uploads\/2024\/12\/Jorge-Nagore-013-1024x684-1-500x334.jpg 500w, https:\/\/www.arovite.com\/wp-content\/uploads\/2024\/12\/Jorge-Nagore-013-1024x684-1-800x534.jpg 800w, https:\/\/www.arovite.com\/wp-content\/uploads\/2024\/12\/Jorge-Nagore-013-1024x684-1-100x68.jpg 100w, https:\/\/www.arovite.com\/wp-content\/uploads\/2024\/12\/Jorge-Nagore-013-1024x684-1-450x300.jpg 450w\" sizes=\"auto, (max-width: 1024px) 100vw, 1024px\" \/><\/noscript><img decoding=\"async\" width=\"1024\" height=\"684\" src=\"https:\/\/www.arovite.com\/wp-content\/uploads\/2024\/12\/Jorge-Nagore-013-1024x684-1.jpg\" class=\"wp-image-21634 vp-lazyload\" alt srcset=\"data:image\/svg+xml;base64,PHN2ZyB3aWR0aD0iMTAyNCIgaGVpZ2h0PSI2ODQiIHZpZXdCb3g9IjAgMCAxMDI0IDY4NCIgZmlsbD0ibm9uZSIgeG1sbnM9Imh0dHA6Ly93d3cudzMub3JnLzIwMDAvc3ZnIj48L3N2Zz4=\" data-src=\"https:\/\/www.arovite.com\/wp-content\/uploads\/2024\/12\/Jorge-Nagore-013-1024x684-1.jpg\" data-srcset=\"https:\/\/www.arovite.com\/wp-content\/uploads\/2024\/12\/Jorge-Nagore-013-1024x684-1.jpg 1024w, https:\/\/www.arovite.com\/wp-content\/uploads\/2024\/12\/Jorge-Nagore-013-1024x684-1-300x200.jpg 300w, https:\/\/www.arovite.com\/wp-content\/uploads\/2024\/12\/Jorge-Nagore-013-1024x684-1-768x513.jpg 768w, https:\/\/www.arovite.com\/wp-content\/uploads\/2024\/12\/Jorge-Nagore-013-1024x684-1-500x334.jpg 500w, https:\/\/www.arovite.com\/wp-content\/uploads\/2024\/12\/Jorge-Nagore-013-1024x684-1-800x534.jpg 800w, https:\/\/www.arovite.com\/wp-content\/uploads\/2024\/12\/Jorge-Nagore-013-1024x684-1-100x68.jpg 100w, https:\/\/www.arovite.com\/wp-content\/uploads\/2024\/12\/Jorge-Nagore-013-1024x684-1-450x300.jpg 450w\" data-sizes=\"auto\" loading=\"eager\">\n\t\t<\/a>\t<\/div>\n<\/div>\n\t<figcaption class=\"vp-portfolio__item-overlay vp-portfolio__item-overlay-text-align-center\">\n\t\t<div class=\"vp-portfolio__item-meta-wrap vp-portfolio__custom-scrollbar\">\n\t\t\t\t<a\n\t\thref=\"https:\/\/www.arovite.com\/wp-content\/uploads\/2024\/12\/Jorge-Nagore-013-1024x684-1.jpg\"\n\t\ttabindex=\"-1\" class=\"vp-portfolio__item-meta\" \t>\n\t\n<h2 class=\"vp-portfolio__item-meta-title\">\n\tReencuentro del industrial Adolfo Villoslada con los trabajadores de su f\u00e1brica, A\u00f1uri, tras casi tres meses de secuestro, Pamplona, febrero 1990<\/h2>\n<\/a>\t\t<\/div>\n\t<\/figcaption>\n\t\t\t<\/figure>\n\t\t\t\t\t<\/div>\n\t\t\n\t\t<div\t\tclass=\"vp-portfolio__item-wrap vp-portfolio__item-uid-a12e52d3\" data-vp-filter=\"\" \t\t>\n\t\t\t<template class=\"vp-portfolio__item-popup\" data-vp-popup-pid=\"Jorge-Nagore-014-1024x684-1\" data-vp-popup-pagination-page=\"1\" data-vp-popup-img=\"https:\/\/www.arovite.com\/wp-content\/uploads\/2024\/12\/Jorge-Nagore-014-1024x684-1.jpg\" data-vp-popup-img-srcset=\"https:\/\/www.arovite.com\/wp-content\/uploads\/2024\/12\/Jorge-Nagore-014-1024x684-1.jpg 1024w, https:\/\/www.arovite.com\/wp-content\/uploads\/2024\/12\/Jorge-Nagore-014-1024x684-1-300x200.jpg 300w, https:\/\/www.arovite.com\/wp-content\/uploads\/2024\/12\/Jorge-Nagore-014-1024x684-1-768x513.jpg 768w, https:\/\/www.arovite.com\/wp-content\/uploads\/2024\/12\/Jorge-Nagore-014-1024x684-1-500x334.jpg 500w, https:\/\/www.arovite.com\/wp-content\/uploads\/2024\/12\/Jorge-Nagore-014-1024x684-1-800x534.jpg 800w, https:\/\/www.arovite.com\/wp-content\/uploads\/2024\/12\/Jorge-Nagore-014-1024x684-1-100x68.jpg 100w, https:\/\/www.arovite.com\/wp-content\/uploads\/2024\/12\/Jorge-Nagore-014-1024x684-1-450x300.jpg 450w\" data-vp-popup-img-size=\"1024x684\" data-vp-popup-md-img=\"https:\/\/www.arovite.com\/wp-content\/uploads\/2024\/12\/Jorge-Nagore-014-1024x684-1-800x534.jpg\" data-vp-popup-md-img-size=\"800x534\" data-vp-popup-sm-img=\"https:\/\/www.arovite.com\/wp-content\/uploads\/2024\/12\/Jorge-Nagore-014-1024x684-1-500x334.jpg\" data-vp-popup-sm-img-size=\"500x334\">\n\t\t\t<h3 class=\"vp-portfolio__item-popup-title\">La muerte del etarra Mikel Castillo en una persecuci\u00f3n de la polic\u00eda por las calles de Pamplona, provoc\u00f3 diversos disturbios y destrozos de mobiliario urbano en la ciudad, Pamplona, septiembre 1990<\/h3>\n\t\t<\/template>\n\t\t\t\t\t\t<figure class=\"vp-portfolio__item\">\n\t\t\t\t\n<div class=\"vp-portfolio__item-img-wrap\">\n\t<div class=\"vp-portfolio__item-img\">\n\t\t\t<a\n\t\thref=\"https:\/\/www.arovite.com\/wp-content\/uploads\/2024\/12\/Jorge-Nagore-014-1024x684-1.jpg\"\n\t\t\t>\n\t\n\t\t<noscript><img loading=\"lazy\" decoding=\"async\" width=\"1024\" height=\"684\" data-skip-lazy src=\"https:\/\/www.arovite.com\/wp-content\/uploads\/2024\/12\/Jorge-Nagore-014-1024x684-1.jpg\" class=\"wp-image-21631\" alt=\"\" srcset=\"https:\/\/www.arovite.com\/wp-content\/uploads\/2024\/12\/Jorge-Nagore-014-1024x684-1.jpg 1024w, https:\/\/www.arovite.com\/wp-content\/uploads\/2024\/12\/Jorge-Nagore-014-1024x684-1-300x200.jpg 300w, https:\/\/www.arovite.com\/wp-content\/uploads\/2024\/12\/Jorge-Nagore-014-1024x684-1-768x513.jpg 768w, https:\/\/www.arovite.com\/wp-content\/uploads\/2024\/12\/Jorge-Nagore-014-1024x684-1-500x334.jpg 500w, https:\/\/www.arovite.com\/wp-content\/uploads\/2024\/12\/Jorge-Nagore-014-1024x684-1-800x534.jpg 800w, https:\/\/www.arovite.com\/wp-content\/uploads\/2024\/12\/Jorge-Nagore-014-1024x684-1-100x68.jpg 100w, https:\/\/www.arovite.com\/wp-content\/uploads\/2024\/12\/Jorge-Nagore-014-1024x684-1-450x300.jpg 450w\" sizes=\"auto, (max-width: 1024px) 100vw, 1024px\" \/><\/noscript><img decoding=\"async\" width=\"1024\" height=\"684\" src=\"https:\/\/www.arovite.com\/wp-content\/uploads\/2024\/12\/Jorge-Nagore-014-1024x684-1.jpg\" class=\"wp-image-21631 vp-lazyload\" alt srcset=\"data:image\/svg+xml;base64,PHN2ZyB3aWR0aD0iMTAyNCIgaGVpZ2h0PSI2ODQiIHZpZXdCb3g9IjAgMCAxMDI0IDY4NCIgZmlsbD0ibm9uZSIgeG1sbnM9Imh0dHA6Ly93d3cudzMub3JnLzIwMDAvc3ZnIj48L3N2Zz4=\" data-src=\"https:\/\/www.arovite.com\/wp-content\/uploads\/2024\/12\/Jorge-Nagore-014-1024x684-1.jpg\" data-srcset=\"https:\/\/www.arovite.com\/wp-content\/uploads\/2024\/12\/Jorge-Nagore-014-1024x684-1.jpg 1024w, https:\/\/www.arovite.com\/wp-content\/uploads\/2024\/12\/Jorge-Nagore-014-1024x684-1-300x200.jpg 300w, https:\/\/www.arovite.com\/wp-content\/uploads\/2024\/12\/Jorge-Nagore-014-1024x684-1-768x513.jpg 768w, https:\/\/www.arovite.com\/wp-content\/uploads\/2024\/12\/Jorge-Nagore-014-1024x684-1-500x334.jpg 500w, https:\/\/www.arovite.com\/wp-content\/uploads\/2024\/12\/Jorge-Nagore-014-1024x684-1-800x534.jpg 800w, https:\/\/www.arovite.com\/wp-content\/uploads\/2024\/12\/Jorge-Nagore-014-1024x684-1-100x68.jpg 100w, https:\/\/www.arovite.com\/wp-content\/uploads\/2024\/12\/Jorge-Nagore-014-1024x684-1-450x300.jpg 450w\" data-sizes=\"auto\" loading=\"eager\">\n\t\t<\/a>\t<\/div>\n<\/div>\n\t<figcaption class=\"vp-portfolio__item-overlay vp-portfolio__item-overlay-text-align-center\">\n\t\t<div class=\"vp-portfolio__item-meta-wrap vp-portfolio__custom-scrollbar\">\n\t\t\t\t<a\n\t\thref=\"https:\/\/www.arovite.com\/wp-content\/uploads\/2024\/12\/Jorge-Nagore-014-1024x684-1.jpg\"\n\t\ttabindex=\"-1\" class=\"vp-portfolio__item-meta\" \t>\n\t\n<h2 class=\"vp-portfolio__item-meta-title\">\n\tLa muerte del etarra Mikel Castillo en una persecuci\u00f3n de la polic\u00eda por las calles de Pamplona, provoc\u00f3 diversos disturbios y destrozos de mobiliario urbano en la ciudad, Pamplona, septiembre 1990<\/h2>\n<\/a>\t\t<\/div>\n\t<\/figcaption>\n\t\t\t<\/figure>\n\t\t\t\t\t<\/div>\n\t\t\n\t\t<div\t\tclass=\"vp-portfolio__item-wrap vp-portfolio__item-uid-477da998\" data-vp-filter=\"\" \t\t>\n\t\t\t<template class=\"vp-portfolio__item-popup\" data-vp-popup-pid=\"Jorge-Nagore-015-1024x684-1\" data-vp-popup-pagination-page=\"1\" data-vp-popup-img=\"https:\/\/www.arovite.com\/wp-content\/uploads\/2024\/12\/Jorge-Nagore-015-1024x684-1.jpg\" data-vp-popup-img-srcset=\"https:\/\/www.arovite.com\/wp-content\/uploads\/2024\/12\/Jorge-Nagore-015-1024x684-1.jpg 1024w, https:\/\/www.arovite.com\/wp-content\/uploads\/2024\/12\/Jorge-Nagore-015-1024x684-1-300x200.jpg 300w, https:\/\/www.arovite.com\/wp-content\/uploads\/2024\/12\/Jorge-Nagore-015-1024x684-1-768x513.jpg 768w, https:\/\/www.arovite.com\/wp-content\/uploads\/2024\/12\/Jorge-Nagore-015-1024x684-1-500x334.jpg 500w, https:\/\/www.arovite.com\/wp-content\/uploads\/2024\/12\/Jorge-Nagore-015-1024x684-1-800x534.jpg 800w, https:\/\/www.arovite.com\/wp-content\/uploads\/2024\/12\/Jorge-Nagore-015-1024x684-1-100x68.jpg 100w, https:\/\/www.arovite.com\/wp-content\/uploads\/2024\/12\/Jorge-Nagore-015-1024x684-1-450x300.jpg 450w\" data-vp-popup-img-size=\"1024x684\" data-vp-popup-md-img=\"https:\/\/www.arovite.com\/wp-content\/uploads\/2024\/12\/Jorge-Nagore-015-1024x684-1-800x534.jpg\" data-vp-popup-md-img-size=\"800x534\" data-vp-popup-sm-img=\"https:\/\/www.arovite.com\/wp-content\/uploads\/2024\/12\/Jorge-Nagore-015-1024x684-1-500x334.jpg\" data-vp-popup-sm-img-size=\"500x334\">\n\t\t\t<h3 class=\"vp-portfolio__item-popup-title\">El f\u00e9retro del etarra Mikel Castillo es llevado a hombros rodeado de ikurri\u00f1as, Pamplona, septiembre 1990<\/h3>\n\t\t<\/template>\n\t\t\t\t\t\t<figure class=\"vp-portfolio__item\">\n\t\t\t\t\n<div class=\"vp-portfolio__item-img-wrap\">\n\t<div class=\"vp-portfolio__item-img\">\n\t\t\t<a\n\t\thref=\"https:\/\/www.arovite.com\/wp-content\/uploads\/2024\/12\/Jorge-Nagore-015-1024x684-1.jpg\"\n\t\t\t>\n\t\n\t\t<noscript><img loading=\"lazy\" decoding=\"async\" width=\"1024\" height=\"684\" data-skip-lazy src=\"https:\/\/www.arovite.com\/wp-content\/uploads\/2024\/12\/Jorge-Nagore-015-1024x684-1.jpg\" class=\"wp-image-21628\" alt=\"\" srcset=\"https:\/\/www.arovite.com\/wp-content\/uploads\/2024\/12\/Jorge-Nagore-015-1024x684-1.jpg 1024w, https:\/\/www.arovite.com\/wp-content\/uploads\/2024\/12\/Jorge-Nagore-015-1024x684-1-300x200.jpg 300w, https:\/\/www.arovite.com\/wp-content\/uploads\/2024\/12\/Jorge-Nagore-015-1024x684-1-768x513.jpg 768w, https:\/\/www.arovite.com\/wp-content\/uploads\/2024\/12\/Jorge-Nagore-015-1024x684-1-500x334.jpg 500w, https:\/\/www.arovite.com\/wp-content\/uploads\/2024\/12\/Jorge-Nagore-015-1024x684-1-800x534.jpg 800w, https:\/\/www.arovite.com\/wp-content\/uploads\/2024\/12\/Jorge-Nagore-015-1024x684-1-100x68.jpg 100w, https:\/\/www.arovite.com\/wp-content\/uploads\/2024\/12\/Jorge-Nagore-015-1024x684-1-450x300.jpg 450w\" sizes=\"auto, (max-width: 1024px) 100vw, 1024px\" \/><\/noscript><img decoding=\"async\" width=\"1024\" height=\"684\" src=\"https:\/\/www.arovite.com\/wp-content\/uploads\/2024\/12\/Jorge-Nagore-015-1024x684-1.jpg\" class=\"wp-image-21628 vp-lazyload\" alt srcset=\"data:image\/svg+xml;base64,PHN2ZyB3aWR0aD0iMTAyNCIgaGVpZ2h0PSI2ODQiIHZpZXdCb3g9IjAgMCAxMDI0IDY4NCIgZmlsbD0ibm9uZSIgeG1sbnM9Imh0dHA6Ly93d3cudzMub3JnLzIwMDAvc3ZnIj48L3N2Zz4=\" data-src=\"https:\/\/www.arovite.com\/wp-content\/uploads\/2024\/12\/Jorge-Nagore-015-1024x684-1.jpg\" data-srcset=\"https:\/\/www.arovite.com\/wp-content\/uploads\/2024\/12\/Jorge-Nagore-015-1024x684-1.jpg 1024w, https:\/\/www.arovite.com\/wp-content\/uploads\/2024\/12\/Jorge-Nagore-015-1024x684-1-300x200.jpg 300w, https:\/\/www.arovite.com\/wp-content\/uploads\/2024\/12\/Jorge-Nagore-015-1024x684-1-768x513.jpg 768w, https:\/\/www.arovite.com\/wp-content\/uploads\/2024\/12\/Jorge-Nagore-015-1024x684-1-500x334.jpg 500w, https:\/\/www.arovite.com\/wp-content\/uploads\/2024\/12\/Jorge-Nagore-015-1024x684-1-800x534.jpg 800w, https:\/\/www.arovite.com\/wp-content\/uploads\/2024\/12\/Jorge-Nagore-015-1024x684-1-100x68.jpg 100w, https:\/\/www.arovite.com\/wp-content\/uploads\/2024\/12\/Jorge-Nagore-015-1024x684-1-450x300.jpg 450w\" data-sizes=\"auto\" loading=\"eager\">\n\t\t<\/a>\t<\/div>\n<\/div>\n\t<figcaption class=\"vp-portfolio__item-overlay vp-portfolio__item-overlay-text-align-center\">\n\t\t<div class=\"vp-portfolio__item-meta-wrap vp-portfolio__custom-scrollbar\">\n\t\t\t\t<a\n\t\thref=\"https:\/\/www.arovite.com\/wp-content\/uploads\/2024\/12\/Jorge-Nagore-015-1024x684-1.jpg\"\n\t\ttabindex=\"-1\" class=\"vp-portfolio__item-meta\" \t>\n\t\n<h2 class=\"vp-portfolio__item-meta-title\">\n\tEl f\u00e9retro del etarra Mikel Castillo es llevado a hombros rodeado de ikurri\u00f1as, Pamplona, septiembre 1990<\/h2>\n<\/a>\t\t<\/div>\n\t<\/figcaption>\n\t\t\t<\/figure>\n\t\t\t\t\t<\/div>\n\t\t\n\t\t<div\t\tclass=\"vp-portfolio__item-wrap vp-portfolio__item-uid-f2900680\" data-vp-filter=\"\" \t\t>\n\t\t\t<template class=\"vp-portfolio__item-popup\" data-vp-popup-pid=\"Jorge-Nagore-016-1024x684-1\" data-vp-popup-pagination-page=\"1\" data-vp-popup-img=\"https:\/\/www.arovite.com\/wp-content\/uploads\/2024\/12\/Jorge-Nagore-016-1024x684-1.jpg\" data-vp-popup-img-srcset=\"https:\/\/www.arovite.com\/wp-content\/uploads\/2024\/12\/Jorge-Nagore-016-1024x684-1.jpg 1024w, https:\/\/www.arovite.com\/wp-content\/uploads\/2024\/12\/Jorge-Nagore-016-1024x684-1-300x200.jpg 300w, https:\/\/www.arovite.com\/wp-content\/uploads\/2024\/12\/Jorge-Nagore-016-1024x684-1-768x513.jpg 768w, https:\/\/www.arovite.com\/wp-content\/uploads\/2024\/12\/Jorge-Nagore-016-1024x684-1-500x334.jpg 500w, https:\/\/www.arovite.com\/wp-content\/uploads\/2024\/12\/Jorge-Nagore-016-1024x684-1-800x534.jpg 800w, https:\/\/www.arovite.com\/wp-content\/uploads\/2024\/12\/Jorge-Nagore-016-1024x684-1-100x68.jpg 100w, https:\/\/www.arovite.com\/wp-content\/uploads\/2024\/12\/Jorge-Nagore-016-1024x684-1-450x300.jpg 450w\" data-vp-popup-img-size=\"1024x684\" data-vp-popup-md-img=\"https:\/\/www.arovite.com\/wp-content\/uploads\/2024\/12\/Jorge-Nagore-016-1024x684-1-800x534.jpg\" data-vp-popup-md-img-size=\"800x534\" data-vp-popup-sm-img=\"https:\/\/www.arovite.com\/wp-content\/uploads\/2024\/12\/Jorge-Nagore-016-1024x684-1-500x334.jpg\" data-vp-popup-sm-img-size=\"500x334\">\n\t\t\t<h3 class=\"vp-portfolio__item-popup-title\">Ataque a una oficina del INEM, Pamplona, julio 1993<\/h3>\n\t\t<\/template>\n\t\t\t\t\t\t<figure class=\"vp-portfolio__item\">\n\t\t\t\t\n<div class=\"vp-portfolio__item-img-wrap\">\n\t<div class=\"vp-portfolio__item-img\">\n\t\t\t<a\n\t\thref=\"https:\/\/www.arovite.com\/wp-content\/uploads\/2024\/12\/Jorge-Nagore-016-1024x684-1.jpg\"\n\t\t\t>\n\t\n\t\t<noscript><img loading=\"lazy\" decoding=\"async\" width=\"1024\" height=\"684\" data-skip-lazy src=\"https:\/\/www.arovite.com\/wp-content\/uploads\/2024\/12\/Jorge-Nagore-016-1024x684-1.jpg\" class=\"wp-image-21625\" alt=\"\" srcset=\"https:\/\/www.arovite.com\/wp-content\/uploads\/2024\/12\/Jorge-Nagore-016-1024x684-1.jpg 1024w, https:\/\/www.arovite.com\/wp-content\/uploads\/2024\/12\/Jorge-Nagore-016-1024x684-1-300x200.jpg 300w, https:\/\/www.arovite.com\/wp-content\/uploads\/2024\/12\/Jorge-Nagore-016-1024x684-1-768x513.jpg 768w, https:\/\/www.arovite.com\/wp-content\/uploads\/2024\/12\/Jorge-Nagore-016-1024x684-1-500x334.jpg 500w, https:\/\/www.arovite.com\/wp-content\/uploads\/2024\/12\/Jorge-Nagore-016-1024x684-1-800x534.jpg 800w, https:\/\/www.arovite.com\/wp-content\/uploads\/2024\/12\/Jorge-Nagore-016-1024x684-1-100x68.jpg 100w, https:\/\/www.arovite.com\/wp-content\/uploads\/2024\/12\/Jorge-Nagore-016-1024x684-1-450x300.jpg 450w\" sizes=\"auto, (max-width: 1024px) 100vw, 1024px\" \/><\/noscript><img decoding=\"async\" width=\"1024\" height=\"684\" src=\"https:\/\/www.arovite.com\/wp-content\/uploads\/2024\/12\/Jorge-Nagore-016-1024x684-1.jpg\" class=\"wp-image-21625 vp-lazyload\" alt srcset=\"data:image\/svg+xml;base64,PHN2ZyB3aWR0aD0iMTAyNCIgaGVpZ2h0PSI2ODQiIHZpZXdCb3g9IjAgMCAxMDI0IDY4NCIgZmlsbD0ibm9uZSIgeG1sbnM9Imh0dHA6Ly93d3cudzMub3JnLzIwMDAvc3ZnIj48L3N2Zz4=\" data-src=\"https:\/\/www.arovite.com\/wp-content\/uploads\/2024\/12\/Jorge-Nagore-016-1024x684-1.jpg\" data-srcset=\"https:\/\/www.arovite.com\/wp-content\/uploads\/2024\/12\/Jorge-Nagore-016-1024x684-1.jpg 1024w, https:\/\/www.arovite.com\/wp-content\/uploads\/2024\/12\/Jorge-Nagore-016-1024x684-1-300x200.jpg 300w, https:\/\/www.arovite.com\/wp-content\/uploads\/2024\/12\/Jorge-Nagore-016-1024x684-1-768x513.jpg 768w, https:\/\/www.arovite.com\/wp-content\/uploads\/2024\/12\/Jorge-Nagore-016-1024x684-1-500x334.jpg 500w, https:\/\/www.arovite.com\/wp-content\/uploads\/2024\/12\/Jorge-Nagore-016-1024x684-1-800x534.jpg 800w, https:\/\/www.arovite.com\/wp-content\/uploads\/2024\/12\/Jorge-Nagore-016-1024x684-1-100x68.jpg 100w, https:\/\/www.arovite.com\/wp-content\/uploads\/2024\/12\/Jorge-Nagore-016-1024x684-1-450x300.jpg 450w\" data-sizes=\"auto\" loading=\"eager\">\n\t\t<\/a>\t<\/div>\n<\/div>\n\t<figcaption class=\"vp-portfolio__item-overlay vp-portfolio__item-overlay-text-align-center\">\n\t\t<div class=\"vp-portfolio__item-meta-wrap vp-portfolio__custom-scrollbar\">\n\t\t\t\t<a\n\t\thref=\"https:\/\/www.arovite.com\/wp-content\/uploads\/2024\/12\/Jorge-Nagore-016-1024x684-1.jpg\"\n\t\ttabindex=\"-1\" class=\"vp-portfolio__item-meta\" \t>\n\t\n<h2 class=\"vp-portfolio__item-meta-title\">\n\tAtaque a una oficina del INEM, Pamplona, julio 1993<\/h2>\n<\/a>\t\t<\/div>\n\t<\/figcaption>\n\t\t\t<\/figure>\n\t\t\t\t\t<\/div>\n\t\t\n\t\t<div\t\tclass=\"vp-portfolio__item-wrap vp-portfolio__item-uid-71f1a39b\" data-vp-filter=\"\" \t\t>\n\t\t\t<template class=\"vp-portfolio__item-popup\" data-vp-popup-pid=\"Jorge-Nagore-017-684x1024-1\" data-vp-popup-pagination-page=\"1\" data-vp-popup-img=\"https:\/\/www.arovite.com\/wp-content\/uploads\/2024\/12\/Jorge-Nagore-017-684x1024-1.jpg\" data-vp-popup-img-srcset=\"https:\/\/www.arovite.com\/wp-content\/uploads\/2024\/12\/Jorge-Nagore-017-684x1024-1.jpg 684w, https:\/\/www.arovite.com\/wp-content\/uploads\/2024\/12\/Jorge-Nagore-017-684x1024-1-200x300.jpg 200w, https:\/\/www.arovite.com\/wp-content\/uploads\/2024\/12\/Jorge-Nagore-017-684x1024-1-500x749.jpg 500w\" data-vp-popup-img-size=\"684x1024\" data-vp-popup-md-img=\"https:\/\/www.arovite.com\/wp-content\/uploads\/2024\/12\/Jorge-Nagore-017-684x1024-1.jpg\" data-vp-popup-md-img-size=\"684x1024\" data-vp-popup-sm-img=\"https:\/\/www.arovite.com\/wp-content\/uploads\/2024\/12\/Jorge-Nagore-017-684x1024-1-500x749.jpg\" data-vp-popup-sm-img-size=\"500x749\">\n\t\t\t<h3 class=\"vp-portfolio__item-popup-title\">Un gran lazo azul sostenido por globos y creado por Gesto por la Paz, sobrevol\u00f3 la plaza del Castillo durante las manifestaciones por la libertad de Miguel \u00c1ngel Blanco en plenos Sanfermines, Pamplona, julio 1997<\/h3>\n\t\t<\/template>\n\t\t\t\t\t\t<figure class=\"vp-portfolio__item\">\n\t\t\t\t\n<div class=\"vp-portfolio__item-img-wrap\">\n\t<div class=\"vp-portfolio__item-img\">\n\t\t\t<a\n\t\thref=\"https:\/\/www.arovite.com\/wp-content\/uploads\/2024\/12\/Jorge-Nagore-017-684x1024-1.jpg\"\n\t\t\t>\n\t\n\t\t<noscript><img loading=\"lazy\" decoding=\"async\" width=\"684\" height=\"1024\" data-skip-lazy src=\"https:\/\/www.arovite.com\/wp-content\/uploads\/2024\/12\/Jorge-Nagore-017-684x1024-1.jpg\" class=\"wp-image-21622\" alt=\"\" srcset=\"https:\/\/www.arovite.com\/wp-content\/uploads\/2024\/12\/Jorge-Nagore-017-684x1024-1.jpg 684w, https:\/\/www.arovite.com\/wp-content\/uploads\/2024\/12\/Jorge-Nagore-017-684x1024-1-200x300.jpg 200w, https:\/\/www.arovite.com\/wp-content\/uploads\/2024\/12\/Jorge-Nagore-017-684x1024-1-500x749.jpg 500w\" sizes=\"auto, (max-width: 684px) 100vw, 684px\" \/><\/noscript><img decoding=\"async\" width=\"684\" height=\"1024\" src=\"https:\/\/www.arovite.com\/wp-content\/uploads\/2024\/12\/Jorge-Nagore-017-684x1024-1.jpg\" class=\"wp-image-21622 vp-lazyload\" alt srcset=\"data:image\/svg+xml;base64,PHN2ZyB3aWR0aD0iNjg0IiBoZWlnaHQ9IjEwMjQiIHZpZXdCb3g9IjAgMCA2ODQgMTAyNCIgZmlsbD0ibm9uZSIgeG1sbnM9Imh0dHA6Ly93d3cudzMub3JnLzIwMDAvc3ZnIj48L3N2Zz4=\" data-src=\"https:\/\/www.arovite.com\/wp-content\/uploads\/2024\/12\/Jorge-Nagore-017-684x1024-1.jpg\" data-srcset=\"https:\/\/www.arovite.com\/wp-content\/uploads\/2024\/12\/Jorge-Nagore-017-684x1024-1.jpg 684w, https:\/\/www.arovite.com\/wp-content\/uploads\/2024\/12\/Jorge-Nagore-017-684x1024-1-200x300.jpg 200w, https:\/\/www.arovite.com\/wp-content\/uploads\/2024\/12\/Jorge-Nagore-017-684x1024-1-500x749.jpg 500w\" data-sizes=\"auto\" loading=\"eager\">\n\t\t<\/a>\t<\/div>\n<\/div>\n\t<figcaption class=\"vp-portfolio__item-overlay vp-portfolio__item-overlay-text-align-center\">\n\t\t<div class=\"vp-portfolio__item-meta-wrap vp-portfolio__custom-scrollbar\">\n\t\t\t\t<a\n\t\thref=\"https:\/\/www.arovite.com\/wp-content\/uploads\/2024\/12\/Jorge-Nagore-017-684x1024-1.jpg\"\n\t\ttabindex=\"-1\" class=\"vp-portfolio__item-meta\" \t>\n\t\n<h2 class=\"vp-portfolio__item-meta-title\">\n\tUn gran lazo azul sostenido por globos y creado por Gesto por la Paz, sobrevol\u00f3 la plaza del Castillo durante las manifestaciones por la libertad de Miguel \u00c1ngel Blanco en plenos Sanfermines, Pamplona, julio 1997<\/h2>\n<\/a>\t\t<\/div>\n\t<\/figcaption>\n\t\t\t<\/figure>\n\t\t\t\t\t<\/div>\n\t\t\n\t\t<div\t\tclass=\"vp-portfolio__item-wrap vp-portfolio__item-uid-0652fa75\" data-vp-filter=\"\" \t\t>\n\t\t\t<template class=\"vp-portfolio__item-popup\" data-vp-popup-pid=\"Jorge-Nagore-018-1024x684-1\" data-vp-popup-pagination-page=\"1\" data-vp-popup-img=\"https:\/\/www.arovite.com\/wp-content\/uploads\/2024\/12\/Jorge-Nagore-018-1024x684-1.jpg\" data-vp-popup-img-srcset=\"https:\/\/www.arovite.com\/wp-content\/uploads\/2024\/12\/Jorge-Nagore-018-1024x684-1.jpg 1024w, https:\/\/www.arovite.com\/wp-content\/uploads\/2024\/12\/Jorge-Nagore-018-1024x684-1-300x200.jpg 300w, https:\/\/www.arovite.com\/wp-content\/uploads\/2024\/12\/Jorge-Nagore-018-1024x684-1-768x513.jpg 768w, https:\/\/www.arovite.com\/wp-content\/uploads\/2024\/12\/Jorge-Nagore-018-1024x684-1-500x334.jpg 500w, https:\/\/www.arovite.com\/wp-content\/uploads\/2024\/12\/Jorge-Nagore-018-1024x684-1-800x534.jpg 800w, https:\/\/www.arovite.com\/wp-content\/uploads\/2024\/12\/Jorge-Nagore-018-1024x684-1-100x68.jpg 100w, https:\/\/www.arovite.com\/wp-content\/uploads\/2024\/12\/Jorge-Nagore-018-1024x684-1-450x300.jpg 450w\" data-vp-popup-img-size=\"1024x684\" data-vp-popup-md-img=\"https:\/\/www.arovite.com\/wp-content\/uploads\/2024\/12\/Jorge-Nagore-018-1024x684-1-800x534.jpg\" data-vp-popup-md-img-size=\"800x534\" data-vp-popup-sm-img=\"https:\/\/www.arovite.com\/wp-content\/uploads\/2024\/12\/Jorge-Nagore-018-1024x684-1-500x334.jpg\" data-vp-popup-sm-img-size=\"500x334\">\n\t\t\t<h3 class=\"vp-portfolio__item-popup-title\">Escenario del atentado contra la Guardia Civil que acab\u00f3 con la vida del cabo Juan Carlos Beiro a consecuencia de una pancarta bomba que ETA coloc\u00f3 en la frontera entre Navarra y Gipuzkoa. En ella se pod\u00eda leer \u201cGuardia Civil, jota bertan hil\u201d (\u201cGuardia Civil, m\u00e1talo aqu\u00ed\u201d), Leitza, septiembre 2002<\/h3>\n\t\t<\/template>\n\t\t\t\t\t\t<figure class=\"vp-portfolio__item\">\n\t\t\t\t\n<div class=\"vp-portfolio__item-img-wrap\">\n\t<div class=\"vp-portfolio__item-img\">\n\t\t\t<a\n\t\thref=\"https:\/\/www.arovite.com\/wp-content\/uploads\/2024\/12\/Jorge-Nagore-018-1024x684-1.jpg\"\n\t\t\t>\n\t\n\t\t<noscript><img loading=\"lazy\" decoding=\"async\" width=\"1024\" height=\"684\" data-skip-lazy src=\"https:\/\/www.arovite.com\/wp-content\/uploads\/2024\/12\/Jorge-Nagore-018-1024x684-1.jpg\" class=\"wp-image-21619\" alt=\"\" srcset=\"https:\/\/www.arovite.com\/wp-content\/uploads\/2024\/12\/Jorge-Nagore-018-1024x684-1.jpg 1024w, https:\/\/www.arovite.com\/wp-content\/uploads\/2024\/12\/Jorge-Nagore-018-1024x684-1-300x200.jpg 300w, https:\/\/www.arovite.com\/wp-content\/uploads\/2024\/12\/Jorge-Nagore-018-1024x684-1-768x513.jpg 768w, https:\/\/www.arovite.com\/wp-content\/uploads\/2024\/12\/Jorge-Nagore-018-1024x684-1-500x334.jpg 500w, https:\/\/www.arovite.com\/wp-content\/uploads\/2024\/12\/Jorge-Nagore-018-1024x684-1-800x534.jpg 800w, https:\/\/www.arovite.com\/wp-content\/uploads\/2024\/12\/Jorge-Nagore-018-1024x684-1-100x68.jpg 100w, https:\/\/www.arovite.com\/wp-content\/uploads\/2024\/12\/Jorge-Nagore-018-1024x684-1-450x300.jpg 450w\" sizes=\"auto, (max-width: 1024px) 100vw, 1024px\" \/><\/noscript><img decoding=\"async\" width=\"1024\" height=\"684\" src=\"https:\/\/www.arovite.com\/wp-content\/uploads\/2024\/12\/Jorge-Nagore-018-1024x684-1.jpg\" class=\"wp-image-21619 vp-lazyload\" alt srcset=\"data:image\/svg+xml;base64,PHN2ZyB3aWR0aD0iMTAyNCIgaGVpZ2h0PSI2ODQiIHZpZXdCb3g9IjAgMCAxMDI0IDY4NCIgZmlsbD0ibm9uZSIgeG1sbnM9Imh0dHA6Ly93d3cudzMub3JnLzIwMDAvc3ZnIj48L3N2Zz4=\" data-src=\"https:\/\/www.arovite.com\/wp-content\/uploads\/2024\/12\/Jorge-Nagore-018-1024x684-1.jpg\" data-srcset=\"https:\/\/www.arovite.com\/wp-content\/uploads\/2024\/12\/Jorge-Nagore-018-1024x684-1.jpg 1024w, https:\/\/www.arovite.com\/wp-content\/uploads\/2024\/12\/Jorge-Nagore-018-1024x684-1-300x200.jpg 300w, https:\/\/www.arovite.com\/wp-content\/uploads\/2024\/12\/Jorge-Nagore-018-1024x684-1-768x513.jpg 768w, https:\/\/www.arovite.com\/wp-content\/uploads\/2024\/12\/Jorge-Nagore-018-1024x684-1-500x334.jpg 500w, https:\/\/www.arovite.com\/wp-content\/uploads\/2024\/12\/Jorge-Nagore-018-1024x684-1-800x534.jpg 800w, https:\/\/www.arovite.com\/wp-content\/uploads\/2024\/12\/Jorge-Nagore-018-1024x684-1-100x68.jpg 100w, https:\/\/www.arovite.com\/wp-content\/uploads\/2024\/12\/Jorge-Nagore-018-1024x684-1-450x300.jpg 450w\" data-sizes=\"auto\" loading=\"eager\">\n\t\t<\/a>\t<\/div>\n<\/div>\n\t<figcaption class=\"vp-portfolio__item-overlay vp-portfolio__item-overlay-text-align-center\">\n\t\t<div class=\"vp-portfolio__item-meta-wrap vp-portfolio__custom-scrollbar\">\n\t\t\t\t<a\n\t\thref=\"https:\/\/www.arovite.com\/wp-content\/uploads\/2024\/12\/Jorge-Nagore-018-1024x684-1.jpg\"\n\t\ttabindex=\"-1\" class=\"vp-portfolio__item-meta\" \t>\n\t\n<h2 class=\"vp-portfolio__item-meta-title\">\n\tEscenario del atentado contra la Guardia Civil que acab\u00f3 con la vida del cabo Juan Carlos Beiro a consecuencia de una pancarta bomba que ETA coloc\u00f3 en la frontera entre Navarra y Gipuzkoa. En ella se pod\u00eda leer \u201cGuardia Civil, jota bertan hil\u201d (\u201cGuardia Civil, m\u00e1talo aqu\u00ed\u201d), Leitza, septiembre 2002<\/h2>\n<\/a>\t\t<\/div>\n\t<\/figcaption>\n\t\t\t<\/figure>\n\t\t\t\t\t<\/div>\n\t\t\n\t\t<div\t\tclass=\"vp-portfolio__item-wrap vp-portfolio__item-uid-1079954a\" data-vp-filter=\"\" \t\t>\n\t\t\t<template class=\"vp-portfolio__item-popup\" data-vp-popup-pid=\"Jorge-Nagore-019-1024x684-1\" data-vp-popup-pagination-page=\"1\" data-vp-popup-img=\"https:\/\/www.arovite.com\/wp-content\/uploads\/2024\/12\/Jorge-Nagore-019-1024x684-1.jpg\" data-vp-popup-img-srcset=\"https:\/\/www.arovite.com\/wp-content\/uploads\/2024\/12\/Jorge-Nagore-019-1024x684-1.jpg 1024w, https:\/\/www.arovite.com\/wp-content\/uploads\/2024\/12\/Jorge-Nagore-019-1024x684-1-300x200.jpg 300w, https:\/\/www.arovite.com\/wp-content\/uploads\/2024\/12\/Jorge-Nagore-019-1024x684-1-768x513.jpg 768w, https:\/\/www.arovite.com\/wp-content\/uploads\/2024\/12\/Jorge-Nagore-019-1024x684-1-500x334.jpg 500w, https:\/\/www.arovite.com\/wp-content\/uploads\/2024\/12\/Jorge-Nagore-019-1024x684-1-800x534.jpg 800w, https:\/\/www.arovite.com\/wp-content\/uploads\/2024\/12\/Jorge-Nagore-019-1024x684-1-100x68.jpg 100w, https:\/\/www.arovite.com\/wp-content\/uploads\/2024\/12\/Jorge-Nagore-019-1024x684-1-450x300.jpg 450w\" data-vp-popup-img-size=\"1024x684\" data-vp-popup-md-img=\"https:\/\/www.arovite.com\/wp-content\/uploads\/2024\/12\/Jorge-Nagore-019-1024x684-1-800x534.jpg\" data-vp-popup-md-img-size=\"800x534\" data-vp-popup-sm-img=\"https:\/\/www.arovite.com\/wp-content\/uploads\/2024\/12\/Jorge-Nagore-019-1024x684-1-500x334.jpg\" data-vp-popup-sm-img-size=\"500x334\">\n\t\t\t<h3 class=\"vp-portfolio__item-popup-title\">Tras el atentado de ETA que acab\u00f3 con la vida de los agentes Juli\u00e1n Embid y Bonifacio Mart\u00edn e hiri\u00f3 a Ram\u00f3n Rodr\u00edguez, todos ellos miembros de la unidad m\u00f3vil encargada de la expedici\u00f3n del DNI en las zonas rurales de Navarra, algunos vecinos se acercaron de forma espont\u00e1nea a la plaza de Santo Domingo y dejaron flores y velas en el lugar de la explosi\u00f3n, Sang\u00fcesa, mayo 2003<\/h3>\n\t\t<\/template>\n\t\t\t\t\t\t<figure class=\"vp-portfolio__item\">\n\t\t\t\t\n<div class=\"vp-portfolio__item-img-wrap\">\n\t<div class=\"vp-portfolio__item-img\">\n\t\t\t<a\n\t\thref=\"https:\/\/www.arovite.com\/wp-content\/uploads\/2024\/12\/Jorge-Nagore-019-1024x684-1.jpg\"\n\t\t\t>\n\t\n\t\t<noscript><img loading=\"lazy\" decoding=\"async\" width=\"1024\" height=\"684\" data-skip-lazy src=\"https:\/\/www.arovite.com\/wp-content\/uploads\/2024\/12\/Jorge-Nagore-019-1024x684-1.jpg\" class=\"wp-image-21616\" alt=\"\" srcset=\"https:\/\/www.arovite.com\/wp-content\/uploads\/2024\/12\/Jorge-Nagore-019-1024x684-1.jpg 1024w, https:\/\/www.arovite.com\/wp-content\/uploads\/2024\/12\/Jorge-Nagore-019-1024x684-1-300x200.jpg 300w, https:\/\/www.arovite.com\/wp-content\/uploads\/2024\/12\/Jorge-Nagore-019-1024x684-1-768x513.jpg 768w, https:\/\/www.arovite.com\/wp-content\/uploads\/2024\/12\/Jorge-Nagore-019-1024x684-1-500x334.jpg 500w, https:\/\/www.arovite.com\/wp-content\/uploads\/2024\/12\/Jorge-Nagore-019-1024x684-1-800x534.jpg 800w, https:\/\/www.arovite.com\/wp-content\/uploads\/2024\/12\/Jorge-Nagore-019-1024x684-1-100x68.jpg 100w, https:\/\/www.arovite.com\/wp-content\/uploads\/2024\/12\/Jorge-Nagore-019-1024x684-1-450x300.jpg 450w\" sizes=\"auto, (max-width: 1024px) 100vw, 1024px\" \/><\/noscript><img decoding=\"async\" width=\"1024\" height=\"684\" src=\"https:\/\/www.arovite.com\/wp-content\/uploads\/2024\/12\/Jorge-Nagore-019-1024x684-1.jpg\" class=\"wp-image-21616 vp-lazyload\" alt srcset=\"data:image\/svg+xml;base64,PHN2ZyB3aWR0aD0iMTAyNCIgaGVpZ2h0PSI2ODQiIHZpZXdCb3g9IjAgMCAxMDI0IDY4NCIgZmlsbD0ibm9uZSIgeG1sbnM9Imh0dHA6Ly93d3cudzMub3JnLzIwMDAvc3ZnIj48L3N2Zz4=\" data-src=\"https:\/\/www.arovite.com\/wp-content\/uploads\/2024\/12\/Jorge-Nagore-019-1024x684-1.jpg\" data-srcset=\"https:\/\/www.arovite.com\/wp-content\/uploads\/2024\/12\/Jorge-Nagore-019-1024x684-1.jpg 1024w, https:\/\/www.arovite.com\/wp-content\/uploads\/2024\/12\/Jorge-Nagore-019-1024x684-1-300x200.jpg 300w, https:\/\/www.arovite.com\/wp-content\/uploads\/2024\/12\/Jorge-Nagore-019-1024x684-1-768x513.jpg 768w, https:\/\/www.arovite.com\/wp-content\/uploads\/2024\/12\/Jorge-Nagore-019-1024x684-1-500x334.jpg 500w, https:\/\/www.arovite.com\/wp-content\/uploads\/2024\/12\/Jorge-Nagore-019-1024x684-1-800x534.jpg 800w, https:\/\/www.arovite.com\/wp-content\/uploads\/2024\/12\/Jorge-Nagore-019-1024x684-1-100x68.jpg 100w, https:\/\/www.arovite.com\/wp-content\/uploads\/2024\/12\/Jorge-Nagore-019-1024x684-1-450x300.jpg 450w\" data-sizes=\"auto\" loading=\"eager\">\n\t\t<\/a>\t<\/div>\n<\/div>\n\t<figcaption class=\"vp-portfolio__item-overlay vp-portfolio__item-overlay-text-align-center\">\n\t\t<div class=\"vp-portfolio__item-meta-wrap vp-portfolio__custom-scrollbar\">\n\t\t\t\t<a\n\t\thref=\"https:\/\/www.arovite.com\/wp-content\/uploads\/2024\/12\/Jorge-Nagore-019-1024x684-1.jpg\"\n\t\ttabindex=\"-1\" class=\"vp-portfolio__item-meta\" \t>\n\t\n<h2 class=\"vp-portfolio__item-meta-title\">\n\tTras el atentado de ETA que acab\u00f3 con la vida de los agentes Juli\u00e1n Embid y Bonifacio Mart\u00edn e hiri\u00f3 a Ram\u00f3n Rodr\u00edguez, todos ellos miembros de la unidad m\u00f3vil encargada de la expedici\u00f3n del DNI en las zonas rurales de Navarra, algunos vecinos se acercaron de forma espont\u00e1nea a la plaza de Santo Domingo y dejaron flores y velas en el lugar de la explosi\u00f3n, Sang\u00fcesa, mayo 2003<\/h2>\n<\/a>\t\t<\/div>\n\t<\/figcaption>\n\t\t\t<\/figure>\n\t\t\t\t\t<\/div>\n\t\t\n\t\t<div\t\tclass=\"vp-portfolio__item-wrap vp-portfolio__item-uid-ab4fb260\" data-vp-filter=\"\" \t\t>\n\t\t\t<template class=\"vp-portfolio__item-popup\" data-vp-popup-pid=\"Jorge-Nagore-020-1024x684-1\" data-vp-popup-pagination-page=\"1\" data-vp-popup-img=\"https:\/\/www.arovite.com\/wp-content\/uploads\/2024\/12\/Jorge-Nagore-020-1024x684-1.jpg\" data-vp-popup-img-srcset=\"https:\/\/www.arovite.com\/wp-content\/uploads\/2024\/12\/Jorge-Nagore-020-1024x684-1.jpg 1024w, https:\/\/www.arovite.com\/wp-content\/uploads\/2024\/12\/Jorge-Nagore-020-1024x684-1-300x200.jpg 300w, https:\/\/www.arovite.com\/wp-content\/uploads\/2024\/12\/Jorge-Nagore-020-1024x684-1-768x513.jpg 768w, https:\/\/www.arovite.com\/wp-content\/uploads\/2024\/12\/Jorge-Nagore-020-1024x684-1-500x334.jpg 500w, https:\/\/www.arovite.com\/wp-content\/uploads\/2024\/12\/Jorge-Nagore-020-1024x684-1-800x534.jpg 800w, https:\/\/www.arovite.com\/wp-content\/uploads\/2024\/12\/Jorge-Nagore-020-1024x684-1-100x68.jpg 100w, https:\/\/www.arovite.com\/wp-content\/uploads\/2024\/12\/Jorge-Nagore-020-1024x684-1-450x300.jpg 450w\" data-vp-popup-img-size=\"1024x684\" data-vp-popup-md-img=\"https:\/\/www.arovite.com\/wp-content\/uploads\/2024\/12\/Jorge-Nagore-020-1024x684-1-800x534.jpg\" data-vp-popup-md-img-size=\"800x534\" data-vp-popup-sm-img=\"https:\/\/www.arovite.com\/wp-content\/uploads\/2024\/12\/Jorge-Nagore-020-1024x684-1-500x334.jpg\" data-vp-popup-sm-img-size=\"500x334\">\n\t\t\t<h3 class=\"vp-portfolio__item-popup-title\">C\u00f3cteles molotov, artefactos explosivos y temporizadores incautados por la Pol\u00edcia a lo largo del tiempo<\/h3>\n\t\t<\/template>\n\t\t\t\t\t\t<figure class=\"vp-portfolio__item\">\n\t\t\t\t\n<div class=\"vp-portfolio__item-img-wrap\">\n\t<div class=\"vp-portfolio__item-img\">\n\t\t\t<a\n\t\thref=\"https:\/\/www.arovite.com\/wp-content\/uploads\/2024\/12\/Jorge-Nagore-020-1024x684-1.jpg\"\n\t\t\t>\n\t\n\t\t<noscript><img loading=\"lazy\" decoding=\"async\" width=\"1024\" height=\"684\" data-skip-lazy src=\"https:\/\/www.arovite.com\/wp-content\/uploads\/2024\/12\/Jorge-Nagore-020-1024x684-1.jpg\" class=\"wp-image-21613\" alt=\"\" srcset=\"https:\/\/www.arovite.com\/wp-content\/uploads\/2024\/12\/Jorge-Nagore-020-1024x684-1.jpg 1024w, https:\/\/www.arovite.com\/wp-content\/uploads\/2024\/12\/Jorge-Nagore-020-1024x684-1-300x200.jpg 300w, https:\/\/www.arovite.com\/wp-content\/uploads\/2024\/12\/Jorge-Nagore-020-1024x684-1-768x513.jpg 768w, https:\/\/www.arovite.com\/wp-content\/uploads\/2024\/12\/Jorge-Nagore-020-1024x684-1-500x334.jpg 500w, https:\/\/www.arovite.com\/wp-content\/uploads\/2024\/12\/Jorge-Nagore-020-1024x684-1-800x534.jpg 800w, https:\/\/www.arovite.com\/wp-content\/uploads\/2024\/12\/Jorge-Nagore-020-1024x684-1-100x68.jpg 100w, https:\/\/www.arovite.com\/wp-content\/uploads\/2024\/12\/Jorge-Nagore-020-1024x684-1-450x300.jpg 450w\" sizes=\"auto, (max-width: 1024px) 100vw, 1024px\" \/><\/noscript><img decoding=\"async\" width=\"1024\" height=\"684\" src=\"https:\/\/www.arovite.com\/wp-content\/uploads\/2024\/12\/Jorge-Nagore-020-1024x684-1.jpg\" class=\"wp-image-21613 vp-lazyload\" alt srcset=\"data:image\/svg+xml;base64,PHN2ZyB3aWR0aD0iMTAyNCIgaGVpZ2h0PSI2ODQiIHZpZXdCb3g9IjAgMCAxMDI0IDY4NCIgZmlsbD0ibm9uZSIgeG1sbnM9Imh0dHA6Ly93d3cudzMub3JnLzIwMDAvc3ZnIj48L3N2Zz4=\" data-src=\"https:\/\/www.arovite.com\/wp-content\/uploads\/2024\/12\/Jorge-Nagore-020-1024x684-1.jpg\" data-srcset=\"https:\/\/www.arovite.com\/wp-content\/uploads\/2024\/12\/Jorge-Nagore-020-1024x684-1.jpg 1024w, https:\/\/www.arovite.com\/wp-content\/uploads\/2024\/12\/Jorge-Nagore-020-1024x684-1-300x200.jpg 300w, https:\/\/www.arovite.com\/wp-content\/uploads\/2024\/12\/Jorge-Nagore-020-1024x684-1-768x513.jpg 768w, https:\/\/www.arovite.com\/wp-content\/uploads\/2024\/12\/Jorge-Nagore-020-1024x684-1-500x334.jpg 500w, https:\/\/www.arovite.com\/wp-content\/uploads\/2024\/12\/Jorge-Nagore-020-1024x684-1-800x534.jpg 800w, https:\/\/www.arovite.com\/wp-content\/uploads\/2024\/12\/Jorge-Nagore-020-1024x684-1-100x68.jpg 100w, https:\/\/www.arovite.com\/wp-content\/uploads\/2024\/12\/Jorge-Nagore-020-1024x684-1-450x300.jpg 450w\" data-sizes=\"auto\" loading=\"eager\">\n\t\t<\/a>\t<\/div>\n<\/div>\n\t<figcaption class=\"vp-portfolio__item-overlay vp-portfolio__item-overlay-text-align-center\">\n\t\t<div class=\"vp-portfolio__item-meta-wrap vp-portfolio__custom-scrollbar\">\n\t\t\t\t<a\n\t\thref=\"https:\/\/www.arovite.com\/wp-content\/uploads\/2024\/12\/Jorge-Nagore-020-1024x684-1.jpg\"\n\t\ttabindex=\"-1\" class=\"vp-portfolio__item-meta\" \t>\n\t\n<h2 class=\"vp-portfolio__item-meta-title\">\n\tC\u00f3cteles molotov, artefactos explosivos y temporizadores incautados por la Pol\u00edcia a lo largo del tiempo<\/h2>\n<\/a>\t\t<\/div>\n\t<\/figcaption>\n\t\t\t<\/figure>\n\t\t\t\t\t<\/div>\n\t\t\n<\/div>\n\t\t<\/div>\n\t\t\n<\/div>\n[\/vc_column][\/vc_row]<\/p>\n<\/div>","protected":false},"excerpt":{"rendered":"<p>[vc_row][vc_column][vc_column_text] 1953an jaio zen Iru\u00f1ean. 1977an Kazetaritzan lizentziatu zen, eta hogeita hamabost urtez (1977-2012) prentsa-argazkigintzan aritu da. Lehenik eta behin, Deia egunkarian lan egin zuen, bere sorreratik bertatik, eta gero&hellip;<\/p>\n","protected":false},"author":2,"featured_media":0,"parent":2757,"menu_order":0,"comment_status":"closed","ping_status":"closed","template":"","meta":{"om_disable_all_campaigns":false,"_monsterinsights_skip_tracking":false,"_monsterinsights_sitenote_active":false,"_monsterinsights_sitenote_note":"","_monsterinsights_sitenote_category":0,"_uf_show_specific_survey":0,"_uf_disable_surveys":false,"_vp_format_video_url":"","_vp_image_focal_point":[],"_vp_custom_popup_image":0,"_vp_format_audio_url":"","_vp_custom_thumbnail":0,"_vp_custom_thumbnail_focal_point":[],"_vp_hover_thumbnail":0,"_vp_hover_thumbnail_focal_point":[],"footnotes":""},"class_list":["post-23413","page","type-page","status-publish","hentry"],"aioseo_notices":[],"_links":{"self":[{"href":"https:\/\/www.arovite.com\/eu\/wp-json\/wp\/v2\/pages\/23413","targetHints":{"allow":["GET"]}}],"collection":[{"href":"https:\/\/www.arovite.com\/eu\/wp-json\/wp\/v2\/pages"}],"about":[{"href":"https:\/\/www.arovite.com\/eu\/wp-json\/wp\/v2\/types\/page"}],"author":[{"embeddable":true,"href":"https:\/\/www.arovite.com\/eu\/wp-json\/wp\/v2\/users\/2"}],"replies":[{"embeddable":true,"href":"https:\/\/www.arovite.com\/eu\/wp-json\/wp\/v2\/comments?post=23413"}],"version-history":[{"count":3,"href":"https:\/\/www.arovite.com\/eu\/wp-json\/wp\/v2\/pages\/23413\/revisions"}],"predecessor-version":[{"id":23421,"href":"https:\/\/www.arovite.com\/eu\/wp-json\/wp\/v2\/pages\/23413\/revisions\/23421"}],"up":[{"embeddable":true,"href":"https:\/\/www.arovite.com\/eu\/wp-json\/wp\/v2\/pages\/2757"}],"wp:attachment":[{"href":"https:\/\/www.arovite.com\/eu\/wp-json\/wp\/v2\/media?parent=23413"}],"curies":[{"name":"wp","href":"https:\/\/api.w.org\/{rel}","templated":true}]}}