{"id":23298,"date":"2025-03-11T09:33:21","date_gmt":"2025-03-11T09:33:21","guid":{"rendered":"https:\/\/www.arovite.com\/?page_id=23298"},"modified":"2025-03-11T09:33:33","modified_gmt":"2025-03-11T09:33:33","slug":"etaren-historia","status":"publish","type":"page","link":"https:\/\/www.arovite.com\/eu\/datu-baseak\/irakurketa-iradokizunak\/etaren-historia\/","title":{"rendered":"ETAren historia"},"content":{"rendered":"<div class=\"wpb-content-wrapper\"><p>[vc_row][vc_column]\n<div class=\"vp-portfolio vp-uid-a62724c6 vp-id-23292  \"\n\tdata-vp-layout=\"grid\" data-vp-content-source=\"post-based\" data-vp-items-style=\"default\" data-vp-items-click-action=\"url\" data-vp-items-gap=\"30\" data-vp-items-gap-vertical=\"\" data-vp-pagination=\"load-more\" data-vp-next-page-url=\"\" data-vp-grid-columns=\"3\" data-vp-grid-images-aspect-ratio=\"4:4\" data-vp-grid-items-vertical-align=\"top\" >\n\t<div class=\"vp-portfolio__preloader-wrap\">\n\t\t<div class=\"vp-portfolio__preloader\">\n\t\t\t<img decoding=\"async\" loading=\"eager\" src=\"https:\/\/www.arovite.com\/wp-content\/plugins\/visual-portfolio-pro\/core-plugin\/assets\/images\/logo-dark.svg\" alt=\"Visual Portfolio, Posts &amp; Image Gallery for WordPress\" width=\"20\" height=\"20\" data-skip-lazy>\n\t\t<\/div>\n\t<\/div>\n\t\t<div class=\"vp-portfolio__items-wrap\">\n\t\t\t\n<div class=\"vp-portfolio__items vp-portfolio__items-style-default vp-portfolio__items-show-overlay-hover\">\n\n\t\t<article\t\tclass=\"vp-portfolio__item-wrap post-25026 portfolio type-portfolio status-publish format-standard has-post-thumbnail hentry portfolio_category-etaren-historia vp-portfolio__item-uid-0d661035\" data-vp-filter=\"etaren-historia\" \t\t>\n\t\t\t\t\t\t\t\t\t<figure class=\"vp-portfolio__item\">\n\t\t\t\t\n<div class=\"vp-portfolio__item-img-wrap\">\n\t<div class=\"vp-portfolio__item-img\">\n\t\t\t<a\n\t\thref=\"https:\/\/www.arovite.com\/eu\/portfolio\/etaren-historia\/el-huevo-de-la-serpiente-el-nido-de-eta-en-madrid\/\"\n\t\t\t>\n\t\n\t\t<noscript><img loading=\"lazy\" decoding=\"async\" width=\"1500\" height=\"1000\" data-skip-lazy src=\"https:\/\/www.arovite.com\/wp-content\/uploads\/2026\/01\/El-huevo-de-la-serpiente2.jpg\" class=\"wp-image-24999\" alt=\"\" srcset=\"https:\/\/www.arovite.com\/wp-content\/uploads\/2026\/01\/El-huevo-de-la-serpiente2.jpg 1500w, https:\/\/www.arovite.com\/wp-content\/uploads\/2026\/01\/El-huevo-de-la-serpiente2-300x200.jpg 300w, https:\/\/www.arovite.com\/wp-content\/uploads\/2026\/01\/El-huevo-de-la-serpiente2-1024x683.jpg 1024w, https:\/\/www.arovite.com\/wp-content\/uploads\/2026\/01\/El-huevo-de-la-serpiente2-768x512.jpg 768w, https:\/\/www.arovite.com\/wp-content\/uploads\/2026\/01\/El-huevo-de-la-serpiente2-500x333.jpg 500w, https:\/\/www.arovite.com\/wp-content\/uploads\/2026\/01\/El-huevo-de-la-serpiente2-800x533.jpg 800w, https:\/\/www.arovite.com\/wp-content\/uploads\/2026\/01\/El-huevo-de-la-serpiente2-1280x853.jpg 1280w, https:\/\/www.arovite.com\/wp-content\/uploads\/2026\/01\/El-huevo-de-la-serpiente2-100x68.jpg 100w, https:\/\/www.arovite.com\/wp-content\/uploads\/2026\/01\/El-huevo-de-la-serpiente2-450x300.jpg 450w\" sizes=\"auto, (max-width: 1500px) 100vw, 1500px\" \/><\/noscript><img fetchpriority=\"high\" decoding=\"async\" width=\"1500\" height=\"1000\" src=\"https:\/\/www.arovite.com\/wp-content\/uploads\/2026\/01\/El-huevo-de-la-serpiente2.jpg\" class=\"wp-image-24999 vp-lazyload\" alt srcset=\"data:image\/svg+xml;base64,PHN2ZyB3aWR0aD0iMTUwMCIgaGVpZ2h0PSIxMDAwIiB2aWV3Qm94PSIwIDAgMTUwMCAxMDAwIiBmaWxsPSJub25lIiB4bWxucz0iaHR0cDovL3d3dy53My5vcmcvMjAwMC9zdmciPjwvc3ZnPg==\" data-src=\"https:\/\/www.arovite.com\/wp-content\/uploads\/2026\/01\/El-huevo-de-la-serpiente2.jpg\" data-srcset=\"https:\/\/www.arovite.com\/wp-content\/uploads\/2026\/01\/El-huevo-de-la-serpiente2.jpg 1500w, https:\/\/www.arovite.com\/wp-content\/uploads\/2026\/01\/El-huevo-de-la-serpiente2-300x200.jpg 300w, https:\/\/www.arovite.com\/wp-content\/uploads\/2026\/01\/El-huevo-de-la-serpiente2-1024x683.jpg 1024w, https:\/\/www.arovite.com\/wp-content\/uploads\/2026\/01\/El-huevo-de-la-serpiente2-768x512.jpg 768w, https:\/\/www.arovite.com\/wp-content\/uploads\/2026\/01\/El-huevo-de-la-serpiente2-500x333.jpg 500w, https:\/\/www.arovite.com\/wp-content\/uploads\/2026\/01\/El-huevo-de-la-serpiente2-800x533.jpg 800w, https:\/\/www.arovite.com\/wp-content\/uploads\/2026\/01\/El-huevo-de-la-serpiente2-1280x853.jpg 1280w, https:\/\/www.arovite.com\/wp-content\/uploads\/2026\/01\/El-huevo-de-la-serpiente2-100x68.jpg 100w, https:\/\/www.arovite.com\/wp-content\/uploads\/2026\/01\/El-huevo-de-la-serpiente2-450x300.jpg 450w\" data-sizes=\"auto\" loading=\"eager\">\n\t\t<div class=\"vp-portfolio__item-overlay\">\n\t\t\t\t\t<\/div>\n\n\t\t<\/a>\t<\/div>\n<\/div>\n\n\t<figcaption class=\"vp-portfolio__item-caption vp-portfolio__item-caption-text-align-center\">\n\t\t<div class=\"vp-portfolio__item-meta\">\n\t\t\t\n<h2 class=\"vp-portfolio__item-meta-title\">\n\t\t<a\n\t\thref=\"https:\/\/www.arovite.com\/eu\/portfolio\/etaren-historia\/el-huevo-de-la-serpiente-el-nido-de-eta-en-madrid\/\"\n\t\t\t>\n\tEl huevo de la serpiente. El nido de ETA en Madrid<\/a><\/h2>\n\n<div class=\"vp-portfolio__item-meta-excerpt\">\n\t<div>\n\t\tS\u00c1NCHEZ GATELL, Eduardo\t<\/div>\n<\/div>\n\t\t<\/div>\n\t<\/figcaption>\n\t\t\t<\/figure>\n\t\t\t\t\t<\/article>\n\t\t\n\t\t<article\t\tclass=\"vp-portfolio__item-wrap post-18152 portfolio type-portfolio status-publish format-standard has-post-thumbnail hentry portfolio_category-etaren-historia portfolio_category-irakurketa-iradokizunak vp-portfolio__item-uid-f1428ad1\" data-vp-filter=\"etaren-historia,irakurketa-iradokizunak\" \t\t>\n\t\t\t\t\t\t\t\t\t<figure class=\"vp-portfolio__item\">\n\t\t\t\t\n<div class=\"vp-portfolio__item-img-wrap\">\n\t<div class=\"vp-portfolio__item-img\">\n\t\t\t<a\n\t\thref=\"https:\/\/www.arovite.com\/eu\/portfolio\/irakurketa-iradokizunak\/eta-contra-catalunya-cronica-y-memoria\/\"\n\t\t\t>\n\t\n\t\t<noscript><img loading=\"lazy\" decoding=\"async\" width=\"1500\" height=\"1000\" data-skip-lazy src=\"https:\/\/www.arovite.com\/wp-content\/uploads\/2023\/10\/eta-contra-catalunya.jpg\" class=\"wp-image-19764\" alt=\"\" srcset=\"https:\/\/www.arovite.com\/wp-content\/uploads\/2023\/10\/eta-contra-catalunya.jpg 1500w, https:\/\/www.arovite.com\/wp-content\/uploads\/2023\/10\/eta-contra-catalunya-300x200.jpg 300w, https:\/\/www.arovite.com\/wp-content\/uploads\/2023\/10\/eta-contra-catalunya-1024x683.jpg 1024w, https:\/\/www.arovite.com\/wp-content\/uploads\/2023\/10\/eta-contra-catalunya-768x512.jpg 768w, https:\/\/www.arovite.com\/wp-content\/uploads\/2023\/10\/eta-contra-catalunya-500x333.jpg 500w, https:\/\/www.arovite.com\/wp-content\/uploads\/2023\/10\/eta-contra-catalunya-800x533.jpg 800w, https:\/\/www.arovite.com\/wp-content\/uploads\/2023\/10\/eta-contra-catalunya-1280x853.jpg 1280w, https:\/\/www.arovite.com\/wp-content\/uploads\/2023\/10\/eta-contra-catalunya-100x68.jpg 100w, https:\/\/www.arovite.com\/wp-content\/uploads\/2023\/10\/eta-contra-catalunya-450x300.jpg 450w\" sizes=\"auto, (max-width: 1500px) 100vw, 1500px\" \/><\/noscript><img decoding=\"async\" width=\"1500\" height=\"1000\" src=\"https:\/\/www.arovite.com\/wp-content\/uploads\/2023\/10\/eta-contra-catalunya.jpg\" class=\"wp-image-19764 vp-lazyload\" alt srcset=\"data:image\/svg+xml;base64,PHN2ZyB3aWR0aD0iMTUwMCIgaGVpZ2h0PSIxMDAwIiB2aWV3Qm94PSIwIDAgMTUwMCAxMDAwIiBmaWxsPSJub25lIiB4bWxucz0iaHR0cDovL3d3dy53My5vcmcvMjAwMC9zdmciPjwvc3ZnPg==\" data-src=\"https:\/\/www.arovite.com\/wp-content\/uploads\/2023\/10\/eta-contra-catalunya.jpg\" data-srcset=\"https:\/\/www.arovite.com\/wp-content\/uploads\/2023\/10\/eta-contra-catalunya.jpg 1500w, https:\/\/www.arovite.com\/wp-content\/uploads\/2023\/10\/eta-contra-catalunya-300x200.jpg 300w, https:\/\/www.arovite.com\/wp-content\/uploads\/2023\/10\/eta-contra-catalunya-1024x683.jpg 1024w, https:\/\/www.arovite.com\/wp-content\/uploads\/2023\/10\/eta-contra-catalunya-768x512.jpg 768w, https:\/\/www.arovite.com\/wp-content\/uploads\/2023\/10\/eta-contra-catalunya-500x333.jpg 500w, https:\/\/www.arovite.com\/wp-content\/uploads\/2023\/10\/eta-contra-catalunya-800x533.jpg 800w, https:\/\/www.arovite.com\/wp-content\/uploads\/2023\/10\/eta-contra-catalunya-1280x853.jpg 1280w, https:\/\/www.arovite.com\/wp-content\/uploads\/2023\/10\/eta-contra-catalunya-100x68.jpg 100w, https:\/\/www.arovite.com\/wp-content\/uploads\/2023\/10\/eta-contra-catalunya-450x300.jpg 450w\" data-sizes=\"auto\" loading=\"eager\">\n\t\t<div class=\"vp-portfolio__item-overlay\">\n\t\t\t\t\t<\/div>\n\n\t\t<\/a>\t<\/div>\n<\/div>\n\n\t<figcaption class=\"vp-portfolio__item-caption vp-portfolio__item-caption-text-align-center\">\n\t\t<div class=\"vp-portfolio__item-meta\">\n\t\t\t\n<h2 class=\"vp-portfolio__item-meta-title\">\n\t\t<a\n\t\thref=\"https:\/\/www.arovite.com\/eu\/portfolio\/irakurketa-iradokizunak\/eta-contra-catalunya-cronica-y-memoria\/\"\n\t\t\t>\n\tETA contra Catalunya. Cr\u00f3nica y memoria<\/a><\/h2>\n\n<div class=\"vp-portfolio__item-meta-excerpt\">\n\t<div>\n\t\tCARDENAL ALEMANY, Ferran\t<\/div>\n<\/div>\n\t\t<\/div>\n\t<\/figcaption>\n\t\t\t<\/figure>\n\t\t\t\t\t<\/article>\n\t\t\n\t\t<article\t\tclass=\"vp-portfolio__item-wrap post-16793 portfolio type-portfolio status-publish format-standard has-post-thumbnail hentry portfolio_category-etaren-historia portfolio_category-irakurketa-iradokizunak vp-portfolio__item-uid-cea2feca\" data-vp-filter=\"etaren-historia,irakurketa-iradokizunak\" \t\t>\n\t\t\t\t\t\t\t\t\t<figure class=\"vp-portfolio__item\">\n\t\t\t\t\n<div class=\"vp-portfolio__item-img-wrap\">\n\t<div class=\"vp-portfolio__item-img\">\n\t\t\t<a\n\t\thref=\"https:\/\/www.arovite.com\/eu\/portfolio\/irakurketa-iradokizunak\/eta-la-memoria-de-los-detalles\/\"\n\t\t\t>\n\t\n\t\t<noscript><img loading=\"lazy\" decoding=\"async\" width=\"1500\" height=\"1000\" data-skip-lazy src=\"https:\/\/www.arovite.com\/wp-content\/uploads\/2023\/02\/eta-la-memoria-de-los-detalles.jpg\" class=\"wp-image-19761\" alt=\"\" srcset=\"https:\/\/www.arovite.com\/wp-content\/uploads\/2023\/02\/eta-la-memoria-de-los-detalles.jpg 1500w, https:\/\/www.arovite.com\/wp-content\/uploads\/2023\/02\/eta-la-memoria-de-los-detalles-300x200.jpg 300w, https:\/\/www.arovite.com\/wp-content\/uploads\/2023\/02\/eta-la-memoria-de-los-detalles-1024x683.jpg 1024w, https:\/\/www.arovite.com\/wp-content\/uploads\/2023\/02\/eta-la-memoria-de-los-detalles-768x512.jpg 768w, https:\/\/www.arovite.com\/wp-content\/uploads\/2023\/02\/eta-la-memoria-de-los-detalles-500x333.jpg 500w, https:\/\/www.arovite.com\/wp-content\/uploads\/2023\/02\/eta-la-memoria-de-los-detalles-800x533.jpg 800w, https:\/\/www.arovite.com\/wp-content\/uploads\/2023\/02\/eta-la-memoria-de-los-detalles-1280x853.jpg 1280w, https:\/\/www.arovite.com\/wp-content\/uploads\/2023\/02\/eta-la-memoria-de-los-detalles-100x68.jpg 100w, https:\/\/www.arovite.com\/wp-content\/uploads\/2023\/02\/eta-la-memoria-de-los-detalles-450x300.jpg 450w\" sizes=\"auto, (max-width: 1500px) 100vw, 1500px\" \/><\/noscript><img decoding=\"async\" width=\"1500\" height=\"1000\" src=\"https:\/\/www.arovite.com\/wp-content\/uploads\/2023\/02\/eta-la-memoria-de-los-detalles.jpg\" class=\"wp-image-19761 vp-lazyload\" alt srcset=\"data:image\/svg+xml;base64,PHN2ZyB3aWR0aD0iMTUwMCIgaGVpZ2h0PSIxMDAwIiB2aWV3Qm94PSIwIDAgMTUwMCAxMDAwIiBmaWxsPSJub25lIiB4bWxucz0iaHR0cDovL3d3dy53My5vcmcvMjAwMC9zdmciPjwvc3ZnPg==\" data-src=\"https:\/\/www.arovite.com\/wp-content\/uploads\/2023\/02\/eta-la-memoria-de-los-detalles.jpg\" data-srcset=\"https:\/\/www.arovite.com\/wp-content\/uploads\/2023\/02\/eta-la-memoria-de-los-detalles.jpg 1500w, https:\/\/www.arovite.com\/wp-content\/uploads\/2023\/02\/eta-la-memoria-de-los-detalles-300x200.jpg 300w, https:\/\/www.arovite.com\/wp-content\/uploads\/2023\/02\/eta-la-memoria-de-los-detalles-1024x683.jpg 1024w, https:\/\/www.arovite.com\/wp-content\/uploads\/2023\/02\/eta-la-memoria-de-los-detalles-768x512.jpg 768w, https:\/\/www.arovite.com\/wp-content\/uploads\/2023\/02\/eta-la-memoria-de-los-detalles-500x333.jpg 500w, https:\/\/www.arovite.com\/wp-content\/uploads\/2023\/02\/eta-la-memoria-de-los-detalles-800x533.jpg 800w, https:\/\/www.arovite.com\/wp-content\/uploads\/2023\/02\/eta-la-memoria-de-los-detalles-1280x853.jpg 1280w, https:\/\/www.arovite.com\/wp-content\/uploads\/2023\/02\/eta-la-memoria-de-los-detalles-100x68.jpg 100w, https:\/\/www.arovite.com\/wp-content\/uploads\/2023\/02\/eta-la-memoria-de-los-detalles-450x300.jpg 450w\" data-sizes=\"auto\" loading=\"eager\">\n\t\t<div class=\"vp-portfolio__item-overlay\">\n\t\t\t\t\t<\/div>\n\n\t\t<\/a>\t<\/div>\n<\/div>\n\n\t<figcaption class=\"vp-portfolio__item-caption vp-portfolio__item-caption-text-align-center\">\n\t\t<div class=\"vp-portfolio__item-meta\">\n\t\t\t\n<h2 class=\"vp-portfolio__item-meta-title\">\n\t\t<a\n\t\thref=\"https:\/\/www.arovite.com\/eu\/portfolio\/irakurketa-iradokizunak\/eta-la-memoria-de-los-detalles\/\"\n\t\t\t>\n\tETA, la memoria de los detalles<\/a><\/h2>\n\n<div class=\"vp-portfolio__item-meta-excerpt\">\n\t<div>\n\t\tECEOLAZA, Joseba\t<\/div>\n<\/div>\n\t\t<\/div>\n\t<\/figcaption>\n\t\t\t<\/figure>\n\t\t\t\t\t<\/article>\n\t\t\n\t\t<article\t\tclass=\"vp-portfolio__item-wrap post-9358 portfolio type-portfolio status-publish format-standard has-post-thumbnail hentry portfolio_category-etaren-historia portfolio_category-irakurketa-iradokizunak vp-portfolio__item-uid-4a3e9d72\" data-vp-filter=\"etaren-historia,irakurketa-iradokizunak\" \t\t>\n\t\t\t\t\t\t\t\t\t<figure class=\"vp-portfolio__item\">\n\t\t\t\t\n<div class=\"vp-portfolio__item-img-wrap\">\n\t<div class=\"vp-portfolio__item-img\">\n\t\t\t<a\n\t\thref=\"https:\/\/www.arovite.com\/eu\/portfolio\/irakurketa-iradokizunak\/eta-s-a-el-dinero-que-mueve-el-terrorismo-y-los-costes-que-genera\/\"\n\t\t\t>\n\t\n\t\t<noscript><img loading=\"lazy\" decoding=\"async\" width=\"1500\" height=\"1000\" data-skip-lazy src=\"https:\/\/www.arovite.com\/wp-content\/uploads\/2019\/01\/eta-sa.jpg\" class=\"wp-image-19743\" alt=\"\" srcset=\"https:\/\/www.arovite.com\/wp-content\/uploads\/2019\/01\/eta-sa.jpg 1500w, https:\/\/www.arovite.com\/wp-content\/uploads\/2019\/01\/eta-sa-300x200.jpg 300w, https:\/\/www.arovite.com\/wp-content\/uploads\/2019\/01\/eta-sa-1024x683.jpg 1024w, https:\/\/www.arovite.com\/wp-content\/uploads\/2019\/01\/eta-sa-768x512.jpg 768w, https:\/\/www.arovite.com\/wp-content\/uploads\/2019\/01\/eta-sa-500x333.jpg 500w, https:\/\/www.arovite.com\/wp-content\/uploads\/2019\/01\/eta-sa-800x533.jpg 800w, https:\/\/www.arovite.com\/wp-content\/uploads\/2019\/01\/eta-sa-1280x853.jpg 1280w, https:\/\/www.arovite.com\/wp-content\/uploads\/2019\/01\/eta-sa-100x68.jpg 100w, https:\/\/www.arovite.com\/wp-content\/uploads\/2019\/01\/eta-sa-450x300.jpg 450w\" sizes=\"auto, (max-width: 1500px) 100vw, 1500px\" \/><\/noscript><img decoding=\"async\" width=\"1500\" height=\"1000\" src=\"https:\/\/www.arovite.com\/wp-content\/uploads\/2019\/01\/eta-sa.jpg\" class=\"wp-image-19743 vp-lazyload\" alt srcset=\"data:image\/svg+xml;base64,PHN2ZyB3aWR0aD0iMTUwMCIgaGVpZ2h0PSIxMDAwIiB2aWV3Qm94PSIwIDAgMTUwMCAxMDAwIiBmaWxsPSJub25lIiB4bWxucz0iaHR0cDovL3d3dy53My5vcmcvMjAwMC9zdmciPjwvc3ZnPg==\" data-src=\"https:\/\/www.arovite.com\/wp-content\/uploads\/2019\/01\/eta-sa.jpg\" data-srcset=\"https:\/\/www.arovite.com\/wp-content\/uploads\/2019\/01\/eta-sa.jpg 1500w, https:\/\/www.arovite.com\/wp-content\/uploads\/2019\/01\/eta-sa-300x200.jpg 300w, https:\/\/www.arovite.com\/wp-content\/uploads\/2019\/01\/eta-sa-1024x683.jpg 1024w, https:\/\/www.arovite.com\/wp-content\/uploads\/2019\/01\/eta-sa-768x512.jpg 768w, https:\/\/www.arovite.com\/wp-content\/uploads\/2019\/01\/eta-sa-500x333.jpg 500w, https:\/\/www.arovite.com\/wp-content\/uploads\/2019\/01\/eta-sa-800x533.jpg 800w, https:\/\/www.arovite.com\/wp-content\/uploads\/2019\/01\/eta-sa-1280x853.jpg 1280w, https:\/\/www.arovite.com\/wp-content\/uploads\/2019\/01\/eta-sa-100x68.jpg 100w, https:\/\/www.arovite.com\/wp-content\/uploads\/2019\/01\/eta-sa-450x300.jpg 450w\" data-sizes=\"auto\" loading=\"eager\">\n\t\t<div class=\"vp-portfolio__item-overlay\">\n\t\t\t\t\t<\/div>\n\n\t\t<\/a>\t<\/div>\n<\/div>\n\n\t<figcaption class=\"vp-portfolio__item-caption vp-portfolio__item-caption-text-align-center\">\n\t\t<div class=\"vp-portfolio__item-meta\">\n\t\t\t\n<h2 class=\"vp-portfolio__item-meta-title\">\n\t\t<a\n\t\thref=\"https:\/\/www.arovite.com\/eu\/portfolio\/irakurketa-iradokizunak\/eta-s-a-el-dinero-que-mueve-el-terrorismo-y-los-costes-que-genera\/\"\n\t\t\t>\n\tETA, S.A. El dinero que mueve el terrorismo y los costes que genera<\/a><\/h2>\n\n<div class=\"vp-portfolio__item-meta-excerpt\">\n\t<div>\n\t\tBUESA, Mikel\t<\/div>\n<\/div>\n\t\t<\/div>\n\t<\/figcaption>\n\t\t\t<\/figure>\n\t\t\t\t\t<\/article>\n\t\t\n\t\t<article\t\tclass=\"vp-portfolio__item-wrap post-3213 portfolio type-portfolio status-publish format-standard has-post-thumbnail hentry portfolio_category-etaren-historia portfolio_category-irakurketa-iradokizunak vp-portfolio__item-uid-d7ff0bad\" data-vp-filter=\"etaren-historia,irakurketa-iradokizunak\" \t\t>\n\t\t\t\t\t\t\t\t\t<figure class=\"vp-portfolio__item\">\n\t\t\t\t\n<div class=\"vp-portfolio__item-img-wrap\">\n\t<div class=\"vp-portfolio__item-img\">\n\t\t\t<a\n\t\thref=\"https:\/\/www.arovite.com\/eu\/portfolio\/irakurketa-iradokizunak\/eta-estrategia-organizativa-y-actuaciones-1978-1992-2\/\"\n\t\t\t>\n\t\n\t\t<noscript><img loading=\"lazy\" decoding=\"async\" width=\"1500\" height=\"1000\" data-skip-lazy src=\"https:\/\/www.arovite.com\/wp-content\/uploads\/2014\/02\/eta-estrategia-organizativa-y-actuaciones-1978-1992.jpg\" class=\"wp-image-19768\" alt=\"\" srcset=\"https:\/\/www.arovite.com\/wp-content\/uploads\/2014\/02\/eta-estrategia-organizativa-y-actuaciones-1978-1992.jpg 1500w, https:\/\/www.arovite.com\/wp-content\/uploads\/2014\/02\/eta-estrategia-organizativa-y-actuaciones-1978-1992-300x200.jpg 300w, https:\/\/www.arovite.com\/wp-content\/uploads\/2014\/02\/eta-estrategia-organizativa-y-actuaciones-1978-1992-1024x683.jpg 1024w, https:\/\/www.arovite.com\/wp-content\/uploads\/2014\/02\/eta-estrategia-organizativa-y-actuaciones-1978-1992-768x512.jpg 768w, https:\/\/www.arovite.com\/wp-content\/uploads\/2014\/02\/eta-estrategia-organizativa-y-actuaciones-1978-1992-500x333.jpg 500w, https:\/\/www.arovite.com\/wp-content\/uploads\/2014\/02\/eta-estrategia-organizativa-y-actuaciones-1978-1992-800x533.jpg 800w, https:\/\/www.arovite.com\/wp-content\/uploads\/2014\/02\/eta-estrategia-organizativa-y-actuaciones-1978-1992-1280x853.jpg 1280w, https:\/\/www.arovite.com\/wp-content\/uploads\/2014\/02\/eta-estrategia-organizativa-y-actuaciones-1978-1992-100x68.jpg 100w, https:\/\/www.arovite.com\/wp-content\/uploads\/2014\/02\/eta-estrategia-organizativa-y-actuaciones-1978-1992-450x300.jpg 450w\" sizes=\"auto, (max-width: 1500px) 100vw, 1500px\" \/><\/noscript><img decoding=\"async\" width=\"1500\" height=\"1000\" src=\"https:\/\/www.arovite.com\/wp-content\/uploads\/2014\/02\/eta-estrategia-organizativa-y-actuaciones-1978-1992.jpg\" class=\"wp-image-19768 vp-lazyload\" alt srcset=\"data:image\/svg+xml;base64,PHN2ZyB3aWR0aD0iMTUwMCIgaGVpZ2h0PSIxMDAwIiB2aWV3Qm94PSIwIDAgMTUwMCAxMDAwIiBmaWxsPSJub25lIiB4bWxucz0iaHR0cDovL3d3dy53My5vcmcvMjAwMC9zdmciPjwvc3ZnPg==\" data-src=\"https:\/\/www.arovite.com\/wp-content\/uploads\/2014\/02\/eta-estrategia-organizativa-y-actuaciones-1978-1992.jpg\" data-srcset=\"https:\/\/www.arovite.com\/wp-content\/uploads\/2014\/02\/eta-estrategia-organizativa-y-actuaciones-1978-1992.jpg 1500w, https:\/\/www.arovite.com\/wp-content\/uploads\/2014\/02\/eta-estrategia-organizativa-y-actuaciones-1978-1992-300x200.jpg 300w, https:\/\/www.arovite.com\/wp-content\/uploads\/2014\/02\/eta-estrategia-organizativa-y-actuaciones-1978-1992-1024x683.jpg 1024w, https:\/\/www.arovite.com\/wp-content\/uploads\/2014\/02\/eta-estrategia-organizativa-y-actuaciones-1978-1992-768x512.jpg 768w, https:\/\/www.arovite.com\/wp-content\/uploads\/2014\/02\/eta-estrategia-organizativa-y-actuaciones-1978-1992-500x333.jpg 500w, https:\/\/www.arovite.com\/wp-content\/uploads\/2014\/02\/eta-estrategia-organizativa-y-actuaciones-1978-1992-800x533.jpg 800w, https:\/\/www.arovite.com\/wp-content\/uploads\/2014\/02\/eta-estrategia-organizativa-y-actuaciones-1978-1992-1280x853.jpg 1280w, https:\/\/www.arovite.com\/wp-content\/uploads\/2014\/02\/eta-estrategia-organizativa-y-actuaciones-1978-1992-100x68.jpg 100w, https:\/\/www.arovite.com\/wp-content\/uploads\/2014\/02\/eta-estrategia-organizativa-y-actuaciones-1978-1992-450x300.jpg 450w\" data-sizes=\"auto\" loading=\"eager\">\n\t\t<div class=\"vp-portfolio__item-overlay\">\n\t\t\t\t\t<\/div>\n\n\t\t<\/a>\t<\/div>\n<\/div>\n\n\t<figcaption class=\"vp-portfolio__item-caption vp-portfolio__item-caption-text-align-center\">\n\t\t<div class=\"vp-portfolio__item-meta\">\n\t\t\t\n<h2 class=\"vp-portfolio__item-meta-title\">\n\t\t<a\n\t\thref=\"https:\/\/www.arovite.com\/eu\/portfolio\/irakurketa-iradokizunak\/eta-estrategia-organizativa-y-actuaciones-1978-1992-2\/\"\n\t\t\t>\n\tETA: Estrategia organizativa y actuaciones, 1978-1992<\/a><\/h2>\n\n<div class=\"vp-portfolio__item-meta-excerpt\">\n\t<div>\n\t\tDOM\u00cdNGUEZ, Florencio\t<\/div>\n<\/div>\n\t\t<\/div>\n\t<\/figcaption>\n\t\t\t<\/figure>\n\t\t\t\t\t<\/article>\n\t\t\n\t\t<article\t\tclass=\"vp-portfolio__item-wrap post-16784 portfolio type-portfolio status-publish format-standard has-post-thumbnail hentry portfolio_category-etaren-historia portfolio_category-irakurketa-iradokizunak vp-portfolio__item-uid-49dd5a28\" data-vp-filter=\"etaren-historia,irakurketa-iradokizunak\" \t\t>\n\t\t\t\t\t\t\t\t\t<figure class=\"vp-portfolio__item\">\n\t\t\t\t\n<div class=\"vp-portfolio__item-img-wrap\">\n\t<div class=\"vp-portfolio__item-img\">\n\t\t\t<a\n\t\thref=\"https:\/\/www.arovite.com\/eu\/portfolio\/irakurketa-iradokizunak\/heroes-de-la-retirada-la-disolucion-de-eta-politico-militar\/\"\n\t\t\t>\n\t\n\t\t<noscript><img loading=\"lazy\" decoding=\"async\" width=\"1500\" height=\"1000\" data-skip-lazy src=\"https:\/\/www.arovite.com\/wp-content\/uploads\/2023\/02\/heroes-de-la-retirada.jpg\" class=\"wp-image-19755\" alt=\"\" srcset=\"https:\/\/www.arovite.com\/wp-content\/uploads\/2023\/02\/heroes-de-la-retirada.jpg 1500w, https:\/\/www.arovite.com\/wp-content\/uploads\/2023\/02\/heroes-de-la-retirada-300x200.jpg 300w, https:\/\/www.arovite.com\/wp-content\/uploads\/2023\/02\/heroes-de-la-retirada-1024x683.jpg 1024w, https:\/\/www.arovite.com\/wp-content\/uploads\/2023\/02\/heroes-de-la-retirada-768x512.jpg 768w, https:\/\/www.arovite.com\/wp-content\/uploads\/2023\/02\/heroes-de-la-retirada-500x333.jpg 500w, https:\/\/www.arovite.com\/wp-content\/uploads\/2023\/02\/heroes-de-la-retirada-800x533.jpg 800w, https:\/\/www.arovite.com\/wp-content\/uploads\/2023\/02\/heroes-de-la-retirada-1280x853.jpg 1280w, https:\/\/www.arovite.com\/wp-content\/uploads\/2023\/02\/heroes-de-la-retirada-100x68.jpg 100w, https:\/\/www.arovite.com\/wp-content\/uploads\/2023\/02\/heroes-de-la-retirada-450x300.jpg 450w\" sizes=\"auto, (max-width: 1500px) 100vw, 1500px\" \/><\/noscript><img decoding=\"async\" width=\"1500\" height=\"1000\" src=\"https:\/\/www.arovite.com\/wp-content\/uploads\/2023\/02\/heroes-de-la-retirada.jpg\" class=\"wp-image-19755 vp-lazyload\" alt srcset=\"data:image\/svg+xml;base64,PHN2ZyB3aWR0aD0iMTUwMCIgaGVpZ2h0PSIxMDAwIiB2aWV3Qm94PSIwIDAgMTUwMCAxMDAwIiBmaWxsPSJub25lIiB4bWxucz0iaHR0cDovL3d3dy53My5vcmcvMjAwMC9zdmciPjwvc3ZnPg==\" data-src=\"https:\/\/www.arovite.com\/wp-content\/uploads\/2023\/02\/heroes-de-la-retirada.jpg\" data-srcset=\"https:\/\/www.arovite.com\/wp-content\/uploads\/2023\/02\/heroes-de-la-retirada.jpg 1500w, https:\/\/www.arovite.com\/wp-content\/uploads\/2023\/02\/heroes-de-la-retirada-300x200.jpg 300w, https:\/\/www.arovite.com\/wp-content\/uploads\/2023\/02\/heroes-de-la-retirada-1024x683.jpg 1024w, https:\/\/www.arovite.com\/wp-content\/uploads\/2023\/02\/heroes-de-la-retirada-768x512.jpg 768w, https:\/\/www.arovite.com\/wp-content\/uploads\/2023\/02\/heroes-de-la-retirada-500x333.jpg 500w, https:\/\/www.arovite.com\/wp-content\/uploads\/2023\/02\/heroes-de-la-retirada-800x533.jpg 800w, https:\/\/www.arovite.com\/wp-content\/uploads\/2023\/02\/heroes-de-la-retirada-1280x853.jpg 1280w, https:\/\/www.arovite.com\/wp-content\/uploads\/2023\/02\/heroes-de-la-retirada-100x68.jpg 100w, https:\/\/www.arovite.com\/wp-content\/uploads\/2023\/02\/heroes-de-la-retirada-450x300.jpg 450w\" data-sizes=\"auto\" loading=\"eager\">\n\t\t<div class=\"vp-portfolio__item-overlay\">\n\t\t\t\t\t<\/div>\n\n\t\t<\/a>\t<\/div>\n<\/div>\n\n\t<figcaption class=\"vp-portfolio__item-caption vp-portfolio__item-caption-text-align-center\">\n\t\t<div class=\"vp-portfolio__item-meta\">\n\t\t\t\n<h2 class=\"vp-portfolio__item-meta-title\">\n\t\t<a\n\t\thref=\"https:\/\/www.arovite.com\/eu\/portfolio\/irakurketa-iradokizunak\/heroes-de-la-retirada-la-disolucion-de-eta-politico-militar\/\"\n\t\t\t>\n\tH\u00e9roes de la retirada. La disoluci\u00f3n de ETA pol\u00edtico-militar<\/a><\/h2>\n\n<div class=\"vp-portfolio__item-meta-excerpt\">\n\t<div>\n\t\tFERN\u00c1NDEZ SOLDEVILLA, Gaizka e HIDALGO...\t<\/div>\n<\/div>\n\t\t<\/div>\n\t<\/figcaption>\n\t\t\t<\/figure>\n\t\t\t\t\t<\/article>\n\t\t\n\t\t<article\t\tclass=\"vp-portfolio__item-wrap post-3211 portfolio type-portfolio status-publish format-standard has-post-thumbnail hentry portfolio_category-etaren-historia portfolio_category-irakurketa-iradokizunak portfolio_category-sugerencias-de-lectura vp-portfolio__item-uid-39f16a81\" data-vp-filter=\"etaren-historia,irakurketa-iradokizunak,sugerencias-de-lectura\" \t\t>\n\t\t\t\t\t\t\t\t\t<figure class=\"vp-portfolio__item\">\n\t\t\t\t\n<div class=\"vp-portfolio__item-img-wrap\">\n\t<div class=\"vp-portfolio__item-img\">\n\t\t\t<a\n\t\thref=\"https:\/\/www.arovite.com\/eu\/portfolio\/sugerencias-de-lectura\/historia-de-eta-2\/\"\n\t\t\t>\n\t\n\t\t<noscript><img loading=\"lazy\" decoding=\"async\" width=\"1500\" height=\"1000\" data-skip-lazy src=\"https:\/\/www.arovite.com\/wp-content\/uploads\/2014\/02\/historia-de-eta.jpg\" class=\"wp-image-19725\" alt=\"\" srcset=\"https:\/\/www.arovite.com\/wp-content\/uploads\/2014\/02\/historia-de-eta.jpg 1500w, https:\/\/www.arovite.com\/wp-content\/uploads\/2014\/02\/historia-de-eta-300x200.jpg 300w, https:\/\/www.arovite.com\/wp-content\/uploads\/2014\/02\/historia-de-eta-1024x683.jpg 1024w, https:\/\/www.arovite.com\/wp-content\/uploads\/2014\/02\/historia-de-eta-768x512.jpg 768w, https:\/\/www.arovite.com\/wp-content\/uploads\/2014\/02\/historia-de-eta-500x333.jpg 500w, https:\/\/www.arovite.com\/wp-content\/uploads\/2014\/02\/historia-de-eta-800x533.jpg 800w, https:\/\/www.arovite.com\/wp-content\/uploads\/2014\/02\/historia-de-eta-1280x853.jpg 1280w, https:\/\/www.arovite.com\/wp-content\/uploads\/2014\/02\/historia-de-eta-100x68.jpg 100w, https:\/\/www.arovite.com\/wp-content\/uploads\/2014\/02\/historia-de-eta-450x300.jpg 450w\" sizes=\"auto, (max-width: 1500px) 100vw, 1500px\" \/><\/noscript><img decoding=\"async\" width=\"1500\" height=\"1000\" src=\"https:\/\/www.arovite.com\/wp-content\/uploads\/2014\/02\/historia-de-eta.jpg\" class=\"wp-image-19725 vp-lazyload\" alt srcset=\"data:image\/svg+xml;base64,PHN2ZyB3aWR0aD0iMTUwMCIgaGVpZ2h0PSIxMDAwIiB2aWV3Qm94PSIwIDAgMTUwMCAxMDAwIiBmaWxsPSJub25lIiB4bWxucz0iaHR0cDovL3d3dy53My5vcmcvMjAwMC9zdmciPjwvc3ZnPg==\" data-src=\"https:\/\/www.arovite.com\/wp-content\/uploads\/2014\/02\/historia-de-eta.jpg\" data-srcset=\"https:\/\/www.arovite.com\/wp-content\/uploads\/2014\/02\/historia-de-eta.jpg 1500w, https:\/\/www.arovite.com\/wp-content\/uploads\/2014\/02\/historia-de-eta-300x200.jpg 300w, https:\/\/www.arovite.com\/wp-content\/uploads\/2014\/02\/historia-de-eta-1024x683.jpg 1024w, https:\/\/www.arovite.com\/wp-content\/uploads\/2014\/02\/historia-de-eta-768x512.jpg 768w, https:\/\/www.arovite.com\/wp-content\/uploads\/2014\/02\/historia-de-eta-500x333.jpg 500w, https:\/\/www.arovite.com\/wp-content\/uploads\/2014\/02\/historia-de-eta-800x533.jpg 800w, https:\/\/www.arovite.com\/wp-content\/uploads\/2014\/02\/historia-de-eta-1280x853.jpg 1280w, https:\/\/www.arovite.com\/wp-content\/uploads\/2014\/02\/historia-de-eta-100x68.jpg 100w, https:\/\/www.arovite.com\/wp-content\/uploads\/2014\/02\/historia-de-eta-450x300.jpg 450w\" data-sizes=\"auto\" loading=\"eager\">\n\t\t<div class=\"vp-portfolio__item-overlay\">\n\t\t\t\t\t<\/div>\n\n\t\t<\/a>\t<\/div>\n<\/div>\n\n\t<figcaption class=\"vp-portfolio__item-caption vp-portfolio__item-caption-text-align-center\">\n\t\t<div class=\"vp-portfolio__item-meta\">\n\t\t\t\n<h2 class=\"vp-portfolio__item-meta-title\">\n\t\t<a\n\t\thref=\"https:\/\/www.arovite.com\/eu\/portfolio\/sugerencias-de-lectura\/historia-de-eta-2\/\"\n\t\t\t>\n\tHistoria de ETA<\/a><\/h2>\n\n<div class=\"vp-portfolio__item-meta-excerpt\">\n\t<div>\n\t\tGARMENDIA, Jos\u00e9 Mar\u00eda\t<\/div>\n<\/div>\n\t\t<\/div>\n\t<\/figcaption>\n\t\t\t<\/figure>\n\t\t\t\t\t<\/article>\n\t\t\n\t\t<article\t\tclass=\"vp-portfolio__item-wrap post-12276 portfolio type-portfolio status-publish format-standard has-post-thumbnail hentry portfolio_category-etaren-historia portfolio_category-irakurketa-iradokizunak vp-portfolio__item-uid-a9e27277\" data-vp-filter=\"etaren-historia,irakurketa-iradokizunak\" \t\t>\n\t\t\t\t\t\t\t\t\t<figure class=\"vp-portfolio__item\">\n\t\t\t\t\n<div class=\"vp-portfolio__item-img-wrap\">\n\t<div class=\"vp-portfolio__item-img\">\n\t\t\t<a\n\t\thref=\"https:\/\/www.arovite.com\/eu\/portfolio\/irakurketa-iradokizunak\/historia-de-un-desafio-cinco-decadas-de-lucha-sin-cuartel-de-la-guardia-civil-contra-eta\/\"\n\t\t\t>\n\t\n\t\t<noscript><img loading=\"lazy\" decoding=\"async\" width=\"1500\" height=\"1000\" data-skip-lazy src=\"https:\/\/www.arovite.com\/wp-content\/uploads\/2021\/01\/historia-de-un-desafio-1.jpg\" class=\"wp-image-19752\" alt=\"\" srcset=\"https:\/\/www.arovite.com\/wp-content\/uploads\/2021\/01\/historia-de-un-desafio-1.jpg 1500w, https:\/\/www.arovite.com\/wp-content\/uploads\/2021\/01\/historia-de-un-desafio-1-300x200.jpg 300w, https:\/\/www.arovite.com\/wp-content\/uploads\/2021\/01\/historia-de-un-desafio-1-1024x683.jpg 1024w, https:\/\/www.arovite.com\/wp-content\/uploads\/2021\/01\/historia-de-un-desafio-1-768x512.jpg 768w, https:\/\/www.arovite.com\/wp-content\/uploads\/2021\/01\/historia-de-un-desafio-1-500x333.jpg 500w, https:\/\/www.arovite.com\/wp-content\/uploads\/2021\/01\/historia-de-un-desafio-1-800x533.jpg 800w, https:\/\/www.arovite.com\/wp-content\/uploads\/2021\/01\/historia-de-un-desafio-1-1280x853.jpg 1280w, https:\/\/www.arovite.com\/wp-content\/uploads\/2021\/01\/historia-de-un-desafio-1-100x68.jpg 100w, https:\/\/www.arovite.com\/wp-content\/uploads\/2021\/01\/historia-de-un-desafio-1-450x300.jpg 450w\" sizes=\"auto, (max-width: 1500px) 100vw, 1500px\" \/><\/noscript><img decoding=\"async\" width=\"1500\" height=\"1000\" src=\"https:\/\/www.arovite.com\/wp-content\/uploads\/2021\/01\/historia-de-un-desafio-1.jpg\" class=\"wp-image-19752 vp-lazyload\" alt srcset=\"data:image\/svg+xml;base64,PHN2ZyB3aWR0aD0iMTUwMCIgaGVpZ2h0PSIxMDAwIiB2aWV3Qm94PSIwIDAgMTUwMCAxMDAwIiBmaWxsPSJub25lIiB4bWxucz0iaHR0cDovL3d3dy53My5vcmcvMjAwMC9zdmciPjwvc3ZnPg==\" data-src=\"https:\/\/www.arovite.com\/wp-content\/uploads\/2021\/01\/historia-de-un-desafio-1.jpg\" data-srcset=\"https:\/\/www.arovite.com\/wp-content\/uploads\/2021\/01\/historia-de-un-desafio-1.jpg 1500w, https:\/\/www.arovite.com\/wp-content\/uploads\/2021\/01\/historia-de-un-desafio-1-300x200.jpg 300w, https:\/\/www.arovite.com\/wp-content\/uploads\/2021\/01\/historia-de-un-desafio-1-1024x683.jpg 1024w, https:\/\/www.arovite.com\/wp-content\/uploads\/2021\/01\/historia-de-un-desafio-1-768x512.jpg 768w, https:\/\/www.arovite.com\/wp-content\/uploads\/2021\/01\/historia-de-un-desafio-1-500x333.jpg 500w, https:\/\/www.arovite.com\/wp-content\/uploads\/2021\/01\/historia-de-un-desafio-1-800x533.jpg 800w, https:\/\/www.arovite.com\/wp-content\/uploads\/2021\/01\/historia-de-un-desafio-1-1280x853.jpg 1280w, https:\/\/www.arovite.com\/wp-content\/uploads\/2021\/01\/historia-de-un-desafio-1-100x68.jpg 100w, https:\/\/www.arovite.com\/wp-content\/uploads\/2021\/01\/historia-de-un-desafio-1-450x300.jpg 450w\" data-sizes=\"auto\" loading=\"eager\">\n\t\t<div class=\"vp-portfolio__item-overlay\">\n\t\t\t\t\t<\/div>\n\n\t\t<\/a>\t<\/div>\n<\/div>\n\n\t<figcaption class=\"vp-portfolio__item-caption vp-portfolio__item-caption-text-align-center\">\n\t\t<div class=\"vp-portfolio__item-meta\">\n\t\t\t\n<h2 class=\"vp-portfolio__item-meta-title\">\n\t\t<a\n\t\thref=\"https:\/\/www.arovite.com\/eu\/portfolio\/irakurketa-iradokizunak\/historia-de-un-desafio-cinco-decadas-de-lucha-sin-cuartel-de-la-guardia-civil-contra-eta\/\"\n\t\t\t>\n\tHistoria de un desaf\u00edo: Cinco d\u00e9cadas de lucha sin cuartel de la Guardia Civil contra ETA<\/a><\/h2>\n\n<div class=\"vp-portfolio__item-meta-excerpt\">\n\t<div>\n\t\tS\u00c1NCHEZ, Manuel y SIM\u00d3N, Manuela\t<\/div>\n<\/div>\n\t\t<\/div>\n\t<\/figcaption>\n\t\t\t<\/figure>\n\t\t\t\t\t<\/article>\n\t\t\n\t\t<article\t\tclass=\"vp-portfolio__item-wrap post-3208 portfolio type-portfolio status-publish format-standard has-post-thumbnail hentry portfolio_category-etaren-historia portfolio_category-irakurketa-iradokizunak portfolio_category-sugerencias-de-lectura vp-portfolio__item-uid-5936e364\" data-vp-filter=\"etaren-historia,irakurketa-iradokizunak,sugerencias-de-lectura\" \t\t>\n\t\t\t\t\t\t\t\t\t<figure class=\"vp-portfolio__item\">\n\t\t\t\t\n<div class=\"vp-portfolio__item-img-wrap\">\n\t<div class=\"vp-portfolio__item-img\">\n\t\t\t<a\n\t\thref=\"https:\/\/www.arovite.com\/eu\/portfolio\/sugerencias-de-lectura\/historia-del-nacionalismo-vasco-y-de-eta-2\/\"\n\t\t\t>\n\t\n\t\t<noscript><img loading=\"lazy\" decoding=\"async\" width=\"1500\" height=\"1000\" data-skip-lazy src=\"https:\/\/www.arovite.com\/wp-content\/uploads\/2014\/02\/historia-del-nacionalismo-vasco-y-de-eta.jpg\" class=\"wp-image-19734\" alt=\"\" srcset=\"https:\/\/www.arovite.com\/wp-content\/uploads\/2014\/02\/historia-del-nacionalismo-vasco-y-de-eta.jpg 1500w, https:\/\/www.arovite.com\/wp-content\/uploads\/2014\/02\/historia-del-nacionalismo-vasco-y-de-eta-300x200.jpg 300w, https:\/\/www.arovite.com\/wp-content\/uploads\/2014\/02\/historia-del-nacionalismo-vasco-y-de-eta-1024x683.jpg 1024w, https:\/\/www.arovite.com\/wp-content\/uploads\/2014\/02\/historia-del-nacionalismo-vasco-y-de-eta-768x512.jpg 768w, https:\/\/www.arovite.com\/wp-content\/uploads\/2014\/02\/historia-del-nacionalismo-vasco-y-de-eta-500x333.jpg 500w, https:\/\/www.arovite.com\/wp-content\/uploads\/2014\/02\/historia-del-nacionalismo-vasco-y-de-eta-800x533.jpg 800w, https:\/\/www.arovite.com\/wp-content\/uploads\/2014\/02\/historia-del-nacionalismo-vasco-y-de-eta-1280x853.jpg 1280w, https:\/\/www.arovite.com\/wp-content\/uploads\/2014\/02\/historia-del-nacionalismo-vasco-y-de-eta-100x68.jpg 100w, https:\/\/www.arovite.com\/wp-content\/uploads\/2014\/02\/historia-del-nacionalismo-vasco-y-de-eta-450x300.jpg 450w\" sizes=\"auto, (max-width: 1500px) 100vw, 1500px\" \/><\/noscript><img decoding=\"async\" width=\"1500\" height=\"1000\" src=\"https:\/\/www.arovite.com\/wp-content\/uploads\/2014\/02\/historia-del-nacionalismo-vasco-y-de-eta.jpg\" class=\"wp-image-19734 vp-lazyload\" alt srcset=\"data:image\/svg+xml;base64,PHN2ZyB3aWR0aD0iMTUwMCIgaGVpZ2h0PSIxMDAwIiB2aWV3Qm94PSIwIDAgMTUwMCAxMDAwIiBmaWxsPSJub25lIiB4bWxucz0iaHR0cDovL3d3dy53My5vcmcvMjAwMC9zdmciPjwvc3ZnPg==\" data-src=\"https:\/\/www.arovite.com\/wp-content\/uploads\/2014\/02\/historia-del-nacionalismo-vasco-y-de-eta.jpg\" data-srcset=\"https:\/\/www.arovite.com\/wp-content\/uploads\/2014\/02\/historia-del-nacionalismo-vasco-y-de-eta.jpg 1500w, https:\/\/www.arovite.com\/wp-content\/uploads\/2014\/02\/historia-del-nacionalismo-vasco-y-de-eta-300x200.jpg 300w, https:\/\/www.arovite.com\/wp-content\/uploads\/2014\/02\/historia-del-nacionalismo-vasco-y-de-eta-1024x683.jpg 1024w, https:\/\/www.arovite.com\/wp-content\/uploads\/2014\/02\/historia-del-nacionalismo-vasco-y-de-eta-768x512.jpg 768w, https:\/\/www.arovite.com\/wp-content\/uploads\/2014\/02\/historia-del-nacionalismo-vasco-y-de-eta-500x333.jpg 500w, https:\/\/www.arovite.com\/wp-content\/uploads\/2014\/02\/historia-del-nacionalismo-vasco-y-de-eta-800x533.jpg 800w, https:\/\/www.arovite.com\/wp-content\/uploads\/2014\/02\/historia-del-nacionalismo-vasco-y-de-eta-1280x853.jpg 1280w, https:\/\/www.arovite.com\/wp-content\/uploads\/2014\/02\/historia-del-nacionalismo-vasco-y-de-eta-100x68.jpg 100w, https:\/\/www.arovite.com\/wp-content\/uploads\/2014\/02\/historia-del-nacionalismo-vasco-y-de-eta-450x300.jpg 450w\" data-sizes=\"auto\" loading=\"eager\">\n\t\t<div class=\"vp-portfolio__item-overlay\">\n\t\t\t\t\t<\/div>\n\n\t\t<\/a>\t<\/div>\n<\/div>\n\n\t<figcaption class=\"vp-portfolio__item-caption vp-portfolio__item-caption-text-align-center\">\n\t\t<div class=\"vp-portfolio__item-meta\">\n\t\t\t\n<h2 class=\"vp-portfolio__item-meta-title\">\n\t\t<a\n\t\thref=\"https:\/\/www.arovite.com\/eu\/portfolio\/sugerencias-de-lectura\/historia-del-nacionalismo-vasco-y-de-eta-2\/\"\n\t\t\t>\n\tHistoria del nacionalismo vasco y de ETA<\/a><\/h2>\n\n<div class=\"vp-portfolio__item-meta-excerpt\">\n\t<div>\n\t\tLETAMENDIA, Francisco\t<\/div>\n<\/div>\n\t\t<\/div>\n\t<\/figcaption>\n\t\t\t<\/figure>\n\t\t\t\t\t<\/article>\n\t\t\n\t\t<article\t\tclass=\"vp-portfolio__item-wrap post-16787 portfolio type-portfolio status-publish format-standard has-post-thumbnail hentry portfolio_category-etaren-historia portfolio_category-irakurketa-iradokizunak vp-portfolio__item-uid-d0d40b92\" data-vp-filter=\"etaren-historia,irakurketa-iradokizunak\" \t\t>\n\t\t\t\t\t\t\t\t\t<figure class=\"vp-portfolio__item\">\n\t\t\t\t\n<div class=\"vp-portfolio__item-img-wrap\">\n\t<div class=\"vp-portfolio__item-img\">\n\t\t\t<a\n\t\thref=\"https:\/\/www.arovite.com\/eu\/portfolio\/irakurketa-iradokizunak\/historia-y-memoria-del-terrorismo-en-el-pais-vasco\/\"\n\t\t\t>\n\t\n\t\t<noscript><img loading=\"lazy\" decoding=\"async\" width=\"1500\" height=\"1000\" data-skip-lazy src=\"https:\/\/www.arovite.com\/wp-content\/uploads\/2023\/02\/historia-y-memoria-del-terrorismo-en-el-pais-vasco.jpg\" class=\"wp-image-19758\" alt=\"\" srcset=\"https:\/\/www.arovite.com\/wp-content\/uploads\/2023\/02\/historia-y-memoria-del-terrorismo-en-el-pais-vasco.jpg 1500w, https:\/\/www.arovite.com\/wp-content\/uploads\/2023\/02\/historia-y-memoria-del-terrorismo-en-el-pais-vasco-300x200.jpg 300w, https:\/\/www.arovite.com\/wp-content\/uploads\/2023\/02\/historia-y-memoria-del-terrorismo-en-el-pais-vasco-1024x683.jpg 1024w, https:\/\/www.arovite.com\/wp-content\/uploads\/2023\/02\/historia-y-memoria-del-terrorismo-en-el-pais-vasco-768x512.jpg 768w, https:\/\/www.arovite.com\/wp-content\/uploads\/2023\/02\/historia-y-memoria-del-terrorismo-en-el-pais-vasco-500x333.jpg 500w, https:\/\/www.arovite.com\/wp-content\/uploads\/2023\/02\/historia-y-memoria-del-terrorismo-en-el-pais-vasco-800x533.jpg 800w, https:\/\/www.arovite.com\/wp-content\/uploads\/2023\/02\/historia-y-memoria-del-terrorismo-en-el-pais-vasco-1280x853.jpg 1280w, https:\/\/www.arovite.com\/wp-content\/uploads\/2023\/02\/historia-y-memoria-del-terrorismo-en-el-pais-vasco-100x68.jpg 100w, https:\/\/www.arovite.com\/wp-content\/uploads\/2023\/02\/historia-y-memoria-del-terrorismo-en-el-pais-vasco-450x300.jpg 450w\" sizes=\"auto, (max-width: 1500px) 100vw, 1500px\" \/><\/noscript><img decoding=\"async\" width=\"1500\" height=\"1000\" src=\"https:\/\/www.arovite.com\/wp-content\/uploads\/2023\/02\/historia-y-memoria-del-terrorismo-en-el-pais-vasco.jpg\" class=\"wp-image-19758 vp-lazyload\" alt srcset=\"data:image\/svg+xml;base64,PHN2ZyB3aWR0aD0iMTUwMCIgaGVpZ2h0PSIxMDAwIiB2aWV3Qm94PSIwIDAgMTUwMCAxMDAwIiBmaWxsPSJub25lIiB4bWxucz0iaHR0cDovL3d3dy53My5vcmcvMjAwMC9zdmciPjwvc3ZnPg==\" data-src=\"https:\/\/www.arovite.com\/wp-content\/uploads\/2023\/02\/historia-y-memoria-del-terrorismo-en-el-pais-vasco.jpg\" data-srcset=\"https:\/\/www.arovite.com\/wp-content\/uploads\/2023\/02\/historia-y-memoria-del-terrorismo-en-el-pais-vasco.jpg 1500w, https:\/\/www.arovite.com\/wp-content\/uploads\/2023\/02\/historia-y-memoria-del-terrorismo-en-el-pais-vasco-300x200.jpg 300w, https:\/\/www.arovite.com\/wp-content\/uploads\/2023\/02\/historia-y-memoria-del-terrorismo-en-el-pais-vasco-1024x683.jpg 1024w, https:\/\/www.arovite.com\/wp-content\/uploads\/2023\/02\/historia-y-memoria-del-terrorismo-en-el-pais-vasco-768x512.jpg 768w, https:\/\/www.arovite.com\/wp-content\/uploads\/2023\/02\/historia-y-memoria-del-terrorismo-en-el-pais-vasco-500x333.jpg 500w, https:\/\/www.arovite.com\/wp-content\/uploads\/2023\/02\/historia-y-memoria-del-terrorismo-en-el-pais-vasco-800x533.jpg 800w, https:\/\/www.arovite.com\/wp-content\/uploads\/2023\/02\/historia-y-memoria-del-terrorismo-en-el-pais-vasco-1280x853.jpg 1280w, https:\/\/www.arovite.com\/wp-content\/uploads\/2023\/02\/historia-y-memoria-del-terrorismo-en-el-pais-vasco-100x68.jpg 100w, https:\/\/www.arovite.com\/wp-content\/uploads\/2023\/02\/historia-y-memoria-del-terrorismo-en-el-pais-vasco-450x300.jpg 450w\" data-sizes=\"auto\" loading=\"eager\">\n\t\t<div class=\"vp-portfolio__item-overlay\">\n\t\t\t\t\t<\/div>\n\n\t\t<\/a>\t<\/div>\n<\/div>\n\n\t<figcaption class=\"vp-portfolio__item-caption vp-portfolio__item-caption-text-align-center\">\n\t\t<div class=\"vp-portfolio__item-meta\">\n\t\t\t\n<h2 class=\"vp-portfolio__item-meta-title\">\n\t\t<a\n\t\thref=\"https:\/\/www.arovite.com\/eu\/portfolio\/irakurketa-iradokizunak\/historia-y-memoria-del-terrorismo-en-el-pais-vasco\/\"\n\t\t\t>\n\tHistoria y memoria del terrorismo en el Pa\u00eds Vasco<\/a><\/h2>\n\n<div class=\"vp-portfolio__item-meta-excerpt\">\n\t<div>\n\t\tP\u00c9REZ P\u00c9REZ, Jos\u00e9 Antonio (coord.)\t<\/div>\n<\/div>\n\t\t<\/div>\n\t<\/figcaption>\n\t\t\t<\/figure>\n\t\t\t\t\t<\/article>\n\t\t\n\t\t<article\t\tclass=\"vp-portfolio__item-wrap post-3209 portfolio type-portfolio status-publish format-standard has-post-thumbnail hentry portfolio_category-etaren-historia portfolio_category-irakurketa-iradokizunak portfolio_category-sugerencias-de-lectura vp-portfolio__item-uid-2e31d3f2\" data-vp-filter=\"etaren-historia,irakurketa-iradokizunak,sugerencias-de-lectura\" \t\t>\n\t\t\t\t\t\t\t\t\t<figure class=\"vp-portfolio__item\">\n\t\t\t\t\n<div class=\"vp-portfolio__item-img-wrap\">\n\t<div class=\"vp-portfolio__item-img\">\n\t\t\t<a\n\t\thref=\"https:\/\/www.arovite.com\/eu\/portfolio\/sugerencias-de-lectura\/ideologia-y-estrategia-politica-de-eta-analisis-de-su-evolucion-entre-1959-y-1968-2\/\"\n\t\t\t>\n\t\n\t\t<noscript><img loading=\"lazy\" decoding=\"async\" width=\"1500\" height=\"1000\" data-skip-lazy src=\"https:\/\/www.arovite.com\/wp-content\/uploads\/2014\/02\/ideologia-y-estrategia-politica-de-eta.jpg\" class=\"wp-image-19731\" alt=\"\" srcset=\"https:\/\/www.arovite.com\/wp-content\/uploads\/2014\/02\/ideologia-y-estrategia-politica-de-eta.jpg 1500w, https:\/\/www.arovite.com\/wp-content\/uploads\/2014\/02\/ideologia-y-estrategia-politica-de-eta-300x200.jpg 300w, https:\/\/www.arovite.com\/wp-content\/uploads\/2014\/02\/ideologia-y-estrategia-politica-de-eta-1024x683.jpg 1024w, https:\/\/www.arovite.com\/wp-content\/uploads\/2014\/02\/ideologia-y-estrategia-politica-de-eta-768x512.jpg 768w, https:\/\/www.arovite.com\/wp-content\/uploads\/2014\/02\/ideologia-y-estrategia-politica-de-eta-500x333.jpg 500w, https:\/\/www.arovite.com\/wp-content\/uploads\/2014\/02\/ideologia-y-estrategia-politica-de-eta-800x533.jpg 800w, https:\/\/www.arovite.com\/wp-content\/uploads\/2014\/02\/ideologia-y-estrategia-politica-de-eta-1280x853.jpg 1280w, https:\/\/www.arovite.com\/wp-content\/uploads\/2014\/02\/ideologia-y-estrategia-politica-de-eta-100x68.jpg 100w, https:\/\/www.arovite.com\/wp-content\/uploads\/2014\/02\/ideologia-y-estrategia-politica-de-eta-450x300.jpg 450w\" sizes=\"auto, (max-width: 1500px) 100vw, 1500px\" \/><\/noscript><img decoding=\"async\" width=\"1500\" height=\"1000\" src=\"https:\/\/www.arovite.com\/wp-content\/uploads\/2014\/02\/ideologia-y-estrategia-politica-de-eta.jpg\" class=\"wp-image-19731 vp-lazyload\" alt srcset=\"data:image\/svg+xml;base64,PHN2ZyB3aWR0aD0iMTUwMCIgaGVpZ2h0PSIxMDAwIiB2aWV3Qm94PSIwIDAgMTUwMCAxMDAwIiBmaWxsPSJub25lIiB4bWxucz0iaHR0cDovL3d3dy53My5vcmcvMjAwMC9zdmciPjwvc3ZnPg==\" data-src=\"https:\/\/www.arovite.com\/wp-content\/uploads\/2014\/02\/ideologia-y-estrategia-politica-de-eta.jpg\" data-srcset=\"https:\/\/www.arovite.com\/wp-content\/uploads\/2014\/02\/ideologia-y-estrategia-politica-de-eta.jpg 1500w, https:\/\/www.arovite.com\/wp-content\/uploads\/2014\/02\/ideologia-y-estrategia-politica-de-eta-300x200.jpg 300w, https:\/\/www.arovite.com\/wp-content\/uploads\/2014\/02\/ideologia-y-estrategia-politica-de-eta-1024x683.jpg 1024w, https:\/\/www.arovite.com\/wp-content\/uploads\/2014\/02\/ideologia-y-estrategia-politica-de-eta-768x512.jpg 768w, https:\/\/www.arovite.com\/wp-content\/uploads\/2014\/02\/ideologia-y-estrategia-politica-de-eta-500x333.jpg 500w, https:\/\/www.arovite.com\/wp-content\/uploads\/2014\/02\/ideologia-y-estrategia-politica-de-eta-800x533.jpg 800w, https:\/\/www.arovite.com\/wp-content\/uploads\/2014\/02\/ideologia-y-estrategia-politica-de-eta-1280x853.jpg 1280w, https:\/\/www.arovite.com\/wp-content\/uploads\/2014\/02\/ideologia-y-estrategia-politica-de-eta-100x68.jpg 100w, https:\/\/www.arovite.com\/wp-content\/uploads\/2014\/02\/ideologia-y-estrategia-politica-de-eta-450x300.jpg 450w\" data-sizes=\"auto\" loading=\"eager\">\n\t\t<div class=\"vp-portfolio__item-overlay\">\n\t\t\t\t\t<\/div>\n\n\t\t<\/a>\t<\/div>\n<\/div>\n\n\t<figcaption class=\"vp-portfolio__item-caption vp-portfolio__item-caption-text-align-center\">\n\t\t<div class=\"vp-portfolio__item-meta\">\n\t\t\t\n<h2 class=\"vp-portfolio__item-meta-title\">\n\t\t<a\n\t\thref=\"https:\/\/www.arovite.com\/eu\/portfolio\/sugerencias-de-lectura\/ideologia-y-estrategia-politica-de-eta-analisis-de-su-evolucion-entre-1959-y-1968-2\/\"\n\t\t\t>\n\tIdeolog\u00eda y estrategia pol\u00edtica de ETA. An\u00e1lisis de su evoluci\u00f3n entre 1959 y 1968<\/a><\/h2>\n\n<div class=\"vp-portfolio__item-meta-excerpt\">\n\t<div>\n\t\tJ\u00c1UREGUI, Gurutz\t<\/div>\n<\/div>\n\t\t<\/div>\n\t<\/figcaption>\n\t\t\t<\/figure>\n\t\t\t\t\t<\/article>\n\t\t\n\t\t<article\t\tclass=\"vp-portfolio__item-wrap post-11479 portfolio type-portfolio status-publish format-standard has-post-thumbnail hentry portfolio_category-etaren-historia portfolio_category-irakurketa-iradokizunak vp-portfolio__item-uid-2f65bcba\" data-vp-filter=\"etaren-historia,irakurketa-iradokizunak\" \t\t>\n\t\t\t\t\t\t\t\t\t<figure class=\"vp-portfolio__item\">\n\t\t\t\t\n<div class=\"vp-portfolio__item-img-wrap\">\n\t<div class=\"vp-portfolio__item-img\">\n\t\t\t<a\n\t\thref=\"https:\/\/www.arovite.com\/eu\/portfolio\/irakurketa-iradokizunak\/la-bolsa-y-la-vida-la-extorsion-y-la-violencia-de-eta-contra-el-mundo-empresarial\/\"\n\t\t\t>\n\t\n\t\t<noscript><img loading=\"lazy\" decoding=\"async\" width=\"1500\" height=\"1000\" data-skip-lazy src=\"https:\/\/www.arovite.com\/wp-content\/uploads\/2020\/04\/la-bolsa-y-la-vida.jpg\" class=\"wp-image-19746\" alt=\"\" srcset=\"https:\/\/www.arovite.com\/wp-content\/uploads\/2020\/04\/la-bolsa-y-la-vida.jpg 1500w, https:\/\/www.arovite.com\/wp-content\/uploads\/2020\/04\/la-bolsa-y-la-vida-300x200.jpg 300w, https:\/\/www.arovite.com\/wp-content\/uploads\/2020\/04\/la-bolsa-y-la-vida-1024x683.jpg 1024w, https:\/\/www.arovite.com\/wp-content\/uploads\/2020\/04\/la-bolsa-y-la-vida-768x512.jpg 768w, https:\/\/www.arovite.com\/wp-content\/uploads\/2020\/04\/la-bolsa-y-la-vida-500x333.jpg 500w, https:\/\/www.arovite.com\/wp-content\/uploads\/2020\/04\/la-bolsa-y-la-vida-800x533.jpg 800w, https:\/\/www.arovite.com\/wp-content\/uploads\/2020\/04\/la-bolsa-y-la-vida-1280x853.jpg 1280w, https:\/\/www.arovite.com\/wp-content\/uploads\/2020\/04\/la-bolsa-y-la-vida-100x68.jpg 100w, https:\/\/www.arovite.com\/wp-content\/uploads\/2020\/04\/la-bolsa-y-la-vida-450x300.jpg 450w\" sizes=\"auto, (max-width: 1500px) 100vw, 1500px\" \/><\/noscript><img decoding=\"async\" width=\"1500\" height=\"1000\" src=\"https:\/\/www.arovite.com\/wp-content\/uploads\/2020\/04\/la-bolsa-y-la-vida.jpg\" class=\"wp-image-19746 vp-lazyload\" alt srcset=\"data:image\/svg+xml;base64,PHN2ZyB3aWR0aD0iMTUwMCIgaGVpZ2h0PSIxMDAwIiB2aWV3Qm94PSIwIDAgMTUwMCAxMDAwIiBmaWxsPSJub25lIiB4bWxucz0iaHR0cDovL3d3dy53My5vcmcvMjAwMC9zdmciPjwvc3ZnPg==\" data-src=\"https:\/\/www.arovite.com\/wp-content\/uploads\/2020\/04\/la-bolsa-y-la-vida.jpg\" data-srcset=\"https:\/\/www.arovite.com\/wp-content\/uploads\/2020\/04\/la-bolsa-y-la-vida.jpg 1500w, https:\/\/www.arovite.com\/wp-content\/uploads\/2020\/04\/la-bolsa-y-la-vida-300x200.jpg 300w, https:\/\/www.arovite.com\/wp-content\/uploads\/2020\/04\/la-bolsa-y-la-vida-1024x683.jpg 1024w, https:\/\/www.arovite.com\/wp-content\/uploads\/2020\/04\/la-bolsa-y-la-vida-768x512.jpg 768w, https:\/\/www.arovite.com\/wp-content\/uploads\/2020\/04\/la-bolsa-y-la-vida-500x333.jpg 500w, https:\/\/www.arovite.com\/wp-content\/uploads\/2020\/04\/la-bolsa-y-la-vida-800x533.jpg 800w, https:\/\/www.arovite.com\/wp-content\/uploads\/2020\/04\/la-bolsa-y-la-vida-1280x853.jpg 1280w, https:\/\/www.arovite.com\/wp-content\/uploads\/2020\/04\/la-bolsa-y-la-vida-100x68.jpg 100w, https:\/\/www.arovite.com\/wp-content\/uploads\/2020\/04\/la-bolsa-y-la-vida-450x300.jpg 450w\" data-sizes=\"auto\" loading=\"eager\">\n\t\t<div class=\"vp-portfolio__item-overlay\">\n\t\t\t\t\t<\/div>\n\n\t\t<\/a>\t<\/div>\n<\/div>\n\n\t<figcaption class=\"vp-portfolio__item-caption vp-portfolio__item-caption-text-align-center\">\n\t\t<div class=\"vp-portfolio__item-meta\">\n\t\t\t\n<h2 class=\"vp-portfolio__item-meta-title\">\n\t\t<a\n\t\thref=\"https:\/\/www.arovite.com\/eu\/portfolio\/irakurketa-iradokizunak\/la-bolsa-y-la-vida-la-extorsion-y-la-violencia-de-eta-contra-el-mundo-empresarial\/\"\n\t\t\t>\n\tLa bolsa y la vida. La extorsi\u00f3n y la violencia de ETA contra el mundo empresarial<\/a><\/h2>\n\n<div class=\"vp-portfolio__item-meta-excerpt\">\n\t<div>\n\t\tUGARTE GASTAMINZA, Josu (coord.)\t<\/div>\n<\/div>\n\t\t<\/div>\n\t<\/figcaption>\n\t\t\t<\/figure>\n\t\t\t\t\t<\/article>\n\t\t\n\t\t<article\t\tclass=\"vp-portfolio__item-wrap post-3210 portfolio type-portfolio status-publish format-standard has-post-thumbnail hentry portfolio_category-etaren-historia portfolio_category-irakurketa-iradokizunak portfolio_category-sugerencias-de-lectura vp-portfolio__item-uid-4ef65a17\" data-vp-filter=\"etaren-historia,irakurketa-iradokizunak,sugerencias-de-lectura\" \t\t>\n\t\t\t\t\t\t\t\t\t<figure class=\"vp-portfolio__item\">\n\t\t\t\t\n<div class=\"vp-portfolio__item-img-wrap\">\n\t<div class=\"vp-portfolio__item-img\">\n\t\t\t<a\n\t\thref=\"https:\/\/www.arovite.com\/eu\/portfolio\/sugerencias-de-lectura\/la-evolucion-estrategica-de-eta-de-la-guerra-revolucionaria-1963-hasta-despues-de-la-tregua-1989-2\/\"\n\t\t\t>\n\t\n\t\t<noscript><img loading=\"lazy\" decoding=\"async\" width=\"1500\" height=\"1000\" data-skip-lazy src=\"https:\/\/www.arovite.com\/wp-content\/uploads\/2014\/02\/la-evolucion-estrategica-de-eta.jpg\" class=\"wp-image-19728\" alt=\"\" srcset=\"https:\/\/www.arovite.com\/wp-content\/uploads\/2014\/02\/la-evolucion-estrategica-de-eta.jpg 1500w, https:\/\/www.arovite.com\/wp-content\/uploads\/2014\/02\/la-evolucion-estrategica-de-eta-300x200.jpg 300w, https:\/\/www.arovite.com\/wp-content\/uploads\/2014\/02\/la-evolucion-estrategica-de-eta-1024x683.jpg 1024w, https:\/\/www.arovite.com\/wp-content\/uploads\/2014\/02\/la-evolucion-estrategica-de-eta-768x512.jpg 768w, https:\/\/www.arovite.com\/wp-content\/uploads\/2014\/02\/la-evolucion-estrategica-de-eta-500x333.jpg 500w, https:\/\/www.arovite.com\/wp-content\/uploads\/2014\/02\/la-evolucion-estrategica-de-eta-800x533.jpg 800w, https:\/\/www.arovite.com\/wp-content\/uploads\/2014\/02\/la-evolucion-estrategica-de-eta-1280x853.jpg 1280w, https:\/\/www.arovite.com\/wp-content\/uploads\/2014\/02\/la-evolucion-estrategica-de-eta-100x68.jpg 100w, https:\/\/www.arovite.com\/wp-content\/uploads\/2014\/02\/la-evolucion-estrategica-de-eta-450x300.jpg 450w\" sizes=\"auto, (max-width: 1500px) 100vw, 1500px\" \/><\/noscript><img decoding=\"async\" width=\"1500\" height=\"1000\" src=\"https:\/\/www.arovite.com\/wp-content\/uploads\/2014\/02\/la-evolucion-estrategica-de-eta.jpg\" class=\"wp-image-19728 vp-lazyload\" alt srcset=\"data:image\/svg+xml;base64,PHN2ZyB3aWR0aD0iMTUwMCIgaGVpZ2h0PSIxMDAwIiB2aWV3Qm94PSIwIDAgMTUwMCAxMDAwIiBmaWxsPSJub25lIiB4bWxucz0iaHR0cDovL3d3dy53My5vcmcvMjAwMC9zdmciPjwvc3ZnPg==\" data-src=\"https:\/\/www.arovite.com\/wp-content\/uploads\/2014\/02\/la-evolucion-estrategica-de-eta.jpg\" data-srcset=\"https:\/\/www.arovite.com\/wp-content\/uploads\/2014\/02\/la-evolucion-estrategica-de-eta.jpg 1500w, https:\/\/www.arovite.com\/wp-content\/uploads\/2014\/02\/la-evolucion-estrategica-de-eta-300x200.jpg 300w, https:\/\/www.arovite.com\/wp-content\/uploads\/2014\/02\/la-evolucion-estrategica-de-eta-1024x683.jpg 1024w, https:\/\/www.arovite.com\/wp-content\/uploads\/2014\/02\/la-evolucion-estrategica-de-eta-768x512.jpg 768w, https:\/\/www.arovite.com\/wp-content\/uploads\/2014\/02\/la-evolucion-estrategica-de-eta-500x333.jpg 500w, https:\/\/www.arovite.com\/wp-content\/uploads\/2014\/02\/la-evolucion-estrategica-de-eta-800x533.jpg 800w, https:\/\/www.arovite.com\/wp-content\/uploads\/2014\/02\/la-evolucion-estrategica-de-eta-1280x853.jpg 1280w, https:\/\/www.arovite.com\/wp-content\/uploads\/2014\/02\/la-evolucion-estrategica-de-eta-100x68.jpg 100w, https:\/\/www.arovite.com\/wp-content\/uploads\/2014\/02\/la-evolucion-estrategica-de-eta-450x300.jpg 450w\" data-sizes=\"auto\" loading=\"eager\">\n\t\t<div class=\"vp-portfolio__item-overlay\">\n\t\t\t\t\t<\/div>\n\n\t\t<\/a>\t<\/div>\n<\/div>\n\n\t<figcaption class=\"vp-portfolio__item-caption vp-portfolio__item-caption-text-align-center\">\n\t\t<div class=\"vp-portfolio__item-meta\">\n\t\t\t\n<h2 class=\"vp-portfolio__item-meta-title\">\n\t\t<a\n\t\thref=\"https:\/\/www.arovite.com\/eu\/portfolio\/sugerencias-de-lectura\/la-evolucion-estrategica-de-eta-de-la-guerra-revolucionaria-1963-hasta-despues-de-la-tregua-1989-2\/\"\n\t\t\t>\n\tLa evoluci\u00f3n estrat\u00e9gica de ETA. De la \u00abguerra revolucionaria\u00bb (1963) hasta despu\u00e9s de la tregua (1989)<\/a><\/h2>\n\n<div class=\"vp-portfolio__item-meta-excerpt\">\n\t<div>\n\t\tIBARRA, Pedro\t<\/div>\n<\/div>\n\t\t<\/div>\n\t<\/figcaption>\n\t\t\t<\/figure>\n\t\t\t\t\t<\/article>\n\t\t\n\t\t<article\t\tclass=\"vp-portfolio__item-wrap post-3212 portfolio type-portfolio status-publish format-standard has-post-thumbnail hentry portfolio_category-etaren-historia portfolio_category-irakurketa-iradokizunak portfolio_category-sugerencias-de-lectura vp-portfolio__item-uid-a0f83b3b\" data-vp-filter=\"etaren-historia,irakurketa-iradokizunak,sugerencias-de-lectura\" \t\t>\n\t\t\t\t\t\t\t\t\t<figure class=\"vp-portfolio__item\">\n\t\t\t\t\n<div class=\"vp-portfolio__item-img-wrap\">\n\t<div class=\"vp-portfolio__item-img\">\n\t\t\t<a\n\t\thref=\"https:\/\/www.arovite.com\/eu\/portfolio\/sugerencias-de-lectura\/la-historia-de-eta-2\/\"\n\t\t\t>\n\t\n\t\t<noscript><img loading=\"lazy\" decoding=\"async\" width=\"1500\" height=\"1000\" data-skip-lazy src=\"https:\/\/www.arovite.com\/wp-content\/uploads\/2014\/02\/la-historia-de-eta.jpg\" class=\"wp-image-19722\" alt=\"\" srcset=\"https:\/\/www.arovite.com\/wp-content\/uploads\/2014\/02\/la-historia-de-eta.jpg 1500w, https:\/\/www.arovite.com\/wp-content\/uploads\/2014\/02\/la-historia-de-eta-300x200.jpg 300w, https:\/\/www.arovite.com\/wp-content\/uploads\/2014\/02\/la-historia-de-eta-1024x683.jpg 1024w, https:\/\/www.arovite.com\/wp-content\/uploads\/2014\/02\/la-historia-de-eta-768x512.jpg 768w, https:\/\/www.arovite.com\/wp-content\/uploads\/2014\/02\/la-historia-de-eta-500x333.jpg 500w, https:\/\/www.arovite.com\/wp-content\/uploads\/2014\/02\/la-historia-de-eta-800x533.jpg 800w, https:\/\/www.arovite.com\/wp-content\/uploads\/2014\/02\/la-historia-de-eta-1280x853.jpg 1280w, https:\/\/www.arovite.com\/wp-content\/uploads\/2014\/02\/la-historia-de-eta-100x68.jpg 100w, https:\/\/www.arovite.com\/wp-content\/uploads\/2014\/02\/la-historia-de-eta-450x300.jpg 450w\" sizes=\"auto, (max-width: 1500px) 100vw, 1500px\" \/><\/noscript><img decoding=\"async\" width=\"1500\" height=\"1000\" src=\"https:\/\/www.arovite.com\/wp-content\/uploads\/2014\/02\/la-historia-de-eta.jpg\" class=\"wp-image-19722 vp-lazyload\" alt srcset=\"data:image\/svg+xml;base64,PHN2ZyB3aWR0aD0iMTUwMCIgaGVpZ2h0PSIxMDAwIiB2aWV3Qm94PSIwIDAgMTUwMCAxMDAwIiBmaWxsPSJub25lIiB4bWxucz0iaHR0cDovL3d3dy53My5vcmcvMjAwMC9zdmciPjwvc3ZnPg==\" data-src=\"https:\/\/www.arovite.com\/wp-content\/uploads\/2014\/02\/la-historia-de-eta.jpg\" data-srcset=\"https:\/\/www.arovite.com\/wp-content\/uploads\/2014\/02\/la-historia-de-eta.jpg 1500w, https:\/\/www.arovite.com\/wp-content\/uploads\/2014\/02\/la-historia-de-eta-300x200.jpg 300w, https:\/\/www.arovite.com\/wp-content\/uploads\/2014\/02\/la-historia-de-eta-1024x683.jpg 1024w, https:\/\/www.arovite.com\/wp-content\/uploads\/2014\/02\/la-historia-de-eta-768x512.jpg 768w, https:\/\/www.arovite.com\/wp-content\/uploads\/2014\/02\/la-historia-de-eta-500x333.jpg 500w, https:\/\/www.arovite.com\/wp-content\/uploads\/2014\/02\/la-historia-de-eta-800x533.jpg 800w, https:\/\/www.arovite.com\/wp-content\/uploads\/2014\/02\/la-historia-de-eta-1280x853.jpg 1280w, https:\/\/www.arovite.com\/wp-content\/uploads\/2014\/02\/la-historia-de-eta-100x68.jpg 100w, https:\/\/www.arovite.com\/wp-content\/uploads\/2014\/02\/la-historia-de-eta-450x300.jpg 450w\" data-sizes=\"auto\" loading=\"eager\">\n\t\t<div class=\"vp-portfolio__item-overlay\">\n\t\t\t\t\t<\/div>\n\n\t\t<\/a>\t<\/div>\n<\/div>\n\n\t<figcaption class=\"vp-portfolio__item-caption vp-portfolio__item-caption-text-align-center\">\n\t\t<div class=\"vp-portfolio__item-meta\">\n\t\t\t\n<h2 class=\"vp-portfolio__item-meta-title\">\n\t\t<a\n\t\thref=\"https:\/\/www.arovite.com\/eu\/portfolio\/sugerencias-de-lectura\/la-historia-de-eta-2\/\"\n\t\t\t>\n\tLa historia de ETA<\/a><\/h2>\n\n<div class=\"vp-portfolio__item-meta-excerpt\">\n\t<div>\n\t\tELORZA, Antonio (coord.)\t<\/div>\n<\/div>\n\t\t<\/div>\n\t<\/figcaption>\n\t\t\t<\/figure>\n\t\t\t\t\t<\/article>\n\t\t\n\t\t<article\t\tclass=\"vp-portfolio__item-wrap post-7584 portfolio type-portfolio status-publish format-standard has-post-thumbnail hentry portfolio_category-etaren-historia portfolio_category-irakurketa-iradokizunak vp-portfolio__item-uid-1274a495\" data-vp-filter=\"etaren-historia,irakurketa-iradokizunak\" \t\t>\n\t\t\t\t\t\t\t\t\t<figure class=\"vp-portfolio__item\">\n\t\t\t\t\n<div class=\"vp-portfolio__item-img-wrap\">\n\t<div class=\"vp-portfolio__item-img\">\n\t\t\t<a\n\t\thref=\"https:\/\/www.arovite.com\/eu\/portfolio\/irakurketa-iradokizunak\/la-voluntad-del-gudari-genesis-y-metastasis-de-la-violencia-de-eta\/\"\n\t\t\t>\n\t\n\t\t<noscript><img loading=\"lazy\" decoding=\"async\" width=\"1500\" height=\"1000\" data-skip-lazy src=\"https:\/\/www.arovite.com\/wp-content\/uploads\/2016\/12\/la-voluntad-del-gudari-1.jpg\" class=\"wp-image-19737\" alt=\"\" srcset=\"https:\/\/www.arovite.com\/wp-content\/uploads\/2016\/12\/la-voluntad-del-gudari-1.jpg 1500w, https:\/\/www.arovite.com\/wp-content\/uploads\/2016\/12\/la-voluntad-del-gudari-1-300x200.jpg 300w, https:\/\/www.arovite.com\/wp-content\/uploads\/2016\/12\/la-voluntad-del-gudari-1-1024x683.jpg 1024w, https:\/\/www.arovite.com\/wp-content\/uploads\/2016\/12\/la-voluntad-del-gudari-1-768x512.jpg 768w, https:\/\/www.arovite.com\/wp-content\/uploads\/2016\/12\/la-voluntad-del-gudari-1-500x333.jpg 500w, https:\/\/www.arovite.com\/wp-content\/uploads\/2016\/12\/la-voluntad-del-gudari-1-800x533.jpg 800w, https:\/\/www.arovite.com\/wp-content\/uploads\/2016\/12\/la-voluntad-del-gudari-1-1280x853.jpg 1280w, https:\/\/www.arovite.com\/wp-content\/uploads\/2016\/12\/la-voluntad-del-gudari-1-100x68.jpg 100w, https:\/\/www.arovite.com\/wp-content\/uploads\/2016\/12\/la-voluntad-del-gudari-1-450x300.jpg 450w\" sizes=\"auto, (max-width: 1500px) 100vw, 1500px\" \/><\/noscript><img decoding=\"async\" width=\"1500\" height=\"1000\" src=\"https:\/\/www.arovite.com\/wp-content\/uploads\/2016\/12\/la-voluntad-del-gudari-1.jpg\" class=\"wp-image-19737 vp-lazyload\" alt srcset=\"data:image\/svg+xml;base64,PHN2ZyB3aWR0aD0iMTUwMCIgaGVpZ2h0PSIxMDAwIiB2aWV3Qm94PSIwIDAgMTUwMCAxMDAwIiBmaWxsPSJub25lIiB4bWxucz0iaHR0cDovL3d3dy53My5vcmcvMjAwMC9zdmciPjwvc3ZnPg==\" data-src=\"https:\/\/www.arovite.com\/wp-content\/uploads\/2016\/12\/la-voluntad-del-gudari-1.jpg\" data-srcset=\"https:\/\/www.arovite.com\/wp-content\/uploads\/2016\/12\/la-voluntad-del-gudari-1.jpg 1500w, https:\/\/www.arovite.com\/wp-content\/uploads\/2016\/12\/la-voluntad-del-gudari-1-300x200.jpg 300w, https:\/\/www.arovite.com\/wp-content\/uploads\/2016\/12\/la-voluntad-del-gudari-1-1024x683.jpg 1024w, https:\/\/www.arovite.com\/wp-content\/uploads\/2016\/12\/la-voluntad-del-gudari-1-768x512.jpg 768w, https:\/\/www.arovite.com\/wp-content\/uploads\/2016\/12\/la-voluntad-del-gudari-1-500x333.jpg 500w, https:\/\/www.arovite.com\/wp-content\/uploads\/2016\/12\/la-voluntad-del-gudari-1-800x533.jpg 800w, https:\/\/www.arovite.com\/wp-content\/uploads\/2016\/12\/la-voluntad-del-gudari-1-1280x853.jpg 1280w, https:\/\/www.arovite.com\/wp-content\/uploads\/2016\/12\/la-voluntad-del-gudari-1-100x68.jpg 100w, https:\/\/www.arovite.com\/wp-content\/uploads\/2016\/12\/la-voluntad-del-gudari-1-450x300.jpg 450w\" data-sizes=\"auto\" loading=\"eager\">\n\t\t<div class=\"vp-portfolio__item-overlay\">\n\t\t\t\t\t<\/div>\n\n\t\t<\/a>\t<\/div>\n<\/div>\n\n\t<figcaption class=\"vp-portfolio__item-caption vp-portfolio__item-caption-text-align-center\">\n\t\t<div class=\"vp-portfolio__item-meta\">\n\t\t\t\n<h2 class=\"vp-portfolio__item-meta-title\">\n\t\t<a\n\t\thref=\"https:\/\/www.arovite.com\/eu\/portfolio\/irakurketa-iradokizunak\/la-voluntad-del-gudari-genesis-y-metastasis-de-la-violencia-de-eta\/\"\n\t\t\t>\n\tLa voluntad del gudari: g\u00e9nesis y met\u00e1stasis de la violencia de ETA<\/a><\/h2>\n\n<div class=\"vp-portfolio__item-meta-excerpt\">\n\t<div>\n\t\tFERN\u00c1NDEZ SOLDEVILLA, Gaizka\t<\/div>\n<\/div>\n\t\t<\/div>\n\t<\/figcaption>\n\t\t\t<\/figure>\n\t\t\t\t\t<\/article>\n\t\t\n\t\t<article\t\tclass=\"vp-portfolio__item-wrap post-9340 portfolio type-portfolio status-publish format-standard has-post-thumbnail hentry portfolio_category-etaren-historia portfolio_category-irakurketa-iradokizunak vp-portfolio__item-uid-5dfe2401\" data-vp-filter=\"etaren-historia,irakurketa-iradokizunak\" \t\t>\n\t\t\t\t\t\t\t\t\t<figure class=\"vp-portfolio__item\">\n\t\t\t\t\n<div class=\"vp-portfolio__item-img-wrap\">\n\t<div class=\"vp-portfolio__item-img\">\n\t\t\t<a\n\t\thref=\"https:\/\/www.arovite.com\/eu\/portfolio\/irakurketa-iradokizunak\/pardines-cuando-eta-empezo-a-matar\/\"\n\t\t\t>\n\t\n\t\t<noscript><img loading=\"lazy\" decoding=\"async\" width=\"1500\" height=\"1000\" data-skip-lazy src=\"https:\/\/www.arovite.com\/wp-content\/uploads\/2019\/01\/pardines-cuando-eta-empezo-a-matar.jpg\" class=\"wp-image-19740\" alt=\"\" srcset=\"https:\/\/www.arovite.com\/wp-content\/uploads\/2019\/01\/pardines-cuando-eta-empezo-a-matar.jpg 1500w, https:\/\/www.arovite.com\/wp-content\/uploads\/2019\/01\/pardines-cuando-eta-empezo-a-matar-300x200.jpg 300w, https:\/\/www.arovite.com\/wp-content\/uploads\/2019\/01\/pardines-cuando-eta-empezo-a-matar-1024x683.jpg 1024w, https:\/\/www.arovite.com\/wp-content\/uploads\/2019\/01\/pardines-cuando-eta-empezo-a-matar-768x512.jpg 768w, https:\/\/www.arovite.com\/wp-content\/uploads\/2019\/01\/pardines-cuando-eta-empezo-a-matar-500x333.jpg 500w, https:\/\/www.arovite.com\/wp-content\/uploads\/2019\/01\/pardines-cuando-eta-empezo-a-matar-800x533.jpg 800w, https:\/\/www.arovite.com\/wp-content\/uploads\/2019\/01\/pardines-cuando-eta-empezo-a-matar-1280x853.jpg 1280w, https:\/\/www.arovite.com\/wp-content\/uploads\/2019\/01\/pardines-cuando-eta-empezo-a-matar-100x68.jpg 100w, https:\/\/www.arovite.com\/wp-content\/uploads\/2019\/01\/pardines-cuando-eta-empezo-a-matar-450x300.jpg 450w\" sizes=\"auto, (max-width: 1500px) 100vw, 1500px\" \/><\/noscript><img decoding=\"async\" width=\"1500\" height=\"1000\" src=\"https:\/\/www.arovite.com\/wp-content\/uploads\/2019\/01\/pardines-cuando-eta-empezo-a-matar.jpg\" class=\"wp-image-19740 vp-lazyload\" alt srcset=\"data:image\/svg+xml;base64,PHN2ZyB3aWR0aD0iMTUwMCIgaGVpZ2h0PSIxMDAwIiB2aWV3Qm94PSIwIDAgMTUwMCAxMDAwIiBmaWxsPSJub25lIiB4bWxucz0iaHR0cDovL3d3dy53My5vcmcvMjAwMC9zdmciPjwvc3ZnPg==\" data-src=\"https:\/\/www.arovite.com\/wp-content\/uploads\/2019\/01\/pardines-cuando-eta-empezo-a-matar.jpg\" data-srcset=\"https:\/\/www.arovite.com\/wp-content\/uploads\/2019\/01\/pardines-cuando-eta-empezo-a-matar.jpg 1500w, https:\/\/www.arovite.com\/wp-content\/uploads\/2019\/01\/pardines-cuando-eta-empezo-a-matar-300x200.jpg 300w, https:\/\/www.arovite.com\/wp-content\/uploads\/2019\/01\/pardines-cuando-eta-empezo-a-matar-1024x683.jpg 1024w, https:\/\/www.arovite.com\/wp-content\/uploads\/2019\/01\/pardines-cuando-eta-empezo-a-matar-768x512.jpg 768w, https:\/\/www.arovite.com\/wp-content\/uploads\/2019\/01\/pardines-cuando-eta-empezo-a-matar-500x333.jpg 500w, https:\/\/www.arovite.com\/wp-content\/uploads\/2019\/01\/pardines-cuando-eta-empezo-a-matar-800x533.jpg 800w, https:\/\/www.arovite.com\/wp-content\/uploads\/2019\/01\/pardines-cuando-eta-empezo-a-matar-1280x853.jpg 1280w, https:\/\/www.arovite.com\/wp-content\/uploads\/2019\/01\/pardines-cuando-eta-empezo-a-matar-100x68.jpg 100w, https:\/\/www.arovite.com\/wp-content\/uploads\/2019\/01\/pardines-cuando-eta-empezo-a-matar-450x300.jpg 450w\" data-sizes=\"auto\" loading=\"eager\">\n\t\t<div class=\"vp-portfolio__item-overlay\">\n\t\t\t\t\t<\/div>\n\n\t\t<\/a>\t<\/div>\n<\/div>\n\n\t<figcaption class=\"vp-portfolio__item-caption vp-portfolio__item-caption-text-align-center\">\n\t\t<div class=\"vp-portfolio__item-meta\">\n\t\t\t\n<h2 class=\"vp-portfolio__item-meta-title\">\n\t\t<a\n\t\thref=\"https:\/\/www.arovite.com\/eu\/portfolio\/irakurketa-iradokizunak\/pardines-cuando-eta-empezo-a-matar\/\"\n\t\t\t>\n\tPardines. Cuando ETA empez\u00f3 a matar<\/a><\/h2>\n\n<div class=\"vp-portfolio__item-meta-excerpt\">\n\t<div>\n\t\tFERN\u00c1NDEZ SOLDEVILLA, Gaizka\t<\/div>\n<\/div>\n\t\t<\/div>\n\t<\/figcaption>\n\t\t\t<\/figure>\n\t\t\t\t\t<\/article>\n\t\t\n\t\t<article\t\tclass=\"vp-portfolio__item-wrap post-12270 portfolio type-portfolio status-publish format-standard has-post-thumbnail hentry portfolio_category-etaren-historia portfolio_category-irakurketa-iradokizunak vp-portfolio__item-uid-4081d742\" data-vp-filter=\"etaren-historia,irakurketa-iradokizunak\" \t\t>\n\t\t\t\t\t\t\t\t\t<figure class=\"vp-portfolio__item\">\n\t\t\t\t\n<div class=\"vp-portfolio__item-img-wrap\">\n\t<div class=\"vp-portfolio__item-img\">\n\t\t\t<a\n\t\thref=\"https:\/\/www.arovite.com\/eu\/portfolio\/irakurketa-iradokizunak\/12269\/\"\n\t\t\t>\n\t\n\t\t<noscript><img loading=\"lazy\" decoding=\"async\" width=\"1500\" height=\"1000\" data-skip-lazy src=\"https:\/\/www.arovite.com\/wp-content\/uploads\/2021\/01\/relatos-de-plomo-1.jpg\" class=\"wp-image-19749\" alt=\"\" srcset=\"https:\/\/www.arovite.com\/wp-content\/uploads\/2021\/01\/relatos-de-plomo-1.jpg 1500w, https:\/\/www.arovite.com\/wp-content\/uploads\/2021\/01\/relatos-de-plomo-1-300x200.jpg 300w, https:\/\/www.arovite.com\/wp-content\/uploads\/2021\/01\/relatos-de-plomo-1-1024x683.jpg 1024w, https:\/\/www.arovite.com\/wp-content\/uploads\/2021\/01\/relatos-de-plomo-1-768x512.jpg 768w, https:\/\/www.arovite.com\/wp-content\/uploads\/2021\/01\/relatos-de-plomo-1-500x333.jpg 500w, https:\/\/www.arovite.com\/wp-content\/uploads\/2021\/01\/relatos-de-plomo-1-800x533.jpg 800w, https:\/\/www.arovite.com\/wp-content\/uploads\/2021\/01\/relatos-de-plomo-1-1280x853.jpg 1280w, https:\/\/www.arovite.com\/wp-content\/uploads\/2021\/01\/relatos-de-plomo-1-100x68.jpg 100w, https:\/\/www.arovite.com\/wp-content\/uploads\/2021\/01\/relatos-de-plomo-1-450x300.jpg 450w\" sizes=\"auto, (max-width: 1500px) 100vw, 1500px\" \/><\/noscript><img decoding=\"async\" width=\"1500\" height=\"1000\" src=\"https:\/\/www.arovite.com\/wp-content\/uploads\/2021\/01\/relatos-de-plomo-1.jpg\" class=\"wp-image-19749 vp-lazyload\" alt srcset=\"data:image\/svg+xml;base64,PHN2ZyB3aWR0aD0iMTUwMCIgaGVpZ2h0PSIxMDAwIiB2aWV3Qm94PSIwIDAgMTUwMCAxMDAwIiBmaWxsPSJub25lIiB4bWxucz0iaHR0cDovL3d3dy53My5vcmcvMjAwMC9zdmciPjwvc3ZnPg==\" data-src=\"https:\/\/www.arovite.com\/wp-content\/uploads\/2021\/01\/relatos-de-plomo-1.jpg\" data-srcset=\"https:\/\/www.arovite.com\/wp-content\/uploads\/2021\/01\/relatos-de-plomo-1.jpg 1500w, https:\/\/www.arovite.com\/wp-content\/uploads\/2021\/01\/relatos-de-plomo-1-300x200.jpg 300w, https:\/\/www.arovite.com\/wp-content\/uploads\/2021\/01\/relatos-de-plomo-1-1024x683.jpg 1024w, https:\/\/www.arovite.com\/wp-content\/uploads\/2021\/01\/relatos-de-plomo-1-768x512.jpg 768w, https:\/\/www.arovite.com\/wp-content\/uploads\/2021\/01\/relatos-de-plomo-1-500x333.jpg 500w, https:\/\/www.arovite.com\/wp-content\/uploads\/2021\/01\/relatos-de-plomo-1-800x533.jpg 800w, https:\/\/www.arovite.com\/wp-content\/uploads\/2021\/01\/relatos-de-plomo-1-1280x853.jpg 1280w, https:\/\/www.arovite.com\/wp-content\/uploads\/2021\/01\/relatos-de-plomo-1-100x68.jpg 100w, https:\/\/www.arovite.com\/wp-content\/uploads\/2021\/01\/relatos-de-plomo-1-450x300.jpg 450w\" data-sizes=\"auto\" loading=\"eager\">\n\t\t<div class=\"vp-portfolio__item-overlay\">\n\t\t\t\t\t<\/div>\n\n\t\t<\/a>\t<\/div>\n<\/div>\n\n\t<figcaption class=\"vp-portfolio__item-caption vp-portfolio__item-caption-text-align-center\">\n\t\t<div class=\"vp-portfolio__item-meta\">\n\t\t\t\n<h2 class=\"vp-portfolio__item-meta-title\">\n\t\t<a\n\t\thref=\"https:\/\/www.arovite.com\/eu\/portfolio\/irakurketa-iradokizunak\/12269\/\"\n\t\t\t>\n\tRelatos de plomo. Historia del Terrorismo en Navarra<\/a><\/h2>\n\n<div class=\"vp-portfolio__item-meta-excerpt\">\n\t<div>\n\t\tMARROD\u00c1N CIORDIA, Javier y otros\t<\/div>\n<\/div>\n\t\t<\/div>\n\t<\/figcaption>\n\t\t\t<\/figure>\n\t\t\t\t\t<\/article>\n\t\t\n<\/div>\n\t\t<\/div>\n\t\t\t\t<div class=\"vp-portfolio__layout-elements vp-portfolio__layout-elements-bottom vp-portfolio__layout-elements-align-center\">\n\t\t\t\t<div class=\"vp-portfolio__pagination-wrap\">\n\t\t\n<div class=\"vp-pagination vp-pagination__no-more vp-pagination__style-minimal\" data-vp-pagination-type=\"load-more\">\n\t<div class=\"vp-pagination__item\">\n\t\t<a class=\"vp-pagination__load-more\" href=\"\">\n\t\t\t<span>Cargar m\u00e1s<\/span>\n\t\t\t<span class=\"vp-pagination__load-more-loading\"><span class=\"vp-spinner\"><\/span><span class=\"vp-screen-reader-text\"> Cargando m\u00e1s...<\/span><\/span>\n\t\t\t<span class=\"vp-pagination__load-more-no-more\">Has llegado al final de la lista<\/span>\n\t\t<\/a>\n\t<\/div>\n<\/div>\n\t\t<\/div>\n\t\t\t\t<\/div>\n\t\t\n<\/div>\n[\/vc_column][\/vc_row]<\/p>\n<\/div>","protected":false},"excerpt":{"rendered":"<p>[vc_row][vc_column][\/vc_column][\/vc_row]<\/p>\n","protected":false},"author":2,"featured_media":0,"parent":2736,"menu_order":0,"comment_status":"closed","ping_status":"closed","template":"","meta":{"om_disable_all_campaigns":false,"_monsterinsights_skip_tracking":false,"_monsterinsights_sitenote_active":false,"_monsterinsights_sitenote_note":"","_monsterinsights_sitenote_category":0,"_uf_show_specific_survey":0,"_uf_disable_surveys":false,"_vp_format_video_url":"","_vp_image_focal_point":[],"_vp_custom_popup_image":0,"_vp_format_audio_url":"","_vp_custom_thumbnail":0,"_vp_custom_thumbnail_focal_point":[],"_vp_hover_thumbnail":0,"_vp_hover_thumbnail_focal_point":[],"footnotes":""},"class_list":["post-23298","page","type-page","status-publish","hentry"],"aioseo_notices":[],"_links":{"self":[{"href":"https:\/\/www.arovite.com\/eu\/wp-json\/wp\/v2\/pages\/23298","targetHints":{"allow":["GET"]}}],"collection":[{"href":"https:\/\/www.arovite.com\/eu\/wp-json\/wp\/v2\/pages"}],"about":[{"href":"https:\/\/www.arovite.com\/eu\/wp-json\/wp\/v2\/types\/page"}],"author":[{"embeddable":true,"href":"https:\/\/www.arovite.com\/eu\/wp-json\/wp\/v2\/users\/2"}],"replies":[{"embeddable":true,"href":"https:\/\/www.arovite.com\/eu\/wp-json\/wp\/v2\/comments?post=23298"}],"version-history":[{"count":1,"href":"https:\/\/www.arovite.com\/eu\/wp-json\/wp\/v2\/pages\/23298\/revisions"}],"predecessor-version":[{"id":23299,"href":"https:\/\/www.arovite.com\/eu\/wp-json\/wp\/v2\/pages\/23298\/revisions\/23299"}],"up":[{"embeddable":true,"href":"https:\/\/www.arovite.com\/eu\/wp-json\/wp\/v2\/pages\/2736"}],"wp:attachment":[{"href":"https:\/\/www.arovite.com\/eu\/wp-json\/wp\/v2\/media?parent=23298"}],"curies":[{"name":"wp","href":"https:\/\/api.w.org\/{rel}","templated":true}]}}