{"id":17147,"date":"2023-02-17T18:31:28","date_gmt":"2023-02-17T18:31:28","guid":{"rendered":"https:\/\/www.arovite.com\/?page_id=17147"},"modified":"2023-02-22T12:02:30","modified_gmt":"2023-02-22T12:02:30","slug":"fernandez-soldevilla-gaizka-2018c","status":"publish","type":"page","link":"https:\/\/www.arovite.com\/eu\/fernandez-soldevilla-gaizka-2018c\/","title":{"rendered":"FERN\u00c1NDEZ SOLDEVILLA, Gaizka (2018c)"},"content":{"rendered":"<div class=\"wpb-content-wrapper\"><p>[vc_row][vc_column width=&#8221;1\/1&#8243;][vc_column_text][vc_empty_space height=&#8221;20&#8243;]<br \/>\n<strong>Referencia bibliogr\u00e1fica<\/strong><br \/>\nFERN\u00c1NDEZ SOLDEVILLA, Gaizka (2018): \u00abMatar por la patria. Nacionalismo radical y violencia terrorista en Espa\u00f1a (1958-2018)\u00bb, en SEP\u00daLVEDA MU\u00d1OZ, Isidro (ed.): <em>Naci\u00f3n y nacionalismos en la Espa\u00f1a de las autonom\u00edas<\/em>. Madrid: Centro de Estudios Pol\u00edticos y Constitucionales, pp. 293-325. <\/p>\n<p><a class=\"button blue  medium \" href=\"https:\/\/gaizkafernandez.files.wordpress.com\/2019\/04\/matar-por-la-patria.pdf\" target=\"_blank\" rel=\"noopener\">Consultar PDF<\/a>[vc_empty_space height=&#8221;10&#8243;]<br \/>\n<strong>Resumen<\/strong><br \/>\nEl autor examina aquellas organizaciones que apostaron decididamente por el uso de la violencia como instrumento para alcanzar la independencia, la mayor parte de ellas surgidas en las postrimer\u00edas del franquismo, pero cuya actuaci\u00f3n m\u00e1s sangrienta se produjo en una Espa\u00f1a ya plenamente democr\u00e1tica; aunque la mayor parte del estudio se concentra en la larga, compleja y dram\u00e1tica actuaci\u00f3n de ETA, tambi\u00e9n son examinados los grupos terroristas que operaron en Catalu\u00f1a, Galicia, Canarias y otros \u00e9mulos m\u00e1s anecd\u00f3ticos. [vc_empty_space height=&#8221;10&#8243;]<br \/>\n<strong>Autor<\/strong><br \/>\nGaizka Fern\u00e1ndez Soldevilla. <a title=\"Dialnet\" href=\"https:\/\/dialnet.unirioja.es\/servlet\/autor?codigo=2407724\" target=\"_blank\" rel=\"noopener\">P\u00e1gina del autor en Dialnet.<\/a><br \/>\n[vc_empty_space height=&#8221;10&#8243;]<br \/>\n<strong>Tipo de documento<\/strong><br \/>\nCap\u00edtulo de libro<br \/>\n[vc_empty_space height=&#8221;10&#8243;]<br \/>\n[\/vc_column_text][\/vc_column][\/vc_row]<\/p>\n<\/div>","protected":false},"excerpt":{"rendered":"<p>[vc_row][vc_column width=&#8221;1\/1&#8243;][vc_column_text][vc_empty_space height=&#8221;20&#8243;] Referencia bibliogr\u00e1fica FERN\u00c1NDEZ SOLDEVILLA, Gaizka (2018): \u00abMatar por la patria. Nacionalismo radical y violencia terrorista en Espa\u00f1a (1958-2018)\u00bb, en SEP\u00daLVEDA MU\u00d1OZ, Isidro (ed.): Naci\u00f3n y nacionalismos en&hellip;<\/p>\n","protected":false},"author":1,"featured_media":0,"parent":0,"menu_order":0,"comment_status":"closed","ping_status":"closed","template":"","meta":{"om_disable_all_campaigns":false,"_monsterinsights_skip_tracking":false,"_monsterinsights_sitenote_active":false,"_monsterinsights_sitenote_note":"","_monsterinsights_sitenote_category":0,"_uf_show_specific_survey":0,"_uf_disable_surveys":false,"_vp_format_video_url":"","_vp_image_focal_point":[],"_vp_custom_popup_image":0,"_vp_format_audio_url":"","_vp_custom_thumbnail":0,"_vp_custom_thumbnail_focal_point":[],"_vp_hover_thumbnail":0,"_vp_hover_thumbnail_focal_point":[],"footnotes":""},"class_list":["post-17147","page","type-page","status-publish","hentry"],"aioseo_notices":[],"_links":{"self":[{"href":"https:\/\/www.arovite.com\/eu\/wp-json\/wp\/v2\/pages\/17147","targetHints":{"allow":["GET"]}}],"collection":[{"href":"https:\/\/www.arovite.com\/eu\/wp-json\/wp\/v2\/pages"}],"about":[{"href":"https:\/\/www.arovite.com\/eu\/wp-json\/wp\/v2\/types\/page"}],"author":[{"embeddable":true,"href":"https:\/\/www.arovite.com\/eu\/wp-json\/wp\/v2\/users\/1"}],"replies":[{"embeddable":true,"href":"https:\/\/www.arovite.com\/eu\/wp-json\/wp\/v2\/comments?post=17147"}],"version-history":[{"count":2,"href":"https:\/\/www.arovite.com\/eu\/wp-json\/wp\/v2\/pages\/17147\/revisions"}],"predecessor-version":[{"id":17580,"href":"https:\/\/www.arovite.com\/eu\/wp-json\/wp\/v2\/pages\/17147\/revisions\/17580"}],"wp:attachment":[{"href":"https:\/\/www.arovite.com\/eu\/wp-json\/wp\/v2\/media?parent=17147"}],"curies":[{"name":"wp","href":"https:\/\/api.w.org\/{rel}","templated":true}]}}