{"id":12770,"date":"2021-01-22T11:48:44","date_gmt":"2021-01-22T11:48:44","guid":{"rendered":"https:\/\/www.arovite.com\/rivera-blanco-antonio-2019\/"},"modified":"2021-01-22T11:48:52","modified_gmt":"2021-01-22T11:48:52","slug":"rivera-blanco-antonio-2019","status":"publish","type":"page","link":"https:\/\/www.arovite.com\/eu\/rivera-blanco-antonio-2019\/","title":{"rendered":"RIVERA BLANCO, ANTONIO (2019)"},"content":{"rendered":"<div class=\"wpb-content-wrapper\"><p>[vc_row][vc_column width=&#8221;1\/1&#8243;][vc_column_text][vc_empty_space height=&#8221;20&#8243;]<br \/>\n<strong>Referencia bibliogr\u00e1fica<\/strong><br \/>\nRIVERA BLANCO, ANTONIO (2019): \u00abEstatuari gerra!: Autonom\u00eda obrera en el Pa\u00eds Vasco\u00bb, en BERAMENDI, Justo, CABO, Miguel, FERN\u00c1NDEZ PRIETO, Lourenzo y IGLESIAS, Alfonso (eds.): <em>La naci\u00f3n omnipresente. Procesos de nacionalizaci\u00f3n en la Espa\u00f1a contempor\u00e1nea<\/em>. Granada: Comares, pp. 326-343.<\/p>\n<p><a class=\"button blue medium \" href=\"https:\/\/www.academia.edu\/44922341\/Estatuari_gerra_Autonom%C3%ADa_obrera_en_el_Pa%C3%ADs_Vasco\" target=\"_blank\" rel=\"noopener\">Consultar PDF<\/a>[vc_empty_space height=&#8221;10&#8243;]<br \/>\n<strong>Resumen<\/strong><br \/>\nLa autonom\u00eda obrera constituy\u00f3 una amalgama de discursos y pr\u00e1cticas pol\u00edticas que en los a\u00f1os setenta del siglo xx dieron lugar en Italia, Francia, Alemania o Pa\u00edses Bajos a una diversidad de grupos, actuaciones e influencias. En Espa\u00f1a tambi\u00e9n se desarroll\u00f3 esa cultura pol\u00edtica desde los a\u00f1os del tardofranquismo, yendo desde el activismo violento (el MIL en Catalu\u00f1a) a los colectivos obreros disconformes con la hegemon\u00eda comunista en las comisiones obreras. En el Pa\u00eds Vasco ese movimiento demostr\u00f3 una notable presencia en diferentes conflictos desde un activismo obrero y popular contrario a partidos y sindicatos, unas siglas que acogieron a diferentes grupos practicantes de la violencia pol\u00edtica (Comandos Aut\u00f3nomos Anticapitalistas) y una cultura juvenil din\u00e1mica y creadora.<br \/>\n [vc_empty_space height=&#8221;10&#8243;]<br \/>\n<strong>Autor<\/strong><br \/>\nAntonio Rivera Blanco. <a title=\"Dialnet\" href=\"https:\/\/dialnet.unirioja.es\/servlet\/autor?codigo=181403\" target=\"_blank\" rel=\"noopener\">P\u00e1gina del autor en Dialnet.<\/a><br \/>\n[vc_empty_space height=&#8221;10&#8243;]<br \/>\n<strong>Tipo de documento<\/strong><br \/>\nCap\u00edtulo de libro<br \/>\n[vc_empty_space height=&#8221;10&#8243;]<br \/>\n[\/vc_column_text][\/vc_column][\/vc_row]<\/p>\n<\/div>","protected":false},"excerpt":{"rendered":"<p>[vc_row][vc_column width=&#8221;1\/1&#8243;][vc_column_text][vc_empty_space height=&#8221;20&#8243;] Referencia bibliogr\u00e1fica RIVERA BLANCO, ANTONIO (2019): \u00abEstatuari gerra!: Autonom\u00eda obrera en el Pa\u00eds Vasco\u00bb, en BERAMENDI, Justo, CABO, Miguel, FERN\u00c1NDEZ PRIETO, Lourenzo y IGLESIAS, Alfonso (eds.): La&hellip;<\/p>\n","protected":false},"author":1,"featured_media":0,"parent":0,"menu_order":0,"comment_status":"closed","ping_status":"closed","template":"","meta":{"om_disable_all_campaigns":false,"_monsterinsights_skip_tracking":false,"_monsterinsights_sitenote_active":false,"_monsterinsights_sitenote_note":"","_monsterinsights_sitenote_category":0,"_uf_show_specific_survey":0,"_uf_disable_surveys":false,"_vp_format_video_url":"","_vp_image_focal_point":[],"_vp_custom_popup_image":0,"_vp_format_audio_url":"","_vp_custom_thumbnail":0,"_vp_custom_thumbnail_focal_point":[],"_vp_hover_thumbnail":0,"_vp_hover_thumbnail_focal_point":[],"footnotes":""},"class_list":["post-12770","page","type-page","status-publish","hentry"],"aioseo_notices":[],"_links":{"self":[{"href":"https:\/\/www.arovite.com\/eu\/wp-json\/wp\/v2\/pages\/12770","targetHints":{"allow":["GET"]}}],"collection":[{"href":"https:\/\/www.arovite.com\/eu\/wp-json\/wp\/v2\/pages"}],"about":[{"href":"https:\/\/www.arovite.com\/eu\/wp-json\/wp\/v2\/types\/page"}],"author":[{"embeddable":true,"href":"https:\/\/www.arovite.com\/eu\/wp-json\/wp\/v2\/users\/1"}],"replies":[{"embeddable":true,"href":"https:\/\/www.arovite.com\/eu\/wp-json\/wp\/v2\/comments?post=12770"}],"version-history":[{"count":1,"href":"https:\/\/www.arovite.com\/eu\/wp-json\/wp\/v2\/pages\/12770\/revisions"}],"predecessor-version":[{"id":12772,"href":"https:\/\/www.arovite.com\/eu\/wp-json\/wp\/v2\/pages\/12770\/revisions\/12772"}],"wp:attachment":[{"href":"https:\/\/www.arovite.com\/eu\/wp-json\/wp\/v2\/media?parent=12770"}],"curies":[{"name":"wp","href":"https:\/\/api.w.org\/{rel}","templated":true}]}}