{"id":2681,"date":"2015-01-27T19:22:07","date_gmt":"2015-01-27T19:22:07","guid":{"rendered":"http:\/\/www.arovite.com\/?post_type=portfolio&#038;p=2681"},"modified":"2024-12-20T18:23:10","modified_gmt":"2024-12-20T18:23:10","slug":"lo-humano-irreductible-de-los-derechos-humanos","status":"publish","type":"portfolio","link":"https:\/\/www.arovite.com\/es\/portfolio\/fondo-bakeaz\/lo-humano-irreductible-de-los-derechos-humanos\/","title":{"rendered":"\u00abLo humano irreductible\u00bb de los derechos humanos"},"content":{"rendered":"<p><h4>Xabier Etxeberria<br \/>\nBilbao, Bakeaz, 1998<br \/>\nColecci\u00f3n:\u00a0Cuadernos Bakeaz, 28<\/h4>\n<\/p>\n<p><a href=\"http:\/\/www.arovite.com\/documentos\/CB28_maqueta_PDF.pdf\" class=\"button green  medium \" target=\"_blank\">Descargar<\/a><br \/>\n<\/br><\/p>\n<p><h2>Resumen<\/h2>\n<p>Ante el 50 aniversario de la Declaraci\u00f3n Universal de los Derechos Humanos, este ensayo trata de concretar lo que puede definirse como \u201clo humano irreductible\u201d de los derechos humanos, esto es, aquello que inspira permanentemente los derechos m\u00e1s concretos ligados a circunstancias hist\u00f3ricas concretas y aquello a lo que todos los humanos, por encima de nuestra diversidad cultural, podemos y debemos remitirnos. Para ello toma los cuatro conceptos clave de\u00a0dignidad,libertad,\u00a0igualdad\u00a0y\u00a0fraternidad, explorando la complejidad que tienen conforme se va descubriendo toda su riqueza y apuntando pistas para orientar sobre el modo en que deber\u00edan asumirse desde una perspectiva intercultural. La tesis que subyace a la reflexi\u00f3n es que los derechos humanos se cumplen plenamente, en su interdependencia, cuando se es fiel a las exigencias que se encierran en estas palabras clave. En este sentido, el ensayo se propone como motivaci\u00f3n y orientaci\u00f3n para la acci\u00f3n. Con otras palabras, puede decirse que todo \u00e9l es un comentario al art\u00edculo 1 de la Declaraci\u00f3n Universal.<\/p>\n<p><\/br><\/p>\n<p><h2>\u00cdndice<\/h2>\n<p>1. Dignidad<br \/>\n2. Libertad<br \/>\n3. Igualdad<br \/>\n4. Fraternidad<br \/>\nNotas<br \/>\nBibliograf\u00eda b\u00e1sica<br \/>\n\u00a0<br \/>\nISSN:\u00a01133-9101<br \/>\nRef.:\u00a0CB28<br \/>\nP\u00e1ginas:\u00a016 p\u00e1ginas<br \/>\nFormato:\u00a0297 x 210 mm<br \/>\nLengua:\u00a0Castellano<\/p>\n<p><\/br><\/p>\n<p><h2>Xabier Etxeberria<\/h2>\n<p>Xabier Etxeberria Mauleon es profesor em\u00e9rito de la Universidad de Deusto, en la que ha sido catedr\u00e1tico de \u00c9tica y director del Centro de \u00c9tica Aplicada. Es responsable del \u00e1rea de Paz y Derechos Humanos de Bakeaz. Profesor visitante de diversas universidades en Am\u00e9rica Latina, donde colabora habitualmente con organizaciones ind\u00edgenas y de derechos humanos, centra su investigaci\u00f3n filos\u00f3fica en los campos de la \u00e9tica fundamental, la \u00e9tica profesional y la \u00e9tica social y pol\u00edtica (especialmente en torno a las identidades colectivas y a las v\u00edctimas de la violencia), as\u00ed como en la vertiente \u00e9tica de los derechos humanos. En torno a ellos ha publicado numerosos art\u00edculos, cuadernos y libros. Entre estos \u00faltimos cabe citar los siguientes:\u00a0Imaginario y derechos humanos desde Paul Ricoeur\u00a0(DDB),\u00a0\u00c9tica de la diferencia\u00a0(UD),\u00a0Temas b\u00e1sicos de \u00e9tica\u00a0(DDB),\u00a0La educaci\u00f3n para la paz ante la violencia de\u00a0ETA\u00a0(Bakeaz),\u00a0\u00c9tica de la ayuda humanitaria\u00a0(DDB), Sociedades multiculturales\u00a0(Mensajero),\u00a0Aproximaci\u00f3n \u00e9tica a la discapacidad\u00a0(UD),\u00a0Din\u00e1micas de la memoria y v\u00edctimas del terrorismo\u00a0(Bakeaz) y\u00a0Por una \u00e9tica de los sentimientos en el \u00e1mbito p\u00fablico\u00a0(Bakeaz). Varios de sus cuadernos se encuentran en las colecciones Cuadernos Bakeaz y Escuela de Paz de Bakeaz.<\/p>\n","protected":false},"excerpt":{"rendered":"<p>Xabier Etxeberria<\/p>\n","protected":false},"author":1,"featured_media":22658,"menu_order":0,"comment_status":"closed","ping_status":"closed","template":"","format":"standard","meta":{"om_disable_all_campaigns":false,"_monsterinsights_skip_tracking":false,"_monsterinsights_sitenote_active":false,"_monsterinsights_sitenote_note":"","_monsterinsights_sitenote_category":0,"_uf_show_specific_survey":0,"_uf_disable_surveys":false,"_vp_format_video_url":"","_vp_image_focal_point":[],"_vp_custom_popup_image":0,"_vp_format_audio_url":"","_vp_custom_thumbnail":0,"_vp_custom_thumbnail_focal_point":[],"_vp_hover_thumbnail":0,"_vp_hover_thumbnail_focal_point":[],"footnotes":""},"portfolio_category":[323,321],"portfolio_tag":[],"class_list":["post-2681","portfolio","type-portfolio","status-publish","format-standard","has-post-thumbnail","hentry","portfolio_category-cuadernos-bakeaz","portfolio_category-fondo-bakeaz"],"aioseo_notices":[],"_links":{"self":[{"href":"https:\/\/www.arovite.com\/es\/wp-json\/wp\/v2\/portfolio\/2681","targetHints":{"allow":["GET"]}}],"collection":[{"href":"https:\/\/www.arovite.com\/es\/wp-json\/wp\/v2\/portfolio"}],"about":[{"href":"https:\/\/www.arovite.com\/es\/wp-json\/wp\/v2\/types\/portfolio"}],"author":[{"embeddable":true,"href":"https:\/\/www.arovite.com\/es\/wp-json\/wp\/v2\/users\/1"}],"replies":[{"embeddable":true,"href":"https:\/\/www.arovite.com\/es\/wp-json\/wp\/v2\/comments?post=2681"}],"version-history":[{"count":2,"href":"https:\/\/www.arovite.com\/es\/wp-json\/wp\/v2\/portfolio\/2681\/revisions"}],"predecessor-version":[{"id":22393,"href":"https:\/\/www.arovite.com\/es\/wp-json\/wp\/v2\/portfolio\/2681\/revisions\/22393"}],"wp:featuredmedia":[{"embeddable":true,"href":"https:\/\/www.arovite.com\/es\/wp-json\/wp\/v2\/media\/22658"}],"wp:attachment":[{"href":"https:\/\/www.arovite.com\/es\/wp-json\/wp\/v2\/media?parent=2681"}],"wp:term":[{"taxonomy":"portfolio_category","embeddable":true,"href":"https:\/\/www.arovite.com\/es\/wp-json\/wp\/v2\/portfolio_category?post=2681"},{"taxonomy":"portfolio_tag","embeddable":true,"href":"https:\/\/www.arovite.com\/es\/wp-json\/wp\/v2\/portfolio_tag?post=2681"}],"curies":[{"name":"wp","href":"https:\/\/api.w.org\/{rel}","templated":true}]}}