{"id":968,"date":"2014-01-17T11:59:04","date_gmt":"2014-01-17T11:59:04","guid":{"rendered":"http:\/\/arovite.com\/temporal\/?page_id=968"},"modified":"2024-12-19T22:41:15","modified_gmt":"2024-12-19T22:41:15","slug":"cuadernos-bakeaz","status":"publish","type":"page","link":"https:\/\/www.arovite.com\/es\/fondo-bakeaz\/cuadernos-bakeaz\/","title":{"rendered":"Cuadernos Bakeaz"},"content":{"rendered":"<div class=\"wpb-content-wrapper\"><p>[vc_row][vc_column][vc_column_text]La colecci\u00f3n Cuadernos Bakeaz re\u00fane estudios monogr\u00e1ficos sobre econom\u00eda de la defensa, pol\u00edticas de seguridad, educaci\u00f3n para la paz, conflictos b\u00e9licos, pol\u00edticas de cooperaci\u00f3n, econom\u00eda y ecolog\u00eda, realizados por expertos vinculados a Bakeaz o colaboradores del mismo. Era una publicaci\u00f3n bimestral que intentaba proporcionar a aquellas personas u organizaciones interesadas en estas cuestiones, estudios breves y rigurosos elaborados desde el pensamiento cr\u00edtico y desde el compromiso con esos problemas. Arovite difunde aquellos Cuadernos Bakeaz cuyo tema es la violencia pol\u00edtica en Euskadi.[\/vc_column_text][vc_empty_space height=&#8221;20px&#8221;]\n<div class=\"vp-portfolio vp-uid-1834ed8d vp-id-22396  \"\n\tdata-vp-layout=\"grid\" data-vp-content-source=\"post-based\" data-vp-items-style=\"default\" data-vp-items-click-action=\"url\" data-vp-items-gap=\"30\" data-vp-items-gap-vertical=\"\" data-vp-pagination=\"load-more\" data-vp-next-page-url=\"\" data-vp-grid-columns=\"3\" data-vp-grid-images-aspect-ratio=\"4:4\" data-vp-grid-items-vertical-align=\"top\" >\n\t<div class=\"vp-portfolio__preloader-wrap\">\n\t\t<div class=\"vp-portfolio__preloader\">\n\t\t\t<img decoding=\"async\" loading=\"eager\" src=\"https:\/\/www.arovite.com\/wp-content\/plugins\/visual-portfolio-pro\/core-plugin\/assets\/images\/logo-dark.svg\" alt=\"Visual Portfolio, Posts &amp; Image Gallery para WordPress\" width=\"20\" height=\"20\" data-skip-lazy>\n\t\t<\/div>\n\t<\/div>\n\t\t<div class=\"vp-portfolio__items-wrap\">\n\t\t\t\n<div class=\"vp-portfolio__items vp-portfolio__items-style-default vp-portfolio__items-show-overlay-hover\">\n\n\t\t<article\t\tclass=\"vp-portfolio__item-wrap post-2692 portfolio type-portfolio status-publish format-standard has-post-thumbnail hentry portfolio_category-cuadernos-bakeaz portfolio_category-fondo-bakeaz vp-portfolio__item-uid-d7947e8a\" data-vp-filter=\"cuadernos-bakeaz,fondo-bakeaz\" \t\t>\n\t\t\t\t\t\t\t\t\t<figure class=\"vp-portfolio__item\">\n\t\t\t\t\n<div class=\"vp-portfolio__item-img-wrap\">\n\t<div class=\"vp-portfolio__item-img\">\n\t\t\t<a\n\t\thref=\"https:\/\/www.arovite.com\/es\/portfolio\/fondo-bakeaz\/agitando-emociones\/\"\n\t\t\t>\n\t\n\t\t<noscript><img loading=\"lazy\" decoding=\"async\" width=\"1500\" height=\"1000\" data-skip-lazy src=\"https:\/\/www.arovite.com\/wp-content\/uploads\/2015\/01\/arovite-bakeaz-agitando-emociones.jpg\" class=\"wp-image-22640\" alt=\"\" srcset=\"https:\/\/www.arovite.com\/wp-content\/uploads\/2015\/01\/arovite-bakeaz-agitando-emociones.jpg 1500w, https:\/\/www.arovite.com\/wp-content\/uploads\/2015\/01\/arovite-bakeaz-agitando-emociones-300x200.jpg 300w, https:\/\/www.arovite.com\/wp-content\/uploads\/2015\/01\/arovite-bakeaz-agitando-emociones-1024x683.jpg 1024w, https:\/\/www.arovite.com\/wp-content\/uploads\/2015\/01\/arovite-bakeaz-agitando-emociones-768x512.jpg 768w, https:\/\/www.arovite.com\/wp-content\/uploads\/2015\/01\/arovite-bakeaz-agitando-emociones-500x333.jpg 500w, https:\/\/www.arovite.com\/wp-content\/uploads\/2015\/01\/arovite-bakeaz-agitando-emociones-800x533.jpg 800w, https:\/\/www.arovite.com\/wp-content\/uploads\/2015\/01\/arovite-bakeaz-agitando-emociones-1280x853.jpg 1280w, https:\/\/www.arovite.com\/wp-content\/uploads\/2015\/01\/arovite-bakeaz-agitando-emociones-100x68.jpg 100w, https:\/\/www.arovite.com\/wp-content\/uploads\/2015\/01\/arovite-bakeaz-agitando-emociones-450x300.jpg 450w\" sizes=\"auto, (max-width: 1500px) 100vw, 1500px\" \/><\/noscript><img fetchpriority=\"high\" decoding=\"async\" width=\"1500\" height=\"1000\" src=\"https:\/\/www.arovite.com\/wp-content\/uploads\/2015\/01\/arovite-bakeaz-agitando-emociones.jpg\" class=\"wp-image-22640 vp-lazyload\" alt srcset=\"data:image\/svg+xml;base64,PHN2ZyB3aWR0aD0iMTUwMCIgaGVpZ2h0PSIxMDAwIiB2aWV3Qm94PSIwIDAgMTUwMCAxMDAwIiBmaWxsPSJub25lIiB4bWxucz0iaHR0cDovL3d3dy53My5vcmcvMjAwMC9zdmciPjwvc3ZnPg==\" data-src=\"https:\/\/www.arovite.com\/wp-content\/uploads\/2015\/01\/arovite-bakeaz-agitando-emociones.jpg\" data-srcset=\"https:\/\/www.arovite.com\/wp-content\/uploads\/2015\/01\/arovite-bakeaz-agitando-emociones.jpg 1500w, https:\/\/www.arovite.com\/wp-content\/uploads\/2015\/01\/arovite-bakeaz-agitando-emociones-300x200.jpg 300w, https:\/\/www.arovite.com\/wp-content\/uploads\/2015\/01\/arovite-bakeaz-agitando-emociones-1024x683.jpg 1024w, https:\/\/www.arovite.com\/wp-content\/uploads\/2015\/01\/arovite-bakeaz-agitando-emociones-768x512.jpg 768w, https:\/\/www.arovite.com\/wp-content\/uploads\/2015\/01\/arovite-bakeaz-agitando-emociones-500x333.jpg 500w, https:\/\/www.arovite.com\/wp-content\/uploads\/2015\/01\/arovite-bakeaz-agitando-emociones-800x533.jpg 800w, https:\/\/www.arovite.com\/wp-content\/uploads\/2015\/01\/arovite-bakeaz-agitando-emociones-1280x853.jpg 1280w, https:\/\/www.arovite.com\/wp-content\/uploads\/2015\/01\/arovite-bakeaz-agitando-emociones-100x68.jpg 100w, https:\/\/www.arovite.com\/wp-content\/uploads\/2015\/01\/arovite-bakeaz-agitando-emociones-450x300.jpg 450w\" data-sizes=\"auto\" loading=\"eager\">\n\t\t<div class=\"vp-portfolio__item-overlay\">\n\t\t\t\t\t<\/div>\n\n\t\t<\/a>\t<\/div>\n<\/div>\n\n\t<figcaption class=\"vp-portfolio__item-caption vp-portfolio__item-caption-text-align-center\">\n\t\t<div class=\"vp-portfolio__item-meta\">\n\t\t\t\n<h2 class=\"vp-portfolio__item-meta-title\">\n\t\t<a\n\t\thref=\"https:\/\/www.arovite.com\/es\/portfolio\/fondo-bakeaz\/agitando-emociones\/\"\n\t\t\t>\n\tAgitando emociones. La apoteosis del h\u00e9roe-m\u00e1rtir en el nacionalismo vasco radical<\/a><\/h2>\n\n<div class=\"vp-portfolio__item-meta-excerpt\">\n\t<div>\n\t\tJes\u00fas Casquete\t<\/div>\n<\/div>\n\t\t<\/div>\n\t<\/figcaption>\n\t\t\t<\/figure>\n\t\t\t\t\t<\/article>\n\t\t\n\t\t<article\t\tclass=\"vp-portfolio__item-wrap post-25041 portfolio type-portfolio status-publish format-standard has-post-thumbnail hentry portfolio_category-cuadernos-bakeaz portfolio_category-fondo-bakeaz vp-portfolio__item-uid-c5582210\" data-vp-filter=\"cuadernos-bakeaz,fondo-bakeaz\" \t\t>\n\t\t\t\t\t\t\t\t\t<figure class=\"vp-portfolio__item\">\n\t\t\t\t\n<div class=\"vp-portfolio__item-img-wrap\">\n\t<div class=\"vp-portfolio__item-img\">\n\t\t\t<a\n\t\thref=\"https:\/\/www.arovite.com\/es\/portfolio\/fondo-bakeaz\/educar-para-la-paz-despues-del-11-09-01\/\"\n\t\t\t>\n\t\n\t\t<noscript><img loading=\"lazy\" decoding=\"async\" width=\"1500\" height=\"1000\" data-skip-lazy src=\"https:\/\/www.arovite.com\/wp-content\/uploads\/2026\/01\/CB49.jpg\" class=\"wp-image-25013\" alt=\"\" srcset=\"https:\/\/www.arovite.com\/wp-content\/uploads\/2026\/01\/CB49.jpg 1500w, https:\/\/www.arovite.com\/wp-content\/uploads\/2026\/01\/CB49-300x200.jpg 300w, https:\/\/www.arovite.com\/wp-content\/uploads\/2026\/01\/CB49-1024x683.jpg 1024w, https:\/\/www.arovite.com\/wp-content\/uploads\/2026\/01\/CB49-768x512.jpg 768w, https:\/\/www.arovite.com\/wp-content\/uploads\/2026\/01\/CB49-500x333.jpg 500w, https:\/\/www.arovite.com\/wp-content\/uploads\/2026\/01\/CB49-800x533.jpg 800w, https:\/\/www.arovite.com\/wp-content\/uploads\/2026\/01\/CB49-1280x853.jpg 1280w, https:\/\/www.arovite.com\/wp-content\/uploads\/2026\/01\/CB49-100x68.jpg 100w, https:\/\/www.arovite.com\/wp-content\/uploads\/2026\/01\/CB49-450x300.jpg 450w\" sizes=\"auto, (max-width: 1500px) 100vw, 1500px\" \/><\/noscript><img decoding=\"async\" width=\"1500\" height=\"1000\" src=\"https:\/\/www.arovite.com\/wp-content\/uploads\/2026\/01\/CB49.jpg\" class=\"wp-image-25013 vp-lazyload\" alt srcset=\"data:image\/svg+xml;base64,PHN2ZyB3aWR0aD0iMTUwMCIgaGVpZ2h0PSIxMDAwIiB2aWV3Qm94PSIwIDAgMTUwMCAxMDAwIiBmaWxsPSJub25lIiB4bWxucz0iaHR0cDovL3d3dy53My5vcmcvMjAwMC9zdmciPjwvc3ZnPg==\" data-src=\"https:\/\/www.arovite.com\/wp-content\/uploads\/2026\/01\/CB49.jpg\" data-srcset=\"https:\/\/www.arovite.com\/wp-content\/uploads\/2026\/01\/CB49.jpg 1500w, https:\/\/www.arovite.com\/wp-content\/uploads\/2026\/01\/CB49-300x200.jpg 300w, https:\/\/www.arovite.com\/wp-content\/uploads\/2026\/01\/CB49-1024x683.jpg 1024w, https:\/\/www.arovite.com\/wp-content\/uploads\/2026\/01\/CB49-768x512.jpg 768w, https:\/\/www.arovite.com\/wp-content\/uploads\/2026\/01\/CB49-500x333.jpg 500w, https:\/\/www.arovite.com\/wp-content\/uploads\/2026\/01\/CB49-800x533.jpg 800w, https:\/\/www.arovite.com\/wp-content\/uploads\/2026\/01\/CB49-1280x853.jpg 1280w, https:\/\/www.arovite.com\/wp-content\/uploads\/2026\/01\/CB49-100x68.jpg 100w, https:\/\/www.arovite.com\/wp-content\/uploads\/2026\/01\/CB49-450x300.jpg 450w\" data-sizes=\"auto\" loading=\"eager\">\n\t\t<div class=\"vp-portfolio__item-overlay\">\n\t\t\t\t\t<\/div>\n\n\t\t<\/a>\t<\/div>\n<\/div>\n\n\t<figcaption class=\"vp-portfolio__item-caption vp-portfolio__item-caption-text-align-center\">\n\t\t<div class=\"vp-portfolio__item-meta\">\n\t\t\t\n<h2 class=\"vp-portfolio__item-meta-title\">\n\t\t<a\n\t\thref=\"https:\/\/www.arovite.com\/es\/portfolio\/fondo-bakeaz\/educar-para-la-paz-despues-del-11-09-01\/\"\n\t\t\t>\n\tEducar para la paz despu\u00e9s del 11\/09\/01<\/a><\/h2>\n\n<div class=\"vp-portfolio__item-meta-excerpt\">\n\t<div>\n\t\tXes\u00fas R. Jares\t<\/div>\n<\/div>\n\t\t<\/div>\n\t<\/figcaption>\n\t\t\t<\/figure>\n\t\t\t\t\t<\/article>\n\t\t\n\t\t<article\t\tclass=\"vp-portfolio__item-wrap post-2694 portfolio type-portfolio status-publish format-standard has-post-thumbnail hentry portfolio_category-cuadernos-bakeaz portfolio_category-fondo-bakeaz vp-portfolio__item-uid-3ef7dbbf\" data-vp-filter=\"cuadernos-bakeaz,fondo-bakeaz\" \t\t>\n\t\t\t\t\t\t\t\t\t<figure class=\"vp-portfolio__item\">\n\t\t\t\t\n<div class=\"vp-portfolio__item-img-wrap\">\n\t<div class=\"vp-portfolio__item-img\">\n\t\t\t<a\n\t\thref=\"https:\/\/www.arovite.com\/es\/portfolio\/fondo-bakeaz\/el-calendario-conmemorativodel-nacionalismo-vasco-radical\/\"\n\t\t\t>\n\t\n\t\t<noscript><img loading=\"lazy\" decoding=\"async\" width=\"1500\" height=\"1000\" data-skip-lazy src=\"https:\/\/www.arovite.com\/wp-content\/uploads\/2015\/01\/arovite-bakeaz-el-calendario-conmemorativo.jpg\" class=\"wp-image-22631\" alt=\"\" srcset=\"https:\/\/www.arovite.com\/wp-content\/uploads\/2015\/01\/arovite-bakeaz-el-calendario-conmemorativo.jpg 1500w, https:\/\/www.arovite.com\/wp-content\/uploads\/2015\/01\/arovite-bakeaz-el-calendario-conmemorativo-300x200.jpg 300w, https:\/\/www.arovite.com\/wp-content\/uploads\/2015\/01\/arovite-bakeaz-el-calendario-conmemorativo-1024x683.jpg 1024w, https:\/\/www.arovite.com\/wp-content\/uploads\/2015\/01\/arovite-bakeaz-el-calendario-conmemorativo-768x512.jpg 768w, https:\/\/www.arovite.com\/wp-content\/uploads\/2015\/01\/arovite-bakeaz-el-calendario-conmemorativo-500x333.jpg 500w, https:\/\/www.arovite.com\/wp-content\/uploads\/2015\/01\/arovite-bakeaz-el-calendario-conmemorativo-800x533.jpg 800w, https:\/\/www.arovite.com\/wp-content\/uploads\/2015\/01\/arovite-bakeaz-el-calendario-conmemorativo-1280x853.jpg 1280w, https:\/\/www.arovite.com\/wp-content\/uploads\/2015\/01\/arovite-bakeaz-el-calendario-conmemorativo-100x68.jpg 100w, https:\/\/www.arovite.com\/wp-content\/uploads\/2015\/01\/arovite-bakeaz-el-calendario-conmemorativo-450x300.jpg 450w\" sizes=\"auto, (max-width: 1500px) 100vw, 1500px\" \/><\/noscript><img decoding=\"async\" width=\"1500\" height=\"1000\" src=\"https:\/\/www.arovite.com\/wp-content\/uploads\/2015\/01\/arovite-bakeaz-el-calendario-conmemorativo.jpg\" class=\"wp-image-22631 vp-lazyload\" alt srcset=\"data:image\/svg+xml;base64,PHN2ZyB3aWR0aD0iMTUwMCIgaGVpZ2h0PSIxMDAwIiB2aWV3Qm94PSIwIDAgMTUwMCAxMDAwIiBmaWxsPSJub25lIiB4bWxucz0iaHR0cDovL3d3dy53My5vcmcvMjAwMC9zdmciPjwvc3ZnPg==\" data-src=\"https:\/\/www.arovite.com\/wp-content\/uploads\/2015\/01\/arovite-bakeaz-el-calendario-conmemorativo.jpg\" data-srcset=\"https:\/\/www.arovite.com\/wp-content\/uploads\/2015\/01\/arovite-bakeaz-el-calendario-conmemorativo.jpg 1500w, https:\/\/www.arovite.com\/wp-content\/uploads\/2015\/01\/arovite-bakeaz-el-calendario-conmemorativo-300x200.jpg 300w, https:\/\/www.arovite.com\/wp-content\/uploads\/2015\/01\/arovite-bakeaz-el-calendario-conmemorativo-1024x683.jpg 1024w, https:\/\/www.arovite.com\/wp-content\/uploads\/2015\/01\/arovite-bakeaz-el-calendario-conmemorativo-768x512.jpg 768w, https:\/\/www.arovite.com\/wp-content\/uploads\/2015\/01\/arovite-bakeaz-el-calendario-conmemorativo-500x333.jpg 500w, https:\/\/www.arovite.com\/wp-content\/uploads\/2015\/01\/arovite-bakeaz-el-calendario-conmemorativo-800x533.jpg 800w, https:\/\/www.arovite.com\/wp-content\/uploads\/2015\/01\/arovite-bakeaz-el-calendario-conmemorativo-1280x853.jpg 1280w, https:\/\/www.arovite.com\/wp-content\/uploads\/2015\/01\/arovite-bakeaz-el-calendario-conmemorativo-100x68.jpg 100w, https:\/\/www.arovite.com\/wp-content\/uploads\/2015\/01\/arovite-bakeaz-el-calendario-conmemorativo-450x300.jpg 450w\" data-sizes=\"auto\" loading=\"eager\">\n\t\t<div class=\"vp-portfolio__item-overlay\">\n\t\t\t\t\t<\/div>\n\n\t\t<\/a>\t<\/div>\n<\/div>\n\n\t<figcaption class=\"vp-portfolio__item-caption vp-portfolio__item-caption-text-align-center\">\n\t\t<div class=\"vp-portfolio__item-meta\">\n\t\t\t\n<h2 class=\"vp-portfolio__item-meta-title\">\n\t\t<a\n\t\thref=\"https:\/\/www.arovite.com\/es\/portfolio\/fondo-bakeaz\/el-calendario-conmemorativodel-nacionalismo-vasco-radical\/\"\n\t\t\t>\n\tEl calendario conmemorativo del nacionalismo vasco radical<\/a><\/h2>\n\n<div class=\"vp-portfolio__item-meta-excerpt\">\n\t<div>\n\t\tJes\u00fas Casquete\t<\/div>\n<\/div>\n\t\t<\/div>\n\t<\/figcaption>\n\t\t\t<\/figure>\n\t\t\t\t\t<\/article>\n\t\t\n\t\t<article\t\tclass=\"vp-portfolio__item-wrap post-2693 portfolio type-portfolio status-publish format-standard has-post-thumbnail hentry portfolio_category-cuadernos-bakeaz portfolio_category-fondo-bakeaz vp-portfolio__item-uid-a0934e1c\" data-vp-filter=\"cuadernos-bakeaz,fondo-bakeaz\" \t\t>\n\t\t\t\t\t\t\t\t\t<figure class=\"vp-portfolio__item\">\n\t\t\t\t\n<div class=\"vp-portfolio__item-img-wrap\">\n\t<div class=\"vp-portfolio__item-img\">\n\t\t\t<a\n\t\thref=\"https:\/\/www.arovite.com\/es\/portfolio\/fondo-bakeaz\/el-espejismo-revolucionariola-izquierda-radical-ante-eta\/\"\n\t\t\t>\n\t\n\t\t<noscript><img loading=\"lazy\" decoding=\"async\" width=\"1500\" height=\"1000\" data-skip-lazy src=\"https:\/\/www.arovite.com\/wp-content\/uploads\/2015\/01\/arovite-bakeaz-el-espejismo-revolucionario.jpg\" class=\"wp-image-22634\" alt=\"\" srcset=\"https:\/\/www.arovite.com\/wp-content\/uploads\/2015\/01\/arovite-bakeaz-el-espejismo-revolucionario.jpg 1500w, https:\/\/www.arovite.com\/wp-content\/uploads\/2015\/01\/arovite-bakeaz-el-espejismo-revolucionario-300x200.jpg 300w, https:\/\/www.arovite.com\/wp-content\/uploads\/2015\/01\/arovite-bakeaz-el-espejismo-revolucionario-1024x683.jpg 1024w, https:\/\/www.arovite.com\/wp-content\/uploads\/2015\/01\/arovite-bakeaz-el-espejismo-revolucionario-768x512.jpg 768w, https:\/\/www.arovite.com\/wp-content\/uploads\/2015\/01\/arovite-bakeaz-el-espejismo-revolucionario-500x333.jpg 500w, https:\/\/www.arovite.com\/wp-content\/uploads\/2015\/01\/arovite-bakeaz-el-espejismo-revolucionario-800x533.jpg 800w, https:\/\/www.arovite.com\/wp-content\/uploads\/2015\/01\/arovite-bakeaz-el-espejismo-revolucionario-1280x853.jpg 1280w, https:\/\/www.arovite.com\/wp-content\/uploads\/2015\/01\/arovite-bakeaz-el-espejismo-revolucionario-100x68.jpg 100w, https:\/\/www.arovite.com\/wp-content\/uploads\/2015\/01\/arovite-bakeaz-el-espejismo-revolucionario-450x300.jpg 450w\" sizes=\"auto, (max-width: 1500px) 100vw, 1500px\" \/><\/noscript><img decoding=\"async\" width=\"1500\" height=\"1000\" src=\"https:\/\/www.arovite.com\/wp-content\/uploads\/2015\/01\/arovite-bakeaz-el-espejismo-revolucionario.jpg\" class=\"wp-image-22634 vp-lazyload\" alt srcset=\"data:image\/svg+xml;base64,PHN2ZyB3aWR0aD0iMTUwMCIgaGVpZ2h0PSIxMDAwIiB2aWV3Qm94PSIwIDAgMTUwMCAxMDAwIiBmaWxsPSJub25lIiB4bWxucz0iaHR0cDovL3d3dy53My5vcmcvMjAwMC9zdmciPjwvc3ZnPg==\" data-src=\"https:\/\/www.arovite.com\/wp-content\/uploads\/2015\/01\/arovite-bakeaz-el-espejismo-revolucionario.jpg\" data-srcset=\"https:\/\/www.arovite.com\/wp-content\/uploads\/2015\/01\/arovite-bakeaz-el-espejismo-revolucionario.jpg 1500w, https:\/\/www.arovite.com\/wp-content\/uploads\/2015\/01\/arovite-bakeaz-el-espejismo-revolucionario-300x200.jpg 300w, https:\/\/www.arovite.com\/wp-content\/uploads\/2015\/01\/arovite-bakeaz-el-espejismo-revolucionario-1024x683.jpg 1024w, https:\/\/www.arovite.com\/wp-content\/uploads\/2015\/01\/arovite-bakeaz-el-espejismo-revolucionario-768x512.jpg 768w, https:\/\/www.arovite.com\/wp-content\/uploads\/2015\/01\/arovite-bakeaz-el-espejismo-revolucionario-500x333.jpg 500w, https:\/\/www.arovite.com\/wp-content\/uploads\/2015\/01\/arovite-bakeaz-el-espejismo-revolucionario-800x533.jpg 800w, https:\/\/www.arovite.com\/wp-content\/uploads\/2015\/01\/arovite-bakeaz-el-espejismo-revolucionario-1280x853.jpg 1280w, https:\/\/www.arovite.com\/wp-content\/uploads\/2015\/01\/arovite-bakeaz-el-espejismo-revolucionario-100x68.jpg 100w, https:\/\/www.arovite.com\/wp-content\/uploads\/2015\/01\/arovite-bakeaz-el-espejismo-revolucionario-450x300.jpg 450w\" data-sizes=\"auto\" loading=\"eager\">\n\t\t<div class=\"vp-portfolio__item-overlay\">\n\t\t\t\t\t<\/div>\n\n\t\t<\/a>\t<\/div>\n<\/div>\n\n\t<figcaption class=\"vp-portfolio__item-caption vp-portfolio__item-caption-text-align-center\">\n\t\t<div class=\"vp-portfolio__item-meta\">\n\t\t\t\n<h2 class=\"vp-portfolio__item-meta-title\">\n\t\t<a\n\t\thref=\"https:\/\/www.arovite.com\/es\/portfolio\/fondo-bakeaz\/el-espejismo-revolucionariola-izquierda-radical-ante-eta\/\"\n\t\t\t>\n\tEl espejismo revolucionario: la izquierda radical ante ETA<\/a><\/h2>\n\n<div class=\"vp-portfolio__item-meta-excerpt\">\n\t<div>\n\t\tJavier Merino\t<\/div>\n<\/div>\n\t\t<\/div>\n\t<\/figcaption>\n\t\t\t<\/figure>\n\t\t\t\t\t<\/article>\n\t\t\n\t\t<article\t\tclass=\"vp-portfolio__item-wrap post-2688 portfolio type-portfolio status-publish format-standard has-post-thumbnail hentry portfolio_category-cuadernos-bakeaz portfolio_category-fondo-bakeaz vp-portfolio__item-uid-2e5aa6d5\" data-vp-filter=\"cuadernos-bakeaz,fondo-bakeaz\" \t\t>\n\t\t\t\t\t\t\t\t\t<figure class=\"vp-portfolio__item\">\n\t\t\t\t\n<div class=\"vp-portfolio__item-img-wrap\">\n\t<div class=\"vp-portfolio__item-img\">\n\t\t\t<a\n\t\thref=\"https:\/\/www.arovite.com\/es\/portfolio\/fondo-bakeaz\/ignacio-ellacuriatestimonio-y-mensaje\/\"\n\t\t\t>\n\t\n\t\t<noscript><img loading=\"lazy\" decoding=\"async\" width=\"1500\" height=\"1000\" data-skip-lazy src=\"https:\/\/www.arovite.com\/wp-content\/uploads\/2015\/01\/arovite-bakeaz-ignacio-ellacuria.jpg\" class=\"wp-image-22646\" alt=\"\" srcset=\"https:\/\/www.arovite.com\/wp-content\/uploads\/2015\/01\/arovite-bakeaz-ignacio-ellacuria.jpg 1500w, https:\/\/www.arovite.com\/wp-content\/uploads\/2015\/01\/arovite-bakeaz-ignacio-ellacuria-300x200.jpg 300w, https:\/\/www.arovite.com\/wp-content\/uploads\/2015\/01\/arovite-bakeaz-ignacio-ellacuria-1024x683.jpg 1024w, https:\/\/www.arovite.com\/wp-content\/uploads\/2015\/01\/arovite-bakeaz-ignacio-ellacuria-768x512.jpg 768w, https:\/\/www.arovite.com\/wp-content\/uploads\/2015\/01\/arovite-bakeaz-ignacio-ellacuria-500x333.jpg 500w, https:\/\/www.arovite.com\/wp-content\/uploads\/2015\/01\/arovite-bakeaz-ignacio-ellacuria-800x533.jpg 800w, https:\/\/www.arovite.com\/wp-content\/uploads\/2015\/01\/arovite-bakeaz-ignacio-ellacuria-1280x853.jpg 1280w, https:\/\/www.arovite.com\/wp-content\/uploads\/2015\/01\/arovite-bakeaz-ignacio-ellacuria-100x68.jpg 100w, https:\/\/www.arovite.com\/wp-content\/uploads\/2015\/01\/arovite-bakeaz-ignacio-ellacuria-450x300.jpg 450w\" sizes=\"auto, (max-width: 1500px) 100vw, 1500px\" \/><\/noscript><img decoding=\"async\" width=\"1500\" height=\"1000\" src=\"https:\/\/www.arovite.com\/wp-content\/uploads\/2015\/01\/arovite-bakeaz-ignacio-ellacuria.jpg\" class=\"wp-image-22646 vp-lazyload\" alt srcset=\"data:image\/svg+xml;base64,PHN2ZyB3aWR0aD0iMTUwMCIgaGVpZ2h0PSIxMDAwIiB2aWV3Qm94PSIwIDAgMTUwMCAxMDAwIiBmaWxsPSJub25lIiB4bWxucz0iaHR0cDovL3d3dy53My5vcmcvMjAwMC9zdmciPjwvc3ZnPg==\" data-src=\"https:\/\/www.arovite.com\/wp-content\/uploads\/2015\/01\/arovite-bakeaz-ignacio-ellacuria.jpg\" data-srcset=\"https:\/\/www.arovite.com\/wp-content\/uploads\/2015\/01\/arovite-bakeaz-ignacio-ellacuria.jpg 1500w, https:\/\/www.arovite.com\/wp-content\/uploads\/2015\/01\/arovite-bakeaz-ignacio-ellacuria-300x200.jpg 300w, https:\/\/www.arovite.com\/wp-content\/uploads\/2015\/01\/arovite-bakeaz-ignacio-ellacuria-1024x683.jpg 1024w, https:\/\/www.arovite.com\/wp-content\/uploads\/2015\/01\/arovite-bakeaz-ignacio-ellacuria-768x512.jpg 768w, https:\/\/www.arovite.com\/wp-content\/uploads\/2015\/01\/arovite-bakeaz-ignacio-ellacuria-500x333.jpg 500w, https:\/\/www.arovite.com\/wp-content\/uploads\/2015\/01\/arovite-bakeaz-ignacio-ellacuria-800x533.jpg 800w, https:\/\/www.arovite.com\/wp-content\/uploads\/2015\/01\/arovite-bakeaz-ignacio-ellacuria-1280x853.jpg 1280w, https:\/\/www.arovite.com\/wp-content\/uploads\/2015\/01\/arovite-bakeaz-ignacio-ellacuria-100x68.jpg 100w, https:\/\/www.arovite.com\/wp-content\/uploads\/2015\/01\/arovite-bakeaz-ignacio-ellacuria-450x300.jpg 450w\" data-sizes=\"auto\" loading=\"eager\">\n\t\t<div class=\"vp-portfolio__item-overlay\">\n\t\t\t\t\t<\/div>\n\n\t\t<\/a>\t<\/div>\n<\/div>\n\n\t<figcaption class=\"vp-portfolio__item-caption vp-portfolio__item-caption-text-align-center\">\n\t\t<div class=\"vp-portfolio__item-meta\">\n\t\t\t\n<h2 class=\"vp-portfolio__item-meta-title\">\n\t\t<a\n\t\thref=\"https:\/\/www.arovite.com\/es\/portfolio\/fondo-bakeaz\/ignacio-ellacuriatestimonio-y-mensaje\/\"\n\t\t\t>\n\tIgnacio Ellacur\u00eda: testimonio y mensaje<\/a><\/h2>\n\n<div class=\"vp-portfolio__item-meta-excerpt\">\n\t<div>\n\t\tXabier Etxeberria\t<\/div>\n<\/div>\n\t\t<\/div>\n\t<\/figcaption>\n\t\t\t<\/figure>\n\t\t\t\t\t<\/article>\n\t\t\n\t\t<article\t\tclass=\"vp-portfolio__item-wrap post-2683 portfolio type-portfolio status-publish format-standard has-post-thumbnail hentry portfolio_category-cuadernos-bakeaz portfolio_category-fondo-bakeaz vp-portfolio__item-uid-b9887f5d\" data-vp-filter=\"cuadernos-bakeaz,fondo-bakeaz\" \t\t>\n\t\t\t\t\t\t\t\t\t<figure class=\"vp-portfolio__item\">\n\t\t\t\t\n<div class=\"vp-portfolio__item-img-wrap\">\n\t<div class=\"vp-portfolio__item-img\">\n\t\t\t<a\n\t\thref=\"https:\/\/www.arovite.com\/es\/portfolio\/fondo-bakeaz\/la-educacion-ante-la-violencia-en-el-pais-vasco\/\"\n\t\t\t>\n\t\n\t\t<noscript><img loading=\"lazy\" decoding=\"async\" width=\"1500\" height=\"1000\" data-skip-lazy src=\"https:\/\/www.arovite.com\/wp-content\/uploads\/2015\/01\/arovite-bakeaz-la-educacion-ante-la-violencia.jpg\" class=\"wp-image-22655\" alt=\"\" srcset=\"https:\/\/www.arovite.com\/wp-content\/uploads\/2015\/01\/arovite-bakeaz-la-educacion-ante-la-violencia.jpg 1500w, https:\/\/www.arovite.com\/wp-content\/uploads\/2015\/01\/arovite-bakeaz-la-educacion-ante-la-violencia-300x200.jpg 300w, https:\/\/www.arovite.com\/wp-content\/uploads\/2015\/01\/arovite-bakeaz-la-educacion-ante-la-violencia-1024x683.jpg 1024w, https:\/\/www.arovite.com\/wp-content\/uploads\/2015\/01\/arovite-bakeaz-la-educacion-ante-la-violencia-768x512.jpg 768w, https:\/\/www.arovite.com\/wp-content\/uploads\/2015\/01\/arovite-bakeaz-la-educacion-ante-la-violencia-500x333.jpg 500w, https:\/\/www.arovite.com\/wp-content\/uploads\/2015\/01\/arovite-bakeaz-la-educacion-ante-la-violencia-800x533.jpg 800w, https:\/\/www.arovite.com\/wp-content\/uploads\/2015\/01\/arovite-bakeaz-la-educacion-ante-la-violencia-1280x853.jpg 1280w, https:\/\/www.arovite.com\/wp-content\/uploads\/2015\/01\/arovite-bakeaz-la-educacion-ante-la-violencia-100x68.jpg 100w, https:\/\/www.arovite.com\/wp-content\/uploads\/2015\/01\/arovite-bakeaz-la-educacion-ante-la-violencia-450x300.jpg 450w\" sizes=\"auto, (max-width: 1500px) 100vw, 1500px\" \/><\/noscript><img decoding=\"async\" width=\"1500\" height=\"1000\" src=\"https:\/\/www.arovite.com\/wp-content\/uploads\/2015\/01\/arovite-bakeaz-la-educacion-ante-la-violencia.jpg\" class=\"wp-image-22655 vp-lazyload\" alt srcset=\"data:image\/svg+xml;base64,PHN2ZyB3aWR0aD0iMTUwMCIgaGVpZ2h0PSIxMDAwIiB2aWV3Qm94PSIwIDAgMTUwMCAxMDAwIiBmaWxsPSJub25lIiB4bWxucz0iaHR0cDovL3d3dy53My5vcmcvMjAwMC9zdmciPjwvc3ZnPg==\" data-src=\"https:\/\/www.arovite.com\/wp-content\/uploads\/2015\/01\/arovite-bakeaz-la-educacion-ante-la-violencia.jpg\" data-srcset=\"https:\/\/www.arovite.com\/wp-content\/uploads\/2015\/01\/arovite-bakeaz-la-educacion-ante-la-violencia.jpg 1500w, https:\/\/www.arovite.com\/wp-content\/uploads\/2015\/01\/arovite-bakeaz-la-educacion-ante-la-violencia-300x200.jpg 300w, https:\/\/www.arovite.com\/wp-content\/uploads\/2015\/01\/arovite-bakeaz-la-educacion-ante-la-violencia-1024x683.jpg 1024w, https:\/\/www.arovite.com\/wp-content\/uploads\/2015\/01\/arovite-bakeaz-la-educacion-ante-la-violencia-768x512.jpg 768w, https:\/\/www.arovite.com\/wp-content\/uploads\/2015\/01\/arovite-bakeaz-la-educacion-ante-la-violencia-500x333.jpg 500w, https:\/\/www.arovite.com\/wp-content\/uploads\/2015\/01\/arovite-bakeaz-la-educacion-ante-la-violencia-800x533.jpg 800w, https:\/\/www.arovite.com\/wp-content\/uploads\/2015\/01\/arovite-bakeaz-la-educacion-ante-la-violencia-1280x853.jpg 1280w, https:\/\/www.arovite.com\/wp-content\/uploads\/2015\/01\/arovite-bakeaz-la-educacion-ante-la-violencia-100x68.jpg 100w, https:\/\/www.arovite.com\/wp-content\/uploads\/2015\/01\/arovite-bakeaz-la-educacion-ante-la-violencia-450x300.jpg 450w\" data-sizes=\"auto\" loading=\"eager\">\n\t\t<div class=\"vp-portfolio__item-overlay\">\n\t\t\t\t\t<\/div>\n\n\t\t<\/a>\t<\/div>\n<\/div>\n\n\t<figcaption class=\"vp-portfolio__item-caption vp-portfolio__item-caption-text-align-center\">\n\t\t<div class=\"vp-portfolio__item-meta\">\n\t\t\t\n<h2 class=\"vp-portfolio__item-meta-title\">\n\t\t<a\n\t\thref=\"https:\/\/www.arovite.com\/es\/portfolio\/fondo-bakeaz\/la-educacion-ante-la-violencia-en-el-pais-vasco\/\"\n\t\t\t>\n\tLa educaci\u00f3n ante la violencia en el Pa\u00eds Vasco<\/a><\/h2>\n\n<div class=\"vp-portfolio__item-meta-excerpt\">\n\t<div>\n\t\tXabier Etxeberria\t<\/div>\n<\/div>\n\t\t<\/div>\n\t<\/figcaption>\n\t\t\t<\/figure>\n\t\t\t\t\t<\/article>\n\t\t\n\t\t<article\t\tclass=\"vp-portfolio__item-wrap post-25050 portfolio type-portfolio status-publish format-standard has-post-thumbnail hentry portfolio_category-cuadernos-bakeaz portfolio_category-fondo-bakeaz vp-portfolio__item-uid-ab4423c7\" data-vp-filter=\"cuadernos-bakeaz,fondo-bakeaz\" \t\t>\n\t\t\t\t\t\t\t\t\t<figure class=\"vp-portfolio__item\">\n\t\t\t\t\n<div class=\"vp-portfolio__item-img-wrap\">\n\t<div class=\"vp-portfolio__item-img\">\n\t\t\t<a\n\t\thref=\"https:\/\/www.arovite.com\/es\/portfolio\/fondo-bakeaz\/la-educacion-para-la-paz-en-el-curriculo-de-la-reforma\/\"\n\t\t\t>\n\t\n\t\t<noscript><img loading=\"lazy\" decoding=\"async\" width=\"1500\" height=\"1000\" data-skip-lazy src=\"https:\/\/www.arovite.com\/wp-content\/uploads\/2026\/01\/CB11.jpg\" class=\"wp-image-25010\" alt=\"\" srcset=\"https:\/\/www.arovite.com\/wp-content\/uploads\/2026\/01\/CB11.jpg 1500w, https:\/\/www.arovite.com\/wp-content\/uploads\/2026\/01\/CB11-300x200.jpg 300w, https:\/\/www.arovite.com\/wp-content\/uploads\/2026\/01\/CB11-1024x683.jpg 1024w, https:\/\/www.arovite.com\/wp-content\/uploads\/2026\/01\/CB11-768x512.jpg 768w, https:\/\/www.arovite.com\/wp-content\/uploads\/2026\/01\/CB11-500x333.jpg 500w, https:\/\/www.arovite.com\/wp-content\/uploads\/2026\/01\/CB11-800x533.jpg 800w, https:\/\/www.arovite.com\/wp-content\/uploads\/2026\/01\/CB11-1280x853.jpg 1280w, https:\/\/www.arovite.com\/wp-content\/uploads\/2026\/01\/CB11-100x68.jpg 100w, https:\/\/www.arovite.com\/wp-content\/uploads\/2026\/01\/CB11-450x300.jpg 450w\" sizes=\"auto, (max-width: 1500px) 100vw, 1500px\" \/><\/noscript><img decoding=\"async\" width=\"1500\" height=\"1000\" src=\"https:\/\/www.arovite.com\/wp-content\/uploads\/2026\/01\/CB11.jpg\" class=\"wp-image-25010 vp-lazyload\" alt srcset=\"data:image\/svg+xml;base64,PHN2ZyB3aWR0aD0iMTUwMCIgaGVpZ2h0PSIxMDAwIiB2aWV3Qm94PSIwIDAgMTUwMCAxMDAwIiBmaWxsPSJub25lIiB4bWxucz0iaHR0cDovL3d3dy53My5vcmcvMjAwMC9zdmciPjwvc3ZnPg==\" data-src=\"https:\/\/www.arovite.com\/wp-content\/uploads\/2026\/01\/CB11.jpg\" data-srcset=\"https:\/\/www.arovite.com\/wp-content\/uploads\/2026\/01\/CB11.jpg 1500w, https:\/\/www.arovite.com\/wp-content\/uploads\/2026\/01\/CB11-300x200.jpg 300w, https:\/\/www.arovite.com\/wp-content\/uploads\/2026\/01\/CB11-1024x683.jpg 1024w, https:\/\/www.arovite.com\/wp-content\/uploads\/2026\/01\/CB11-768x512.jpg 768w, https:\/\/www.arovite.com\/wp-content\/uploads\/2026\/01\/CB11-500x333.jpg 500w, https:\/\/www.arovite.com\/wp-content\/uploads\/2026\/01\/CB11-800x533.jpg 800w, https:\/\/www.arovite.com\/wp-content\/uploads\/2026\/01\/CB11-1280x853.jpg 1280w, https:\/\/www.arovite.com\/wp-content\/uploads\/2026\/01\/CB11-100x68.jpg 100w, https:\/\/www.arovite.com\/wp-content\/uploads\/2026\/01\/CB11-450x300.jpg 450w\" data-sizes=\"auto\" loading=\"eager\">\n\t\t<div class=\"vp-portfolio__item-overlay\">\n\t\t\t\t\t<\/div>\n\n\t\t<\/a>\t<\/div>\n<\/div>\n\n\t<figcaption class=\"vp-portfolio__item-caption vp-portfolio__item-caption-text-align-center\">\n\t\t<div class=\"vp-portfolio__item-meta\">\n\t\t\t\n<h2 class=\"vp-portfolio__item-meta-title\">\n\t\t<a\n\t\thref=\"https:\/\/www.arovite.com\/es\/portfolio\/fondo-bakeaz\/la-educacion-para-la-paz-en-el-curriculo-de-la-reforma\/\"\n\t\t\t>\n\tLa educaci\u00f3n para la paz en el curr\u00edculo de la reforma<\/a><\/h2>\n\n<div class=\"vp-portfolio__item-meta-excerpt\">\n\t<div>\n\t\tPedro S\u00e1ez Ortega\t<\/div>\n<\/div>\n\t\t<\/div>\n\t<\/figcaption>\n\t\t\t<\/figure>\n\t\t\t\t\t<\/article>\n\t\t\n\t\t<article\t\tclass=\"vp-portfolio__item-wrap post-2685 portfolio type-portfolio status-publish format-standard has-post-thumbnail hentry portfolio_category-cuadernos-bakeaz portfolio_category-fondo-bakeaz vp-portfolio__item-uid-50ebda68\" data-vp-filter=\"cuadernos-bakeaz,fondo-bakeaz\" \t\t>\n\t\t\t\t\t\t\t\t\t<figure class=\"vp-portfolio__item\">\n\t\t\t\t\n<div class=\"vp-portfolio__item-img-wrap\">\n\t<div class=\"vp-portfolio__item-img\">\n\t\t\t<a\n\t\thref=\"https:\/\/www.arovite.com\/es\/portfolio\/fondo-bakeaz\/la-noviolencia-en-el-ambito-educativo\/\"\n\t\t\t>\n\t\n\t\t<noscript><img loading=\"lazy\" decoding=\"async\" width=\"1500\" height=\"1000\" data-skip-lazy src=\"https:\/\/www.arovite.com\/wp-content\/uploads\/2015\/01\/arovite-bakeaz-la-noviolencia.jpg\" class=\"wp-image-22652\" alt=\"\" srcset=\"https:\/\/www.arovite.com\/wp-content\/uploads\/2015\/01\/arovite-bakeaz-la-noviolencia.jpg 1500w, https:\/\/www.arovite.com\/wp-content\/uploads\/2015\/01\/arovite-bakeaz-la-noviolencia-300x200.jpg 300w, https:\/\/www.arovite.com\/wp-content\/uploads\/2015\/01\/arovite-bakeaz-la-noviolencia-1024x683.jpg 1024w, https:\/\/www.arovite.com\/wp-content\/uploads\/2015\/01\/arovite-bakeaz-la-noviolencia-768x512.jpg 768w, https:\/\/www.arovite.com\/wp-content\/uploads\/2015\/01\/arovite-bakeaz-la-noviolencia-500x333.jpg 500w, https:\/\/www.arovite.com\/wp-content\/uploads\/2015\/01\/arovite-bakeaz-la-noviolencia-800x533.jpg 800w, https:\/\/www.arovite.com\/wp-content\/uploads\/2015\/01\/arovite-bakeaz-la-noviolencia-1280x853.jpg 1280w, https:\/\/www.arovite.com\/wp-content\/uploads\/2015\/01\/arovite-bakeaz-la-noviolencia-100x68.jpg 100w, https:\/\/www.arovite.com\/wp-content\/uploads\/2015\/01\/arovite-bakeaz-la-noviolencia-450x300.jpg 450w\" sizes=\"auto, (max-width: 1500px) 100vw, 1500px\" \/><\/noscript><img decoding=\"async\" width=\"1500\" height=\"1000\" src=\"https:\/\/www.arovite.com\/wp-content\/uploads\/2015\/01\/arovite-bakeaz-la-noviolencia.jpg\" class=\"wp-image-22652 vp-lazyload\" alt srcset=\"data:image\/svg+xml;base64,PHN2ZyB3aWR0aD0iMTUwMCIgaGVpZ2h0PSIxMDAwIiB2aWV3Qm94PSIwIDAgMTUwMCAxMDAwIiBmaWxsPSJub25lIiB4bWxucz0iaHR0cDovL3d3dy53My5vcmcvMjAwMC9zdmciPjwvc3ZnPg==\" data-src=\"https:\/\/www.arovite.com\/wp-content\/uploads\/2015\/01\/arovite-bakeaz-la-noviolencia.jpg\" data-srcset=\"https:\/\/www.arovite.com\/wp-content\/uploads\/2015\/01\/arovite-bakeaz-la-noviolencia.jpg 1500w, https:\/\/www.arovite.com\/wp-content\/uploads\/2015\/01\/arovite-bakeaz-la-noviolencia-300x200.jpg 300w, https:\/\/www.arovite.com\/wp-content\/uploads\/2015\/01\/arovite-bakeaz-la-noviolencia-1024x683.jpg 1024w, https:\/\/www.arovite.com\/wp-content\/uploads\/2015\/01\/arovite-bakeaz-la-noviolencia-768x512.jpg 768w, https:\/\/www.arovite.com\/wp-content\/uploads\/2015\/01\/arovite-bakeaz-la-noviolencia-500x333.jpg 500w, https:\/\/www.arovite.com\/wp-content\/uploads\/2015\/01\/arovite-bakeaz-la-noviolencia-800x533.jpg 800w, https:\/\/www.arovite.com\/wp-content\/uploads\/2015\/01\/arovite-bakeaz-la-noviolencia-1280x853.jpg 1280w, https:\/\/www.arovite.com\/wp-content\/uploads\/2015\/01\/arovite-bakeaz-la-noviolencia-100x68.jpg 100w, https:\/\/www.arovite.com\/wp-content\/uploads\/2015\/01\/arovite-bakeaz-la-noviolencia-450x300.jpg 450w\" data-sizes=\"auto\" loading=\"eager\">\n\t\t<div class=\"vp-portfolio__item-overlay\">\n\t\t\t\t\t<\/div>\n\n\t\t<\/a>\t<\/div>\n<\/div>\n\n\t<figcaption class=\"vp-portfolio__item-caption vp-portfolio__item-caption-text-align-center\">\n\t\t<div class=\"vp-portfolio__item-meta\">\n\t\t\t\n<h2 class=\"vp-portfolio__item-meta-title\">\n\t\t<a\n\t\thref=\"https:\/\/www.arovite.com\/es\/portfolio\/fondo-bakeaz\/la-noviolencia-en-el-ambito-educativo\/\"\n\t\t\t>\n\tLa noviolencia en el \u00e1mbito educativo<\/a><\/h2>\n\n<div class=\"vp-portfolio__item-meta-excerpt\">\n\t<div>\n\t\tXabier Etxeberria\t<\/div>\n<\/div>\n\t\t<\/div>\n\t<\/figcaption>\n\t\t\t<\/figure>\n\t\t\t\t\t<\/article>\n\t\t\n\t\t<article\t\tclass=\"vp-portfolio__item-wrap post-25034 portfolio type-portfolio status-publish format-standard has-post-thumbnail hentry portfolio_category-cuadernos-bakeaz vp-portfolio__item-uid-fa734058\" data-vp-filter=\"cuadernos-bakeaz\" \t\t>\n\t\t\t\t\t\t\t\t\t<figure class=\"vp-portfolio__item\">\n\t\t\t\t\n<div class=\"vp-portfolio__item-img-wrap\">\n\t<div class=\"vp-portfolio__item-img\">\n\t\t\t<a\n\t\thref=\"https:\/\/www.arovite.com\/es\/portfolio\/cuadernos-bakeaz\/los-sustratos-teoricos-de-la-educacion-para-la-paz\/\"\n\t\t\t>\n\t\n\t\t<noscript><img loading=\"lazy\" decoding=\"async\" width=\"1500\" height=\"1000\" data-skip-lazy src=\"https:\/\/www.arovite.com\/wp-content\/uploads\/2026\/01\/CB08.jpg\" class=\"wp-image-25007\" alt=\"\" srcset=\"https:\/\/www.arovite.com\/wp-content\/uploads\/2026\/01\/CB08.jpg 1500w, https:\/\/www.arovite.com\/wp-content\/uploads\/2026\/01\/CB08-300x200.jpg 300w, https:\/\/www.arovite.com\/wp-content\/uploads\/2026\/01\/CB08-1024x683.jpg 1024w, https:\/\/www.arovite.com\/wp-content\/uploads\/2026\/01\/CB08-768x512.jpg 768w, https:\/\/www.arovite.com\/wp-content\/uploads\/2026\/01\/CB08-500x333.jpg 500w, https:\/\/www.arovite.com\/wp-content\/uploads\/2026\/01\/CB08-800x533.jpg 800w, https:\/\/www.arovite.com\/wp-content\/uploads\/2026\/01\/CB08-1280x853.jpg 1280w, https:\/\/www.arovite.com\/wp-content\/uploads\/2026\/01\/CB08-100x68.jpg 100w, https:\/\/www.arovite.com\/wp-content\/uploads\/2026\/01\/CB08-450x300.jpg 450w\" sizes=\"auto, (max-width: 1500px) 100vw, 1500px\" \/><\/noscript><img decoding=\"async\" width=\"1500\" height=\"1000\" src=\"https:\/\/www.arovite.com\/wp-content\/uploads\/2026\/01\/CB08.jpg\" class=\"wp-image-25007 vp-lazyload\" alt srcset=\"data:image\/svg+xml;base64,PHN2ZyB3aWR0aD0iMTUwMCIgaGVpZ2h0PSIxMDAwIiB2aWV3Qm94PSIwIDAgMTUwMCAxMDAwIiBmaWxsPSJub25lIiB4bWxucz0iaHR0cDovL3d3dy53My5vcmcvMjAwMC9zdmciPjwvc3ZnPg==\" data-src=\"https:\/\/www.arovite.com\/wp-content\/uploads\/2026\/01\/CB08.jpg\" data-srcset=\"https:\/\/www.arovite.com\/wp-content\/uploads\/2026\/01\/CB08.jpg 1500w, https:\/\/www.arovite.com\/wp-content\/uploads\/2026\/01\/CB08-300x200.jpg 300w, https:\/\/www.arovite.com\/wp-content\/uploads\/2026\/01\/CB08-1024x683.jpg 1024w, https:\/\/www.arovite.com\/wp-content\/uploads\/2026\/01\/CB08-768x512.jpg 768w, https:\/\/www.arovite.com\/wp-content\/uploads\/2026\/01\/CB08-500x333.jpg 500w, https:\/\/www.arovite.com\/wp-content\/uploads\/2026\/01\/CB08-800x533.jpg 800w, https:\/\/www.arovite.com\/wp-content\/uploads\/2026\/01\/CB08-1280x853.jpg 1280w, https:\/\/www.arovite.com\/wp-content\/uploads\/2026\/01\/CB08-100x68.jpg 100w, https:\/\/www.arovite.com\/wp-content\/uploads\/2026\/01\/CB08-450x300.jpg 450w\" data-sizes=\"auto\" loading=\"eager\">\n\t\t<div class=\"vp-portfolio__item-overlay\">\n\t\t\t\t\t<\/div>\n\n\t\t<\/a>\t<\/div>\n<\/div>\n\n\t<figcaption class=\"vp-portfolio__item-caption vp-portfolio__item-caption-text-align-center\">\n\t\t<div class=\"vp-portfolio__item-meta\">\n\t\t\t\n<h2 class=\"vp-portfolio__item-meta-title\">\n\t\t<a\n\t\thref=\"https:\/\/www.arovite.com\/es\/portfolio\/cuadernos-bakeaz\/los-sustratos-teoricos-de-la-educacion-para-la-paz\/\"\n\t\t\t>\n\tLos sustratos te\u00f3ricos de la educaci\u00f3n para la paz<\/a><\/h2>\n\n<div class=\"vp-portfolio__item-meta-excerpt\">\n\t<div>\n\t\tX\u00e9sus R. Jares\t<\/div>\n<\/div>\n\t\t<\/div>\n\t<\/figcaption>\n\t\t\t<\/figure>\n\t\t\t\t\t<\/article>\n\t\t\n\t\t<article\t\tclass=\"vp-portfolio__item-wrap post-2689 portfolio type-portfolio status-publish format-standard has-post-thumbnail hentry portfolio_category-cuadernos-bakeaz portfolio_category-fondo-bakeaz vp-portfolio__item-uid-595d9643\" data-vp-filter=\"cuadernos-bakeaz,fondo-bakeaz\" \t\t>\n\t\t\t\t\t\t\t\t\t<figure class=\"vp-portfolio__item\">\n\t\t\t\t\n<div class=\"vp-portfolio__item-img-wrap\">\n\t<div class=\"vp-portfolio__item-img\">\n\t\t\t<a\n\t\thref=\"https:\/\/www.arovite.com\/es\/portfolio\/fondo-bakeaz\/movimientos-sociales-y-democracia\/\"\n\t\t\t>\n\t\n\t\t<noscript><img loading=\"lazy\" decoding=\"async\" width=\"1500\" height=\"1000\" data-skip-lazy src=\"https:\/\/www.arovite.com\/wp-content\/uploads\/2015\/01\/arovite-bakeaz-movimientos-sociales.jpg\" class=\"wp-image-22643\" alt=\"\" srcset=\"https:\/\/www.arovite.com\/wp-content\/uploads\/2015\/01\/arovite-bakeaz-movimientos-sociales.jpg 1500w, https:\/\/www.arovite.com\/wp-content\/uploads\/2015\/01\/arovite-bakeaz-movimientos-sociales-300x200.jpg 300w, https:\/\/www.arovite.com\/wp-content\/uploads\/2015\/01\/arovite-bakeaz-movimientos-sociales-1024x683.jpg 1024w, https:\/\/www.arovite.com\/wp-content\/uploads\/2015\/01\/arovite-bakeaz-movimientos-sociales-768x512.jpg 768w, https:\/\/www.arovite.com\/wp-content\/uploads\/2015\/01\/arovite-bakeaz-movimientos-sociales-500x333.jpg 500w, https:\/\/www.arovite.com\/wp-content\/uploads\/2015\/01\/arovite-bakeaz-movimientos-sociales-800x533.jpg 800w, https:\/\/www.arovite.com\/wp-content\/uploads\/2015\/01\/arovite-bakeaz-movimientos-sociales-1280x853.jpg 1280w, https:\/\/www.arovite.com\/wp-content\/uploads\/2015\/01\/arovite-bakeaz-movimientos-sociales-100x68.jpg 100w, https:\/\/www.arovite.com\/wp-content\/uploads\/2015\/01\/arovite-bakeaz-movimientos-sociales-450x300.jpg 450w\" sizes=\"auto, (max-width: 1500px) 100vw, 1500px\" \/><\/noscript><img decoding=\"async\" width=\"1500\" height=\"1000\" src=\"https:\/\/www.arovite.com\/wp-content\/uploads\/2015\/01\/arovite-bakeaz-movimientos-sociales.jpg\" class=\"wp-image-22643 vp-lazyload\" alt srcset=\"data:image\/svg+xml;base64,PHN2ZyB3aWR0aD0iMTUwMCIgaGVpZ2h0PSIxMDAwIiB2aWV3Qm94PSIwIDAgMTUwMCAxMDAwIiBmaWxsPSJub25lIiB4bWxucz0iaHR0cDovL3d3dy53My5vcmcvMjAwMC9zdmciPjwvc3ZnPg==\" data-src=\"https:\/\/www.arovite.com\/wp-content\/uploads\/2015\/01\/arovite-bakeaz-movimientos-sociales.jpg\" data-srcset=\"https:\/\/www.arovite.com\/wp-content\/uploads\/2015\/01\/arovite-bakeaz-movimientos-sociales.jpg 1500w, https:\/\/www.arovite.com\/wp-content\/uploads\/2015\/01\/arovite-bakeaz-movimientos-sociales-300x200.jpg 300w, https:\/\/www.arovite.com\/wp-content\/uploads\/2015\/01\/arovite-bakeaz-movimientos-sociales-1024x683.jpg 1024w, https:\/\/www.arovite.com\/wp-content\/uploads\/2015\/01\/arovite-bakeaz-movimientos-sociales-768x512.jpg 768w, https:\/\/www.arovite.com\/wp-content\/uploads\/2015\/01\/arovite-bakeaz-movimientos-sociales-500x333.jpg 500w, https:\/\/www.arovite.com\/wp-content\/uploads\/2015\/01\/arovite-bakeaz-movimientos-sociales-800x533.jpg 800w, https:\/\/www.arovite.com\/wp-content\/uploads\/2015\/01\/arovite-bakeaz-movimientos-sociales-1280x853.jpg 1280w, https:\/\/www.arovite.com\/wp-content\/uploads\/2015\/01\/arovite-bakeaz-movimientos-sociales-100x68.jpg 100w, https:\/\/www.arovite.com\/wp-content\/uploads\/2015\/01\/arovite-bakeaz-movimientos-sociales-450x300.jpg 450w\" data-sizes=\"auto\" loading=\"eager\">\n\t\t<div class=\"vp-portfolio__item-overlay\">\n\t\t\t\t\t<\/div>\n\n\t\t<\/a>\t<\/div>\n<\/div>\n\n\t<figcaption class=\"vp-portfolio__item-caption vp-portfolio__item-caption-text-align-center\">\n\t\t<div class=\"vp-portfolio__item-meta\">\n\t\t\t\n<h2 class=\"vp-portfolio__item-meta-title\">\n\t\t<a\n\t\thref=\"https:\/\/www.arovite.com\/es\/portfolio\/fondo-bakeaz\/movimientos-sociales-y-democracia\/\"\n\t\t\t>\n\tMovimientos sociales y democracia<\/a><\/h2>\n\n<div class=\"vp-portfolio__item-meta-excerpt\">\n\t<div>\n\t\tJes\u00fas Casquete\t<\/div>\n<\/div>\n\t\t<\/div>\n\t<\/figcaption>\n\t\t\t<\/figure>\n\t\t\t\t\t<\/article>\n\t\t\n\t\t<article\t\tclass=\"vp-portfolio__item-wrap post-169 portfolio type-portfolio status-publish format-standard has-post-thumbnail hentry portfolio_category-cuadernos-bakeaz portfolio_category-fondo-bakeaz vp-portfolio__item-uid-9480aaac\" data-vp-filter=\"cuadernos-bakeaz,fondo-bakeaz\" \t\t>\n\t\t\t\t\t\t\t\t\t<figure class=\"vp-portfolio__item\">\n\t\t\t\t\n<div class=\"vp-portfolio__item-img-wrap\">\n\t<div class=\"vp-portfolio__item-img\">\n\t\t\t<a\n\t\thref=\"https:\/\/www.arovite.com\/es\/portfolio\/fondo-bakeaz\/cuaderno-bakeaz-1-2\/\"\n\t\t\t>\n\t\n\t\t<noscript><img loading=\"lazy\" decoding=\"async\" width=\"1500\" height=\"1000\" data-skip-lazy src=\"https:\/\/www.arovite.com\/wp-content\/uploads\/2013\/05\/arovite-bakeaz-sobre-la-tolerancia-y-lo-intolerable.jpg\" class=\"wp-image-22661\" alt=\"\" srcset=\"https:\/\/www.arovite.com\/wp-content\/uploads\/2013\/05\/arovite-bakeaz-sobre-la-tolerancia-y-lo-intolerable.jpg 1500w, https:\/\/www.arovite.com\/wp-content\/uploads\/2013\/05\/arovite-bakeaz-sobre-la-tolerancia-y-lo-intolerable-300x200.jpg 300w, https:\/\/www.arovite.com\/wp-content\/uploads\/2013\/05\/arovite-bakeaz-sobre-la-tolerancia-y-lo-intolerable-1024x683.jpg 1024w, https:\/\/www.arovite.com\/wp-content\/uploads\/2013\/05\/arovite-bakeaz-sobre-la-tolerancia-y-lo-intolerable-768x512.jpg 768w, https:\/\/www.arovite.com\/wp-content\/uploads\/2013\/05\/arovite-bakeaz-sobre-la-tolerancia-y-lo-intolerable-500x333.jpg 500w, https:\/\/www.arovite.com\/wp-content\/uploads\/2013\/05\/arovite-bakeaz-sobre-la-tolerancia-y-lo-intolerable-800x533.jpg 800w, https:\/\/www.arovite.com\/wp-content\/uploads\/2013\/05\/arovite-bakeaz-sobre-la-tolerancia-y-lo-intolerable-1280x853.jpg 1280w, https:\/\/www.arovite.com\/wp-content\/uploads\/2013\/05\/arovite-bakeaz-sobre-la-tolerancia-y-lo-intolerable-100x68.jpg 100w, https:\/\/www.arovite.com\/wp-content\/uploads\/2013\/05\/arovite-bakeaz-sobre-la-tolerancia-y-lo-intolerable-450x300.jpg 450w\" sizes=\"auto, (max-width: 1500px) 100vw, 1500px\" \/><\/noscript><img decoding=\"async\" width=\"1500\" height=\"1000\" src=\"https:\/\/www.arovite.com\/wp-content\/uploads\/2013\/05\/arovite-bakeaz-sobre-la-tolerancia-y-lo-intolerable.jpg\" class=\"wp-image-22661 vp-lazyload\" alt srcset=\"data:image\/svg+xml;base64,PHN2ZyB3aWR0aD0iMTUwMCIgaGVpZ2h0PSIxMDAwIiB2aWV3Qm94PSIwIDAgMTUwMCAxMDAwIiBmaWxsPSJub25lIiB4bWxucz0iaHR0cDovL3d3dy53My5vcmcvMjAwMC9zdmciPjwvc3ZnPg==\" data-src=\"https:\/\/www.arovite.com\/wp-content\/uploads\/2013\/05\/arovite-bakeaz-sobre-la-tolerancia-y-lo-intolerable.jpg\" data-srcset=\"https:\/\/www.arovite.com\/wp-content\/uploads\/2013\/05\/arovite-bakeaz-sobre-la-tolerancia-y-lo-intolerable.jpg 1500w, https:\/\/www.arovite.com\/wp-content\/uploads\/2013\/05\/arovite-bakeaz-sobre-la-tolerancia-y-lo-intolerable-300x200.jpg 300w, https:\/\/www.arovite.com\/wp-content\/uploads\/2013\/05\/arovite-bakeaz-sobre-la-tolerancia-y-lo-intolerable-1024x683.jpg 1024w, https:\/\/www.arovite.com\/wp-content\/uploads\/2013\/05\/arovite-bakeaz-sobre-la-tolerancia-y-lo-intolerable-768x512.jpg 768w, https:\/\/www.arovite.com\/wp-content\/uploads\/2013\/05\/arovite-bakeaz-sobre-la-tolerancia-y-lo-intolerable-500x333.jpg 500w, https:\/\/www.arovite.com\/wp-content\/uploads\/2013\/05\/arovite-bakeaz-sobre-la-tolerancia-y-lo-intolerable-800x533.jpg 800w, https:\/\/www.arovite.com\/wp-content\/uploads\/2013\/05\/arovite-bakeaz-sobre-la-tolerancia-y-lo-intolerable-1280x853.jpg 1280w, https:\/\/www.arovite.com\/wp-content\/uploads\/2013\/05\/arovite-bakeaz-sobre-la-tolerancia-y-lo-intolerable-100x68.jpg 100w, https:\/\/www.arovite.com\/wp-content\/uploads\/2013\/05\/arovite-bakeaz-sobre-la-tolerancia-y-lo-intolerable-450x300.jpg 450w\" data-sizes=\"auto\" loading=\"eager\">\n\t\t<div class=\"vp-portfolio__item-overlay\">\n\t\t\t\t\t<\/div>\n\n\t\t<\/a>\t<\/div>\n<\/div>\n\n\t<figcaption class=\"vp-portfolio__item-caption vp-portfolio__item-caption-text-align-center\">\n\t\t<div class=\"vp-portfolio__item-meta\">\n\t\t\t\n<h2 class=\"vp-portfolio__item-meta-title\">\n\t\t<a\n\t\thref=\"https:\/\/www.arovite.com\/es\/portfolio\/fondo-bakeaz\/cuaderno-bakeaz-1-2\/\"\n\t\t\t>\n\tSobre la tolerancia y lo intolerable<\/a><\/h2>\n\n<div class=\"vp-portfolio__item-meta-excerpt\">\n\t<div>\n\t\tXabier Etxeberria\t<\/div>\n<\/div>\n\t\t<\/div>\n\t<\/figcaption>\n\t\t\t<\/figure>\n\t\t\t\t\t<\/article>\n\t\t\n\t\t<article\t\tclass=\"vp-portfolio__item-wrap post-2687 portfolio type-portfolio status-publish format-standard has-post-thumbnail hentry portfolio_category-cuadernos-bakeaz portfolio_category-fondo-bakeaz vp-portfolio__item-uid-bee5bb44\" data-vp-filter=\"cuadernos-bakeaz,fondo-bakeaz\" \t\t>\n\t\t\t\t\t\t\t\t\t<figure class=\"vp-portfolio__item\">\n\t\t\t\t\n<div class=\"vp-portfolio__item-img-wrap\">\n\t<div class=\"vp-portfolio__item-img\">\n\t\t\t<a\n\t\thref=\"https:\/\/www.arovite.com\/es\/portfolio\/fondo-bakeaz\/universales-del-odio-resortesintelectuales-del-fanatismo-y-la-barbarie\/\"\n\t\t\t>\n\t\n\t\t<noscript><img loading=\"lazy\" decoding=\"async\" width=\"1500\" height=\"1000\" data-skip-lazy src=\"https:\/\/www.arovite.com\/wp-content\/uploads\/2015\/01\/arovite-bakeaz-universales-del-odio.jpg\" class=\"wp-image-22649\" alt=\"\" srcset=\"https:\/\/www.arovite.com\/wp-content\/uploads\/2015\/01\/arovite-bakeaz-universales-del-odio.jpg 1500w, https:\/\/www.arovite.com\/wp-content\/uploads\/2015\/01\/arovite-bakeaz-universales-del-odio-300x200.jpg 300w, https:\/\/www.arovite.com\/wp-content\/uploads\/2015\/01\/arovite-bakeaz-universales-del-odio-1024x683.jpg 1024w, https:\/\/www.arovite.com\/wp-content\/uploads\/2015\/01\/arovite-bakeaz-universales-del-odio-768x512.jpg 768w, https:\/\/www.arovite.com\/wp-content\/uploads\/2015\/01\/arovite-bakeaz-universales-del-odio-500x333.jpg 500w, https:\/\/www.arovite.com\/wp-content\/uploads\/2015\/01\/arovite-bakeaz-universales-del-odio-800x533.jpg 800w, https:\/\/www.arovite.com\/wp-content\/uploads\/2015\/01\/arovite-bakeaz-universales-del-odio-1280x853.jpg 1280w, https:\/\/www.arovite.com\/wp-content\/uploads\/2015\/01\/arovite-bakeaz-universales-del-odio-100x68.jpg 100w, https:\/\/www.arovite.com\/wp-content\/uploads\/2015\/01\/arovite-bakeaz-universales-del-odio-450x300.jpg 450w\" sizes=\"auto, (max-width: 1500px) 100vw, 1500px\" \/><\/noscript><img decoding=\"async\" width=\"1500\" height=\"1000\" src=\"https:\/\/www.arovite.com\/wp-content\/uploads\/2015\/01\/arovite-bakeaz-universales-del-odio.jpg\" class=\"wp-image-22649 vp-lazyload\" alt srcset=\"data:image\/svg+xml;base64,PHN2ZyB3aWR0aD0iMTUwMCIgaGVpZ2h0PSIxMDAwIiB2aWV3Qm94PSIwIDAgMTUwMCAxMDAwIiBmaWxsPSJub25lIiB4bWxucz0iaHR0cDovL3d3dy53My5vcmcvMjAwMC9zdmciPjwvc3ZnPg==\" data-src=\"https:\/\/www.arovite.com\/wp-content\/uploads\/2015\/01\/arovite-bakeaz-universales-del-odio.jpg\" data-srcset=\"https:\/\/www.arovite.com\/wp-content\/uploads\/2015\/01\/arovite-bakeaz-universales-del-odio.jpg 1500w, https:\/\/www.arovite.com\/wp-content\/uploads\/2015\/01\/arovite-bakeaz-universales-del-odio-300x200.jpg 300w, https:\/\/www.arovite.com\/wp-content\/uploads\/2015\/01\/arovite-bakeaz-universales-del-odio-1024x683.jpg 1024w, https:\/\/www.arovite.com\/wp-content\/uploads\/2015\/01\/arovite-bakeaz-universales-del-odio-768x512.jpg 768w, https:\/\/www.arovite.com\/wp-content\/uploads\/2015\/01\/arovite-bakeaz-universales-del-odio-500x333.jpg 500w, https:\/\/www.arovite.com\/wp-content\/uploads\/2015\/01\/arovite-bakeaz-universales-del-odio-800x533.jpg 800w, https:\/\/www.arovite.com\/wp-content\/uploads\/2015\/01\/arovite-bakeaz-universales-del-odio-1280x853.jpg 1280w, https:\/\/www.arovite.com\/wp-content\/uploads\/2015\/01\/arovite-bakeaz-universales-del-odio-100x68.jpg 100w, https:\/\/www.arovite.com\/wp-content\/uploads\/2015\/01\/arovite-bakeaz-universales-del-odio-450x300.jpg 450w\" data-sizes=\"auto\" loading=\"eager\">\n\t\t<div class=\"vp-portfolio__item-overlay\">\n\t\t\t\t\t<\/div>\n\n\t\t<\/a>\t<\/div>\n<\/div>\n\n\t<figcaption class=\"vp-portfolio__item-caption vp-portfolio__item-caption-text-align-center\">\n\t\t<div class=\"vp-portfolio__item-meta\">\n\t\t\t\n<h2 class=\"vp-portfolio__item-meta-title\">\n\t\t<a\n\t\thref=\"https:\/\/www.arovite.com\/es\/portfolio\/fondo-bakeaz\/universales-del-odio-resortesintelectuales-del-fanatismo-y-la-barbarie\/\"\n\t\t\t>\n\tUniversales del odio: resortes intelectuales del fanatismo y la barbarie<\/a><\/h2>\n\n<div class=\"vp-portfolio__item-meta-excerpt\">\n\t<div>\n\t\tMart\u00edn Alonso\t<\/div>\n<\/div>\n\t\t<\/div>\n\t<\/figcaption>\n\t\t\t<\/figure>\n\t\t\t\t\t<\/article>\n\t\t\n\t\t<article\t\tclass=\"vp-portfolio__item-wrap post-2681 portfolio type-portfolio status-publish format-standard has-post-thumbnail hentry portfolio_category-cuadernos-bakeaz portfolio_category-fondo-bakeaz vp-portfolio__item-uid-57861e71\" data-vp-filter=\"cuadernos-bakeaz,fondo-bakeaz\" \t\t>\n\t\t\t\t\t\t\t\t\t<figure class=\"vp-portfolio__item\">\n\t\t\t\t\n<div class=\"vp-portfolio__item-img-wrap\">\n\t<div class=\"vp-portfolio__item-img\">\n\t\t\t<a\n\t\thref=\"https:\/\/www.arovite.com\/es\/portfolio\/fondo-bakeaz\/lo-humano-irreductible-de-los-derechos-humanos\/\"\n\t\t\t>\n\t\n\t\t<noscript><img loading=\"lazy\" decoding=\"async\" width=\"1500\" height=\"1000\" data-skip-lazy src=\"https:\/\/www.arovite.com\/wp-content\/uploads\/2015\/01\/arovite-bakeaz-lo-humano-irreductible.jpg\" class=\"wp-image-22658\" alt=\"\" srcset=\"https:\/\/www.arovite.com\/wp-content\/uploads\/2015\/01\/arovite-bakeaz-lo-humano-irreductible.jpg 1500w, https:\/\/www.arovite.com\/wp-content\/uploads\/2015\/01\/arovite-bakeaz-lo-humano-irreductible-300x200.jpg 300w, https:\/\/www.arovite.com\/wp-content\/uploads\/2015\/01\/arovite-bakeaz-lo-humano-irreductible-1024x683.jpg 1024w, https:\/\/www.arovite.com\/wp-content\/uploads\/2015\/01\/arovite-bakeaz-lo-humano-irreductible-768x512.jpg 768w, https:\/\/www.arovite.com\/wp-content\/uploads\/2015\/01\/arovite-bakeaz-lo-humano-irreductible-500x333.jpg 500w, https:\/\/www.arovite.com\/wp-content\/uploads\/2015\/01\/arovite-bakeaz-lo-humano-irreductible-800x533.jpg 800w, https:\/\/www.arovite.com\/wp-content\/uploads\/2015\/01\/arovite-bakeaz-lo-humano-irreductible-1280x853.jpg 1280w, https:\/\/www.arovite.com\/wp-content\/uploads\/2015\/01\/arovite-bakeaz-lo-humano-irreductible-100x68.jpg 100w, https:\/\/www.arovite.com\/wp-content\/uploads\/2015\/01\/arovite-bakeaz-lo-humano-irreductible-450x300.jpg 450w\" sizes=\"auto, (max-width: 1500px) 100vw, 1500px\" \/><\/noscript><img decoding=\"async\" width=\"1500\" height=\"1000\" src=\"https:\/\/www.arovite.com\/wp-content\/uploads\/2015\/01\/arovite-bakeaz-lo-humano-irreductible.jpg\" class=\"wp-image-22658 vp-lazyload\" alt srcset=\"data:image\/svg+xml;base64,PHN2ZyB3aWR0aD0iMTUwMCIgaGVpZ2h0PSIxMDAwIiB2aWV3Qm94PSIwIDAgMTUwMCAxMDAwIiBmaWxsPSJub25lIiB4bWxucz0iaHR0cDovL3d3dy53My5vcmcvMjAwMC9zdmciPjwvc3ZnPg==\" data-src=\"https:\/\/www.arovite.com\/wp-content\/uploads\/2015\/01\/arovite-bakeaz-lo-humano-irreductible.jpg\" data-srcset=\"https:\/\/www.arovite.com\/wp-content\/uploads\/2015\/01\/arovite-bakeaz-lo-humano-irreductible.jpg 1500w, https:\/\/www.arovite.com\/wp-content\/uploads\/2015\/01\/arovite-bakeaz-lo-humano-irreductible-300x200.jpg 300w, https:\/\/www.arovite.com\/wp-content\/uploads\/2015\/01\/arovite-bakeaz-lo-humano-irreductible-1024x683.jpg 1024w, https:\/\/www.arovite.com\/wp-content\/uploads\/2015\/01\/arovite-bakeaz-lo-humano-irreductible-768x512.jpg 768w, https:\/\/www.arovite.com\/wp-content\/uploads\/2015\/01\/arovite-bakeaz-lo-humano-irreductible-500x333.jpg 500w, https:\/\/www.arovite.com\/wp-content\/uploads\/2015\/01\/arovite-bakeaz-lo-humano-irreductible-800x533.jpg 800w, https:\/\/www.arovite.com\/wp-content\/uploads\/2015\/01\/arovite-bakeaz-lo-humano-irreductible-1280x853.jpg 1280w, https:\/\/www.arovite.com\/wp-content\/uploads\/2015\/01\/arovite-bakeaz-lo-humano-irreductible-100x68.jpg 100w, https:\/\/www.arovite.com\/wp-content\/uploads\/2015\/01\/arovite-bakeaz-lo-humano-irreductible-450x300.jpg 450w\" data-sizes=\"auto\" loading=\"eager\">\n\t\t<div class=\"vp-portfolio__item-overlay\">\n\t\t\t\t\t<\/div>\n\n\t\t<\/a>\t<\/div>\n<\/div>\n\n\t<figcaption class=\"vp-portfolio__item-caption vp-portfolio__item-caption-text-align-center\">\n\t\t<div class=\"vp-portfolio__item-meta\">\n\t\t\t\n<h2 class=\"vp-portfolio__item-meta-title\">\n\t\t<a\n\t\thref=\"https:\/\/www.arovite.com\/es\/portfolio\/fondo-bakeaz\/lo-humano-irreductible-de-los-derechos-humanos\/\"\n\t\t\t>\n\t\u00abLo humano irreductible\u00bb de los derechos humanos<\/a><\/h2>\n\n<div class=\"vp-portfolio__item-meta-excerpt\">\n\t<div>\n\t\tXabier Etxeberria\t<\/div>\n<\/div>\n\t\t<\/div>\n\t<\/figcaption>\n\t\t\t<\/figure>\n\t\t\t\t\t<\/article>\n\t\t\n\t\t<article\t\tclass=\"vp-portfolio__item-wrap post-2691 portfolio type-portfolio status-publish format-standard has-post-thumbnail hentry portfolio_category-cuadernos-bakeaz portfolio_category-fondo-bakeaz vp-portfolio__item-uid-4e9d2f30\" data-vp-filter=\"cuadernos-bakeaz,fondo-bakeaz\" \t\t>\n\t\t\t\t\t\t\t\t\t<figure class=\"vp-portfolio__item\">\n\t\t\t\t\n<div class=\"vp-portfolio__item-img-wrap\">\n\t<div class=\"vp-portfolio__item-img\">\n\t\t\t<a\n\t\thref=\"https:\/\/www.arovite.com\/es\/portfolio\/fondo-bakeaz\/sifones-o-vasoscomunicantes\/\"\n\t\t\t>\n\t\n\t\t<noscript><img loading=\"lazy\" decoding=\"async\" width=\"1500\" height=\"1000\" data-skip-lazy src=\"https:\/\/www.arovite.com\/wp-content\/uploads\/2015\/01\/arovite-bakeaz-sifones.jpg\" class=\"wp-image-22637\" alt=\"\" srcset=\"https:\/\/www.arovite.com\/wp-content\/uploads\/2015\/01\/arovite-bakeaz-sifones.jpg 1500w, https:\/\/www.arovite.com\/wp-content\/uploads\/2015\/01\/arovite-bakeaz-sifones-300x200.jpg 300w, https:\/\/www.arovite.com\/wp-content\/uploads\/2015\/01\/arovite-bakeaz-sifones-1024x683.jpg 1024w, https:\/\/www.arovite.com\/wp-content\/uploads\/2015\/01\/arovite-bakeaz-sifones-768x512.jpg 768w, https:\/\/www.arovite.com\/wp-content\/uploads\/2015\/01\/arovite-bakeaz-sifones-500x333.jpg 500w, https:\/\/www.arovite.com\/wp-content\/uploads\/2015\/01\/arovite-bakeaz-sifones-800x533.jpg 800w, https:\/\/www.arovite.com\/wp-content\/uploads\/2015\/01\/arovite-bakeaz-sifones-1280x853.jpg 1280w, https:\/\/www.arovite.com\/wp-content\/uploads\/2015\/01\/arovite-bakeaz-sifones-100x68.jpg 100w, https:\/\/www.arovite.com\/wp-content\/uploads\/2015\/01\/arovite-bakeaz-sifones-450x300.jpg 450w\" sizes=\"auto, (max-width: 1500px) 100vw, 1500px\" \/><\/noscript><img decoding=\"async\" width=\"1500\" height=\"1000\" src=\"https:\/\/www.arovite.com\/wp-content\/uploads\/2015\/01\/arovite-bakeaz-sifones.jpg\" class=\"wp-image-22637 vp-lazyload\" alt srcset=\"data:image\/svg+xml;base64,PHN2ZyB3aWR0aD0iMTUwMCIgaGVpZ2h0PSIxMDAwIiB2aWV3Qm94PSIwIDAgMTUwMCAxMDAwIiBmaWxsPSJub25lIiB4bWxucz0iaHR0cDovL3d3dy53My5vcmcvMjAwMC9zdmciPjwvc3ZnPg==\" data-src=\"https:\/\/www.arovite.com\/wp-content\/uploads\/2015\/01\/arovite-bakeaz-sifones.jpg\" data-srcset=\"https:\/\/www.arovite.com\/wp-content\/uploads\/2015\/01\/arovite-bakeaz-sifones.jpg 1500w, https:\/\/www.arovite.com\/wp-content\/uploads\/2015\/01\/arovite-bakeaz-sifones-300x200.jpg 300w, https:\/\/www.arovite.com\/wp-content\/uploads\/2015\/01\/arovite-bakeaz-sifones-1024x683.jpg 1024w, https:\/\/www.arovite.com\/wp-content\/uploads\/2015\/01\/arovite-bakeaz-sifones-768x512.jpg 768w, https:\/\/www.arovite.com\/wp-content\/uploads\/2015\/01\/arovite-bakeaz-sifones-500x333.jpg 500w, https:\/\/www.arovite.com\/wp-content\/uploads\/2015\/01\/arovite-bakeaz-sifones-800x533.jpg 800w, https:\/\/www.arovite.com\/wp-content\/uploads\/2015\/01\/arovite-bakeaz-sifones-1280x853.jpg 1280w, https:\/\/www.arovite.com\/wp-content\/uploads\/2015\/01\/arovite-bakeaz-sifones-100x68.jpg 100w, https:\/\/www.arovite.com\/wp-content\/uploads\/2015\/01\/arovite-bakeaz-sifones-450x300.jpg 450w\" data-sizes=\"auto\" loading=\"eager\">\n\t\t<div class=\"vp-portfolio__item-overlay\">\n\t\t\t\t\t<\/div>\n\n\t\t<\/a>\t<\/div>\n<\/div>\n\n\t<figcaption class=\"vp-portfolio__item-caption vp-portfolio__item-caption-text-align-center\">\n\t\t<div class=\"vp-portfolio__item-meta\">\n\t\t\t\n<h2 class=\"vp-portfolio__item-meta-title\">\n\t\t<a\n\t\thref=\"https:\/\/www.arovite.com\/es\/portfolio\/fondo-bakeaz\/sifones-o-vasoscomunicantes\/\"\n\t\t\t>\n\t\u00bfSifones o vasos comunicantes? La problem\u00e1tica empresa de negar legitimidad a la violencia desde la aserci\u00f3n del \u00abconflicto\u00bb vasco<\/a><\/h2>\n\n<div class=\"vp-portfolio__item-meta-excerpt\">\n\t<div>\n\t\tMart\u00edn Alonso\t<\/div>\n<\/div>\n\t\t<\/div>\n\t<\/figcaption>\n\t\t\t<\/figure>\n\t\t\t\t\t<\/article>\n\t\t\n<\/div>\n\t\t<\/div>\n\t\t\t\t<div class=\"vp-portfolio__layout-elements vp-portfolio__layout-elements-bottom vp-portfolio__layout-elements-align-center\">\n\t\t\t\t<div class=\"vp-portfolio__pagination-wrap\">\n\t\t\n<div class=\"vp-pagination vp-pagination__no-more vp-pagination__style-minimal\" data-vp-pagination-type=\"load-more\">\n\t<div class=\"vp-pagination__item\">\n\t\t<a class=\"vp-pagination__load-more\" href=\"\">\n\t\t\t<span>Cargar m\u00e1s<\/span>\n\t\t\t<span class=\"vp-pagination__load-more-loading\"><span class=\"vp-spinner\"><\/span><span class=\"vp-screen-reader-text\"> Cargando m\u00e1s...<\/span><\/span>\n\t\t\t<span class=\"vp-pagination__load-more-no-more\">Has llegado al final de la lista<\/span>\n\t\t<\/a>\n\t<\/div>\n<\/div>\n\t\t<\/div>\n\t\t\t\t<\/div>\n\t\t\n<\/div>\n[\/vc_column][\/vc_row]<\/p>\n<\/div>","protected":false},"excerpt":{"rendered":"<h5>La colecci\u00f3n Cuadernos Bakeaz re\u00fane estudios monogr\u00e1ficos sobre econom\u00eda de la defensa, pol\u00edticas de seguridad, educaci\u00f3n para la paz, conflictos b\u00e9licos, pol\u00edticas de cooperaci\u00f3n, econom\u00eda y ecolog\u00eda, realizados por expertos vinculados a Bakeaz o colaboradores del mismo. Era una publicaci\u00f3n bimestral que intentaba proporcionar a aquellas personas u organizaciones interesadas en estas cuestiones, estudios breves y rigurosos elaborados desde el pensamiento cr\u00edtico y desde el compromiso con esos problemas. Arovite difunde aquellos Cuadernos Bakeaz cuyo tema es la violencia pol\u00edtica en Euskadi.<\/h5>\n","protected":false},"author":1,"featured_media":0,"parent":936,"menu_order":0,"comment_status":"closed","ping_status":"closed","template":"","meta":{"om_disable_all_campaigns":false,"_monsterinsights_skip_tracking":false,"_monsterinsights_sitenote_active":false,"_monsterinsights_sitenote_note":"","_monsterinsights_sitenote_category":0,"_uf_show_specific_survey":0,"_uf_disable_surveys":false,"_vp_format_video_url":"","_vp_image_focal_point":[],"_vp_custom_popup_image":0,"_vp_format_audio_url":"","_vp_custom_thumbnail":0,"_vp_custom_thumbnail_focal_point":[],"_vp_hover_thumbnail":0,"_vp_hover_thumbnail_focal_point":[],"footnotes":""},"class_list":["post-968","page","type-page","status-publish","hentry"],"aioseo_notices":[],"_links":{"self":[{"href":"https:\/\/www.arovite.com\/es\/wp-json\/wp\/v2\/pages\/968","targetHints":{"allow":["GET"]}}],"collection":[{"href":"https:\/\/www.arovite.com\/es\/wp-json\/wp\/v2\/pages"}],"about":[{"href":"https:\/\/www.arovite.com\/es\/wp-json\/wp\/v2\/types\/page"}],"author":[{"embeddable":true,"href":"https:\/\/www.arovite.com\/es\/wp-json\/wp\/v2\/users\/1"}],"replies":[{"embeddable":true,"href":"https:\/\/www.arovite.com\/es\/wp-json\/wp\/v2\/comments?post=968"}],"version-history":[{"count":8,"href":"https:\/\/www.arovite.com\/es\/wp-json\/wp\/v2\/pages\/968\/revisions"}],"predecessor-version":[{"id":22907,"href":"https:\/\/www.arovite.com\/es\/wp-json\/wp\/v2\/pages\/968\/revisions\/22907"}],"up":[{"embeddable":true,"href":"https:\/\/www.arovite.com\/es\/wp-json\/wp\/v2\/pages\/936"}],"wp:attachment":[{"href":"https:\/\/www.arovite.com\/es\/wp-json\/wp\/v2\/media?parent=968"}],"curies":[{"name":"wp","href":"https:\/\/api.w.org\/{rel}","templated":true}]}}