{"id":8385,"date":"2017-06-12T15:40:08","date_gmt":"2017-06-12T15:40:08","guid":{"rendered":"http:\/\/www.arovite.com\/?page_id=8385\/"},"modified":"2017-06-14T14:22:00","modified_gmt":"2017-06-14T14:22:00","slug":"buesa-blanco-mikel-2016","status":"publish","type":"page","link":"https:\/\/www.arovite.com\/es\/buesa-blanco-mikel-2016\/","title":{"rendered":"BUESA BLANCO, Mikel (2016)"},"content":{"rendered":"<div class=\"wpb-content-wrapper\"><p>[vc_row][vc_column width=&#8221;1\/1&#8243;][vc_column_text][vc_empty_space height=&#8221;20&#8243;]<br \/>\n<strong>Referencia bibliogr\u00e1fica<\/strong><br \/>\nBUESA BLANCO, Mikel (2016): \u00abFinanciaci\u00f3n del terrorismo\u00bb, <em>Econom\u00eda del Terrorismo<\/em>, n\u00ba 893, pp. 27-50.<\/p>\n<p><a class=\"button blue medium \"href=\"http:\/\/www.arovite.com\/documentos\/2016_Buesa.pdf\" target=\"_blank\">Consultar PDF<\/a>[vc_empty_space height=&#8221;10&#8243;]<br \/>\n<strong>Resumen<\/strong><br \/>\nLa financiaci\u00f3n es, seg\u00fan se dice, el alma del terrorismo. Sin embargo, su estudio adolece de importantes lagunas, en especial por lo que respecta a los cambios que experimenta a lo largo del tiempo. Este art\u00edculo se centra en esa din\u00e1mica y en sus factores determinantes, tomando en consideraci\u00f3n los casos de ETA en Espa\u00f1a y de las FARC en Colombia, as\u00ed como la yihad terrorista ejemplificada en el Estado Isl\u00e1mico. El trabajo muestra que la del terrorismo es una econom\u00eda depredadora que se basa en fuentes legales e ilegales que cambian con el tiempo y cuya composici\u00f3n depende de las necesidades financieras de las organizaciones terroristas, las oportunidades existentes sobre el terreno y factores pol\u00edticos. Se comprueba que existe una relaci\u00f3n estrecha entre la financiaci\u00f3n y la capacidad de esas organizaciones para encuadrar militantes armados y desarrollar campa\u00f1as de atentados. Finalmente, se muestra que, en las tareas de obtenci\u00f3n de recursos, juegan un papel relevante tanto los elementos armados de la organizaci\u00f3n como los que se encuadran en las entidades de su entorno pol\u00edtico y civil.<br \/>\n[vc_empty_space height=&#8221;10&#8243;]<br \/>\n<strong>Autor<\/strong><br \/>\nMikel Buesa Blanco. <a title=\"Dialnet\"href=\"https:\/\/dialnet.unirioja.es\/servlet\/autor?codigo=10436\" target=\"_blank\">P\u00e1gina del autor en Dialnet.<\/a><br \/>\n[vc_empty_space height=&#8221;10&#8243;]<br \/>\n<strong>Tipo de documento<\/strong><br \/>\nArt\u00edculo<br \/>\n[vc_empty_space height=&#8221;10&#8243;]<br \/>\n<a title=\"Dialnet\" href=\"http:\/\/www.memoriadigitalvasca.es\/bitstream\/10357\/47704\/1\/Financiaci%C3%B3n%20del%20terrorismo.pdf\" target=\"_blank\"><strong>Enlace alternativo<\/strong><\/a><br \/>\n[vc_empty_space height=&#8221;10&#8243;]<br \/>\n[\/vc_column_text][\/vc_column][\/vc_row]<\/p>\n<\/div>","protected":false},"excerpt":{"rendered":"<p>[vc_row][vc_column width=&#8221;1\/1&#8243;][vc_column_text][vc_empty_space height=&#8221;20&#8243;] Referencia bibliogr\u00e1fica BUESA BLANCO, Mikel (2016): \u00abFinanciaci\u00f3n del terrorismo\u00bb, Econom\u00eda del Terrorismo, n\u00ba 893, pp. 27-50. Consultar PDF[vc_empty_space height=&#8221;10&#8243;] Resumen La financiaci\u00f3n es, seg\u00fan se dice, el&hellip;<\/p>\n","protected":false},"author":1,"featured_media":0,"parent":0,"menu_order":0,"comment_status":"open","ping_status":"open","template":"","meta":{"om_disable_all_campaigns":false,"_monsterinsights_skip_tracking":false,"_monsterinsights_sitenote_active":false,"_monsterinsights_sitenote_note":"","_monsterinsights_sitenote_category":0,"_uf_show_specific_survey":0,"_uf_disable_surveys":false,"_vp_format_video_url":"","_vp_image_focal_point":[],"_vp_custom_popup_image":0,"_vp_format_audio_url":"","_vp_custom_thumbnail":0,"_vp_custom_thumbnail_focal_point":[],"_vp_hover_thumbnail":0,"_vp_hover_thumbnail_focal_point":[],"footnotes":""},"class_list":["post-8385","page","type-page","status-publish","hentry"],"aioseo_notices":[],"_links":{"self":[{"href":"https:\/\/www.arovite.com\/es\/wp-json\/wp\/v2\/pages\/8385","targetHints":{"allow":["GET"]}}],"collection":[{"href":"https:\/\/www.arovite.com\/es\/wp-json\/wp\/v2\/pages"}],"about":[{"href":"https:\/\/www.arovite.com\/es\/wp-json\/wp\/v2\/types\/page"}],"author":[{"embeddable":true,"href":"https:\/\/www.arovite.com\/es\/wp-json\/wp\/v2\/users\/1"}],"replies":[{"embeddable":true,"href":"https:\/\/www.arovite.com\/es\/wp-json\/wp\/v2\/comments?post=8385"}],"version-history":[{"count":3,"href":"https:\/\/www.arovite.com\/es\/wp-json\/wp\/v2\/pages\/8385\/revisions"}],"predecessor-version":[{"id":8522,"href":"https:\/\/www.arovite.com\/es\/wp-json\/wp\/v2\/pages\/8385\/revisions\/8522"}],"wp:attachment":[{"href":"https:\/\/www.arovite.com\/es\/wp-json\/wp\/v2\/media?parent=8385"}],"curies":[{"name":"wp","href":"https:\/\/api.w.org\/{rel}","templated":true}]}}