{"id":5307,"date":"2015-12-18T12:39:10","date_gmt":"2015-12-18T12:39:10","guid":{"rendered":"http:\/\/www.arovite.com\/?page_id=5307"},"modified":"2015-12-18T12:39:10","modified_gmt":"2015-12-18T12:39:10","slug":"fernandez-soldevilla-gaizka-2013b","status":"publish","type":"page","link":"https:\/\/www.arovite.com\/es\/fernandez-soldevilla-gaizka-2013b\/","title":{"rendered":"FERN\u00c1NDEZ SOLDEVILLA, Gaizka (2013)b"},"content":{"rendered":"<div class=\"wpb-content-wrapper\"><p>[vc_row][vc_column width=&#8221;1\/1&#8243;][vc_column_text][vc_empty_space height=&#8221;20&#8243;]<br \/>\n<strong>Referencia bibliogr\u00e1fica<\/strong><br \/>\nFERN\u00c1NDEZ SOLDEVILLA, Gaizka (2013): \u00abLos nacionalismos radicales de la periferia durante la Transici\u00f3n espa\u00f1ola\u00bb, en QUIROSA-CHEYROUZE Y MU\u00d1OZ, Rafael (ed.): <em>Los partidos pol\u00edticos en la Transici\u00f3n. Las organizaciones pol\u00edticas en la construcci\u00f3n de la democracia espa\u00f1ola<\/em>. Madrid: Biblioteca Nueva, pp. 345-358.<\/p>\n<p><a class=\"button blue  medium \" href=\"https:\/\/gaizkafernandez.files.wordpress.com\/2013\/01\/capc3adtulo-gaizka.pdf\" target=\"_blank\">Consultar PDF<\/a>[vc_empty_space height=&#8221;10&#8243;]<br \/>\n<strong>Resumen<\/strong><br \/>\nEl nacionalismo perif\u00e9rico es aquel que sostiene que <em>su<\/em> naci\u00f3n est\u00e1 <em>embutida<\/em> en un Estado controlado por <em>otra<\/em> naci\u00f3n hegem\u00f3nica. El nacionalismo radical es el que adopta posturas extremistas. Por consiguiente, el ultranacionalismo de la periferia es aquel que defiende la secesi\u00f3n, sin ambig\u00fcedades ni transacciones, para formar <em>su<\/em> propio Estado-naci\u00f3n independiente (ampliado normalmente con la anexi\u00f3n de otros territorios lim\u00edtrofes). Otro componente b\u00e1sico es su aversi\u00f3n a la naci\u00f3n supuestamente opresora, cuyos miembros son considerados invasores y la fuente de todos los males. Aqu\u00ed esto se traduce en el antiespa\u00f1olismo: el odio a Espa\u00f1a (el \u00abEstado\u00bb) y a los \u00abespa\u00f1oles\u00bb (entendiendo como tales a los habitantes del resto del pa\u00eds, pero tambi\u00e9n muchas veces a los aut\u00f3ctonos castellanohablantes y a los partidos no nacionalistas).<br \/>\n[vc_empty_space height=&#8221;10&#8243;]<br \/>\n<strong>Autor<\/strong><br \/>\nGaizka Fern\u00e1ndez Soldevilla. <a title=\"Dialnet\" href=\"http:\/\/dialnet.unirioja.es\/servlet\/autor?codigo=2407724\" target=\"_blank\">P\u00e1gina del autor en Dialnet.<\/a><br \/>\n[vc_empty_space height=&#8221;10&#8243;]<br \/>\n<strong>Tipo de documento<\/strong><br \/>\nCap\u00edtulo de libro<br \/>\n[vc_empty_space height=&#8221;10&#8243;]<br \/>\n[\/vc_column_text][\/vc_column][\/vc_row]<\/p>\n<\/div>","protected":false},"excerpt":{"rendered":"<p>[vc_row][vc_column width=&#8221;1\/1&#8243;][vc_column_text][vc_empty_space height=&#8221;20&#8243;] Referencia bibliogr\u00e1fica FERN\u00c1NDEZ SOLDEVILLA, Gaizka (2013): \u00abLos nacionalismos radicales de la periferia durante la Transici\u00f3n espa\u00f1ola\u00bb, en QUIROSA-CHEYROUZE Y MU\u00d1OZ, Rafael (ed.): Los partidos pol\u00edticos en la&hellip;<\/p>\n","protected":false},"author":2,"featured_media":0,"parent":0,"menu_order":0,"comment_status":"open","ping_status":"open","template":"","meta":{"om_disable_all_campaigns":false,"_monsterinsights_skip_tracking":false,"_monsterinsights_sitenote_active":false,"_monsterinsights_sitenote_note":"","_monsterinsights_sitenote_category":0,"_uf_show_specific_survey":0,"_uf_disable_surveys":false,"_vp_format_video_url":"","_vp_image_focal_point":[],"_vp_custom_popup_image":0,"_vp_format_audio_url":"","_vp_custom_thumbnail":0,"_vp_custom_thumbnail_focal_point":[],"_vp_hover_thumbnail":0,"_vp_hover_thumbnail_focal_point":[],"footnotes":""},"class_list":["post-5307","page","type-page","status-publish","hentry"],"aioseo_notices":[],"_links":{"self":[{"href":"https:\/\/www.arovite.com\/es\/wp-json\/wp\/v2\/pages\/5307","targetHints":{"allow":["GET"]}}],"collection":[{"href":"https:\/\/www.arovite.com\/es\/wp-json\/wp\/v2\/pages"}],"about":[{"href":"https:\/\/www.arovite.com\/es\/wp-json\/wp\/v2\/types\/page"}],"author":[{"embeddable":true,"href":"https:\/\/www.arovite.com\/es\/wp-json\/wp\/v2\/users\/2"}],"replies":[{"embeddable":true,"href":"https:\/\/www.arovite.com\/es\/wp-json\/wp\/v2\/comments?post=5307"}],"version-history":[{"count":1,"href":"https:\/\/www.arovite.com\/es\/wp-json\/wp\/v2\/pages\/5307\/revisions"}],"predecessor-version":[{"id":5308,"href":"https:\/\/www.arovite.com\/es\/wp-json\/wp\/v2\/pages\/5307\/revisions\/5308"}],"wp:attachment":[{"href":"https:\/\/www.arovite.com\/es\/wp-json\/wp\/v2\/media?parent=5307"}],"curies":[{"name":"wp","href":"https:\/\/api.w.org\/{rel}","templated":true}]}}