{"id":5124,"date":"2015-12-04T15:02:24","date_gmt":"2015-12-04T15:02:24","guid":{"rendered":"http:\/\/www.arovite.com\/?page_id=5124"},"modified":"2015-12-04T15:06:03","modified_gmt":"2015-12-04T15:06:03","slug":"hernando-monika-et-al-2014","status":"publish","type":"page","link":"https:\/\/www.arovite.com\/es\/hernando-monika-et-al-2014\/","title":{"rendered":"HERNANDO, Monika et al. (2014)"},"content":{"rendered":"<div class=\"wpb-content-wrapper\"><p>[vc_row][vc_column width=&#8221;1\/1&#8243;][vc_column_text][vc_empty_space height=&#8221;20&#8243;]<br \/>\n<strong>Referencia bibliogr\u00e1fica<\/strong><br \/>\nHERNANDO, Monika et al. (2014): <em>Justicia, verdad, reparaci\u00f3n: de los derechos de las v\u00edctimas a las tareas de la sociedad<\/em>. Vitoria-Gasteiz: Gobierno Vasco.<\/p>\n<p><a class=\"button blue  medium \" href=\"http:\/\/www.osakidetza.euskadi.eus\/r85-cknoti03\/es\/contenidos\/libro\/l_051594_0001_0001\/es_def\/index.shtml\" target=\"_blank\">Consultar PDF<\/a>[vc_empty_space height=&#8221;10&#8243;]<br \/>\n<strong>Resumen<\/strong><br \/>\nEl presente volumen recoge las ponencias que se presentaron por sus autores en la primera jornada del Seminario para v\u00edctimas residentes en la CAV, celebrado en Donostia San Sebasti\u00e1n los d\u00edas 19 y 20 de noviembre de 2013, auspiciado por la Direcci\u00f3n de V\u00edctimas y Derechos Humanos del Gobierno Vasco, bajo el t\u00edtulo \u201cVerdad, Justicia y Reparaci\u00f3n: de los derechos de las v\u00edctimas a las tareas de la sociedad\u201d.<br \/>\n[vc_empty_space height=&#8221;10&#8243;]<br \/>\n<strong>Autor<\/strong><br \/>\nMonika Hernando.<br \/>\nGalo Bilbao. <a title=\"Dialnet\" href=\"http:\/\/dialnet.unirioja.es\/servlet\/autor?codigo=554076\" target=\"_blank\">P\u00e1gina del autor en Dialnet.<\/a><br \/>\nFelipe G\u00f3mez.<br \/>\nXabier Etxeberria Maule\u00f3n. <a title=\"Dialnet\" href=\"http:\/\/dialnet.unirioja.es\/servlet\/autor?codigo=553761\" target=\"_blank\">P\u00e1gina del autor en Dialnet.<\/a><br \/>\nXabier Etxeberria Zarrabeitia. <a title=\"Dialnet\" href=\"http:\/\/dialnet.unirioja.es\/servlet\/autor?codigo=2972451\" target=\"_blank\">P\u00e1gina del autor en Dialnet.<\/a><br \/>\nIgnacio P\u00e9rez Mac\u00edas.<br \/>\nEnrique Echebur\u00faa. <a title=\"Dialnet\" href=\"http:\/\/dialnet.unirioja.es\/servlet\/autor?codigo=48780\" target=\"_blank\">P\u00e1gina del autor en Dialnet.<\/a><br \/>\n[vc_empty_space height=&#8221;10&#8243;]<br \/>\n<strong>Tipo de documento<\/strong><br \/>\nInforme<br \/>\n[vc_empty_space height=&#8221;10&#8243;]<br \/>\n[\/vc_column_text][\/vc_column][\/vc_row]<\/p>\n<\/div>","protected":false},"excerpt":{"rendered":"<p>[vc_row][vc_column width=&#8221;1\/1&#8243;][vc_column_text][vc_empty_space height=&#8221;20&#8243;] Referencia bibliogr\u00e1fica HERNANDO, Monika et al. (2014): Justicia, verdad, reparaci\u00f3n: de los derechos de las v\u00edctimas a las tareas de la sociedad. Vitoria-Gasteiz: Gobierno Vasco. Consultar PDF[vc_empty_space&hellip;<\/p>\n","protected":false},"author":1,"featured_media":0,"parent":0,"menu_order":0,"comment_status":"open","ping_status":"open","template":"","meta":{"om_disable_all_campaigns":false,"_monsterinsights_skip_tracking":false,"_monsterinsights_sitenote_active":false,"_monsterinsights_sitenote_note":"","_monsterinsights_sitenote_category":0,"_uf_show_specific_survey":0,"_uf_disable_surveys":false,"_vp_format_video_url":"","_vp_image_focal_point":[],"_vp_custom_popup_image":0,"_vp_format_audio_url":"","_vp_custom_thumbnail":0,"_vp_custom_thumbnail_focal_point":[],"_vp_hover_thumbnail":0,"_vp_hover_thumbnail_focal_point":[],"footnotes":""},"class_list":["post-5124","page","type-page","status-publish","hentry"],"aioseo_notices":[],"_links":{"self":[{"href":"https:\/\/www.arovite.com\/es\/wp-json\/wp\/v2\/pages\/5124","targetHints":{"allow":["GET"]}}],"collection":[{"href":"https:\/\/www.arovite.com\/es\/wp-json\/wp\/v2\/pages"}],"about":[{"href":"https:\/\/www.arovite.com\/es\/wp-json\/wp\/v2\/types\/page"}],"author":[{"embeddable":true,"href":"https:\/\/www.arovite.com\/es\/wp-json\/wp\/v2\/users\/1"}],"replies":[{"embeddable":true,"href":"https:\/\/www.arovite.com\/es\/wp-json\/wp\/v2\/comments?post=5124"}],"version-history":[{"count":4,"href":"https:\/\/www.arovite.com\/es\/wp-json\/wp\/v2\/pages\/5124\/revisions"}],"predecessor-version":[{"id":5132,"href":"https:\/\/www.arovite.com\/es\/wp-json\/wp\/v2\/pages\/5124\/revisions\/5132"}],"wp:attachment":[{"href":"https:\/\/www.arovite.com\/es\/wp-json\/wp\/v2\/media?parent=5124"}],"curies":[{"name":"wp","href":"https:\/\/api.w.org\/{rel}","templated":true}]}}