{"id":4857,"date":"2015-12-02T11:05:14","date_gmt":"2015-12-02T11:05:14","guid":{"rendered":"http:\/\/www.arovite.com\/?page_id=4857"},"modified":"2015-12-02T11:05:14","modified_gmt":"2015-12-02T11:05:14","slug":"martinez-herrera-enric-2009","status":"publish","type":"page","link":"https:\/\/www.arovite.com\/es\/martinez-herrera-enric-2009\/","title":{"rendered":"MART\u00cdNEZ-HERRERA, Enric (2009)"},"content":{"rendered":"<div class=\"wpb-content-wrapper\"><p>[vc_row][vc_column width=&#8221;1\/1&#8243;][vc_column_text][vc_empty_space height=&#8221;20&#8243;]<br \/>\n<strong>Referencia bibliogr\u00e1fica<\/strong><br \/>\nMART\u00cdNEZ-HERRERA, Enric (2009): \u00abReceptividad y extremismo nacionalista en el Pa\u00eds Vasco (1977-2007): una evaluaci\u00f3n multivariante\u00bb, <em>REIS: Revista Espa\u00f1ola de Investigaciones Sociol\u00f3gicas<\/em>, n\u00ba 125, pp. 81-116.<\/p>\n<p><a class=\"button blue  medium \" href=\"http:\/\/www.reis.cis.es\/REIS\/PDF\/REIS_125_031231145409397.pdf\" target=\"_blank\">Consultar PDF<\/a>[vc_empty_space height=&#8221;10&#8243;]<br \/>\n<strong>Resumen<\/strong><br \/>\nEl extremismo nacionalista en el Pa\u00eds Vasco, cuya principal manifestaci\u00f3n es el terrorismo de ETA, ha sido objeto de un amplio abanico de pol\u00edticas p\u00fablicas, tanto ordinarias como constitucionales. Junto a distintas formas y grados de represi\u00f3n, \u00e9stas comprenden una reestructuraci\u00f3n substancial del Estado y una amplia reasignaci\u00f3n de los recursos p\u00fablicos, derivados de una aproximaci\u00f3n receptiva (responsive) a la resoluci\u00f3n de conflictos. Mediante un dise\u00f1o multivariante, este estudio eval\u00faa los resultados de las principales pol\u00edticas receptivas implementadas. En particular, el an\u00e1lisis demuestra que el establecimiento de instituciones de autogobierno vascas ha mitigado de modo notable el extremismo pol\u00edtico, tanto en lo que se refiere a las actitudes de la poblaci\u00f3n como al terrorismo.<br \/>\n[vc_empty_space height=&#8221;10&#8243;]<br \/>\n<strong>Abstract<\/strong><br \/>\nNationalist extremism in the Basque Country, the main manifestation of which is ETA terrorism, has been the target of a wide array of constitutional and ordinary public policies. Together with different forms and degrees of repression, these include the substantial restructuring of the State and the broad reallocation of public resources, which are derived from a responsive approach to conflict resolution. Through a multivariate research design, this study evaluates the outcomes of the main responsive policies that have been implemented. In particular, the analysis shows that the establishment of Basque self-governing institutions has substantially mitigated political extremism, both with respect to the attitudes people and terrorism.<br \/>\n[vc_empty_space height=&#8221;10&#8243;]<br \/>\n<strong>Autor<\/strong><br \/>\nEnric Mart\u00ednez-Herrera. <a title=\"Dialnet\" href=\"http:\/\/dialnet.unirioja.es\/servlet\/autor?codigo=1259454\" target=\"_blank\">P\u00e1gina del autor en Dialnet.<\/a><br \/>\n[vc_empty_space height=&#8221;10&#8243;]<br \/>\n<strong>Tipo de documento<\/strong><br \/>\nArt\u00edculo<br \/>\n[vc_empty_space height=&#8221;10&#8243;]<br \/>\n<a title=\"Enlace alternativo\" href=\"http:\/\/dialnet.unirioja.es\/servlet\/articulo?codigo=2872581\" target=\"_blank\"><strong>Enlace alternativo.<\/strong><\/a><br \/>\n[\/vc_column_text][\/vc_column][\/vc_row]<\/p>\n<\/div>","protected":false},"excerpt":{"rendered":"<p>[vc_row][vc_column width=&#8221;1\/1&#8243;][vc_column_text][vc_empty_space height=&#8221;20&#8243;] Referencia bibliogr\u00e1fica MART\u00cdNEZ-HERRERA, Enric (2009): \u00abReceptividad y extremismo nacionalista en el Pa\u00eds Vasco (1977-2007): una evaluaci\u00f3n multivariante\u00bb, REIS: Revista Espa\u00f1ola de Investigaciones Sociol\u00f3gicas, n\u00ba 125, pp. 81-116.&hellip;<\/p>\n","protected":false},"author":1,"featured_media":0,"parent":0,"menu_order":0,"comment_status":"open","ping_status":"open","template":"","meta":{"om_disable_all_campaigns":false,"_monsterinsights_skip_tracking":false,"_monsterinsights_sitenote_active":false,"_monsterinsights_sitenote_note":"","_monsterinsights_sitenote_category":0,"_uf_show_specific_survey":0,"_uf_disable_surveys":false,"_vp_format_video_url":"","_vp_image_focal_point":[],"_vp_custom_popup_image":0,"_vp_format_audio_url":"","_vp_custom_thumbnail":0,"_vp_custom_thumbnail_focal_point":[],"_vp_hover_thumbnail":0,"_vp_hover_thumbnail_focal_point":[],"footnotes":""},"class_list":["post-4857","page","type-page","status-publish","hentry"],"aioseo_notices":[],"_links":{"self":[{"href":"https:\/\/www.arovite.com\/es\/wp-json\/wp\/v2\/pages\/4857","targetHints":{"allow":["GET"]}}],"collection":[{"href":"https:\/\/www.arovite.com\/es\/wp-json\/wp\/v2\/pages"}],"about":[{"href":"https:\/\/www.arovite.com\/es\/wp-json\/wp\/v2\/types\/page"}],"author":[{"embeddable":true,"href":"https:\/\/www.arovite.com\/es\/wp-json\/wp\/v2\/users\/1"}],"replies":[{"embeddable":true,"href":"https:\/\/www.arovite.com\/es\/wp-json\/wp\/v2\/comments?post=4857"}],"version-history":[{"count":2,"href":"https:\/\/www.arovite.com\/es\/wp-json\/wp\/v2\/pages\/4857\/revisions"}],"predecessor-version":[{"id":6362,"href":"https:\/\/www.arovite.com\/es\/wp-json\/wp\/v2\/pages\/4857\/revisions\/6362"}],"wp:attachment":[{"href":"https:\/\/www.arovite.com\/es\/wp-json\/wp\/v2\/media?parent=4857"}],"curies":[{"name":"wp","href":"https:\/\/api.w.org\/{rel}","templated":true}]}}