{"id":4836,"date":"2015-12-02T09:43:56","date_gmt":"2015-12-02T09:43:56","guid":{"rendered":"http:\/\/www.arovite.com\/?page_id=4836"},"modified":"2015-12-30T12:11:36","modified_gmt":"2015-12-30T12:11:36","slug":"martin-pena-javier-opotow-susan-y-rodriguez-carballeira-alvaro-2011","status":"publish","type":"page","link":"https:\/\/www.arovite.com\/es\/martin-pena-javier-opotow-susan-y-rodriguez-carballeira-alvaro-2011\/","title":{"rendered":"MART\u00cdN-PE\u00d1A, Javier, OPOTOW, Susan y RODR\u00cdGUEZ-CARBALLEIRA, \u00c1lvaro (2011)"},"content":{"rendered":"<div class=\"wpb-content-wrapper\"><p>[vc_row][vc_column width=&#8221;1\/1&#8243;][vc_column_text][vc_empty_space height=&#8221;20&#8243;]<br \/>\n<strong>Referencia bibliogr\u00e1fica<\/strong><br \/>\nMART\u00cdN-PE\u00d1A, Javier, OPOTOW, Susan y RODR\u00cdGUEZ-CARBALLEIRA, \u00c1lvaro (2011): \u00abAmenazados y v\u00edctimas del entramado de ETA en Euskadi: Un estudio desde la teor\u00eda de la exclusi\u00f3n moral\u00bb, <em>Revista de Psicolog\u00eda Social<\/em>, vol. 26, n\u00ba 2, pp. 177-190.<\/p>\n<p><a class=\"button blue  medium \" href=\"http:\/\/www.arovite.com\/documentos\/2011_Martin-Pena_et_al.pdf\" target=\"_blank\">Consultar PDF<\/a>[vc_empty_space height=&#8221;10&#8243;]<br \/>\n<strong>Resumen<\/strong><br \/>\nEste estudio investiga la vivencia del acoso y violencia padecidos por las v\u00edctimas y los amenazados del entramado de ETA en Euskadi, utilizando el enfoque te\u00f3rico de la exclusi\u00f3n moral. Para ello, se realiza un an\u00e1lisis de contenido sobre los testimonios de una muestra de personas amenazadas y v\u00edctimas de ETA en Euskadi (n = 85; Hombres = 76,50%; franja de edad 40 &#8211; 49 a\u00f1os; sector p\u00fablico = 57,60%; actividad pol\u00edtica como raz\u00f3n para el acoso = 51,80%; violencia psicol\u00f3gica = 55,29%). Concretamente, mediante las dimensiones de exclusi\u00f3n moral, 187 unidades de an\u00e1lisis fueron detectadas a partir del an\u00e1lisis de contenido. Los resultados mostraron las siguientes dimensiones de exclusi\u00f3n moral: a) un alcance social limitado a unos colectivos espec\u00edficos amenazados por el entramado etarra (51,87%); b) unos comportamientos predominantemente de baja intensidad mediante estrategias de intimidaci\u00f3n y amenaza, reforzadas por la potencial violencia f\u00edsica (21,14%); c) una participaci\u00f3n pasiva de parte de la sociedad, que ha facilitado la indiferencia hacia las v\u00edctimas y en ocasiones su propia culpabilizaci\u00f3n (12,30%). Los coeficientes de estabilidad (k = .94) y reproducibilidad (k = .87) fueron adecuados. El estudio abarca aspectos que van m\u00e1s all\u00e1 de las formas de violencia utilizadas y de sus efectos, aport\u00e1ndose algunos factores clave de la percepci\u00f3n de exclusi\u00f3n moral en amenazados y v\u00edctimas de ETA en Euskadi. Finalmente, se discuten los resultados, limitaciones e implicaciones de esta investigaci\u00f3n.<br \/>\n[vc_empty_space height=&#8221;10&#8243;]<br \/>\n<strong>Autor<\/strong><br \/>\nJavier Mart\u00edn Pe\u00f1a. <a title=\"Dialnet\" href=\"http:\/\/dialnet.unirioja.es\/servlet\/autor?codigo=2901565\" target=\"_blank\">P\u00e1gina del autor en Dialnet.<\/a><br \/>\nSusan Opotow. <a title=\"Dialnet\" href=\"http:\/\/dialnet.unirioja.es\/servlet\/autor?codigo=2899684\" target=\"_blank\">P\u00e1gina del autor en Dialnet.<\/a><br \/>\n\u00c1lvaro Rodr\u00edguez Carballeira. <a title=\"Dialnet\" href=\"http:\/\/dialnet.unirioja.es\/servlet\/autor?codigo=271619\" target=\"_blank\">P\u00e1gina del autor en Dialnet.<\/a><br \/>\n[vc_empty_space height=&#8221;10&#8243;]<br \/>\n<strong>Tipo de documento<\/strong><br \/>\nArt\u00edculo<br \/>\n[vc_empty_space height=&#8221;10&#8243;]<br \/>\n[\/vc_column_text][\/vc_column][\/vc_row]<\/p>\n<\/div>","protected":false},"excerpt":{"rendered":"<p>[vc_row][vc_column width=&#8221;1\/1&#8243;][vc_column_text][vc_empty_space height=&#8221;20&#8243;] Referencia bibliogr\u00e1fica MART\u00cdN-PE\u00d1A, Javier, OPOTOW, Susan y RODR\u00cdGUEZ-CARBALLEIRA, \u00c1lvaro (2011): \u00abAmenazados y v\u00edctimas del entramado de ETA en Euskadi: Un estudio desde la teor\u00eda de la exclusi\u00f3n&hellip;<\/p>\n","protected":false},"author":1,"featured_media":0,"parent":0,"menu_order":0,"comment_status":"open","ping_status":"open","template":"","meta":{"om_disable_all_campaigns":false,"_monsterinsights_skip_tracking":false,"_monsterinsights_sitenote_active":false,"_monsterinsights_sitenote_note":"","_monsterinsights_sitenote_category":0,"_uf_show_specific_survey":0,"_uf_disable_surveys":false,"_vp_format_video_url":"","_vp_image_focal_point":[],"_vp_custom_popup_image":0,"_vp_format_audio_url":"","_vp_custom_thumbnail":0,"_vp_custom_thumbnail_focal_point":[],"_vp_hover_thumbnail":0,"_vp_hover_thumbnail_focal_point":[],"footnotes":""},"class_list":["post-4836","page","type-page","status-publish","hentry"],"aioseo_notices":[],"_links":{"self":[{"href":"https:\/\/www.arovite.com\/es\/wp-json\/wp\/v2\/pages\/4836","targetHints":{"allow":["GET"]}}],"collection":[{"href":"https:\/\/www.arovite.com\/es\/wp-json\/wp\/v2\/pages"}],"about":[{"href":"https:\/\/www.arovite.com\/es\/wp-json\/wp\/v2\/types\/page"}],"author":[{"embeddable":true,"href":"https:\/\/www.arovite.com\/es\/wp-json\/wp\/v2\/users\/1"}],"replies":[{"embeddable":true,"href":"https:\/\/www.arovite.com\/es\/wp-json\/wp\/v2\/comments?post=4836"}],"version-history":[{"count":2,"href":"https:\/\/www.arovite.com\/es\/wp-json\/wp\/v2\/pages\/4836\/revisions"}],"predecessor-version":[{"id":5415,"href":"https:\/\/www.arovite.com\/es\/wp-json\/wp\/v2\/pages\/4836\/revisions\/5415"}],"wp:attachment":[{"href":"https:\/\/www.arovite.com\/es\/wp-json\/wp\/v2\/media?parent=4836"}],"curies":[{"name":"wp","href":"https:\/\/api.w.org\/{rel}","templated":true}]}}