{"id":4361,"date":"2015-11-30T11:15:29","date_gmt":"2015-11-30T11:15:29","guid":{"rendered":"http:\/\/www.arovite.com\/?page_id=4361"},"modified":"2015-11-30T11:17:28","modified_gmt":"2015-11-30T11:17:28","slug":"parejo-nekane-2008","status":"publish","type":"page","link":"https:\/\/www.arovite.com\/es\/parejo-nekane-2008\/","title":{"rendered":"PAREJO, Nekane (2008)"},"content":{"rendered":"<div class=\"wpb-content-wrapper\"><p>[vc_row][vc_column width=&#8221;1\/1&#8243;][vc_column_text][vc_empty_space height=&#8221;20&#8243;]<br \/>\n<strong>Referencia bibliogr\u00e1fica<\/strong><br \/>\nPAREJO, Nekane (2008): \u00abLa fotograf\u00eda como testigo de la violencia de ETA\u00bb, AMADOR, Mar\u00eda Pilar (dir.): <em>La imagen como reflejo de la violencia y como control social: actas del Primer Congreso Internacional sobre Imagen, Cultura y Tecnolog\u00eda<\/em>. Madrid: Universidad Carlos III, pp. 236-249.<\/p>\n<p><a class=\"button blue  medium \" href=\"http:\/\/e-archivo.uc3m.es\/bitstream\/handle\/10016\/8127\/fotografia_parejo_ICT_2008.pdf?sequence=1\" target=\"_blank\">Consultar PDF<\/a>[vc_empty_space height=&#8221;10&#8243;]<br \/>\n<strong>Resumen<\/strong><br \/>\nLas im\u00e1genes fotogr\u00e1ficas publicadas en la prensa espa\u00f1ola de los atentados de ETA ponen de manifiesto de qu\u00e9 f\u00f3rmulas se ha servido este medio para documentar, mediante sus encuadres, la violencia innata en cada asesinato de la banda terrorista. Diarios locales como El Correo, Hierro y La Gaceta del Norte, a los que durante la Transici\u00f3n se sumar\u00e1n Deia, Egin u otros como El Pa\u00eds, este \u00faltimo de \u00e1mbito nacional, se han utilizado para extraer estas instant\u00e1neas que cronol\u00f3gicamente podemos fechar entre 1968, las primeras y 2008, las \u00faltimas; en concreto, el 15 de mayo del a\u00f1o en curso1. Han transcurrido cuatro d\u00e9cadas desde las primeras tomas impresas referentes al asesinato de Melit\u00f3n Manzanas en agosto de 19682. En estos cuarenta a\u00f1os los mecanismos empleados para el tratamiento visual del terrorismo de ETA han sido m\u00faltiples. Sin embargo, se pueden concretar en tres fases que caminan paralelas a los avatares pol\u00edticos y sociales de este pa\u00eds.[vc_empty_space height=&#8221;10&#8243;]<br \/>\n<strong>Autor<\/strong><br \/>\nNekane Parejo. <a title=\"Dialnet\" href=\"http:\/\/dialnet.unirioja.es\/servlet\/autor?codigo=1801105\" target=\"_blank\">P\u00e1gina del autor en Dialnet.<\/a><br \/>\n[vc_empty_space height=&#8221;10&#8243;]<br \/>\n<strong>Tipo de documento<\/strong><br \/>\nCap\u00edtulo de libro<br \/>\n[vc_empty_space height=&#8221;10&#8243;]<br \/>\n<a title=\"Enlace alternativo\" href=\"http:\/\/e-archivo.uc3m.es\/handle\/10016\/8127#preview\" target=\"_blank\"><strong>Enlace alternativo.<\/strong><\/a><br \/>\n[\/vc_column_text][\/vc_column][\/vc_row]<\/p>\n<\/div>","protected":false},"excerpt":{"rendered":"<p>[vc_row][vc_column width=&#8221;1\/1&#8243;][vc_column_text][vc_empty_space height=&#8221;20&#8243;] Referencia bibliogr\u00e1fica PAREJO, Nekane (2008): \u00abLa fotograf\u00eda como testigo de la violencia de ETA\u00bb, AMADOR, Mar\u00eda Pilar (dir.): La imagen como reflejo de la violencia y como&hellip;<\/p>\n","protected":false},"author":1,"featured_media":0,"parent":0,"menu_order":0,"comment_status":"open","ping_status":"open","template":"","meta":{"om_disable_all_campaigns":false,"_monsterinsights_skip_tracking":false,"_monsterinsights_sitenote_active":false,"_monsterinsights_sitenote_note":"","_monsterinsights_sitenote_category":0,"_uf_show_specific_survey":0,"_uf_disable_surveys":false,"_vp_format_video_url":"","_vp_image_focal_point":[],"_vp_custom_popup_image":0,"_vp_format_audio_url":"","_vp_custom_thumbnail":0,"_vp_custom_thumbnail_focal_point":[],"_vp_hover_thumbnail":0,"_vp_hover_thumbnail_focal_point":[],"footnotes":""},"class_list":["post-4361","page","type-page","status-publish","hentry"],"aioseo_notices":[],"_links":{"self":[{"href":"https:\/\/www.arovite.com\/es\/wp-json\/wp\/v2\/pages\/4361","targetHints":{"allow":["GET"]}}],"collection":[{"href":"https:\/\/www.arovite.com\/es\/wp-json\/wp\/v2\/pages"}],"about":[{"href":"https:\/\/www.arovite.com\/es\/wp-json\/wp\/v2\/types\/page"}],"author":[{"embeddable":true,"href":"https:\/\/www.arovite.com\/es\/wp-json\/wp\/v2\/users\/1"}],"replies":[{"embeddable":true,"href":"https:\/\/www.arovite.com\/es\/wp-json\/wp\/v2\/comments?post=4361"}],"version-history":[{"count":2,"href":"https:\/\/www.arovite.com\/es\/wp-json\/wp\/v2\/pages\/4361\/revisions"}],"predecessor-version":[{"id":4371,"href":"https:\/\/www.arovite.com\/es\/wp-json\/wp\/v2\/pages\/4361\/revisions\/4371"}],"wp:attachment":[{"href":"https:\/\/www.arovite.com\/es\/wp-json\/wp\/v2\/media?parent=4361"}],"curies":[{"name":"wp","href":"https:\/\/api.w.org\/{rel}","templated":true}]}}