{"id":12668,"date":"2021-01-22T08:27:50","date_gmt":"2021-01-22T08:27:50","guid":{"rendered":"https:\/\/www.arovite.com\/?page_id=12668"},"modified":"2021-01-22T08:27:50","modified_gmt":"2021-01-22T08:27:50","slug":"fundacion-centro-para-la-memoria-de-las-victimas-del-terrorismo-2020-3","status":"publish","type":"page","link":"https:\/\/www.arovite.com\/es\/fundacion-centro-para-la-memoria-de-las-victimas-del-terrorismo-2020-3\/","title":{"rendered":"FUNDACI\u00d3N CENTRO PARA LA MEMORIA DE LAS V\u00cdCTIMAS DEL TERRORISMO (2020)"},"content":{"rendered":"<div class=\"wpb-content-wrapper\"><p>[vc_row][vc_column width=&#8221;1\/1&#8243;][vc_column_text][vc_empty_space height=&#8221;20&#8243;]<br \/>\n<strong>Referencia bibliogr\u00e1fica<\/strong><br \/>\nFUNDACI\u00d3N CENTRO PARA LA MEMORIA DE LAS V\u00cdCTIMAS DEL TERRORISMO (2020): \u00abUna piel invisible contra el terrorismo\u00bb, <em>Proyecto educativo Memoria y prevenci\u00f3n del terrorismo<\/em>, n\u00ba 3. <\/p>\n<p><a class=\"button blue medium \" href=\"http:\/\/www.memorialvt.com\/wp-content\/uploads\/2020\/09\/UD3-Una_piel_invisible_contra_el_terrorismo.pdf\" target=\"_blank\" rel=\"noopener\">Consultar PDF<\/a>[vc_empty_space height=&#8221;10&#8243;]<br \/>\n<strong>Resumen<\/strong><br \/>\nEn este tema se trabajar\u00e1 un descubrimiento esencial para la humanidad. Algo que hace que no tengan precio los seres humanos. El descubrimiento de que las personas poseen algo que es a la vez propio y com\u00fan a todas ellas: la dignidad humana. Se mostrar\u00e1n los elementos que tejen esa dignidad y tambi\u00e9n los peligros que la acechan, especialmente, el terrorismo. Y se realizar\u00e1 un acercamiento a quienes han sufrido de cerca este ataque y, as\u00ed, poder reflexionar mejor sobre lo que se puede o se debe hacer. Para realizar esta propuesta did\u00e1ctica sobre los derechos humanos, el terrorismo y sus v\u00edctimas, que se desarrollar\u00e1, b\u00e1sicamente, a lo largo de una o dos sesiones de trabajo con alumnado de 1\u00ba curso de ESO en el \u00e1rea de Valores \u00c9ticos, se han tenido en cuenta las directrices curriculares en vigor, as\u00ed como diversas reflexiones y orientaciones.<br \/>\n[vc_empty_space height=&#8221;10&#8243;]<br \/>\n<strong>Tipo de documento<\/strong><br \/>\nUnidad did\u00e1ctica<br \/>\n[vc_empty_space height=&#8221;10&#8243;]<br \/>\n[\/vc_column_text][\/vc_column][\/vc_row]<\/p>\n<\/div>","protected":false},"excerpt":{"rendered":"<p>[vc_row][vc_column width=&#8221;1\/1&#8243;][vc_column_text][vc_empty_space height=&#8221;20&#8243;] Referencia bibliogr\u00e1fica FUNDACI\u00d3N CENTRO PARA LA MEMORIA DE LAS V\u00cdCTIMAS DEL TERRORISMO (2020): \u00abUna piel invisible contra el terrorismo\u00bb, Proyecto educativo Memoria y prevenci\u00f3n del terrorismo, n\u00ba&hellip;<\/p>\n","protected":false},"author":1,"featured_media":0,"parent":0,"menu_order":0,"comment_status":"closed","ping_status":"closed","template":"","meta":{"om_disable_all_campaigns":false,"_monsterinsights_skip_tracking":false,"_monsterinsights_sitenote_active":false,"_monsterinsights_sitenote_note":"","_monsterinsights_sitenote_category":0,"_uf_show_specific_survey":0,"_uf_disable_surveys":false,"_vp_format_video_url":"","_vp_image_focal_point":[],"_vp_custom_popup_image":0,"_vp_format_audio_url":"","_vp_custom_thumbnail":0,"_vp_custom_thumbnail_focal_point":[],"_vp_hover_thumbnail":0,"_vp_hover_thumbnail_focal_point":[],"footnotes":""},"class_list":["post-12668","page","type-page","status-publish","hentry"],"aioseo_notices":[],"_links":{"self":[{"href":"https:\/\/www.arovite.com\/es\/wp-json\/wp\/v2\/pages\/12668","targetHints":{"allow":["GET"]}}],"collection":[{"href":"https:\/\/www.arovite.com\/es\/wp-json\/wp\/v2\/pages"}],"about":[{"href":"https:\/\/www.arovite.com\/es\/wp-json\/wp\/v2\/types\/page"}],"author":[{"embeddable":true,"href":"https:\/\/www.arovite.com\/es\/wp-json\/wp\/v2\/users\/1"}],"replies":[{"embeddable":true,"href":"https:\/\/www.arovite.com\/es\/wp-json\/wp\/v2\/comments?post=12668"}],"version-history":[{"count":1,"href":"https:\/\/www.arovite.com\/es\/wp-json\/wp\/v2\/pages\/12668\/revisions"}],"predecessor-version":[{"id":12669,"href":"https:\/\/www.arovite.com\/es\/wp-json\/wp\/v2\/pages\/12668\/revisions\/12669"}],"wp:attachment":[{"href":"https:\/\/www.arovite.com\/es\/wp-json\/wp\/v2\/media?parent=12668"}],"curies":[{"name":"wp","href":"https:\/\/api.w.org\/{rel}","templated":true}]}}