{"id":8475,"date":"2017-06-12T16:25:50","date_gmt":"2017-06-12T16:25:50","guid":{"rendered":"http:\/\/www.arovite.com\/llera-francisco-j-y-leonisio-rafael-2017\/"},"modified":"2025-10-05T09:09:15","modified_gmt":"2025-10-05T09:09:15","slug":"llera-francisco-j-y-leonisio-rafael-2017","status":"publish","type":"page","link":"https:\/\/www.arovite.com\/en\/llera-francisco-j-y-leonisio-rafael-2017\/","title":{"rendered":"LLERA, Francisco J. y LEONISIO, Rafael (2017)"},"content":{"rendered":"<div class=\"wpb-content-wrapper\"><p>[vc_row][vc_column width=&#8221;1\/1&#8243;][vc_column_text][vc_empty_space height=&#8221;20&#8243;]<br \/>\n<strong>Referencia bibliogr\u00e1fica<\/strong><br \/>\nLLERA, Francisco J. y LEONISIO, Rafael (2017): \u00abLa estrategia del miedo. ETA y la espiral del silencio en el Pa\u00eds Vasco\u00bb, <em>Informe del Centro Memorial de las V\u00edctimas del Terrorismo<\/em>, n\u00ba 1.<\/p>\n<p><a class=\"button blue  medium \" href=\"http:\/\/www.memorialvt.com\/wp-content\/uploads\/2017\/04\/Informe01links.pdf\" target=\"_blank\">Consultar PDF<\/a>[vc_empty_space height=&#8221;10&#8243;]<br \/>\n<strong>Resumen<\/strong><br \/>\nEste informe cubre parte del vac\u00edo en la investigaci\u00f3n sobre el miedo como efecto del terrorismo (tanto a nivel general como en concreto en Euskadi) mediante un estudio cuantitativo de las consecuencias que, en forma de temor, ha provocado en la poblaci\u00f3n vasca la violencia ejercida por ETA, organizaci\u00f3n que a\u00fan existe a pesar de haber declarado el fin de su campa\u00f1a terrorista a finales de 2011.<br \/>\n[vc_empty_space height=&#8221;10&#8243;]<br \/>\n<strong>Autor<\/strong><br \/>\nFrancisco J. Llera. <a title=\"Dialnet\" href=\"https:\/\/dialnet.unirioja.es\/servlet\/autor?codigo=55650\" target=\"_blank\" rel=\"noopener\">P\u00e1gina del autor en Dialnet.<\/a><br \/>\nRafael Leonisio. <a title=\"Dialnet\" href=\"https:\/\/dialnet.unirioja.es\/servlet\/autor?codigo=1234479\" target=\"_blank\" rel=\"noopener\">P\u00e1gina del autor en Dialnet.<\/a><br \/>\n[vc_empty_space height=&#8221;10&#8243;]<br \/>\n<strong>Tipo de documento<\/strong><br \/>\nInforme<br \/>\n[vc_empty_space height=&#8221;10&#8243;]<br \/>\n<a title=\"Dialnet\" href=\"http:\/\/paralalibertad.org\/wp-content\/uploads\/Informe-Centro-Memorial-1.pdf\" target=\"_blank\" rel=\"noopener\"><strong>Enlace alternativo<\/strong><\/a><br \/>\n[vc_empty_space height=&#8221;10&#8243;]<br \/>\n[\/vc_column_text][\/vc_column][\/vc_row]<\/p>\n<\/div>","protected":false},"excerpt":{"rendered":"<p>[vc_row][vc_column width=&#8221;1\/1&#8243;][vc_column_text][vc_empty_space height=&#8221;20&#8243;] Referencia bibliogr\u00e1fica LLERA, Francisco J. y LEONISIO, Rafael (2017): \u00abLa estrategia del miedo. ETA y la espiral del silencio en el Pa\u00eds Vasco\u00bb, Informe del Centro Memorial&hellip;<\/p>\n","protected":false},"author":1,"featured_media":0,"parent":0,"menu_order":0,"comment_status":"open","ping_status":"open","template":"","meta":{"om_disable_all_campaigns":false,"_monsterinsights_skip_tracking":false,"_monsterinsights_sitenote_active":false,"_monsterinsights_sitenote_note":"","_monsterinsights_sitenote_category":0,"_uf_show_specific_survey":0,"_uf_disable_surveys":false,"_vp_format_video_url":"","_vp_image_focal_point":[],"_vp_custom_popup_image":0,"_vp_format_audio_url":"","_vp_custom_thumbnail":0,"_vp_custom_thumbnail_focal_point":[],"_vp_hover_thumbnail":0,"_vp_hover_thumbnail_focal_point":[],"footnotes":""},"class_list":["post-8475","page","type-page","status-publish","hentry"],"aioseo_notices":[],"_links":{"self":[{"href":"https:\/\/www.arovite.com\/en\/wp-json\/wp\/v2\/pages\/8475","targetHints":{"allow":["GET"]}}],"collection":[{"href":"https:\/\/www.arovite.com\/en\/wp-json\/wp\/v2\/pages"}],"about":[{"href":"https:\/\/www.arovite.com\/en\/wp-json\/wp\/v2\/types\/page"}],"author":[{"embeddable":true,"href":"https:\/\/www.arovite.com\/en\/wp-json\/wp\/v2\/users\/1"}],"replies":[{"embeddable":true,"href":"https:\/\/www.arovite.com\/en\/wp-json\/wp\/v2\/comments?post=8475"}],"version-history":[{"count":3,"href":"https:\/\/www.arovite.com\/en\/wp-json\/wp\/v2\/pages\/8475\/revisions"}],"predecessor-version":[{"id":24745,"href":"https:\/\/www.arovite.com\/en\/wp-json\/wp\/v2\/pages\/8475\/revisions\/24745"}],"wp:attachment":[{"href":"https:\/\/www.arovite.com\/en\/wp-json\/wp\/v2\/media?parent=8475"}],"curies":[{"name":"wp","href":"https:\/\/api.w.org\/{rel}","templated":true}]}}