{"id":6787,"date":"2016-09-11T07:51:18","date_gmt":"2016-09-11T07:51:18","guid":{"rendered":"http:\/\/www.arovite.com\/etxeberria-francisco-martin-beristain-carlos-y-pego-laura-2016-2\/"},"modified":"2025-10-05T08:52:40","modified_gmt":"2025-10-05T08:52:40","slug":"etxeberria-francisco-martin-beristain-carlos-y-pego-laura-2016","status":"publish","type":"page","link":"https:\/\/www.arovite.com\/en\/etxeberria-francisco-martin-beristain-carlos-y-pego-laura-2016\/","title":{"rendered":"ETXEBERRIA, Francisco, MART\u00cdN BERISTAIN, Carlos y PEGO, Laura (2016)"},"content":{"rendered":"<div class=\"wpb-content-wrapper\"><p>[vc_row][vc_column width=&#8221;1\/1&#8243;][vc_column_text][vc_empty_space height=&#8221;20&#8243;]<br \/>\n<strong>Referencia bibliogr\u00e1fica<\/strong><br \/>\nETXEBERRIA, Francisco, MART\u00cdN BERISTAIN, Carlos y PEGO, Laura (2016): <em>Proyecto de investigaci\u00f3n de la tortura en el Pa\u00eds Vasco (1960-2013)<\/em>. Instituto Vasco de Criminolog\u00eda, Secretar\u00eda General de Paz y Convivencia, Gobierno Vasco.<\/p>\n<p><a class=\"button blue medium \"href=\"https:\/\/es.scribd.com\/document\/337926986\/Proyecto-de-investigacion-de-la-tortura-en-el-Pais-Vasco-1960-2013\" target=\"_blank\">Consultar PDF<\/a>[vc_empty_space height=&#8221;10&#8243;]<br \/>\n<strong>Resumen<\/strong><br \/>\nEn las \u00faltimas cinco d\u00e9cadas, la tortura y malos tratos han formado parte del escenario de la situaci\u00f3n en el Pa\u00eds Vasco y del debate pol\u00edtico. En el periodo de estudio 1960\/2013 se han dado numerosas denuncias en diferentes tipos de casos, especialmente bajo el r\u00e9gimen de incomunicaci\u00f3n en legislaci\u00f3n antiterrorista, as\u00ed como en la \u00faltima d\u00e9cada de personas inmigrantes en dependencias policiales. Las denuncias sobre casos de tortura y malos tratos se producen a lo largo de todo el periodo estudiado, si bien con frecuencia desigual, es decir, desde la dictadura franquista, pasando por los distintos periodos de la transici\u00f3n pol\u00edtica, hasta los a\u00f1os m\u00e1s recientes. Sin embargo, la amplitud del fen\u00f3meno ha sido diferente, y la disputa pol\u00edtica no ha permitido verlo como un problema de derechos humanos, centr\u00e1ndose m\u00e1s en el cuestionamiento del Estado o la negaci\u00f3n de los hechos, es decir, en una lucha por la legitimidad, mientras numerosas denuncias se han ido acumulando y las v\u00edctimas no han tenido un reconocimiento.<br \/>\nEsta investigaci\u00f3n, basada en criterios cient\u00edficos, rigurosa e independiente, sobre la incidencia real del fen\u00f3meno de la tortura, est\u00e1 orientada a facilitar un conocimiento de la incidencia real de este fen\u00f3meno, as\u00ed como orientar las medidas de reconocimiento y prevenci\u00f3n que resulten pertinentes.<br \/>\n[vc_empty_space height=&#8221;10&#8243;]<br \/>\n<strong>Autor<\/strong><br \/>\nFrancisco Etxeberria Gabilondo. <a title=\"Dialnet\" href=\"https:\/\/dialnet.unirioja.es\/servlet\/autor?codigo=897521\" target=\"_blank\" rel=\"noopener\">P\u00e1gina del autor en Dialnet.<\/a><br \/>\nCarlos Mart\u00edn Beristain. <a title=\"Dialnet\" href=\"https:\/\/dialnet.unirioja.es\/servlet\/autor?codigo=584074\" target=\"_blank\" rel=\"noopener\">P\u00e1gina del autor en Dialnet.<\/a><br \/>\nLaura Pego. <a title=\"Dialnet\" href=\"https:\/\/dialnet.unirioja.es\/servlet\/autor?codigo=3146282\" target=\"_blank\" rel=\"noopener\">P\u00e1gina del autor en Dialnet.<\/a><br \/>\n[vc_empty_space height=&#8221;10&#8243;]<br \/>\n<strong>Tipo de documento<\/strong><br \/>\nMemoria-Resumen<br \/>\n[vc_empty_space height=&#8221;10&#8243;]<br \/>\n[\/vc_column_text][\/vc_column][\/vc_row]<\/p>\n<\/div>","protected":false},"excerpt":{"rendered":"<p>[vc_row][vc_column width=&#8221;1\/1&#8243;][vc_column_text][vc_empty_space height=&#8221;20&#8243;] Referencia bibliogr\u00e1fica ETXEBERRIA, Francisco, MART\u00cdN BERISTAIN, Carlos y PEGO, Laura (2016): Proyecto de investigaci\u00f3n de la tortura en el Pa\u00eds Vasco (1960-2013). Instituto Vasco de Criminolog\u00eda, Secretar\u00eda&hellip;<\/p>\n","protected":false},"author":1,"featured_media":0,"parent":0,"menu_order":0,"comment_status":"open","ping_status":"open","template":"","meta":{"om_disable_all_campaigns":false,"_monsterinsights_skip_tracking":false,"_monsterinsights_sitenote_active":false,"_monsterinsights_sitenote_note":"","_monsterinsights_sitenote_category":0,"_uf_show_specific_survey":0,"_uf_disable_surveys":false,"_vp_format_video_url":"","_vp_image_focal_point":[],"_vp_custom_popup_image":0,"_vp_format_audio_url":"","_vp_custom_thumbnail":0,"_vp_custom_thumbnail_focal_point":[],"_vp_hover_thumbnail":0,"_vp_hover_thumbnail_focal_point":[],"footnotes":""},"class_list":["post-6787","page","type-page","status-publish","hentry"],"aioseo_notices":[],"_links":{"self":[{"href":"https:\/\/www.arovite.com\/en\/wp-json\/wp\/v2\/pages\/6787","targetHints":{"allow":["GET"]}}],"collection":[{"href":"https:\/\/www.arovite.com\/en\/wp-json\/wp\/v2\/pages"}],"about":[{"href":"https:\/\/www.arovite.com\/en\/wp-json\/wp\/v2\/types\/page"}],"author":[{"embeddable":true,"href":"https:\/\/www.arovite.com\/en\/wp-json\/wp\/v2\/users\/1"}],"replies":[{"embeddable":true,"href":"https:\/\/www.arovite.com\/en\/wp-json\/wp\/v2\/comments?post=6787"}],"version-history":[{"count":5,"href":"https:\/\/www.arovite.com\/en\/wp-json\/wp\/v2\/pages\/6787\/revisions"}],"predecessor-version":[{"id":24715,"href":"https:\/\/www.arovite.com\/en\/wp-json\/wp\/v2\/pages\/6787\/revisions\/24715"}],"wp:attachment":[{"href":"https:\/\/www.arovite.com\/en\/wp-json\/wp\/v2\/media?parent=6787"}],"curies":[{"name":"wp","href":"https:\/\/api.w.org\/{rel}","templated":true}]}}