{"id":6258,"date":"2016-01-20T18:08:56","date_gmt":"2016-01-20T18:08:56","guid":{"rendered":"http:\/\/www.arovite.com\/?page_id=6258"},"modified":"2016-01-20T18:08:56","modified_gmt":"2016-01-20T18:08:56","slug":"vvaa-2003-2","status":"publish","type":"page","link":"https:\/\/www.arovite.com\/en\/vvaa-2003-2\/","title":{"rendered":"VVAA (2003)"},"content":{"rendered":"<div class=\"wpb-content-wrapper\"><p>[vc_row][vc_column width=&#8221;1\/1&#8243;][vc_column_text][vc_empty_space height=&#8221;20&#8243;]<br \/>\n<strong>Referencia bibliogr\u00e1fica<\/strong><br \/>\nVVAA (2003): <em>Vi\u00f1etas por la paz y contra la violencia<\/em>. Vitoria-Gasteiz \/ Alcal\u00e1 de Henares (Madrid): Fundaci\u00f3n Fernando Buesa Blanco Fundazioa &#8211; Fundaci\u00f3n Universidad de Alcal\u00e1. <\/p>\n<p><a class=\"button blue  medium \" href=\"http:\/\/www.arovite.com\/documentos\/2003_Fundacion_Fernando_Buesa.pdf\" target=\"_blank\">Consultar PDF<\/a>[vc_empty_space height=&#8221;10&#8243;]<br \/>\n<strong>Resumen<\/strong><br \/>\nEsta publicaci\u00f3n es fruto de un trabajo de investigaci\u00f3n encargado por la Fundaci\u00f3n Fernando Buesa Blanco Fundazioa a la Universidad de Alcal\u00e1 de Henares. El resultado de este trabajo de investigaci\u00f3n es la Exposici\u00f3n Vi\u00f1etas por la paz y contra la violencia \u2013 Bakearen aldeko eta biolentzaren aurkako erakusketa, cuyo cat\u00e1logo ahora presentamos. En esta exposici\u00f3n se recoge c\u00f3mo han percibido, durante los \u00faltimos 25 a\u00f1os, la realidad de la violencia pol\u00edtica, del terrorismo en el Pa\u00eds Vasco, una veintena de los mejores dibujantes de la prensa escrita. En la muestra, compuesta por m\u00e1s de 200 vi\u00f1etas e ilustraciones, se han reunido trabajos publicados en los principales diarios (ABC, Deia, Diario de Navarra, Diario Vasco, El Correo, El Mundo y El Pa\u00eds).<br \/>\n[vc_empty_space height=&#8221;10&#8243;]<br \/>\n<strong>Tipo de documento<\/strong><br \/>\nLibro<br \/>\n[vc_empty_space height=&#8221;10&#8243;]<br \/>\n<a title=\"Enlace alternativo\" href=\"http:\/\/www.fundacionfernandobuesa.com\/pdf\/publicaciones\/VINETAS_pesentac_cast.pdf\" target=\"_blank\"><strong>Enlace alternativo.<\/strong><\/a><br \/>\n[vc_empty_space height=&#8221;10&#8243;][\/vc_column_text][\/vc_column][\/vc_row]<\/p>\n<\/div>","protected":false},"excerpt":{"rendered":"<p>[vc_row][vc_column width=&#8221;1\/1&#8243;][vc_column_text][vc_empty_space height=&#8221;20&#8243;] Referencia bibliogr\u00e1fica VVAA (2003): Vi\u00f1etas por la paz y contra la violencia. Vitoria-Gasteiz \/ Alcal\u00e1 de Henares (Madrid): Fundaci\u00f3n Fernando Buesa Blanco Fundazioa &#8211; Fundaci\u00f3n Universidad de&hellip;<\/p>\n","protected":false},"author":2,"featured_media":0,"parent":0,"menu_order":0,"comment_status":"open","ping_status":"open","template":"","meta":{"om_disable_all_campaigns":false,"_monsterinsights_skip_tracking":false,"_monsterinsights_sitenote_active":false,"_monsterinsights_sitenote_note":"","_monsterinsights_sitenote_category":0,"_uf_show_specific_survey":0,"_uf_disable_surveys":false,"_vp_format_video_url":"","_vp_image_focal_point":[],"_vp_custom_popup_image":0,"_vp_format_audio_url":"","_vp_custom_thumbnail":0,"_vp_custom_thumbnail_focal_point":[],"_vp_hover_thumbnail":0,"_vp_hover_thumbnail_focal_point":[],"footnotes":""},"class_list":["post-6258","page","type-page","status-publish","hentry"],"aioseo_notices":[],"_links":{"self":[{"href":"https:\/\/www.arovite.com\/en\/wp-json\/wp\/v2\/pages\/6258","targetHints":{"allow":["GET"]}}],"collection":[{"href":"https:\/\/www.arovite.com\/en\/wp-json\/wp\/v2\/pages"}],"about":[{"href":"https:\/\/www.arovite.com\/en\/wp-json\/wp\/v2\/types\/page"}],"author":[{"embeddable":true,"href":"https:\/\/www.arovite.com\/en\/wp-json\/wp\/v2\/users\/2"}],"replies":[{"embeddable":true,"href":"https:\/\/www.arovite.com\/en\/wp-json\/wp\/v2\/comments?post=6258"}],"version-history":[{"count":1,"href":"https:\/\/www.arovite.com\/en\/wp-json\/wp\/v2\/pages\/6258\/revisions"}],"predecessor-version":[{"id":6277,"href":"https:\/\/www.arovite.com\/en\/wp-json\/wp\/v2\/pages\/6258\/revisions\/6277"}],"wp:attachment":[{"href":"https:\/\/www.arovite.com\/en\/wp-json\/wp\/v2\/media?parent=6258"}],"curies":[{"name":"wp","href":"https:\/\/api.w.org\/{rel}","templated":true}]}}