{"id":5976,"date":"2016-01-20T17:10:01","date_gmt":"2016-01-20T17:10:01","guid":{"rendered":"http:\/\/www.arovite.com\/?page_id=5976"},"modified":"2016-01-20T17:10:01","modified_gmt":"2016-01-20T17:10:01","slug":"etxaniz-jose-angel-2011-2","status":"publish","type":"page","link":"https:\/\/www.arovite.com\/en\/etxaniz-jose-angel-2011-2\/","title":{"rendered":"ETXANIZ, Jos\u00e9 \u00c1ngel (2011)"},"content":{"rendered":"<div class=\"wpb-content-wrapper\"><p>[vc_row][vc_column width=&#8221;1\/1&#8243;][vc_column_text][vc_empty_space height=&#8221;20&#8243;]<br \/>\n<strong>Referencia bibliogr\u00e1fica<\/strong><br \/>\nETXANIZ, Jos\u00e9 \u00c1ngel (2011): \u00abEl \u00faltimo estado de excepci\u00f3n (primavera-verano de 1975)\u00bb, en Vicente del Palacio et al. (2011): <em>Apuntes para la historia de Gernika-Lumo. Gernika-Lumo<\/em>: Gernikazarra Historia Taldea, 2011, pp. 223-240.<\/p>\n<p><a class=\"button blue  medium \" href=\"http:\/\/www.arovite.com\/documentos\/2011_Etxaniz.pdf\" target=\"_blank\">Consultar PDF<\/a>[vc_empty_space height=&#8221;10&#8243;]<br \/>\n<strong>Resumen<\/strong><br \/>\nEl trabajo que se presenta, (parte de una extensa investigaci\u00f3n sobre el franquismo, desde 1937 a 1975) tiene como objetivo el estudio del \u00faltimo \u201cEstado de Excepci\u00f3n\u201d, una situaci\u00f3n de especial violencia, que sufri\u00f3 el pueblo de Gernika-Lumo, la comarca de Busturialdea, Bizkaia entera y el Pa\u00eds Vasco en general, por parte de la dictadura, durante la primavera y parte del verano del a\u00f1o 1975, en los \u00faltimos estertores del franquismo, un periodo donde la brutalidad del propio r\u00e9gimen de dictadura transgredi\u00f3 su propia \u201clegalidad\u201d para tratar de someter a quienes armados, tambi\u00e9n de valor, cuestionaban abiertamente la dictadura franquista.<br \/>\n[vc_empty_space height=&#8221;10&#8243;]<br \/>\n<strong>Laburpena<\/strong><br \/>\nHona hemen aurkezten dugun lanak (1937tik 1975ra arte frankismoari buruz egindako ikerketa-lan sakonago baten zatia), azken \u201cSalpuespen Egoeraren\u201d ikerketa du helburu. Indarkeria handiko egoera, Gernika-Lumoko herriak, Busturialdeko eskualdeak, Bizkaiak eta Euskal Herriak orokorrean jasandakoa diktadurarengandik, 1975eko udaberrian eta udan, frankismoaren azken zirruetan. Sasoi bat zeinetan, diktadurak berak oldarkor hautsi egin zuen bere \u201clegalitate\u201d propioa, adorez jantzita, diktadura frankista zalantzan jartzen zutenak menderatzeko.<br \/>\n[vc_empty_space height=&#8221;10&#8243;]<br \/>\n<strong>Autor<\/strong><br \/>\nJos\u00e9 \u00c1ngel Etxaniz. <a title=\"Dialnet\" href=\"http:\/\/dialnet.unirioja.es\/servlet\/autor?codigo=185551\" target=\"_blank\">P\u00e1gina del autor en Dialnet.<\/a><br \/>\n[vc_empty_space height=&#8221;10&#8243;]<br \/>\n<strong>Tipo de documento<\/strong><br \/>\nCap\u00edtulo de libro<br \/>\n[vc_empty_space height=&#8221;10&#8243;]<br \/>\n[\/vc_column_text][\/vc_column][\/vc_row]<\/p>\n<\/div>","protected":false},"excerpt":{"rendered":"<p>[vc_row][vc_column width=&#8221;1\/1&#8243;][vc_column_text][vc_empty_space height=&#8221;20&#8243;] Referencia bibliogr\u00e1fica ETXANIZ, Jos\u00e9 \u00c1ngel (2011): \u00abEl \u00faltimo estado de excepci\u00f3n (primavera-verano de 1975)\u00bb, en Vicente del Palacio et al. (2011): Apuntes para la historia de Gernika-Lumo.&hellip;<\/p>\n","protected":false},"author":2,"featured_media":0,"parent":0,"menu_order":0,"comment_status":"open","ping_status":"open","template":"","meta":{"om_disable_all_campaigns":false,"_monsterinsights_skip_tracking":false,"_monsterinsights_sitenote_active":false,"_monsterinsights_sitenote_note":"","_monsterinsights_sitenote_category":0,"_uf_show_specific_survey":0,"_uf_disable_surveys":false,"_vp_format_video_url":"","_vp_image_focal_point":[],"_vp_custom_popup_image":0,"_vp_format_audio_url":"","_vp_custom_thumbnail":0,"_vp_custom_thumbnail_focal_point":[],"_vp_hover_thumbnail":0,"_vp_hover_thumbnail_focal_point":[],"footnotes":""},"class_list":["post-5976","page","type-page","status-publish","hentry"],"aioseo_notices":[],"_links":{"self":[{"href":"https:\/\/www.arovite.com\/en\/wp-json\/wp\/v2\/pages\/5976","targetHints":{"allow":["GET"]}}],"collection":[{"href":"https:\/\/www.arovite.com\/en\/wp-json\/wp\/v2\/pages"}],"about":[{"href":"https:\/\/www.arovite.com\/en\/wp-json\/wp\/v2\/types\/page"}],"author":[{"embeddable":true,"href":"https:\/\/www.arovite.com\/en\/wp-json\/wp\/v2\/users\/2"}],"replies":[{"embeddable":true,"href":"https:\/\/www.arovite.com\/en\/wp-json\/wp\/v2\/comments?post=5976"}],"version-history":[{"count":2,"href":"https:\/\/www.arovite.com\/en\/wp-json\/wp\/v2\/pages\/5976\/revisions"}],"predecessor-version":[{"id":6051,"href":"https:\/\/www.arovite.com\/en\/wp-json\/wp\/v2\/pages\/5976\/revisions\/6051"}],"wp:attachment":[{"href":"https:\/\/www.arovite.com\/en\/wp-json\/wp\/v2\/media?parent=5976"}],"curies":[{"name":"wp","href":"https:\/\/api.w.org\/{rel}","templated":true}]}}