{"id":4813,"date":"2015-12-02T09:19:13","date_gmt":"2015-12-02T09:19:13","guid":{"rendered":"http:\/\/www.arovite.com\/molina-fernando-2013-2\/"},"modified":"2015-12-02T09:19:13","modified_gmt":"2015-12-02T09:19:13","slug":"molina-fernando-2013","status":"publish","type":"page","link":"https:\/\/www.arovite.com\/en\/molina-fernando-2013\/","title":{"rendered":"MOLINA, Fernando (2013)"},"content":{"rendered":"<div class=\"wpb-content-wrapper\"><p>[vc_row][vc_column width=&#8221;1\/1&#8243;][vc_column_text][vc_empty_space height=&#8221;20&#8243;]<br \/>\n<strong>Referencia bibliogr\u00e1fica<\/strong><br \/>\nMOLINA, Fernando (2013): \u00ab&#8221;Intersecci\u00f3n de procesos nacionales&#8221;. Nacionalizaci\u00f3n y violencia pol\u00edtica en el Pa\u00eds Vasco, 1937-1978\u00bb, <em>Cuadernos de Historia Contempor\u00e1nea<\/em>, n\u00ba 35, pp. 63-87.<\/p>\n<p><a class=\"button blue  medium \" href=\"http:\/\/revistas.ucm.es\/index.php\/CHCO\/article\/view\/42649\/40528\" target=\"_blank\">Consultar PDF<\/a>[vc_empty_space height=&#8221;10&#8243;]<br \/>\n<strong>Resumen<\/strong><br \/>\nEn las d\u00e9cadas de 1960 y 1970 se produjo una intersecci\u00f3n de procesos de nacionalizaci\u00f3n, uno de signo vasquista y el otro espa\u00f1olista. En ambos jug\u00f3 un papel esencial la violencia. \u00c9sta se hab\u00eda constituido en referente esencial del promovido por la dictadura, mediante la activaci\u00f3n de pol\u00edticas de memoria ancladas en la exaltaci\u00f3n de la victoria en la Guerra Civil como mito fundacional del \u201cNuevo Estado\u201d. Sin embargo, en el tiempo en que este patriotismo guerrero comenz\u00f3 a declinar fue cuando el nacionalismo vasco intensific\u00f3 el suyo al completar su discurso belicista con el activismo armado. Este proceso nacionalizador ascendente se materializ\u00f3 en una primera fase simb\u00f3lica, que busc\u00f3 la destrucci\u00f3n del imaginario espa\u00f1olista. A partir de 1968 a esa fase sucedi\u00f3 otra m\u00e1s propiamente asesina, en la que la violencia se ampli\u00f3 a los individuos que representaban esa memoria, intensific\u00e1ndose este proceso diez a\u00f1os despu\u00e9s, en plena transici\u00f3n democr\u00e1tica. La memoria abertzale recorri\u00f3, as\u00ed, un camino muy diferente de que defini\u00f3 la memoria colectiva que inspir\u00f3 el proceso de transici\u00f3n democr\u00e1tica en Espa\u00f1a.<br \/>\n[vc_empty_space height=&#8221;10&#8243;]<br \/>\n<strong>Abstract<\/strong><br \/>\nIn the 1960s and 1970s Basque and Spanish nationalizing projects overlapped in the Basque Country, with violence exerting a major role in both of them. Franco\u2019s Dictatorship used violence as a prominent tool to promote policies of memory extolling the Civil War as the foundational myth of the \u201cNew State\u201d. But when this bellicose patriotism started to wane Basque nationalism created its own version with a belligerent discourse accompanied by a call to arms. This raising nationalistic project had a first and symbolic stage dedicated to destroy the Spanish imaginary. It then, since 1968, evolved into a new and violent phase characterized by the killing of prominent individuals who symbolized that memory. That campaign of violence intensified during the transition to Democracy, helping us to understand why the abertzale memory followed a different path from that of the collective memories recalled to support Spain\u2019s democratic transition.<br \/>\n[vc_empty_space height=&#8221;10&#8243;]<br \/>\n<strong>Autor<\/strong><br \/>\nFernando Molina. <a title=\"Dialnet\" href=\"http:\/\/dialnet.unirioja.es\/servlet\/autor?codigo=819573\" target=\"_blank\">P\u00e1gina del autor en Dialnet.<\/a><br \/>\n[vc_empty_space height=&#8221;10&#8243;]<br \/>\n<strong>Tipo de documento<\/strong><br \/>\nArt\u00edculo<br \/>\n[vc_empty_space height=&#8221;10&#8243;]<br \/>\n<a title=\"Enlace alternativo\" href=\"https:\/\/www.researchgate.net\/publication\/267451831_Interseccin_de_procesos_nacionales._Nacionalizacin_y_violencia_poltica_en_el_Pas_Vasco_1937-1978?ev=prf_pub\" target=\"_blank\"><strong>Enlace alternativo.<\/strong><\/a><br \/>\n[\/vc_column_text][\/vc_column][\/vc_row]<\/p>\n<\/div>","protected":false},"excerpt":{"rendered":"<p>[vc_row][vc_column width=&#8221;1\/1&#8243;][vc_column_text][vc_empty_space height=&#8221;20&#8243;] Referencia bibliogr\u00e1fica MOLINA, Fernando (2013): \u00ab&#8221;Intersecci\u00f3n de procesos nacionales&#8221;. Nacionalizaci\u00f3n y violencia pol\u00edtica en el Pa\u00eds Vasco, 1937-1978\u00bb, Cuadernos de Historia Contempor\u00e1nea, n\u00ba 35, pp. 63-87. Consultar&hellip;<\/p>\n","protected":false},"author":1,"featured_media":0,"parent":0,"menu_order":0,"comment_status":"open","ping_status":"open","template":"","meta":{"om_disable_all_campaigns":false,"_monsterinsights_skip_tracking":false,"_monsterinsights_sitenote_active":false,"_monsterinsights_sitenote_note":"","_monsterinsights_sitenote_category":0,"_uf_show_specific_survey":0,"_uf_disable_surveys":false,"_vp_format_video_url":"","_vp_image_focal_point":[],"_vp_custom_popup_image":0,"_vp_format_audio_url":"","_vp_custom_thumbnail":0,"_vp_custom_thumbnail_focal_point":[],"_vp_hover_thumbnail":0,"_vp_hover_thumbnail_focal_point":[],"footnotes":""},"class_list":["post-4813","page","type-page","status-publish","hentry"],"aioseo_notices":[],"_links":{"self":[{"href":"https:\/\/www.arovite.com\/en\/wp-json\/wp\/v2\/pages\/4813","targetHints":{"allow":["GET"]}}],"collection":[{"href":"https:\/\/www.arovite.com\/en\/wp-json\/wp\/v2\/pages"}],"about":[{"href":"https:\/\/www.arovite.com\/en\/wp-json\/wp\/v2\/types\/page"}],"author":[{"embeddable":true,"href":"https:\/\/www.arovite.com\/en\/wp-json\/wp\/v2\/users\/1"}],"replies":[{"embeddable":true,"href":"https:\/\/www.arovite.com\/en\/wp-json\/wp\/v2\/comments?post=4813"}],"version-history":[{"count":0,"href":"https:\/\/www.arovite.com\/en\/wp-json\/wp\/v2\/pages\/4813\/revisions"}],"wp:attachment":[{"href":"https:\/\/www.arovite.com\/en\/wp-json\/wp\/v2\/media?parent=4813"}],"curies":[{"name":"wp","href":"https:\/\/api.w.org\/{rel}","templated":true}]}}