{"id":4443,"date":"2015-11-30T11:57:22","date_gmt":"2015-11-30T11:57:22","guid":{"rendered":"http:\/\/www.arovite.com\/parra-eduardo-2014-2\/"},"modified":"2015-11-30T11:57:22","modified_gmt":"2015-11-30T11:57:22","slug":"parra-eduardo-2014","status":"publish","type":"page","link":"https:\/\/www.arovite.com\/en\/parra-eduardo-2014\/","title":{"rendered":"PARRA, Eduardo (2014)"},"content":{"rendered":"<div class=\"wpb-content-wrapper\"><p>[vc_row][vc_column width=&#8221;1\/1&#8243;][vc_column_text][vc_empty_space height=&#8221;20&#8243;]<br \/>\n<strong>Referencia bibliogr\u00e1fica<\/strong><br \/>\nPARRA, Eduardo (2014): \u201cLas pol\u00edticas penitenciarias para presos pol\u00edticos en la Transici\u00f3n espa\u00f1ola: el ejemplo de Herrera de la Mancha (1979-1990)\u201d en OLIVER, Pedro y URDA, Jes\u00fas Carlos (eds.): <em>La prisi\u00f3n y las instituciones punitivas en la investigaci\u00f3n hist\u00f3rica<\/em>. Ciudad Real: UCLM, pp. 843-862.<\/p>\n<p><a class=\"button blue  medium \" href=\"http:\/\/dialnet.unirioja.es\/servlet\/libro?codigo=562134\" target=\"_blank\">Consultar PDF<\/a>[vc_empty_space height=&#8221;10&#8243;]<br \/>\n<strong>Resumen<\/strong><br \/>\nEn esta comunicaci\u00f3n pretendemos ahondar en un aspecto de la Transici\u00f3n espa\u00f1ola que ha quedado tradicionalmente en un segundo plano: la reforma penitenciaria. Queremos estudiar los efectos de su aplicaci\u00f3n en un caso concreto: la prisi\u00f3n de Herrera de la Mancha entre 1979 y 1990. Hemos elegido este centro penitenciario ya que nace con la reforma, fue inaugurado en 1979, y, por lo tanto, encarna buena parte de las novedades de la misma. Consideramos 1990 como fecha tope, por cuanto en ese a\u00f1o se consuma la dispersi\u00f3n de presos, en un cambio de pol\u00edtica penitenciaria del gobierno socialista de Felipe Gonz\u00e1lez.<br \/>\n[vc_empty_space height=&#8221;10&#8243;]<br \/>\n<strong>Autor<\/strong><br \/>\nEduardo Parra. <a title=\"Dialnet\" href=\"http:\/\/dialnet.unirioja.es\/servlet\/autor?codigo=3321930\" target=\"_blank\">P\u00e1gina del autor en Dialnet.<\/a><br \/>\n[vc_empty_space height=&#8221;10&#8243;]<br \/>\n<strong>Tipo de documento<\/strong><br \/>\nCap\u00edtulo de libro<br \/>\n[\/vc_column_text][\/vc_column][\/vc_row]<\/p>\n<\/div>","protected":false},"excerpt":{"rendered":"<p>[vc_row][vc_column width=&#8221;1\/1&#8243;][vc_column_text][vc_empty_space height=&#8221;20&#8243;] Referencia bibliogr\u00e1fica PARRA, Eduardo (2014): \u201cLas pol\u00edticas penitenciarias para presos pol\u00edticos en la Transici\u00f3n espa\u00f1ola: el ejemplo de Herrera de la Mancha (1979-1990)\u201d en OLIVER, Pedro y&hellip;<\/p>\n","protected":false},"author":1,"featured_media":0,"parent":0,"menu_order":0,"comment_status":"open","ping_status":"open","template":"","meta":{"om_disable_all_campaigns":false,"_monsterinsights_skip_tracking":false,"_monsterinsights_sitenote_active":false,"_monsterinsights_sitenote_note":"","_monsterinsights_sitenote_category":0,"_uf_show_specific_survey":0,"_uf_disable_surveys":false,"_vp_format_video_url":"","_vp_image_focal_point":[],"_vp_custom_popup_image":0,"_vp_format_audio_url":"","_vp_custom_thumbnail":0,"_vp_custom_thumbnail_focal_point":[],"_vp_hover_thumbnail":0,"_vp_hover_thumbnail_focal_point":[],"footnotes":""},"class_list":["post-4443","page","type-page","status-publish","hentry"],"aioseo_notices":[],"_links":{"self":[{"href":"https:\/\/www.arovite.com\/en\/wp-json\/wp\/v2\/pages\/4443","targetHints":{"allow":["GET"]}}],"collection":[{"href":"https:\/\/www.arovite.com\/en\/wp-json\/wp\/v2\/pages"}],"about":[{"href":"https:\/\/www.arovite.com\/en\/wp-json\/wp\/v2\/types\/page"}],"author":[{"embeddable":true,"href":"https:\/\/www.arovite.com\/en\/wp-json\/wp\/v2\/users\/1"}],"replies":[{"embeddable":true,"href":"https:\/\/www.arovite.com\/en\/wp-json\/wp\/v2\/comments?post=4443"}],"version-history":[{"count":0,"href":"https:\/\/www.arovite.com\/en\/wp-json\/wp\/v2\/pages\/4443\/revisions"}],"wp:attachment":[{"href":"https:\/\/www.arovite.com\/en\/wp-json\/wp\/v2\/media?parent=4443"}],"curies":[{"name":"wp","href":"https:\/\/api.w.org\/{rel}","templated":true}]}}