{"id":25249,"date":"2026-03-22T08:04:22","date_gmt":"2026-03-22T08:04:22","guid":{"rendered":"https:\/\/www.arovite.com\/lopez-romo-raul-2025-2\/"},"modified":"2026-03-22T08:04:22","modified_gmt":"2026-03-22T08:04:22","slug":"lopez-romo-raul-2025-2","status":"publish","type":"page","link":"https:\/\/www.arovite.com\/en\/lopez-romo-raul-2025-2\/","title":{"rendered":"L\u00d3PEZ ROMO, Ra\u00fal (2025)"},"content":{"rendered":"<div class=\"wpb-content-wrapper\"><p>[vc_row][vc_column width=&#8221;1\/1&#8243;][vc_column_text][vc_empty_space height=&#8221;20&#8243;]<br \/>\n<strong>Referencia bibliogr\u00e1fica<\/strong><\/p>\n<p>L\u00d3PEZ ROMO, Ra\u00fal (2025): <em>Le rapport Foronda. Les effets du terrorismo sur la soci\u00e9t\u00e9 basque (1968-2010)<\/em>. Bourgogne: \u00c9ditions Orbis Tertius.<\/p>\n<p><a class=\"button blue  medium \" href=\"https:\/\/www.cervantesvirtual.com\/descargaPdf\/le-rapport-foronda-les-effets-du-terrorisme-sur-la-societe-basque-1968-2010-1313980\/\" target=\"_blank\">Consultar PDF<\/a>[vc_empty_space height=&#8221;10&#8243;]<br \/>\n<strong>R\u00e9sum\u00e9<\/strong><br \/>\nLe terrorisme est l\u2019un des ph\u00e9nom\u00e8nes les plus persistants et l\u2019un des facteurs ayant le plus marqu\u00e9 l\u2019histoire r\u00e9cente du Pays basque. Si ses origines sont relativement bien connues, ses effets n\u00e9cessitent encore des recherches \u00e9loign\u00e9es des positions militantes ou des interpr\u00e9tations visant \u00e0 homog\u00e9n\u00e9iser notre vision du pass\u00e9. R\u00e9dig\u00e9 par l\u2019historien Ra\u00fal L\u00f3pez Romo, avec le soutien du Centre de la m\u00e9moire des victimes du terrorisme et de l\u2019Institut d\u2019histoire Valent\u00edn de Foronda de l\u2019Universit\u00e9 du Pays basque, cet ouvrage examine quatre d\u00e9cennies de violence (1968-2010), en \u00e9valuant son impact social, mais \u00e9galement politique et \u00e9conomique. La prise en compte des victimes du terrorisme, les mobilisations (ou les silences) apr\u00e8s les attentats, les bless\u00e9s, les menac\u00e9s, les co\u00fbts mat\u00e9riels&#8230; Tout cela fait l\u2019objet d\u2019une analyse approfondie, offrant des \u00e9l\u00e9ments de r\u00e9flexion pour les politiques publiques en mati\u00e8re de m\u00e9moire historique.[vc_empty_space height=&#8221;10&#8243;]<br \/>\n<strong>Autor<\/strong><br \/>\nRa\u00fal L\u00f3pez Romo. <a title=\"Dialnet\" href=\"https:\/\/dialnet.unirioja.es\/servlet\/autor?codigo=2165020\" target=\"_blank\">P\u00e1gina del autor en Dialnet.<\/a><br \/>\n[vc_empty_space height=&#8221;10&#8243;]<br \/>\n<strong>Tipo de documento<\/strong><br \/>\nInforme<br \/>\n[vc_empty_space height=&#8221;10&#8243;]<br \/>\n[\/vc_column_text][\/vc_column][\/vc_row]<\/p>\n<\/div>","protected":false},"excerpt":{"rendered":"<p>[vc_row][vc_column width=&#8221;1\/1&#8243;][vc_column_text][vc_empty_space height=&#8221;20&#8243;] Referencia bibliogr\u00e1fica L\u00d3PEZ ROMO, Ra\u00fal (2025): Le rapport Foronda. Les effets du terrorismo sur la soci\u00e9t\u00e9 basque (1968-2010). Bourgogne: \u00c9ditions Orbis Tertius. Consultar PDF[vc_empty_space height=&#8221;10&#8243;] R\u00e9sum\u00e9 Le&hellip;<\/p>\n","protected":false},"author":1,"featured_media":0,"parent":0,"menu_order":0,"comment_status":"closed","ping_status":"closed","template":"","meta":{"om_disable_all_campaigns":false,"_monsterinsights_skip_tracking":false,"_monsterinsights_sitenote_active":false,"_monsterinsights_sitenote_note":"","_monsterinsights_sitenote_category":0,"_uf_show_specific_survey":0,"_uf_disable_surveys":false,"_vp_format_video_url":"","_vp_image_focal_point":[],"_vp_custom_popup_image":0,"_vp_format_audio_url":"","_vp_custom_thumbnail":0,"_vp_custom_thumbnail_focal_point":[],"_vp_hover_thumbnail":0,"_vp_hover_thumbnail_focal_point":[],"footnotes":""},"class_list":["post-25249","page","type-page","status-publish","hentry"],"aioseo_notices":[],"_links":{"self":[{"href":"https:\/\/www.arovite.com\/en\/wp-json\/wp\/v2\/pages\/25249","targetHints":{"allow":["GET"]}}],"collection":[{"href":"https:\/\/www.arovite.com\/en\/wp-json\/wp\/v2\/pages"}],"about":[{"href":"https:\/\/www.arovite.com\/en\/wp-json\/wp\/v2\/types\/page"}],"author":[{"embeddable":true,"href":"https:\/\/www.arovite.com\/en\/wp-json\/wp\/v2\/users\/1"}],"replies":[{"embeddable":true,"href":"https:\/\/www.arovite.com\/en\/wp-json\/wp\/v2\/comments?post=25249"}],"version-history":[{"count":0,"href":"https:\/\/www.arovite.com\/en\/wp-json\/wp\/v2\/pages\/25249\/revisions"}],"wp:attachment":[{"href":"https:\/\/www.arovite.com\/en\/wp-json\/wp\/v2\/media?parent=25249"}],"curies":[{"name":"wp","href":"https:\/\/api.w.org\/{rel}","templated":true}]}}