{"id":25214,"date":"2026-03-07T10:28:52","date_gmt":"2026-03-07T10:28:52","guid":{"rendered":"https:\/\/www.arovite.com\/guerrero-elecalde-rafael-lopez-serrano-miguel-jesus-y-medina-quintana-silvia-2024\/"},"modified":"2026-03-07T10:28:52","modified_gmt":"2026-03-07T10:28:52","slug":"guerrero-elecalde-rafael-lopez-serrano-miguel-jesus-y-medina-quintana-silvia-2024","status":"publish","type":"page","link":"https:\/\/www.arovite.com\/en\/guerrero-elecalde-rafael-lopez-serrano-miguel-jesus-y-medina-quintana-silvia-2024\/","title":{"rendered":"GUERRERO ELECALDE, Rafael, L\u00d3PEZ SERRANO, Miguel Jes\u00fas y MEDINA QUINTANA, Silvia (2024)"},"content":{"rendered":"<div class=\"wpb-content-wrapper\"><p>[vc_row][vc_column width=&#8221;1\/1&#8243;][vc_column_text][vc_empty_space height=&#8221;20&#8243;]<br \/>\n<strong>Referencia bibliogr\u00e1fica<\/strong><\/p>\n<p>GUERRERO ELECALDE, Rafael, L\u00d3PEZ SERRANO, Miguel Jes\u00fas y MEDINA QUINTANA, Silvia (2024): \u00abEl c\u00f3mic para trabajar la ciudadan\u00eda democr\u00e1tica en el grado de Educaci\u00f3n Primaria: una experiencia con alumnado andaluz sobre el terrorismo de ETA\u00bb, en ORTEGA CERVIG\u00d3N, Jos\u00e9 Ignacio, S\u00c1NCHEZ RIVERA, Jes\u00fas \u00c1ngel y GONZ\u00c1LEZ MONFORT, Neus (eds.): <em>Experiencias de aprendizaje desde la Did\u00e1ctica de las Ciencias Sociales para la formaci\u00f3n de una ciudadan\u00eda democr\u00e1tica, cr\u00edtica y global<\/em>. Barcelona: Octaedro Editorial, pp. 85-92.<\/p>\n<p><a class=\"button blue  medium \" href=\"https:\/\/octaedro.com\/wp-content\/uploads\/2024\/04\/9788410054592-2ed.pdf\" target=\"_blank\">Consultar PDF<\/a>[vc_empty_space height=&#8221;10&#8243;]<br \/>\n<strong>Resumen<\/strong><br \/>\nEste estudio muestra una investigaci\u00f3n sobre la percepci\u00f3n que tiene el futuro profesorado de Educaci\u00f3n Primaria sobre la necesidad de construcci\u00f3n de culturas democr\u00e1ticas y ciudadan\u00edas cr\u00edticas, as\u00ed como las culturas de paz, para favorecer la cohesi\u00f3n social. Para abordar este tema tan amplio se decidi\u00f3 trabajar con un asunto que a\u00fan est\u00e1 de actualidad, el terrorismo de ETA (y, por extensi\u00f3n, los otros terrorismos y violencias relacionadas con esta agrupaci\u00f3n) y la necesidad de concluir acertadamente con esta etapa de la historia de Espa\u00f1a. Para desarrollar este estudio, se ha trabajado con el estudiantado del segundo curso del Grado de Educaci\u00f3n Primaria de la asignatura de Did\u00e1ctica de las Ciencias Sociales, durante el curso acad\u00e9mico 2022\/2023, de la Facultad de Ciencias de la Educaci\u00f3n de la Universidad de Granada (UGR). [vc_empty_space height=&#8221;10&#8243;]<br \/>\n<strong>Autor<\/strong><br \/>\nRafael Guerrero Elecalde. <a title=\"Dialnet\" href=\"https:\/\/dialnet.unirioja.es\/servlet\/autor?codigo=1052960\" target=\"_blank\">P\u00e1gina del autor en Dialnet.<\/a><br \/>\nMiguel Jes\u00fas L\u00f3pez Serrano. <a title=\"Dialnet\" href=\"https:\/\/dialnet.unirioja.es\/servlet\/autor?codigo=2475464\" target=\"_blank\">P\u00e1gina del autor en Dialnet.<\/a><br \/>\nSilvia Medina Quintana. <a title=\"Dialnet\" href=\"https:\/\/dialnet.unirioja.es\/servlet\/autor?codigo=2566199\" target=\"_blank\">P\u00e1gina del autor en Dialnet.<\/a><br \/>\n[vc_empty_space height=&#8221;10&#8243;]<br \/>\n<strong>Tipo de documento<\/strong><br \/>\nCap\u00edtulo de libro<br \/>\n[vc_empty_space height=&#8221;10&#8243;]<br \/>\n[\/vc_column_text][\/vc_column][\/vc_row]<\/p>\n<\/div>","protected":false},"excerpt":{"rendered":"<p>[vc_row][vc_column width=&#8221;1\/1&#8243;][vc_column_text][vc_empty_space height=&#8221;20&#8243;] Referencia bibliogr\u00e1fica GUERRERO ELECALDE, Rafael, L\u00d3PEZ SERRANO, Miguel Jes\u00fas y MEDINA QUINTANA, Silvia (2024): \u00abEl c\u00f3mic para trabajar la ciudadan\u00eda democr\u00e1tica en el grado de Educaci\u00f3n Primaria:&hellip;<\/p>\n","protected":false},"author":1,"featured_media":0,"parent":0,"menu_order":0,"comment_status":"closed","ping_status":"closed","template":"","meta":{"om_disable_all_campaigns":false,"_monsterinsights_skip_tracking":false,"_monsterinsights_sitenote_active":false,"_monsterinsights_sitenote_note":"","_monsterinsights_sitenote_category":0,"_uf_show_specific_survey":0,"_uf_disable_surveys":false,"_vp_format_video_url":"","_vp_image_focal_point":[],"_vp_custom_popup_image":0,"_vp_format_audio_url":"","_vp_custom_thumbnail":0,"_vp_custom_thumbnail_focal_point":[],"_vp_hover_thumbnail":0,"_vp_hover_thumbnail_focal_point":[],"footnotes":""},"class_list":["post-25214","page","type-page","status-publish","hentry"],"aioseo_notices":[],"_links":{"self":[{"href":"https:\/\/www.arovite.com\/en\/wp-json\/wp\/v2\/pages\/25214","targetHints":{"allow":["GET"]}}],"collection":[{"href":"https:\/\/www.arovite.com\/en\/wp-json\/wp\/v2\/pages"}],"about":[{"href":"https:\/\/www.arovite.com\/en\/wp-json\/wp\/v2\/types\/page"}],"author":[{"embeddable":true,"href":"https:\/\/www.arovite.com\/en\/wp-json\/wp\/v2\/users\/1"}],"replies":[{"embeddable":true,"href":"https:\/\/www.arovite.com\/en\/wp-json\/wp\/v2\/comments?post=25214"}],"version-history":[{"count":0,"href":"https:\/\/www.arovite.com\/en\/wp-json\/wp\/v2\/pages\/25214\/revisions"}],"wp:attachment":[{"href":"https:\/\/www.arovite.com\/en\/wp-json\/wp\/v2\/media?parent=25214"}],"curies":[{"name":"wp","href":"https:\/\/api.w.org\/{rel}","templated":true}]}}