{"id":24970,"date":"2026-01-18T16:58:05","date_gmt":"2026-01-18T16:58:05","guid":{"rendered":"https:\/\/www.arovite.com\/pinilla-gomez-raquel-2023-2\/"},"modified":"2026-01-18T16:58:05","modified_gmt":"2026-01-18T16:58:05","slug":"pinilla-gomez-raquel-2023-2","status":"publish","type":"page","link":"https:\/\/www.arovite.com\/en\/pinilla-gomez-raquel-2023-2\/","title":{"rendered":"PINILLA G\u00d3MEZ, Raquel (2023)"},"content":{"rendered":"<div class=\"wpb-content-wrapper\"><p>[vc_row][vc_column width=&#8221;1\/1&#8243;][vc_column_text][vc_empty_space height=&#8221;20&#8243;]<br \/>\n<strong>Referencia bibliogr\u00e1fica<\/strong><br \/>\nPINILLA G\u00d3MEZ, Raquel (2023): \u00abLa \u201cbatalla\u201d por la construcci\u00f3n de los relatos en la \u00e9poca del posterrorismo de ETA\u00bb, <em>Revista Internacional de Estudios sobre Terrorismo<\/em>, n\u00ba 9, pp. 14-23. <\/p>\n<p><a class=\"button blue  medium \" href=\"https:\/\/rietjournal.org\/wp-content\/uploads\/2023\/09\/ART1-RIET_2023_N9.pdf\" target=\"_blank\" rel=\"noopener\">Consultar PDF<\/a>[vc_empty_space height=&#8221;10&#8243;]<br \/>\n<strong>Resumen<\/strong><br \/>\nEn la \u00e9poca del posterrorismo de ETA, tras el final de la actividad terrorista de la organizaci\u00f3n, se genera la necesidad de reflexionar sobre la construcci\u00f3n de los relatos de lo que fue y lo que supuso este episodio tan reciente de la historia de Espa\u00f1a y, especialmente, del Pa\u00eds Vasco. Es fundamental analizar las dimensiones sociales y las consecuencias que en la actualidad tiene la \u201cbatalla del relato\u201d porque de c\u00f3mo se narre el terrorismo depende la visi\u00f3n y la interpretaci\u00f3n que van a tener las generaciones j\u00f3venes, que no lo han conocido de manera directa. Son los expertos los que, desde el rigor hist\u00f3rico de los hechos y la b\u00fasqueda de la verdad, deben construir unos relatos veraces del terrorismo. [vc_empty_space height=&#8221;10&#8243;]<br \/>\n<strong>Abstract<\/strong><br \/>\nIn the era of ETA\u2019s post-terrorism, after the end of the organization\u2019s terrorist activity, the need arises to reflect on the construction of the stories of what this very recent episode in the history of Spain was and what it meant, and, especially, from the Basque Country. It is essential to analyze the social dimensions and the consequences that the \u201cbattle for the story\u201d currently has because the vision and interpretation that young generations, who have not known it directly, will depend on how terrorism is narrated. It is the experts who, based on the historical rigor of the facts and the search for the truth, must construct truthful accounts of terrorism. [vc_empty_space height=&#8221;10&#8243;]<br \/>\n<strong>Autor<\/strong><br \/>\nRaquel Pinilla G\u00f3mez. <a title=\"Dialnet\" href=\"https:\/\/dialnet.unirioja.es\/servlet\/autor?codigo=98374\" target=\"_blank\" rel=\"noopener\">P\u00e1gina del autor en Dialnet.<\/a><br \/>\n[vc_empty_space height=&#8221;10&#8243;]<br \/>\n<strong>Tipo de documento<\/strong><br \/>\nArt\u00edculo<br \/>\n[vc_empty_space height=&#8221;10&#8243;]<br \/>\n[\/vc_column_text][\/vc_column][\/vc_row]<\/p>\n<\/div>","protected":false},"excerpt":{"rendered":"<p>[vc_row][vc_column width=&#8221;1\/1&#8243;][vc_column_text][vc_empty_space height=&#8221;20&#8243;] Referencia bibliogr\u00e1fica PINILLA G\u00d3MEZ, Raquel (2023): \u00abLa \u201cbatalla\u201d por la construcci\u00f3n de los relatos en la \u00e9poca del posterrorismo de ETA\u00bb, Revista Internacional de Estudios sobre Terrorismo,&hellip;<\/p>\n","protected":false},"author":1,"featured_media":0,"parent":0,"menu_order":0,"comment_status":"closed","ping_status":"closed","template":"","meta":{"om_disable_all_campaigns":false,"_monsterinsights_skip_tracking":false,"_monsterinsights_sitenote_active":false,"_monsterinsights_sitenote_note":"","_monsterinsights_sitenote_category":0,"_uf_show_specific_survey":0,"_uf_disable_surveys":false,"_vp_format_video_url":"","_vp_image_focal_point":[],"_vp_custom_popup_image":0,"_vp_format_audio_url":"","_vp_custom_thumbnail":0,"_vp_custom_thumbnail_focal_point":[],"_vp_hover_thumbnail":0,"_vp_hover_thumbnail_focal_point":[],"footnotes":""},"class_list":["post-24970","page","type-page","status-publish","hentry"],"aioseo_notices":[],"_links":{"self":[{"href":"https:\/\/www.arovite.com\/en\/wp-json\/wp\/v2\/pages\/24970","targetHints":{"allow":["GET"]}}],"collection":[{"href":"https:\/\/www.arovite.com\/en\/wp-json\/wp\/v2\/pages"}],"about":[{"href":"https:\/\/www.arovite.com\/en\/wp-json\/wp\/v2\/types\/page"}],"author":[{"embeddable":true,"href":"https:\/\/www.arovite.com\/en\/wp-json\/wp\/v2\/users\/1"}],"replies":[{"embeddable":true,"href":"https:\/\/www.arovite.com\/en\/wp-json\/wp\/v2\/comments?post=24970"}],"version-history":[{"count":0,"href":"https:\/\/www.arovite.com\/en\/wp-json\/wp\/v2\/pages\/24970\/revisions"}],"wp:attachment":[{"href":"https:\/\/www.arovite.com\/en\/wp-json\/wp\/v2\/media?parent=24970"}],"curies":[{"name":"wp","href":"https:\/\/api.w.org\/{rel}","templated":true}]}}