{"id":24956,"date":"2026-01-18T16:41:49","date_gmt":"2026-01-18T16:41:49","guid":{"rendered":"https:\/\/www.arovite.com\/lopez-romo-raul-e-ibarra-aguirregabiria-alejandra-2024\/"},"modified":"2026-01-18T16:41:49","modified_gmt":"2026-01-18T16:41:49","slug":"lopez-romo-raul-e-ibarra-aguirregabiria-alejandra-2024","status":"publish","type":"page","link":"https:\/\/www.arovite.com\/en\/lopez-romo-raul-e-ibarra-aguirregabiria-alejandra-2024\/","title":{"rendered":"L\u00d3PEZ ROMO, Ra\u00fal e IBARRA AGUIRREGABIRIA, Alejandra (2024)"},"content":{"rendered":"<div class=\"wpb-content-wrapper\"><p>[vc_row][vc_column width=&#8221;1\/1&#8243;][vc_column_text][vc_empty_space height=&#8221;20&#8243;]<br \/>\n<strong>Referencia bibliogr\u00e1fica<\/strong><br \/>\nL\u00d3PEZ ROMO, Ra\u00fal e IBARRA AGUIRREGABIRIA, Alejandra (2024): \u00abDar testimonio. La voz de las v\u00edctimas del terrorismo en Espa\u00f1a\u00bb, <em>Informe del Centro Memorial de las V\u00edctimas del Terrorismo<\/em>, n\u00ba 14. <\/p>\n<p><a class=\"button blue  medium \" href=\"https:\/\/www.memorialvt.com\/wp-content\/uploads\/2024\/02\/FCM-INFORME-14-1.pdf\" target=\"_blank\" rel=\"noopener\">Consultar PDF<\/a>[vc_empty_space height=&#8221;10&#8243;]<br \/>\n<strong>Resumen<\/strong><br \/>\nEste estudio recopila y difunde testimonios de m\u00e1s de 700 v\u00edctimas de terrorismo en Espa\u00f1a, especialmente de ETA, para preservar la memoria hist\u00f3rica, concienciar, sobre todo a los j\u00f3venes, y dignificar la figura de las v\u00edctimas, utilizando sus experiencias como herramienta para la educaci\u00f3n y la lucha contra el terrorismo. [vc_empty_space height=&#8221;10&#8243;]<br \/>\n<strong>Autor<\/strong><br \/>\nRa\u00fal L\u00f3pez Romo. <a title=\"Dialnet\" href=\"https:\/\/dialnet.unirioja.es\/servlet\/autor?codigo=2165020\" target=\"_blank\" rel=\"noopener\">P\u00e1gina del autor en Dialnet.<\/a><br \/>\nAlejandra Ibarra Aguirregabiria. <a title=\"Dialnet\" href=\"https:\/\/dialnet.unirioja.es\/servlet\/autor?codigo=3357740\" target=\"_blank\" rel=\"noopener\">P\u00e1gina del autor en Dialnet.<\/a><br \/>\n[vc_empty_space height=&#8221;10&#8243;]<br \/>\n<strong>Tipo de documento<\/strong><br \/>\nInforme<br \/>\n[vc_empty_space height=&#8221;10&#8243;]<br \/>\n[\/vc_column_text][\/vc_column][\/vc_row]<\/p>\n<\/div>","protected":false},"excerpt":{"rendered":"<p>[vc_row][vc_column width=&#8221;1\/1&#8243;][vc_column_text][vc_empty_space height=&#8221;20&#8243;] Referencia bibliogr\u00e1fica L\u00d3PEZ ROMO, Ra\u00fal e IBARRA AGUIRREGABIRIA, Alejandra (2024): \u00abDar testimonio. La voz de las v\u00edctimas del terrorismo en Espa\u00f1a\u00bb, Informe del Centro Memorial de las&hellip;<\/p>\n","protected":false},"author":1,"featured_media":0,"parent":0,"menu_order":0,"comment_status":"closed","ping_status":"closed","template":"","meta":{"om_disable_all_campaigns":false,"_monsterinsights_skip_tracking":false,"_monsterinsights_sitenote_active":false,"_monsterinsights_sitenote_note":"","_monsterinsights_sitenote_category":0,"_uf_show_specific_survey":0,"_uf_disable_surveys":false,"_vp_format_video_url":"","_vp_image_focal_point":[],"_vp_custom_popup_image":0,"_vp_format_audio_url":"","_vp_custom_thumbnail":0,"_vp_custom_thumbnail_focal_point":[],"_vp_hover_thumbnail":0,"_vp_hover_thumbnail_focal_point":[],"footnotes":""},"class_list":["post-24956","page","type-page","status-publish","hentry"],"aioseo_notices":[],"_links":{"self":[{"href":"https:\/\/www.arovite.com\/en\/wp-json\/wp\/v2\/pages\/24956","targetHints":{"allow":["GET"]}}],"collection":[{"href":"https:\/\/www.arovite.com\/en\/wp-json\/wp\/v2\/pages"}],"about":[{"href":"https:\/\/www.arovite.com\/en\/wp-json\/wp\/v2\/types\/page"}],"author":[{"embeddable":true,"href":"https:\/\/www.arovite.com\/en\/wp-json\/wp\/v2\/users\/1"}],"replies":[{"embeddable":true,"href":"https:\/\/www.arovite.com\/en\/wp-json\/wp\/v2\/comments?post=24956"}],"version-history":[{"count":0,"href":"https:\/\/www.arovite.com\/en\/wp-json\/wp\/v2\/pages\/24956\/revisions"}],"wp:attachment":[{"href":"https:\/\/www.arovite.com\/en\/wp-json\/wp\/v2\/media?parent=24956"}],"curies":[{"name":"wp","href":"https:\/\/api.w.org\/{rel}","templated":true}]}}