{"id":24952,"date":"2026-01-18T16:36:39","date_gmt":"2026-01-18T16:36:39","guid":{"rendered":"https:\/\/www.arovite.com\/labiano-juangarcia-roncesvalles-y-gaston-lorente-lucia-2024\/"},"modified":"2026-01-18T16:36:39","modified_gmt":"2026-01-18T16:36:39","slug":"labiano-juangarcia-roncesvalles-y-gaston-lorente-lucia-2024","status":"publish","type":"page","link":"https:\/\/www.arovite.com\/en\/labiano-juangarcia-roncesvalles-y-gaston-lorente-lucia-2024\/","title":{"rendered":"LABIANO JUANGARC\u00cdA, Roncesvalles y GAST\u00d3N-LORENTE, Luc\u00eda (2024)"},"content":{"rendered":"<div class=\"wpb-content-wrapper\"><p>[vc_row][vc_column width=&#8221;1\/1&#8243;][vc_column_text][vc_empty_space height=&#8221;20&#8243;]<br \/>\n<strong>Referencia bibliogr\u00e1fica<\/strong><br \/>\nLABIANO JUANGARC\u00cdA, Roncesvalles y GAST\u00d3N-LORENTE, Luc\u00eda (2024): \u00abPeriodismo y memoria: el aniversario del asesinato de Miguel \u00c1ngel Blanco en la prensa espa\u00f1ola y regional vasca \u00bb, <em>Memoria y Civilizaci\u00f3n<\/em>, n\u00ba 27\/2, pp. 491-514. <\/p>\n<p><a class=\"button blue  medium \" href=\"https:\/\/dialnet.unirioja.es\/servlet\/articulo?codigo=9950259&#038;orden=0&#038;info=link\" target=\"_blank\" rel=\"noopener\">Consultar PDF<\/a>[vc_empty_space height=&#8221;10&#8243;]<br \/>\n<strong>Resumen<\/strong><br \/>\nEste estudio analiza 470 noticias publicadas en los principales peri\u00f3dicos nacionales en Espa\u00f1a y regionales vascos en tres de los major anniversary del asesinato a manos de eta de Miguel \u00c1ngel Blanco. El an\u00e1lisis cuantitativo y cualitativo examina en qu\u00e9 medida y c\u00f3mo peri\u00f3dicos de diferente alcance geogr\u00e1fico y posicionamiento ideol\u00f3gico han recordado un crimen que marc\u00f3 un punto de inflexi\u00f3n en la respuesta de la sociedad espa\u00f1ola al terrorismo. Examinar los temas y marcos dominantes y detectar las ideas y valores reafirmados en torno al asesinato de Blanco en diferentes peri\u00f3dicos permite profundizar en el papel de los medios de comunicaci\u00f3n, espec\u00edficamente el del periodismo de aniversario, como constructores de memoria colectiva en torno al terrorismo y sus v\u00edctimas. [vc_empty_space height=&#8221;10&#8243;]<br \/>\n<strong>Abstract<\/strong><br \/>\nThis study analyzes 470 news stories published in major Spanish and regional Basque newspapers on three significant anniversaries of the assassination of Miguel \u00c1ngel Blanco by the terrorist group eta. The quantitative and qualitative content analysis examines to what extent and in what ways newspapers with varying geographical reach and ideological perspectives have remembered this crime, which marked a turning point in Spain&#8217;s response to terrorism. By examining the dominant themes and frames and identifying the ideas and values reaffirmed in connection with Blanco\u2019s murder across different newspapers, this study explores the role of the media \u2015 specifically, anniversary journalism\u2015 in shaping collective memory surrounding terrorism and its victims. [vc_empty_space height=&#8221;10&#8243;]<br \/>\n<strong>Autor<\/strong><br \/>\nRoncesvalles Labiano Juangarc\u00eda. <a title=\"Dialnet\" href=\"https:\/\/dialnet.unirioja.es\/servlet\/autor?codigo=4285982\" target=\"_blank\" rel=\"noopener\">P\u00e1gina del autor en Dialnet.<\/a><br \/>\nLuc\u00eda Gast\u00f3n-Lorente. <a title=\"Dialnet\" href=\"https:\/\/dialnet.unirioja.es\/servlet\/autor?codigo=5844764\" target=\"_blank\" rel=\"noopener\">P\u00e1gina del autor en Dialnet.<\/a><br \/>\n[vc_empty_space height=&#8221;10&#8243;]<br \/>\n<strong>Tipo de documento<\/strong><br \/>\nArt\u00edculo<br \/>\n[vc_empty_space height=&#8221;10&#8243;]<br \/>\n[\/vc_column_text][\/vc_column][\/vc_row]<\/p>\n<\/div>","protected":false},"excerpt":{"rendered":"<p>[vc_row][vc_column width=&#8221;1\/1&#8243;][vc_column_text][vc_empty_space height=&#8221;20&#8243;] Referencia bibliogr\u00e1fica LABIANO JUANGARC\u00cdA, Roncesvalles y GAST\u00d3N-LORENTE, Luc\u00eda (2024): \u00abPeriodismo y memoria: el aniversario del asesinato de Miguel \u00c1ngel Blanco en la prensa espa\u00f1ola y regional vasca&hellip;<\/p>\n","protected":false},"author":1,"featured_media":0,"parent":0,"menu_order":0,"comment_status":"closed","ping_status":"closed","template":"","meta":{"om_disable_all_campaigns":false,"_monsterinsights_skip_tracking":false,"_monsterinsights_sitenote_active":false,"_monsterinsights_sitenote_note":"","_monsterinsights_sitenote_category":0,"_uf_show_specific_survey":0,"_uf_disable_surveys":false,"_vp_format_video_url":"","_vp_image_focal_point":[],"_vp_custom_popup_image":0,"_vp_format_audio_url":"","_vp_custom_thumbnail":0,"_vp_custom_thumbnail_focal_point":[],"_vp_hover_thumbnail":0,"_vp_hover_thumbnail_focal_point":[],"footnotes":""},"class_list":["post-24952","page","type-page","status-publish","hentry"],"aioseo_notices":[],"_links":{"self":[{"href":"https:\/\/www.arovite.com\/en\/wp-json\/wp\/v2\/pages\/24952","targetHints":{"allow":["GET"]}}],"collection":[{"href":"https:\/\/www.arovite.com\/en\/wp-json\/wp\/v2\/pages"}],"about":[{"href":"https:\/\/www.arovite.com\/en\/wp-json\/wp\/v2\/types\/page"}],"author":[{"embeddable":true,"href":"https:\/\/www.arovite.com\/en\/wp-json\/wp\/v2\/users\/1"}],"replies":[{"embeddable":true,"href":"https:\/\/www.arovite.com\/en\/wp-json\/wp\/v2\/comments?post=24952"}],"version-history":[{"count":0,"href":"https:\/\/www.arovite.com\/en\/wp-json\/wp\/v2\/pages\/24952\/revisions"}],"wp:attachment":[{"href":"https:\/\/www.arovite.com\/en\/wp-json\/wp\/v2\/media?parent=24952"}],"curies":[{"name":"wp","href":"https:\/\/api.w.org\/{rel}","templated":true}]}}