{"id":24942,"date":"2026-01-18T16:18:38","date_gmt":"2026-01-18T16:18:38","guid":{"rendered":"https:\/\/www.arovite.com\/georgeault-lena-2024\/"},"modified":"2026-01-18T16:18:38","modified_gmt":"2026-01-18T16:18:38","slug":"georgeault-lena-2024","status":"publish","type":"page","link":"https:\/\/www.arovite.com\/en\/georgeault-lena-2024\/","title":{"rendered":"GEORGEAULT, L\u00e9na (2024)"},"content":{"rendered":"<div class=\"wpb-content-wrapper\"><p>[vc_row][vc_column width=&#8221;1\/1&#8243;][vc_column_text][vc_empty_space height=&#8221;20&#8243;]<br \/>\n<strong>Referencia bibliogr\u00e1fica<\/strong><br \/>\nGEORGEAULT, L\u00e9na (2024): \u00abReconocimiento y reparaci\u00f3n a las v\u00edctimas del terrorismo: un estudio comparado de los casos de Argentina, Espa\u00f1a y Francia\u00bb, <em>Conce\u03c6tos<\/em>, n\u00ba 10, pp. 42-65. <\/p>\n<p><a class=\"button blue  medium \" href=\"https:\/\/revues.u-bordeaux-montaigne.fr\/conceptos\/article\/view\/536\" target=\"_blank\" rel=\"noopener\">Consultar PDF<\/a>[vc_empty_space height=&#8221;10&#8243;]<br \/>\n<strong>Resumen<\/strong><br \/>\nEste estudio compara los casos argentino, espa\u00f1ol y franc\u00e9s en materia de reconocimiento y reparaci\u00f3n a las v\u00edctimas del terrorismo. Examina como la naturaleza de los fen\u00f3menos terroristas sufridos y los contextos pol\u00edticos y sociales influyen en las percepciones de las v\u00edctimas y en los modelos de reparaci\u00f3n implementados por esos distintos pa\u00edses. En Argentina, el Movimiento Humanitario impulso un relato hegem\u00f3nico sobre el terrorismo de Estado durante la dictadura militar, el cual sirvi\u00f3 la transici\u00f3n democr\u00e1tica basada en el respeto de los Derechos Humanos. En Espa\u00f1a, las v\u00edctimas de ETA lucharon contra el aislamiento social hasta que se reconoci\u00f3 su significado pol\u00edtico como s\u00edmbolos de la democracia y se configur\u00f3 un avanzado modelo de reparaci\u00f3n integral. En Francia, el terrorismo internacional impulso un marco de apoyo t\u00e9cnico, con menor politizaci\u00f3n, que se ha mantenido a pesar de la mutaci\u00f3n de la amenaza. La investigaci\u00f3n resalta la importancia de las trayectorias hist\u00f3ricas en la formulaci\u00f3n de respuestas p\u00fablicas y en la construcci\u00f3n de la memoria de las v\u00edctimas. [vc_empty_space height=&#8221;10&#8243;]<br \/>\n<strong>R\u00e9sum\u00e9<\/strong><br \/>\nLe pr\u00e9sent article compare les cas argentin, espagnol et fran\u00e7ais en mati\u00e8re de reconnaissance et de r\u00e9paration des victimes du terrorisme. Il examine comment la nature des ph\u00e9nom\u00e8nes terroristes subis et les contextes politiques et sociaux influencent la perception des victimes et les mod\u00e8les de r\u00e9paration mis en \u0153uvre par ces diff\u00e9rents pays. En Argentine, le Mouvement Humanitaire a promu un r\u00e9cit h\u00e9g\u00e9monique sur le terrorisme d&#8217;\u00c9tat pendant la dictature militaire, qui a facilit\u00e9 la transition d\u00e9mocratique fond\u00e9e sur le respect des droits de l&#8217;homme. En Espagne, les victimes de l&#8217;ETA ont lutt\u00e9 contre l&#8217;isolement social jusqu&#8217;\u00e0 ce que leur signification politique en tant que symboles de la d\u00e9mocratie soit reconnue, ce qui a conduit \u00e0 la mise en place d&#8217;un mod\u00e8le de r\u00e9paration int\u00e9grale avanc\u00e9. En France, le terrorisme international a favoris\u00e9 un cadre de soutien technique, moins politis\u00e9, qui s&#8217;est maintenu malgr\u00e9 la mutation de la menace. L&#8217;\u00e9tude souligne l&#8217;importance des trajectoires historiques dans la formulation des r\u00e9ponses publiques et dans la construction de la m\u00e9moire des victimes. [vc_empty_space height=&#8221;10&#8243;]<br \/>\n<strong>Autor<\/strong><br \/>\nL\u00e9na Georgeault. <a title=\"Dialnet\" href=\"https:\/\/dialnet.unirioja.es\/servlet\/autor?codigo=5428306\" target=\"_blank\" rel=\"noopener\">P\u00e1gina del autor en Dialnet.<\/a><br \/>\n[vc_empty_space height=&#8221;10&#8243;]<br \/>\n<strong>Tipo de documento<\/strong><br \/>\nArt\u00edculo<br \/>\n[vc_empty_space height=&#8221;10&#8243;]<br \/>\n[\/vc_column_text][\/vc_column][\/vc_row]<\/p>\n<\/div>","protected":false},"excerpt":{"rendered":"<p>[vc_row][vc_column width=&#8221;1\/1&#8243;][vc_column_text][vc_empty_space height=&#8221;20&#8243;] Referencia bibliogr\u00e1fica GEORGEAULT, L\u00e9na (2024): \u00abReconocimiento y reparaci\u00f3n a las v\u00edctimas del terrorismo: un estudio comparado de los casos de Argentina, Espa\u00f1a y Francia\u00bb, Conce\u03c6tos, n\u00ba 10,&hellip;<\/p>\n","protected":false},"author":1,"featured_media":0,"parent":0,"menu_order":0,"comment_status":"closed","ping_status":"closed","template":"","meta":{"om_disable_all_campaigns":false,"_monsterinsights_skip_tracking":false,"_monsterinsights_sitenote_active":false,"_monsterinsights_sitenote_note":"","_monsterinsights_sitenote_category":0,"_uf_show_specific_survey":0,"_uf_disable_surveys":false,"_vp_format_video_url":"","_vp_image_focal_point":[],"_vp_custom_popup_image":0,"_vp_format_audio_url":"","_vp_custom_thumbnail":0,"_vp_custom_thumbnail_focal_point":[],"_vp_hover_thumbnail":0,"_vp_hover_thumbnail_focal_point":[],"footnotes":""},"class_list":["post-24942","page","type-page","status-publish","hentry"],"aioseo_notices":[],"_links":{"self":[{"href":"https:\/\/www.arovite.com\/en\/wp-json\/wp\/v2\/pages\/24942","targetHints":{"allow":["GET"]}}],"collection":[{"href":"https:\/\/www.arovite.com\/en\/wp-json\/wp\/v2\/pages"}],"about":[{"href":"https:\/\/www.arovite.com\/en\/wp-json\/wp\/v2\/types\/page"}],"author":[{"embeddable":true,"href":"https:\/\/www.arovite.com\/en\/wp-json\/wp\/v2\/users\/1"}],"replies":[{"embeddable":true,"href":"https:\/\/www.arovite.com\/en\/wp-json\/wp\/v2\/comments?post=24942"}],"version-history":[{"count":0,"href":"https:\/\/www.arovite.com\/en\/wp-json\/wp\/v2\/pages\/24942\/revisions"}],"wp:attachment":[{"href":"https:\/\/www.arovite.com\/en\/wp-json\/wp\/v2\/media?parent=24942"}],"curies":[{"name":"wp","href":"https:\/\/api.w.org\/{rel}","templated":true}]}}