{"id":17385,"date":"2023-02-20T09:36:27","date_gmt":"2023-02-20T09:36:27","guid":{"rendered":"https:\/\/www.arovite.com\/?page_id=17385"},"modified":"2023-02-23T07:46:38","modified_gmt":"2023-02-23T07:46:38","slug":"rivera-antonio-2020","status":"publish","type":"page","link":"https:\/\/www.arovite.com\/en\/rivera-antonio-2020\/","title":{"rendered":"RIVERA, Antonio (2020)"},"content":{"rendered":"<div class=\"wpb-content-wrapper\"><p>[vc_row][vc_column width=&#8221;1\/1&#8243;][vc_column_text][vc_empty_space height=&#8221;20&#8243;]<br \/>\n<strong>Referencia bibliogr\u00e1fica<\/strong><br \/>\nRIVERA, Antonio (2020): \u00abUna historia reciente del Pa\u00eds Vasco \u201ccon eta dentro\u201d\u00bb, <em>Segle XX: revista catalana d&#8217;hist\u00f2ria<\/em>, n\u00ba 13, pp. 297-308.<\/p>\n<p><a class=\"button blue  medium \" href=\"https:\/\/revistes.ub.edu\/index.php\/segleXX\/article\/view\/33440\/33024\" target=\"_blank\" rel=\"noopener\">Consultar PDF<\/a>[vc_empty_space height=&#8221;10&#8243;]<br \/>\n<strong>Resumen<\/strong><br \/>\nCuadernos de Alzate, la revista vasca de la cultura y las ideas nacida en 1984, dedic\u00f3 el que todav\u00eda es su \u00faltimo n\u00famero, uno doble publicado en 2018, a dos monogr\u00e1ficos: uno de ellos trataba sobre \u201cEuskadi ante el franquismo\u201d. El p\u00e1rrafo que abre este texto pertenece al art\u00edculo que firm\u00e1bamos Santiago de Pablo y yo respondiendo a la pregunta \u201c\u00bfQu\u00e9 sabemos y qu\u00e9 no sabemos del franquismo en el Pa\u00eds Vasco y Navarra?\u201d. Por la rotundidad de la afirmaci\u00f3n de ese p\u00e1rrafo, es claro que la primera conclusi\u00f3n fuerte era que no alberg\u00e1bamos ninguna duda sobre que la organizaci\u00f3n ETA es \u201cla ni\u00f1a bonita\u201d de la historiograf\u00eda vasca contemporane\u00edsta de las \u00faltimas d\u00e9cadas. Un hecho que se corresponde con su importancia en la historia reciente del Pa\u00eds Vasco y tambi\u00e9n en buena parte de Espa\u00f1a, y con la atenci\u00f3n que le prestaron (y prestan) no solo historiadores, sino tambi\u00e9n otros cient\u00edficos sociales, tanto del pa\u00eds como extranjeros. [vc_empty_space height=&#8221;10&#8243;]<br \/>\n<strong>Autor<\/strong><br \/>\nAntonio Rivera Blanco. <a title=\"Dialnet\" href=\"https:\/\/dialnet.unirioja.es\/servlet\/autor?codigo=181403\" target=\"_blank\" rel=\"noopener\">P\u00e1gina del autor en Dialnet.<\/a><br \/>\n [vc_empty_space height=&#8221;10&#8243;]<br \/>\n<strong>Tipo de documento<\/strong><br \/>\nArt\u00edculo<br \/>\n[vc_empty_space height=&#8221;10&#8243;]<br \/>\n[\/vc_column_text][\/vc_column][\/vc_row]<\/p>\n<\/div>","protected":false},"excerpt":{"rendered":"<p>[vc_row][vc_column width=&#8221;1\/1&#8243;][vc_column_text][vc_empty_space height=&#8221;20&#8243;] Referencia bibliogr\u00e1fica RIVERA, Antonio (2020): \u00abUna historia reciente del Pa\u00eds Vasco \u201ccon eta dentro\u201d\u00bb, Segle XX: revista catalana d&#8217;hist\u00f2ria, n\u00ba 13, pp. 297-308. Consultar PDF[vc_empty_space height=&#8221;10&#8243;] Resumen&hellip;<\/p>\n","protected":false},"author":1,"featured_media":0,"parent":0,"menu_order":0,"comment_status":"closed","ping_status":"closed","template":"","meta":{"om_disable_all_campaigns":false,"_monsterinsights_skip_tracking":false,"_monsterinsights_sitenote_active":false,"_monsterinsights_sitenote_note":"","_monsterinsights_sitenote_category":0,"_uf_show_specific_survey":0,"_uf_disable_surveys":false,"_vp_format_video_url":"","_vp_image_focal_point":[],"_vp_custom_popup_image":0,"_vp_format_audio_url":"","_vp_custom_thumbnail":0,"_vp_custom_thumbnail_focal_point":[],"_vp_hover_thumbnail":0,"_vp_hover_thumbnail_focal_point":[],"footnotes":""},"class_list":["post-17385","page","type-page","status-publish","hentry"],"aioseo_notices":[],"_links":{"self":[{"href":"https:\/\/www.arovite.com\/en\/wp-json\/wp\/v2\/pages\/17385","targetHints":{"allow":["GET"]}}],"collection":[{"href":"https:\/\/www.arovite.com\/en\/wp-json\/wp\/v2\/pages"}],"about":[{"href":"https:\/\/www.arovite.com\/en\/wp-json\/wp\/v2\/types\/page"}],"author":[{"embeddable":true,"href":"https:\/\/www.arovite.com\/en\/wp-json\/wp\/v2\/users\/1"}],"replies":[{"embeddable":true,"href":"https:\/\/www.arovite.com\/en\/wp-json\/wp\/v2\/comments?post=17385"}],"version-history":[{"count":3,"href":"https:\/\/www.arovite.com\/en\/wp-json\/wp\/v2\/pages\/17385\/revisions"}],"predecessor-version":[{"id":17639,"href":"https:\/\/www.arovite.com\/en\/wp-json\/wp\/v2\/pages\/17385\/revisions\/17639"}],"wp:attachment":[{"href":"https:\/\/www.arovite.com\/en\/wp-json\/wp\/v2\/media?parent=17385"}],"curies":[{"name":"wp","href":"https:\/\/api.w.org\/{rel}","templated":true}]}}