{"id":11375,"date":"2020-04-23T09:44:37","date_gmt":"2020-04-23T09:44:37","guid":{"rendered":"https:\/\/www.arovite.com\/vvaa-2018-2\/"},"modified":"2020-04-23T09:45:00","modified_gmt":"2020-04-23T09:45:00","slug":"vvaa-2018-2","status":"publish","type":"page","link":"https:\/\/www.arovite.com\/en\/vvaa-2018-2\/","title":{"rendered":"VVAA (2018)"},"content":{"rendered":"<div class=\"wpb-content-wrapper\"><p>[vc_row][vc_column width=&#8221;1\/1&#8243;][vc_column_text][vc_empty_space height=&#8221;20&#8243;]<br \/>\n<strong>Referencia bibliogr\u00e1fica<\/strong><br \/>\nVVAA (2018): <em>Miguel \u00c1ngel Blanco. La conciencia despierta<\/em>. Madrid: Fundaci\u00f3n Miguel \u00c1ngel Blanco.<\/p>\n<p><a class=\"button blue medium \" href=\"https:\/\/www.fmiguelangelblanco.es\/mediarepo\/VOOK-XX-Aniversario-Miguel-Angel-Blanco.pdf\" target=\"_blank\" rel=\"noopener noreferrer\">Consultar PDF<\/a>[vc_empty_space height=&#8221;10&#8243;]<br \/>\n<strong>Resumen<\/strong><br \/>\nEsta publicaci\u00f3n literaria y audiovisual recoge el acto central de la Campa\u00f1a del XX Aniversario que se celebr\u00f3 en el Teatro Real el 12 de julio de 2017. Un acto de reflexi\u00f3n y de emoci\u00f3n por la Memoria de Miguel \u00c1ngel Blanco y de todas las v\u00edctimas del terrorismo que ponemos a disposici\u00f3n de la sociedad espa\u00f1ola. La obra recoge textos originales de autores de primera fila: Fernando Aramburu, Gaizka Fern\u00e1ndez de Soldevilla, Eduardo Uriarte, Santiago Gonz\u00e1lez, Teresa Freixas, Jos\u00e9 Luis Pardo y Reyes Mate. Adem\u00e1s cuenta con la introducci\u00f3n de la periodista Victoria Prego que recuerda aquellos d\u00edas de julio de 1997 que cambiaron el devenir de la conciencia espa\u00f1ola contra el terrorismo y el compromiso de los ciudadanos con las v\u00edctimas del terrorismo.<br \/>\n[vc_empty_space height=&#8221;10&#8243;]<br \/>\n<strong>Tipo de documento<\/strong><br \/>\nLibro<br \/>\n[vc_empty_space height=&#8221;10&#8243;]<br \/>\n[\/vc_column_text][\/vc_column][\/vc_row]<\/p>\n<\/div>","protected":false},"excerpt":{"rendered":"<p>[vc_row][vc_column width=&#8221;1\/1&#8243;][vc_column_text][vc_empty_space height=&#8221;20&#8243;] Referencia bibliogr\u00e1fica VVAA (2018): Miguel \u00c1ngel Blanco. La conciencia despierta. Madrid: Fundaci\u00f3n Miguel \u00c1ngel Blanco. Consultar PDF[vc_empty_space height=&#8221;10&#8243;] Resumen Esta publicaci\u00f3n literaria y audiovisual recoge el acto&hellip;<\/p>\n","protected":false},"author":1,"featured_media":0,"parent":0,"menu_order":0,"comment_status":"closed","ping_status":"closed","template":"","meta":{"om_disable_all_campaigns":false,"_monsterinsights_skip_tracking":false,"_monsterinsights_sitenote_active":false,"_monsterinsights_sitenote_note":"","_monsterinsights_sitenote_category":0,"_uf_show_specific_survey":0,"_uf_disable_surveys":false,"_vp_format_video_url":"","_vp_image_focal_point":[],"_vp_custom_popup_image":0,"_vp_format_audio_url":"","_vp_custom_thumbnail":0,"_vp_custom_thumbnail_focal_point":[],"_vp_hover_thumbnail":0,"_vp_hover_thumbnail_focal_point":[],"footnotes":""},"class_list":["post-11375","page","type-page","status-publish","hentry"],"aioseo_notices":[],"_links":{"self":[{"href":"https:\/\/www.arovite.com\/en\/wp-json\/wp\/v2\/pages\/11375","targetHints":{"allow":["GET"]}}],"collection":[{"href":"https:\/\/www.arovite.com\/en\/wp-json\/wp\/v2\/pages"}],"about":[{"href":"https:\/\/www.arovite.com\/en\/wp-json\/wp\/v2\/types\/page"}],"author":[{"embeddable":true,"href":"https:\/\/www.arovite.com\/en\/wp-json\/wp\/v2\/users\/1"}],"replies":[{"embeddable":true,"href":"https:\/\/www.arovite.com\/en\/wp-json\/wp\/v2\/comments?post=11375"}],"version-history":[{"count":2,"href":"https:\/\/www.arovite.com\/en\/wp-json\/wp\/v2\/pages\/11375\/revisions"}],"predecessor-version":[{"id":24307,"href":"https:\/\/www.arovite.com\/en\/wp-json\/wp\/v2\/pages\/11375\/revisions\/24307"}],"wp:attachment":[{"href":"https:\/\/www.arovite.com\/en\/wp-json\/wp\/v2\/media?parent=11375"}],"curies":[{"name":"wp","href":"https:\/\/api.w.org\/{rel}","templated":true}]}}