{"id":11354,"date":"2020-04-23T09:41:39","date_gmt":"2020-04-23T09:41:39","guid":{"rendered":"https:\/\/www.arovite.com\/jimenez-ramos-maria-y-gaviria-sastre-ines-2018\/"},"modified":"2020-04-23T09:42:14","modified_gmt":"2020-04-23T09:42:14","slug":"jimenez-ramos-maria-y-gaviria-sastre-ines-2018","status":"publish","type":"page","link":"https:\/\/www.arovite.com\/en\/jimenez-ramos-maria-y-gaviria-sastre-ines-2018\/","title":{"rendered":"JIM\u00c9NEZ RAMOS, Mar\u00eda y GAVIRIA SASTRE, In\u00e9s (2018)"},"content":{"rendered":"<div class=\"wpb-content-wrapper\"><p>[vc_row][vc_column width=&#8221;1\/1&#8243;][vc_column_text][vc_empty_space height=&#8221;20&#8243;]<br \/>\n<strong>Referencia bibliogr\u00e1fica<\/strong><br \/>\nJIM\u00c9NEZ RAMOS, Mar\u00eda y GAVIRIA SASTRE, In\u00e9s (2018): <em>V\u00edctimas contra el terrorismo. COVITE, 20 a\u00f1os de historia<\/em>. San Sebasti\u00e1n: COVITE.<\/p>\n<p><a class=\"button blue medium \" href=\"https:\/\/www.academia.edu\/38355616\/Las_v%C3%ADctimas_contra_el_terrorismo._COVITE_veinte_a%C3%B1os_de_historia\" target=\"_blank\" rel=\"noopener noreferrer\">Consultar PDF<\/a>[vc_empty_space height=&#8221;10&#8243;]<br \/>\n<strong>Resumen<\/strong><br \/>\nHistoria de COVITE: Fundado en 1998 en el Pa\u00eds Vasco para combatir el terrorismo de ETA mediante la palabra, el Colectivo de V\u00edctimas del Terrorismo, COVITE, es un organismo dedicado a la lucha contra el terrorismo y a la prevenci\u00f3n de la radicalizaci\u00f3n violenta. Entre las asociaciones de v\u00edctimas de Espa\u00f1a, COVITE es la \u00fanica que ostenta el \u00abestatus especial consultivo\u00bb ante la Organizaci\u00f3n de Naciones Unidas (ONU). El Colectivo desarrolla su labor en Espa\u00f1a y fuera de las fronteras espa\u00f1olas. Su actividad se centra en tres \u00e1mbitos fundamentales: activismo, di\u00e1logo e investigaci\u00f3n.<br \/>\n[vc_empty_space height=&#8221;10&#8243;]<br \/>\n<strong>Autor<\/strong><br \/>\nMar\u00eda Jim\u00e9nez Ramos. <a title=\"Dialnet\" href=\"https:\/\/dialnet.unirioja.es\/servlet\/autor?codigo=2150839\" target=\"_blank\" rel=\"noopener noreferrer\">P\u00e1gina del autor en Dialnet.<\/a><br \/>\n[vc_empty_space height=&#8221;10&#8243;]<br \/>\n<strong>Tipo de documento<\/strong><br \/>\nLibro<br \/>\n[vc_empty_space height=&#8221;10&#8243;]<br \/>\n[\/vc_column_text][\/vc_column][\/vc_row]<\/p>\n<\/div>","protected":false},"excerpt":{"rendered":"<p>[vc_row][vc_column width=&#8221;1\/1&#8243;][vc_column_text][vc_empty_space height=&#8221;20&#8243;] Referencia bibliogr\u00e1fica JIM\u00c9NEZ RAMOS, Mar\u00eda y GAVIRIA SASTRE, In\u00e9s (2018): V\u00edctimas contra el terrorismo. COVITE, 20 a\u00f1os de historia. San Sebasti\u00e1n: COVITE. Consultar PDF[vc_empty_space height=&#8221;10&#8243;] Resumen Historia&hellip;<\/p>\n","protected":false},"author":1,"featured_media":0,"parent":0,"menu_order":0,"comment_status":"closed","ping_status":"closed","template":"","meta":{"om_disable_all_campaigns":false,"_monsterinsights_skip_tracking":false,"_monsterinsights_sitenote_active":false,"_monsterinsights_sitenote_note":"","_monsterinsights_sitenote_category":0,"_uf_show_specific_survey":0,"_uf_disable_surveys":false,"_vp_format_video_url":"","_vp_image_focal_point":[],"_vp_custom_popup_image":0,"_vp_format_audio_url":"","_vp_custom_thumbnail":0,"_vp_custom_thumbnail_focal_point":[],"_vp_hover_thumbnail":0,"_vp_hover_thumbnail_focal_point":[],"footnotes":""},"class_list":["post-11354","page","type-page","status-publish","hentry"],"aioseo_notices":[],"_links":{"self":[{"href":"https:\/\/www.arovite.com\/en\/wp-json\/wp\/v2\/pages\/11354","targetHints":{"allow":["GET"]}}],"collection":[{"href":"https:\/\/www.arovite.com\/en\/wp-json\/wp\/v2\/pages"}],"about":[{"href":"https:\/\/www.arovite.com\/en\/wp-json\/wp\/v2\/types\/page"}],"author":[{"embeddable":true,"href":"https:\/\/www.arovite.com\/en\/wp-json\/wp\/v2\/users\/1"}],"replies":[{"embeddable":true,"href":"https:\/\/www.arovite.com\/en\/wp-json\/wp\/v2\/comments?post=11354"}],"version-history":[{"count":1,"href":"https:\/\/www.arovite.com\/en\/wp-json\/wp\/v2\/pages\/11354\/revisions"}],"predecessor-version":[{"id":11356,"href":"https:\/\/www.arovite.com\/en\/wp-json\/wp\/v2\/pages\/11354\/revisions\/11356"}],"wp:attachment":[{"href":"https:\/\/www.arovite.com\/en\/wp-json\/wp\/v2\/media?parent=11354"}],"curies":[{"name":"wp","href":"https:\/\/api.w.org\/{rel}","templated":true}]}}